{"id":8862,"date":"2025-08-25T05:38:56","date_gmt":"2025-08-25T03:38:56","guid":{"rendered":"https:\/\/coordimed.hu\/?page_id=8862"},"modified":"2026-02-18T18:50:54","modified_gmt":"2026-02-18T17:50:54","slug":"dr-kozma-istvan","status":"publish","type":"page","link":"https:\/\/coordimed.hu\/index.php\/dr-kozma-istvan\/","title":{"rendered":"Dr. Kozma Istv\u00e1n"},"content":{"rendered":"\t\t<div data-elementor-type=\"wp-page\" data-elementor-id=\"8862\" class=\"elementor elementor-8862\" data-elementor-settings=\"{&quot;ha_cmc_init_switcher&quot;:&quot;no&quot;}\" data-elementor-post-type=\"page\">\n\t\t\t\t<div class=\"elementor-element elementor-element-37582d32 e-flex e-con-boxed e-con e-parent\" data-id=\"37582d32\" data-element_type=\"container\" data-e-type=\"container\" data-settings=\"{&quot;_ha_eqh_enable&quot;:false}\">\n\t\t\t\t\t<div class=\"e-con-inner\">\n\t\t\t\t<div class=\"elementor-element elementor-element-1b151f36 elementor-widget elementor-widget-heading\" data-id=\"1b151f36\" data-element_type=\"widget\" data-e-type=\"widget\" data-widget_type=\"heading.default\">\n\t\t\t\t\t<h2 class=\"elementor-heading-title elementor-size-default\">Bemutatkoz\u00e1s<\/h2>\t\t\t\t<\/div>\n\t\t\t\t\t<\/div>\n\t\t\t\t<\/div>\n\t\t<div class=\"elementor-element elementor-element-e1631b9 e-flex e-con-boxed e-con e-parent\" data-id=\"e1631b9\" data-element_type=\"container\" data-e-type=\"container\" data-settings=\"{&quot;_ha_eqh_enable&quot;:false}\">\n\t\t\t\t\t<div class=\"e-con-inner\">\n\t\t\t\t<div class=\"elementor-element elementor-element-3179ea1 elementor-widget elementor-widget-text-editor\" data-id=\"3179ea1\" data-element_type=\"widget\" data-e-type=\"widget\" data-widget_type=\"text-editor.default\">\n\t\t\t\t\t\t\t\t\t<h3 style=\"text-align: center;\" data-start=\"671\" data-end=\"740\"><strong data-start=\"675\" data-end=\"740\">Dr. Kozma Istv\u00e1n \u2013 gerincspecialista \u00e9s idegseb\u00e9sz Budapesten<\/strong><\/h3><p style=\"text-align: center;\" data-start=\"742\" data-end=\"1127\">Dr. Kozma Istv\u00e1n <strong data-start=\"759\" data-end=\"802\">gerincspecialista, idegseb\u00e9sz szakorvos<\/strong> a Coordimed <strong data-start=\"815\" data-end=\"847\">Gerincgy\u00f3gy\u00e1szati Ambulancia<\/strong> orvosa Budapesten.<br data-start=\"866\" data-end=\"869\" \/>A <strong data-start=\"871\" data-end=\"931\">porckorongs\u00e9rv, idegbecs\u00edp\u0151d\u00e9s, isi\u00e1sz \u00e9s gerincf\u00e1jdalom<\/strong> kivizsg\u00e1l\u00e1s\u00e1ra \u00e9s szem\u00e9lyre szabott kezel\u00e9s\u00e9re specializ\u00e1l\u00f3dott.<br data-start=\"996\" data-end=\"999\" \/>P\u00e1ciensei sz\u00e1m\u00e1ra a vizsg\u00e1lat sor\u00e1n <strong data-start=\"1035\" data-end=\"1089\">teljes neurol\u00f3giai \u00e9s gerincdiagnosztikai ell\u00e1t\u00e1st<\/strong> biztos\u00edt, a legmodernebb eszk\u00f6z\u00f6kkel.<\/p><hr data-start=\"1129\" data-end=\"1132\" \/><h4 data-start=\"1134\" data-end=\"1156\"><strong data-start=\"1139\" data-end=\"1156\">Szakter\u00fcletei<\/strong><\/h4><ul data-start=\"1157\" data-end=\"1437\"><li data-start=\"1157\" data-end=\"1202\"><p data-start=\"1159\" data-end=\"1202\">Der\u00e9k-, h\u00e1t- \u00e9s nyakf\u00e1jdalom kivizsg\u00e1l\u00e1sa<\/p><\/li><li data-start=\"1203\" data-end=\"1238\"><p data-start=\"1205\" data-end=\"1238\">Idegbecs\u00edp\u0151d\u00e9s, isi\u00e1sz kezel\u00e9se<\/p><\/li><li data-start=\"1239\" data-end=\"1298\"><p data-start=\"1241\" data-end=\"1298\"><strong data-start=\"1241\" data-end=\"1272\">Porckorongs\u00e9rv (gerincs\u00e9rv)<\/strong> diagnosztika \u00e9s kezel\u00e9s<\/p><\/li><li data-start=\"1299\" data-end=\"1365\"><p data-start=\"1301\" data-end=\"1365\">Gerinccsatorna-sz\u0171k\u00fclet \u00e9s v\u00e9gtagba sug\u00e1rz\u00f3 f\u00e1jdalmak ell\u00e1t\u00e1sa<\/p><\/li><li data-start=\"1366\" data-end=\"1437\"><p data-start=\"1368\" data-end=\"1437\">Sz\u00e9d\u00fcl\u00e9s, fejf\u00e1j\u00e1s, izomgyenges\u00e9g neurol\u00f3giai h\u00e1tter\u00e9nek tiszt\u00e1z\u00e1sa<\/p><\/li><\/ul><hr data-start=\"1439\" data-end=\"1442\" \/><h4 data-start=\"1444\" data-end=\"1490\"><strong data-start=\"1449\" data-end=\"1490\">A rendel\u00e9s sor\u00e1n el\u00e9rhet\u0151 vizsg\u00e1latok<\/strong><\/h4><p data-start=\"1491\" data-end=\"1697\">\u2714\ufe0f MRI, CT, r\u00f6ntgen ki\u00e9rt\u00e9kel\u00e9s<br data-start=\"1522\" data-end=\"1525\" \/>\u2714\ufe0f Neurol\u00f3giai \u00e9s idegseb\u00e9szeti vizsg\u00e1lat<br data-start=\"1566\" data-end=\"1569\" \/>\u2714\ufe0f Ter\u00e1pi\u00e1s terv \u00f6ssze\u00e1ll\u00edt\u00e1sa, sz\u00fcks\u00e9g eset\u00e9n inf\u00fazi\u00f3s kezel\u00e9s<br data-start=\"1632\" data-end=\"1635\" \/>\u2714\ufe0f Konz\u00edlium ortop\u00e9d, radiol\u00f3gus, belgy\u00f3gy\u00e1sz szakorvosokkal<\/p><hr data-start=\"1699\" data-end=\"1702\" \/><p data-start=\"1704\" data-end=\"1902\">\ud83d\udca1 <em data-start=\"1707\" data-end=\"1728\">Rendel\u00e9s helysz\u00edne:<\/em><br data-start=\"1728\" data-end=\"1731\" \/><strong data-start=\"1731\" data-end=\"1804\">Coordimed Mag\u00e1nrendel\u0151, II. ker\u00fclet\u00a0<\/strong><br data-start=\"1804\" data-end=\"1807\" \/>\ud83d\udc49 <a class=\"decorated-link cursor-pointer\" href=\"https:\/\/coordimed.hu\/index.php\/gerincgyogyaszat\/\" target=\"_new\" rel=\"noopener\" data-start=\"1810\" data-end=\"1902\">Gerincgy\u00f3gy\u00e1szat \u2013 r\u00e9szletek itt<\/a><\/p>\t\t\t\t\t\t\t\t<\/div>\n\t\t\t\t\t<\/div>\n\t\t\t\t<\/div>\n\t\t<div class=\"elementor-element elementor-element-d6f9eba e-flex e-con-boxed e-con e-parent\" data-id=\"d6f9eba\" data-element_type=\"container\" data-e-type=\"container\" data-settings=\"{&quot;_ha_eqh_enable&quot;:false}\">\n\t\t\t\t\t<div class=\"e-con-inner\">\n\t\t\t\t<div class=\"elementor-element elementor-element-5f8cb17 elementor-widget-divider--view-line elementor-widget elementor-widget-divider\" data-id=\"5f8cb17\" data-element_type=\"widget\" data-e-type=\"widget\" data-widget_type=\"divider.default\">\n\t\t\t\t\t\t\t<div class=\"elementor-divider\">\n\t\t\t<span class=\"elementor-divider-separator\">\n\t\t\t\t\t\t<\/span>\n\t\t<\/div>\n\t\t\t\t\t\t<\/div>\n\t\t\t\t\t<\/div>\n\t\t\t\t<\/div>\n\t\t<div class=\"elementor-element elementor-element-9f94c5e e-flex e-con-boxed e-con e-parent\" data-id=\"9f94c5e\" data-element_type=\"container\" data-e-type=\"container\" data-settings=\"{&quot;_ha_eqh_enable&quot;:false}\">\n\t\t\t\t\t<div class=\"e-con-inner\">\n\t\t<div class=\"elementor-element elementor-element-3c65ca0 e-con-full e-flex e-con e-child\" data-id=\"3c65ca0\" data-element_type=\"container\" data-e-type=\"container\" data-settings=\"{&quot;_ha_eqh_enable&quot;:false}\">\n\t\t\t\t<div class=\"elementor-element elementor-element-ec174c9 elementor-widget elementor-widget-image\" data-id=\"ec174c9\" data-element_type=\"widget\" data-e-type=\"widget\" data-widget_type=\"image.default\">\n\t\t\t\t\t\t\t\t\t\t\t\t\t\t\t<img fetchpriority=\"high\" decoding=\"async\" width=\"683\" height=\"1024\" src=\"https:\/\/i0.wp.com\/coordimed.hu\/wp-content\/uploads\/2025\/10\/TOMI1567-scaled.jpg?fit=683%2C1024&amp;ssl=1\" class=\"attachment-large size-large wp-image-10057\" alt=\"\" srcset=\"https:\/\/i0.wp.com\/coordimed.hu\/wp-content\/uploads\/2025\/10\/TOMI1567-scaled.jpg?w=1707&amp;ssl=1 1707w, https:\/\/i0.wp.com\/coordimed.hu\/wp-content\/uploads\/2025\/10\/TOMI1567-scaled.jpg?resize=200%2C300&amp;ssl=1 200w, https:\/\/i0.wp.com\/coordimed.hu\/wp-content\/uploads\/2025\/10\/TOMI1567-scaled.jpg?resize=683%2C1024&amp;ssl=1 683w, https:\/\/i0.wp.com\/coordimed.hu\/wp-content\/uploads\/2025\/10\/TOMI1567-scaled.jpg?resize=768%2C1152&amp;ssl=1 768w, https:\/\/i0.wp.com\/coordimed.hu\/wp-content\/uploads\/2025\/10\/TOMI1567-scaled.jpg?resize=1024%2C1536&amp;ssl=1 1024w, https:\/\/i0.wp.com\/coordimed.hu\/wp-content\/uploads\/2025\/10\/TOMI1567-scaled.jpg?resize=1365%2C2048&amp;ssl=1 1365w, https:\/\/i0.wp.com\/coordimed.hu\/wp-content\/uploads\/2025\/10\/TOMI1567-scaled.jpg?resize=40%2C60&amp;ssl=1 40w\" sizes=\"(max-width: 683px) 100vw, 683px\" \/>\t\t\t\t\t\t\t\t\t\t\t\t\t\t\t<\/div>\n\t\t\t\t<\/div>\n\t\t<div class=\"elementor-element elementor-element-3b1ab7d e-con-full e-flex e-con e-child\" data-id=\"3b1ab7d\" data-element_type=\"container\" data-e-type=\"container\" data-settings=\"{&quot;_ha_eqh_enable&quot;:false}\">\n\t\t\t\t<div class=\"elementor-element elementor-element-0ae7bdb elementor-widget elementor-widget-text-editor\" data-id=\"0ae7bdb\" data-element_type=\"widget\" data-e-type=\"widget\" data-widget_type=\"text-editor.default\">\n\t\t\t\t\t\t\t\t\t<h3 dir=\"ltr\"><strong>Dr. Kozma Istv\u00e1n<\/strong><\/h3><p>Idegseb\u00e9sz Szakorvos<\/p>\t\t\t\t\t\t\t\t<\/div>\n\t\t\t\t<div class=\"elementor-element elementor-element-9ab8f55 elementor-widget elementor-widget-accordion\" data-id=\"9ab8f55\" data-element_type=\"widget\" data-e-type=\"widget\" data-widget_type=\"accordion.default\">\n\t\t\t\t\t\t\t<div class=\"elementor-accordion\">\n\t\t\t\t\t\t\t<div class=\"elementor-accordion-item\">\n\t\t\t\t\t<div id=\"elementor-tab-title-1621\" class=\"elementor-tab-title\" data-tab=\"1\" role=\"button\" aria-controls=\"elementor-tab-content-1621\" aria-expanded=\"false\">\n\t\t\t\t\t\t\t\t\t\t\t\t\t<span class=\"elementor-accordion-icon elementor-accordion-icon-left\" aria-hidden=\"true\">\n\t\t\t\t\t\t\t\t\t\t\t\t\t\t\t<span class=\"elementor-accordion-icon-closed\"><i class=\"fas fa-plus\"><\/i><\/span>\n\t\t\t\t\t\t\t\t<span class=\"elementor-accordion-icon-opened\"><i class=\"fas fa-minus\"><\/i><\/span>\n\t\t\t\t\t\t\t\t\t\t\t\t\t\t<\/span>\n\t\t\t\t\t\t\t\t\t\t\t\t<a class=\"elementor-accordion-title\" tabindex=\"0\">Bemutatkoz\u00e1s<\/a>\n\t\t\t\t\t<\/div>\n\t\t\t\t\t<div id=\"elementor-tab-content-1621\" class=\"elementor-tab-content elementor-clearfix\" data-tab=\"1\" role=\"region\" aria-labelledby=\"elementor-tab-title-1621\"><p data-start=\"287\" data-end=\"563\">2015-ben szereztem \u00e1ltal\u00e1nos orvosi diplom\u00e1t a Semmelweis Egyetemen, ezt k\u00f6vet\u0151en az idegseb\u00e9szet ter\u00fclet\u00e9n kezdtem el dolgozni. F\u0151 szakmai \u00e9rdekl\u0151d\u00e9sem a gerincbetegs\u00e9gek \u2013 t\u00f6bbek k\u00f6z\u00f6tt a porckorongs\u00e9rv, az isi\u00e1sz \u00e9s a gerinccsatorna-sz\u0171k\u00fclet \u2013 diagnosztik\u00e1ja \u00e9s kezel\u00e9se.<\/p><p data-start=\"565\" data-end=\"801\">F\u0151\u00e1ll\u00e1sban az Orsz\u00e1gos Baleseti Int\u00e9zetben dolgozom, ahol jelent\u0151s tapasztalatot szereztem a koponya- \u00e9s gerincs\u00e9r\u00fcltek, valamint a degenerat\u00edv gerincbetegs\u00e9gek ell\u00e1t\u00e1s\u00e1ban. Mindemellett folyamatosan v\u00e9gzek idegseb\u00e9szeti m\u0171t\u00e9teket is.<\/p><p data-start=\"803\" data-end=\"1186\">Ambul\u00e1ns rendel\u00e9semen p\u00e1cienseim sz\u00e1m\u00e1ra r\u00e9szletes kivizsg\u00e1l\u00e1st \u00e9s szem\u00e9lyre szabott kezel\u00e9si tervet \u00e1ll\u00edtok \u00f6ssze. A ter\u00e1pi\u00e1s javaslatokat minden esetben a legbiztons\u00e1gosabb \u00e9s legel\u0151ny\u00f6sebb megold\u00e1s figyelembev\u00e9tel\u00e9vel hat\u00e1rozom meg. Kiemelten fontosnak tartom a k\u00f6z\u00e9rthet\u0151 kommunik\u00e1ci\u00f3t, ez\u00e9rt mindig r\u00e9szletes t\u00e1j\u00e9koztat\u00e1st adok a panaszok okair\u00f3l \u00e9s a kezel\u00e9si lehet\u0151s\u00e9gekr\u0151l.<\/p><p data-start=\"1188\" data-end=\"1449\">Tagja vagyok a Magyar Idegseb\u00e9szeti T\u00e1rsas\u00e1gnak, valamint az Eur\u00f3pai Gerincseb\u00e9szeti T\u00e1rsas\u00e1gnak, ahol eur\u00f3pai gerincseb\u00e9szeti szakvizsg\u00e1t is szereztem. Rendszeresen r\u00e9szt veszek hazai \u00e9s nemzetk\u00f6zi szakmai konferenci\u00e1kon, el\u0151ad\u00f3k\u00e9nt \u00e9s hallgat\u00f3k\u00e9nt egyar\u00e1nt.<\/p><p data-start=\"1759\" data-end=\"1903\">\u00a0<\/p><\/div>\n\t\t\t\t<\/div>\n\t\t\t\t\t\t\t<div class=\"elementor-accordion-item\">\n\t\t\t\t\t<div id=\"elementor-tab-title-1622\" class=\"elementor-tab-title\" data-tab=\"2\" role=\"button\" aria-controls=\"elementor-tab-content-1622\" aria-expanded=\"false\">\n\t\t\t\t\t\t\t\t\t\t\t\t\t<span class=\"elementor-accordion-icon elementor-accordion-icon-left\" aria-hidden=\"true\">\n\t\t\t\t\t\t\t\t\t\t\t\t\t\t\t<span class=\"elementor-accordion-icon-closed\"><i class=\"fas fa-plus\"><\/i><\/span>\n\t\t\t\t\t\t\t\t<span class=\"elementor-accordion-icon-opened\"><i class=\"fas fa-minus\"><\/i><\/span>\n\t\t\t\t\t\t\t\t\t\t\t\t\t\t<\/span>\n\t\t\t\t\t\t\t\t\t\t\t\t<a class=\"elementor-accordion-title\" tabindex=\"0\">Szakmai \u00d6n\u00e9letrajz<\/a>\n\t\t\t\t\t<\/div>\n\t\t\t\t\t<div id=\"elementor-tab-content-1622\" class=\"elementor-tab-content elementor-clearfix\" data-tab=\"2\" role=\"region\" aria-labelledby=\"elementor-tab-title-1622\"><\/div>\n\t\t\t\t<\/div>\n\t\t\t\t\t\t\t\t<\/div>\n\t\t\t\t\t\t<\/div>\n\t\t\t\t<\/div>\n\t\t\t\t\t<\/div>\n\t\t\t\t<\/div>\n\t\t<div class=\"elementor-element elementor-element-70ca2b7 e-flex e-con-boxed e-con e-parent\" data-id=\"70ca2b7\" data-element_type=\"container\" data-e-type=\"container\" data-settings=\"{&quot;_ha_eqh_enable&quot;:false}\">\n\t\t\t\t\t<div class=\"e-con-inner\">\n\t\t\t\t<div class=\"elementor-element elementor-element-5a7e47d elementor-widget elementor-widget-html\" data-id=\"5a7e47d\" data-element_type=\"widget\" data-e-type=\"widget\" data-widget_type=\"html.default\">\n\t\t\t\t\t<!-- CTA GOMBOK \u2013 GERINC GY\u00d3GY\u00c1SZAT -->\r\n<section style=\"padding:40px 0; background:#ffffff;\">\r\n  <div style=\"max-width:900px; margin:0 auto; text-align:center;\">\r\n\r\n    <a href=\"#gerinc_ar\"\r\n       style=\"background:#3b7f68; color:#fff; padding:14px 26px; border-radius:8px;\r\n       font-size:16px; text-decoration:none; display:inline-block; margin:8px;\">\u00c1raink<\/a>\r\n\r\n    <a href=\"mailto:info@coordimed.hu\"\r\n       style=\"background:#3b7f68; color:#fff; padding:14px 26px; border-radius:8px;\r\n       font-size:16px; text-decoration:none; display:inline-block; margin:8px;\">info@coordimed.hu<\/a>\r\n\r\n    <a href=\"tel:+36304563934\"\r\n       style=\"background:#3b7f68; color:#fff; padding:14px 26px; border-radius:8px;\r\n       font-size:16px; text-decoration:none; display:inline-block; margin:8px;\">+36 30 456 3934<\/a>\r\n\r\n    <a href=\"https:\/\/coordimed.mymedio.hu\/specializations?qualificationId=995033\"\r\n       style=\"background:#3b7f68; color:#fff; padding:14px 26px; border-radius:8px;\r\n       font-size:16px; text-decoration:none; display:inline-block; margin:8px;\">Id\u0151pont foglal\u00e1s<\/a>\r\n\r\n  <\/div>\r\n<\/section>\r\n\t\t\t\t<\/div>\n\t\t\t\t\t<\/div>\n\t\t\t\t<\/div>\n\t\t<div class=\"elementor-element elementor-element-54e63fab e-flex e-con-boxed e-con e-parent\" data-id=\"54e63fab\" data-element_type=\"container\" data-e-type=\"container\" data-settings=\"{&quot;_ha_eqh_enable&quot;:false}\">\n\t\t\t\t\t<div class=\"e-con-inner\">\n\t\t\t\t<div class=\"elementor-element elementor-element-363decb9 elementor-widget elementor-widget-heading\" data-id=\"363decb9\" data-element_type=\"widget\" data-e-type=\"widget\" data-widget_type=\"heading.default\">\n\t\t\t\t\t<h2 class=\"elementor-heading-title elementor-size-default\">Coordimed blog posztok<\/h2>\t\t\t\t<\/div>\n\t\t\t\t\t<\/div>\n\t\t\t\t<\/div>\n\t\t<div class=\"elementor-element elementor-element-5063980b e-flex e-con-boxed e-con e-parent\" data-id=\"5063980b\" data-element_type=\"container\" data-e-type=\"container\" data-settings=\"{&quot;_ha_eqh_enable&quot;:false}\">\n\t\t\t\t\t<div class=\"e-con-inner\">\n\t\t\t\t<div class=\"elementor-element elementor-element-2fbd4da9 elementor-grid-3 elementor-grid-tablet-2 elementor-grid-mobile-1 elementor-posts--thumbnail-top elementor-widget elementor-widget-posts\" data-id=\"2fbd4da9\" data-element_type=\"widget\" data-e-type=\"widget\" data-settings=\"{&quot;classic_columns&quot;:&quot;3&quot;,&quot;classic_columns_tablet&quot;:&quot;2&quot;,&quot;classic_columns_mobile&quot;:&quot;1&quot;,&quot;classic_row_gap&quot;:{&quot;unit&quot;:&quot;px&quot;,&quot;size&quot;:35,&quot;sizes&quot;:[]},&quot;classic_row_gap_tablet&quot;:{&quot;unit&quot;:&quot;px&quot;,&quot;size&quot;:&quot;&quot;,&quot;sizes&quot;:[]},&quot;classic_row_gap_mobile&quot;:{&quot;unit&quot;:&quot;px&quot;,&quot;size&quot;:&quot;&quot;,&quot;sizes&quot;:[]}}\" data-widget_type=\"posts.classic\">\n\t\t\t\t<div class=\"elementor-widget-container\">\n\t\t\t\t\t\t\t<div class=\"elementor-posts-container elementor-posts elementor-posts--skin-classic elementor-grid\" role=\"list\">\n\t\t\t\t<article class=\"elementor-post elementor-grid-item post-11842 post type-post status-publish format-standard has-post-thumbnail hentry category-belgyogyaszat category-gasztroenterologia category-ultrahang latest_post\" role=\"listitem\">\n\t\t\t\t<a class=\"elementor-post__thumbnail__link\" href=\"https:\/\/coordimed.hu\/index.php\/2026\/03\/12\/gyomorfajdalom\/\" tabindex=\"-1\" >\n\t\t\t<div class=\"elementor-post__thumbnail\"><img decoding=\"async\" width=\"300\" height=\"300\" src=\"https:\/\/i0.wp.com\/coordimed.hu\/wp-content\/uploads\/2026\/03\/Gyomorfajdalom.jpg?fit=300%2C300&amp;ssl=1\" class=\"attachment-medium size-medium wp-image-11850\" alt=\"\" srcset=\"https:\/\/i0.wp.com\/coordimed.hu\/wp-content\/uploads\/2026\/03\/Gyomorfajdalom.jpg?w=1080&amp;ssl=1 1080w, https:\/\/i0.wp.com\/coordimed.hu\/wp-content\/uploads\/2026\/03\/Gyomorfajdalom.jpg?resize=300%2C300&amp;ssl=1 300w, https:\/\/i0.wp.com\/coordimed.hu\/wp-content\/uploads\/2026\/03\/Gyomorfajdalom.jpg?resize=1024%2C1024&amp;ssl=1 1024w, https:\/\/i0.wp.com\/coordimed.hu\/wp-content\/uploads\/2026\/03\/Gyomorfajdalom.jpg?resize=150%2C150&amp;ssl=1 150w, https:\/\/i0.wp.com\/coordimed.hu\/wp-content\/uploads\/2026\/03\/Gyomorfajdalom.jpg?resize=768%2C768&amp;ssl=1 768w, https:\/\/i0.wp.com\/coordimed.hu\/wp-content\/uploads\/2026\/03\/Gyomorfajdalom.jpg?resize=60%2C60&amp;ssl=1 60w, https:\/\/i0.wp.com\/coordimed.hu\/wp-content\/uploads\/2026\/03\/Gyomorfajdalom.jpg?resize=540%2C540&amp;ssl=1 540w, https:\/\/i0.wp.com\/coordimed.hu\/wp-content\/uploads\/2026\/03\/Gyomorfajdalom.jpg?resize=90%2C90&amp;ssl=1 90w\" sizes=\"(max-width: 300px) 100vw, 300px\" \/><\/div>\n\t\t<\/a>\n\t\t\t\t<div class=\"elementor-post__text\">\n\t\t\t\t<h3 class=\"elementor-post__title\">\n\t\t\t<a href=\"https:\/\/coordimed.hu\/index.php\/2026\/03\/12\/gyomorfajdalom\/\" >\n\t\t\t\tGyomorf\u00e1jdalom\t\t\t<\/a>\n\t\t<\/h3>\n\t\t\t\t<div class=\"elementor-post__meta-data\">\n\t\t\t\t\t<span class=\"elementor-post-date\">\n\t\t\t2026.03.12.\t\t<\/span>\n\t\t\t\t<span class=\"elementor-post-avatar\">\n\t\t\tNincs hozz\u00e1sz\u00f3l\u00e1s\t\t<\/span>\n\t\t\t\t<\/div>\n\t\t\t\t<div class=\"elementor-post__excerpt\">\n\t\t\t<p>A gyomorf\u00e1jdalom h\u00e1tter\u00e9ben nem mindig gyomorbetegs\u00e9g \u00e1ll. Reflux, fek\u00e9ly, epeprobl\u00e9ma vagy ak\u00e1r sz\u00edvbetegs\u00e9g is okozhat fels\u0151 hasi f\u00e1jdalmat. Tudja meg, mikor sz\u00fcks\u00e9ges kivizsg\u00e1l\u00e1s, \u00e9s milyen szerepe van a hasi ultrahangnak \u00e9s a laborvizsg\u00e1latoknak.<\/p>\n\t\t<\/div>\n\t\t\n\t\t<a class=\"elementor-post__read-more\" href=\"https:\/\/coordimed.hu\/index.php\/2026\/03\/12\/gyomorfajdalom\/\" aria-label=\"Read more about Gyomorf\u00e1jdalom\" tabindex=\"-1\" >\n\t\t\tTov\u00e1bb olvasom \u00bb\t\t<\/a>\n\n\t\t\t\t<\/div>\n\t\t\t\t<\/article>\n\t\t\t\t<article class=\"elementor-post elementor-grid-item post-11825 post type-post status-publish format-standard has-post-thumbnail hentry category-ultrahang latest_post\" role=\"listitem\">\n\t\t\t\t<a class=\"elementor-post__thumbnail__link\" href=\"https:\/\/coordimed.hu\/index.php\/2026\/03\/09\/amikor-a-kepek-meselnek-beszelgetes-dr-incze-zsuzsa-radiologussal\/\" tabindex=\"-1\" >\n\t\t\t<div class=\"elementor-post__thumbnail\"><img decoding=\"async\" width=\"300\" height=\"200\" src=\"https:\/\/i0.wp.com\/coordimed.hu\/wp-content\/uploads\/2024\/09\/shutterstock_2384414737.webp?fit=300%2C200&amp;ssl=1\" class=\"attachment-medium size-medium wp-image-5204\" alt=\"\" srcset=\"https:\/\/i0.wp.com\/coordimed.hu\/wp-content\/uploads\/2024\/09\/shutterstock_2384414737.webp?w=1000&amp;ssl=1 1000w, https:\/\/i0.wp.com\/coordimed.hu\/wp-content\/uploads\/2024\/09\/shutterstock_2384414737.webp?resize=300%2C200&amp;ssl=1 300w, https:\/\/i0.wp.com\/coordimed.hu\/wp-content\/uploads\/2024\/09\/shutterstock_2384414737.webp?resize=768%2C512&amp;ssl=1 768w, https:\/\/i0.wp.com\/coordimed.hu\/wp-content\/uploads\/2024\/09\/shutterstock_2384414737.webp?resize=90%2C60&amp;ssl=1 90w, https:\/\/i0.wp.com\/coordimed.hu\/wp-content\/uploads\/2024\/09\/shutterstock_2384414737.webp?resize=370%2C247&amp;ssl=1 370w, https:\/\/i0.wp.com\/coordimed.hu\/wp-content\/uploads\/2024\/09\/shutterstock_2384414737.webp?resize=776%2C517&amp;ssl=1 776w\" sizes=\"(max-width: 300px) 100vw, 300px\" \/><\/div>\n\t\t<\/a>\n\t\t\t\t<div class=\"elementor-post__text\">\n\t\t\t\t<h3 class=\"elementor-post__title\">\n\t\t\t<a href=\"https:\/\/coordimed.hu\/index.php\/2026\/03\/09\/amikor-a-kepek-meselnek-beszelgetes-dr-incze-zsuzsa-radiologussal\/\" >\n\t\t\t\tAmikor a k\u00e9pek mes\u00e9lnek \u2013 besz\u00e9lget\u00e9s Dr. Incze Zsuzsa radiol\u00f3gussal\t\t\t<\/a>\n\t\t<\/h3>\n\t\t\t\t<div class=\"elementor-post__meta-data\">\n\t\t\t\t\t<span class=\"elementor-post-date\">\n\t\t\t2026.03.09.\t\t<\/span>\n\t\t\t\t<span class=\"elementor-post-avatar\">\n\t\t\tNincs hozz\u00e1sz\u00f3l\u00e1s\t\t<\/span>\n\t\t\t\t<\/div>\n\t\t\t\t<div class=\"elementor-post__excerpt\">\n\t\t\t<p>Amikor a k\u00e9pek mes\u00e9lnek \u2013 besz\u00e9lget\u00e9s Dr. Incze Zsuzsa radiol\u00f3gussal<\/p>\n\t\t<\/div>\n\t\t\n\t\t<a class=\"elementor-post__read-more\" href=\"https:\/\/coordimed.hu\/index.php\/2026\/03\/09\/amikor-a-kepek-meselnek-beszelgetes-dr-incze-zsuzsa-radiologussal\/\" aria-label=\"Read more about Amikor a k\u00e9pek mes\u00e9lnek \u2013 besz\u00e9lget\u00e9s Dr. Incze Zsuzsa radiol\u00f3gussal\" tabindex=\"-1\" >\n\t\t\tTov\u00e1bb olvasom \u00bb\t\t<\/a>\n\n\t\t\t\t<\/div>\n\t\t\t\t<\/article>\n\t\t\t\t<article class=\"elementor-post elementor-grid-item post-11813 post type-post status-publish format-standard has-post-thumbnail hentry category-ultrahang latest_post\" role=\"listitem\">\n\t\t\t\t<a class=\"elementor-post__thumbnail__link\" href=\"https:\/\/coordimed.hu\/index.php\/2026\/03\/09\/csomo-a-bor-alatt\/\" tabindex=\"-1\" >\n\t\t\t<div class=\"elementor-post__thumbnail\"><img loading=\"lazy\" decoding=\"async\" width=\"300\" height=\"300\" src=\"https:\/\/i0.wp.com\/coordimed.hu\/wp-content\/uploads\/2026\/03\/csomo-a-bor-alatt.jpg?fit=300%2C300&amp;ssl=1\" class=\"attachment-medium size-medium wp-image-11827\" alt=\"\" srcset=\"https:\/\/i0.wp.com\/coordimed.hu\/wp-content\/uploads\/2026\/03\/csomo-a-bor-alatt.jpg?w=1080&amp;ssl=1 1080w, https:\/\/i0.wp.com\/coordimed.hu\/wp-content\/uploads\/2026\/03\/csomo-a-bor-alatt.jpg?resize=300%2C300&amp;ssl=1 300w, https:\/\/i0.wp.com\/coordimed.hu\/wp-content\/uploads\/2026\/03\/csomo-a-bor-alatt.jpg?resize=1024%2C1024&amp;ssl=1 1024w, https:\/\/i0.wp.com\/coordimed.hu\/wp-content\/uploads\/2026\/03\/csomo-a-bor-alatt.jpg?resize=150%2C150&amp;ssl=1 150w, https:\/\/i0.wp.com\/coordimed.hu\/wp-content\/uploads\/2026\/03\/csomo-a-bor-alatt.jpg?resize=768%2C768&amp;ssl=1 768w, https:\/\/i0.wp.com\/coordimed.hu\/wp-content\/uploads\/2026\/03\/csomo-a-bor-alatt.jpg?resize=60%2C60&amp;ssl=1 60w, https:\/\/i0.wp.com\/coordimed.hu\/wp-content\/uploads\/2026\/03\/csomo-a-bor-alatt.jpg?resize=540%2C540&amp;ssl=1 540w, https:\/\/i0.wp.com\/coordimed.hu\/wp-content\/uploads\/2026\/03\/csomo-a-bor-alatt.jpg?resize=90%2C90&amp;ssl=1 90w\" sizes=\"(max-width: 300px) 100vw, 300px\" \/><\/div>\n\t\t<\/a>\n\t\t\t\t<div class=\"elementor-post__text\">\n\t\t\t\t<h3 class=\"elementor-post__title\">\n\t\t\t<a href=\"https:\/\/coordimed.hu\/index.php\/2026\/03\/09\/csomo-a-bor-alatt\/\" >\n\t\t\t\tCsom\u00f3 a b\u0151r alatt\t\t\t<\/a>\n\t\t<\/h3>\n\t\t\t\t<div class=\"elementor-post__meta-data\">\n\t\t\t\t\t<span class=\"elementor-post-date\">\n\t\t\t2026.03.09.\t\t<\/span>\n\t\t\t\t<span class=\"elementor-post-avatar\">\n\t\t\tNincs hozz\u00e1sz\u00f3l\u00e1s\t\t<\/span>\n\t\t\t\t<\/div>\n\t\t\t\t<div class=\"elementor-post__excerpt\">\n\t\t\t<p>B\u0151r alatti csom\u00f3t tapint? Tudja meg, mikor lehet \u00e1rtalmatlan zs\u00edrcsom\u00f3 vagy ciszta, \u00e9s mikor sz\u00fcks\u00e9ges ultrahangos kivizsg\u00e1l\u00e1s.<\/p>\n\t\t<\/div>\n\t\t\n\t\t<a class=\"elementor-post__read-more\" href=\"https:\/\/coordimed.hu\/index.php\/2026\/03\/09\/csomo-a-bor-alatt\/\" aria-label=\"Read more about Csom\u00f3 a b\u0151r alatt\" tabindex=\"-1\" >\n\t\t\tTov\u00e1bb olvasom \u00bb\t\t<\/a>\n\n\t\t\t\t<\/div>\n\t\t\t\t<\/article>\n\t\t\t\t<article class=\"elementor-post elementor-grid-item post-11788 post type-post status-publish format-standard has-post-thumbnail hentry category-kardiologia latest_post\" role=\"listitem\">\n\t\t\t\t<a class=\"elementor-post__thumbnail__link\" href=\"https:\/\/coordimed.hu\/index.php\/2026\/03\/03\/miert-fontos-a-szivultrahang-szivinfarktus-utan\/\" tabindex=\"-1\" >\n\t\t\t<div class=\"elementor-post__thumbnail\"><img loading=\"lazy\" decoding=\"async\" width=\"300\" height=\"300\" src=\"https:\/\/i0.wp.com\/coordimed.hu\/wp-content\/uploads\/2026\/03\/Szivinfarktus-utan-etrend.png?fit=300%2C300&amp;ssl=1\" class=\"attachment-medium size-medium wp-image-11781\" alt=\"\" srcset=\"https:\/\/i0.wp.com\/coordimed.hu\/wp-content\/uploads\/2026\/03\/Szivinfarktus-utan-etrend.png?w=1080&amp;ssl=1 1080w, https:\/\/i0.wp.com\/coordimed.hu\/wp-content\/uploads\/2026\/03\/Szivinfarktus-utan-etrend.png?resize=300%2C300&amp;ssl=1 300w, https:\/\/i0.wp.com\/coordimed.hu\/wp-content\/uploads\/2026\/03\/Szivinfarktus-utan-etrend.png?resize=1024%2C1024&amp;ssl=1 1024w, https:\/\/i0.wp.com\/coordimed.hu\/wp-content\/uploads\/2026\/03\/Szivinfarktus-utan-etrend.png?resize=150%2C150&amp;ssl=1 150w, https:\/\/i0.wp.com\/coordimed.hu\/wp-content\/uploads\/2026\/03\/Szivinfarktus-utan-etrend.png?resize=768%2C768&amp;ssl=1 768w, https:\/\/i0.wp.com\/coordimed.hu\/wp-content\/uploads\/2026\/03\/Szivinfarktus-utan-etrend.png?resize=60%2C60&amp;ssl=1 60w, https:\/\/i0.wp.com\/coordimed.hu\/wp-content\/uploads\/2026\/03\/Szivinfarktus-utan-etrend.png?resize=540%2C540&amp;ssl=1 540w, https:\/\/i0.wp.com\/coordimed.hu\/wp-content\/uploads\/2026\/03\/Szivinfarktus-utan-etrend.png?resize=90%2C90&amp;ssl=1 90w\" sizes=\"(max-width: 300px) 100vw, 300px\" \/><\/div>\n\t\t<\/a>\n\t\t\t\t<div class=\"elementor-post__text\">\n\t\t\t\t<h3 class=\"elementor-post__title\">\n\t\t\t<a href=\"https:\/\/coordimed.hu\/index.php\/2026\/03\/03\/miert-fontos-a-szivultrahang-szivinfarktus-utan\/\" >\n\t\t\t\tMi\u00e9rt fontos a sz\u00edvultrahang sz\u00edvinfarktus ut\u00e1n?\t\t\t<\/a>\n\t\t<\/h3>\n\t\t\t\t<div class=\"elementor-post__meta-data\">\n\t\t\t\t\t<span class=\"elementor-post-date\">\n\t\t\t2026.03.03.\t\t<\/span>\n\t\t\t\t<span class=\"elementor-post-avatar\">\n\t\t\tNincs hozz\u00e1sz\u00f3l\u00e1s\t\t<\/span>\n\t\t\t\t<\/div>\n\t\t\t\t<div class=\"elementor-post__excerpt\">\n\t\t\t<p>Sz\u00edvinfarktus ut\u00e1n a sz\u00edvultrahang megmutatja a hegesed\u00e9s m\u00e9rt\u00e9k\u00e9t, a falmozg\u00e1szavart, az ejekci\u00f3s frakci\u00f3t (EF) \u00e9s a billenty\u0171k \u00e1llapot\u00e1t. Mikor sz\u00fcks\u00e9ges kontrollvizsg\u00e1lat?<\/p>\n\t\t<\/div>\n\t\t\n\t\t<a class=\"elementor-post__read-more\" href=\"https:\/\/coordimed.hu\/index.php\/2026\/03\/03\/miert-fontos-a-szivultrahang-szivinfarktus-utan\/\" aria-label=\"Read more about Mi\u00e9rt fontos a sz\u00edvultrahang sz\u00edvinfarktus ut\u00e1n?\" tabindex=\"-1\" >\n\t\t\tTov\u00e1bb olvasom \u00bb\t\t<\/a>\n\n\t\t\t\t<\/div>\n\t\t\t\t<\/article>\n\t\t\t\t<article class=\"elementor-post elementor-grid-item post-11773 post type-post status-publish format-standard has-post-thumbnail hentry category-dietetika category-kardiologia latest_post\" role=\"listitem\">\n\t\t\t\t<a class=\"elementor-post__thumbnail__link\" href=\"https:\/\/coordimed.hu\/index.php\/2026\/03\/03\/infarktus-utani-dietetika\/\" tabindex=\"-1\" >\n\t\t\t<div class=\"elementor-post__thumbnail\"><img loading=\"lazy\" decoding=\"async\" width=\"300\" height=\"300\" src=\"https:\/\/i0.wp.com\/coordimed.hu\/wp-content\/uploads\/2026\/03\/Szivinfarktus-utan-etrend.png?fit=300%2C300&amp;ssl=1\" class=\"attachment-medium size-medium wp-image-11781\" alt=\"\" srcset=\"https:\/\/i0.wp.com\/coordimed.hu\/wp-content\/uploads\/2026\/03\/Szivinfarktus-utan-etrend.png?w=1080&amp;ssl=1 1080w, https:\/\/i0.wp.com\/coordimed.hu\/wp-content\/uploads\/2026\/03\/Szivinfarktus-utan-etrend.png?resize=300%2C300&amp;ssl=1 300w, https:\/\/i0.wp.com\/coordimed.hu\/wp-content\/uploads\/2026\/03\/Szivinfarktus-utan-etrend.png?resize=1024%2C1024&amp;ssl=1 1024w, https:\/\/i0.wp.com\/coordimed.hu\/wp-content\/uploads\/2026\/03\/Szivinfarktus-utan-etrend.png?resize=150%2C150&amp;ssl=1 150w, https:\/\/i0.wp.com\/coordimed.hu\/wp-content\/uploads\/2026\/03\/Szivinfarktus-utan-etrend.png?resize=768%2C768&amp;ssl=1 768w, https:\/\/i0.wp.com\/coordimed.hu\/wp-content\/uploads\/2026\/03\/Szivinfarktus-utan-etrend.png?resize=60%2C60&amp;ssl=1 60w, https:\/\/i0.wp.com\/coordimed.hu\/wp-content\/uploads\/2026\/03\/Szivinfarktus-utan-etrend.png?resize=540%2C540&amp;ssl=1 540w, https:\/\/i0.wp.com\/coordimed.hu\/wp-content\/uploads\/2026\/03\/Szivinfarktus-utan-etrend.png?resize=90%2C90&amp;ssl=1 90w\" sizes=\"(max-width: 300px) 100vw, 300px\" \/><\/div>\n\t\t<\/a>\n\t\t\t\t<div class=\"elementor-post__text\">\n\t\t\t\t<h3 class=\"elementor-post__title\">\n\t\t\t<a href=\"https:\/\/coordimed.hu\/index.php\/2026\/03\/03\/infarktus-utani-dietetika\/\" >\n\t\t\t\tInfarktus ut\u00e1ni dietetika\t\t\t<\/a>\n\t\t<\/h3>\n\t\t\t\t<div class=\"elementor-post__meta-data\">\n\t\t\t\t\t<span class=\"elementor-post-date\">\n\t\t\t2026.03.03.\t\t<\/span>\n\t\t\t\t<span class=\"elementor-post-avatar\">\n\t\t\tNincs hozz\u00e1sz\u00f3l\u00e1s\t\t<\/span>\n\t\t\t\t<\/div>\n\t\t\t\t<div class=\"elementor-post__excerpt\">\n\t\t\t<p>Infarktus ut\u00e1ni \u00e9trend: mit \u00e9rdemes v\u00e1ltoztatni, hogyan seg\u00edt a diplom\u00e1s dietetikus, \u00e9s mi\u00e9rt fontos a szem\u00e9lyre szabott, orvossal egyeztetett \u00e9trendi terv.<\/p>\n\t\t<\/div>\n\t\t\n\t\t<a class=\"elementor-post__read-more\" href=\"https:\/\/coordimed.hu\/index.php\/2026\/03\/03\/infarktus-utani-dietetika\/\" aria-label=\"Read more about Infarktus ut\u00e1ni dietetika\" tabindex=\"-1\" >\n\t\t\tTov\u00e1bb olvasom \u00bb\t\t<\/a>\n\n\t\t\t\t<\/div>\n\t\t\t\t<\/article>\n\t\t\t\t<article class=\"elementor-post elementor-grid-item post-11766 post type-post status-publish format-standard has-post-thumbnail hentry category-egeszseg-pszichologia category-kardiologia latest_post\" role=\"listitem\">\n\t\t\t\t<a class=\"elementor-post__thumbnail__link\" href=\"https:\/\/coordimed.hu\/index.php\/2026\/03\/03\/szivinfarktus-utani-trauma-es-halalfelelem-a-psziches-felepules-utja\/\" tabindex=\"-1\" >\n\t\t\t<div class=\"elementor-post__thumbnail\"><img loading=\"lazy\" decoding=\"async\" width=\"300\" height=\"300\" src=\"https:\/\/i0.wp.com\/coordimed.hu\/wp-content\/uploads\/2026\/03\/szivinfarktus-utan-pszicho.png?fit=300%2C300&amp;ssl=1\" class=\"attachment-medium size-medium wp-image-11772\" alt=\"\" srcset=\"https:\/\/i0.wp.com\/coordimed.hu\/wp-content\/uploads\/2026\/03\/szivinfarktus-utan-pszicho.png?w=1080&amp;ssl=1 1080w, https:\/\/i0.wp.com\/coordimed.hu\/wp-content\/uploads\/2026\/03\/szivinfarktus-utan-pszicho.png?resize=300%2C300&amp;ssl=1 300w, https:\/\/i0.wp.com\/coordimed.hu\/wp-content\/uploads\/2026\/03\/szivinfarktus-utan-pszicho.png?resize=1024%2C1024&amp;ssl=1 1024w, https:\/\/i0.wp.com\/coordimed.hu\/wp-content\/uploads\/2026\/03\/szivinfarktus-utan-pszicho.png?resize=150%2C150&amp;ssl=1 150w, https:\/\/i0.wp.com\/coordimed.hu\/wp-content\/uploads\/2026\/03\/szivinfarktus-utan-pszicho.png?resize=768%2C768&amp;ssl=1 768w, https:\/\/i0.wp.com\/coordimed.hu\/wp-content\/uploads\/2026\/03\/szivinfarktus-utan-pszicho.png?resize=60%2C60&amp;ssl=1 60w, https:\/\/i0.wp.com\/coordimed.hu\/wp-content\/uploads\/2026\/03\/szivinfarktus-utan-pszicho.png?resize=540%2C540&amp;ssl=1 540w, https:\/\/i0.wp.com\/coordimed.hu\/wp-content\/uploads\/2026\/03\/szivinfarktus-utan-pszicho.png?resize=90%2C90&amp;ssl=1 90w\" sizes=\"(max-width: 300px) 100vw, 300px\" \/><\/div>\n\t\t<\/a>\n\t\t\t\t<div class=\"elementor-post__text\">\n\t\t\t\t<h3 class=\"elementor-post__title\">\n\t\t\t<a href=\"https:\/\/coordimed.hu\/index.php\/2026\/03\/03\/szivinfarktus-utani-trauma-es-halalfelelem-a-psziches-felepules-utja\/\" >\n\t\t\t\tSz\u00edvinfarktus ut\u00e1ni trauma \u00e9s hal\u00e1lf\u00e9lelem \u2013 a pszich\u00e9s fel\u00e9p\u00fcl\u00e9s \u00fatja\t\t\t<\/a>\n\t\t<\/h3>\n\t\t\t\t<div class=\"elementor-post__meta-data\">\n\t\t\t\t\t<span class=\"elementor-post-date\">\n\t\t\t2026.03.03.\t\t<\/span>\n\t\t\t\t<span class=\"elementor-post-avatar\">\n\t\t\tNincs hozz\u00e1sz\u00f3l\u00e1s\t\t<\/span>\n\t\t\t\t<\/div>\n\t\t\t\t<div class=\"elementor-post__excerpt\">\n\t\t\t<p>A sz\u00edvinfarktus nemcsak testi, hanem traumatikus \u00e9lm\u00e9ny is lehet. Hal\u00e1lf\u00e9lelem, kontrollveszt\u00e9s \u00e9s k\u00f3rh\u00e1zi kiszolg\u00e1ltatotts\u00e1g \u2013 mikor term\u00e9szetes \u00e9s mikor \u00e9rdemes seg\u00edts\u00e9get k\u00e9rni?<\/p>\n\t\t<\/div>\n\t\t\n\t\t<a class=\"elementor-post__read-more\" href=\"https:\/\/coordimed.hu\/index.php\/2026\/03\/03\/szivinfarktus-utani-trauma-es-halalfelelem-a-psziches-felepules-utja\/\" aria-label=\"Read more about Sz\u00edvinfarktus ut\u00e1ni trauma \u00e9s hal\u00e1lf\u00e9lelem \u2013 a pszich\u00e9s fel\u00e9p\u00fcl\u00e9s \u00fatja\" tabindex=\"-1\" >\n\t\t\tTov\u00e1bb olvasom \u00bb\t\t<\/a>\n\n\t\t\t\t<\/div>\n\t\t\t\t<\/article>\n\t\t\t\t<\/div>\n\t\t\n\t\t\t\t\t\t<\/div>\n\t\t\t\t<\/div>\n\t\t\t\t\t<\/div>\n\t\t\t\t<\/div>\n\t\t<div class=\"elementor-element elementor-element-788243ce e-con-full e-flex e-con e-child\" data-id=\"788243ce\" data-element_type=\"container\" data-e-type=\"container\" data-settings=\"{&quot;_ha_eqh_enable&quot;:false}\">\n\t\t<div class=\"elementor-element elementor-element-7c93b7ed e-con-full e-flex e-con e-child\" data-id=\"7c93b7ed\" data-element_type=\"container\" data-e-type=\"container\" data-settings=\"{&quot;_ha_eqh_enable&quot;:false}\">\n\t\t\t\t<div class=\"elementor-element elementor-element-4bcf6ac3 elementor-widget elementor-widget-google_maps\" data-id=\"4bcf6ac3\" data-element_type=\"widget\" data-e-type=\"widget\" data-widget_type=\"google_maps.default\">\n\t\t\t\t\t\t\t<div class=\"elementor-custom-embed\">\n\t\t\t<iframe loading=\"lazy\"\n\t\t\t\t\tsrc=\"https:\/\/maps.google.com\/maps?q=1021%20Budapest%20V%C3%B6lgy%20utca%205%2Fa&#038;t=m&#038;z=10&#038;output=embed&#038;iwloc=near\"\n\t\t\t\t\ttitle=\"1021 Budapest V\u00f6lgy utca 5\/a\"\n\t\t\t\t\taria-label=\"1021 Budapest V\u00f6lgy utca 5\/a\"\n\t\t\t><\/iframe>\n\t\t<\/div>\n\t\t\t\t\t\t<\/div>\n\t\t\t\t<\/div>\n\t\t<div class=\"elementor-element elementor-element-6ccff4a7 e-con-full e-flex e-con e-child\" data-id=\"6ccff4a7\" data-element_type=\"container\" data-e-type=\"container\">\n\t\t<div class=\"elementor-element elementor-element-550e3a6f e-con-full e-flex e-con e-child\" data-id=\"550e3a6f\" data-element_type=\"container\" data-e-type=\"container\" data-settings=\"{&quot;_ha_eqh_enable&quot;:false}\">\n\t\t\t\t<div class=\"elementor-element elementor-element-6cc97d8d elementor-widget__width-auto elementor-widget elementor-widget-heading\" data-id=\"6cc97d8d\" data-element_type=\"widget\" data-e-type=\"widget\" data-widget_type=\"heading.default\">\n\t\t\t\t\t<h5 class=\"elementor-heading-title elementor-size-default\">\u00datvonal tervez\u0151:<\/h5>\t\t\t\t<\/div>\n\t\t<div class=\"elementor-element elementor-element-2e05b7d4 e-grid e-con-full e-con e-child\" data-id=\"2e05b7d4\" data-element_type=\"container\" data-e-type=\"container\" data-settings=\"{&quot;_ha_eqh_enable&quot;:false}\">\n\t\t\t\t<div class=\"elementor-element elementor-element-7b3ecb05 elementor-view-framed ha-css-transform-yes elementor-shape-circle elementor-widget elementor-widget-icon\" data-id=\"7b3ecb05\" data-element_type=\"widget\" data-e-type=\"widget\" data-widget_type=\"icon.default\">\n\t\t\t\t\t\t\t<div class=\"elementor-icon-wrapper\">\n\t\t\t<a class=\"elementor-icon\" href=\"https:\/\/www.google.com\/maps\/dir\/\/Coordimed+Rendel%C5%91,+Budapest,+V%C3%B6lgy+u.+5%2Fa,+1021\/@47.5329918,18.8974388,12z\/data=!3m1!4b1!4m9!4m8!1m0!1m5!1m1!1s0x4741df42866f0743:0x14a74cb411201e3f!2m2!1d18.9798393!2d47.5330213!3e3?entry=ttu&#038;g_ep=EgoyMDI0MDkwNC4wIKXMDSoASAFQAw%3D%3D\" target=\"_blank\">\n\t\t\t<i aria-hidden=\"true\" class=\"fas fa-walking\"><\/i>\t\t\t<\/a>\n\t\t<\/div>\n\t\t\t\t\t\t<\/div>\n\t\t\t\t<div class=\"elementor-element elementor-element-1426e915 elementor-view-framed ha-css-transform-yes elementor-shape-circle elementor-widget elementor-widget-icon\" data-id=\"1426e915\" data-element_type=\"widget\" data-e-type=\"widget\" data-widget_type=\"icon.default\">\n\t\t\t\t\t\t\t<div class=\"elementor-icon-wrapper\">\n\t\t\t<a class=\"elementor-icon\" href=\"https:\/\/www.google.com\/maps\/dir\/\/Coordimed+Rendel%C5%91,+Budapest,+V%C3%B6lgy+u.+5%2Fa,+1021\/@47.5331077,18.8974392,12z\/data=!4m9!4m8!1m0!1m5!1m1!1s0x4741df42866f0743:0x14a74cb411201e3f!2m2!1d18.9798393!2d47.5330213!3e0?entry=ttu&#038;g_ep=EgoyMDI0MDkwNC4wIKXMDSoASAFQAw%3D%3D\" target=\"_blank\">\n\t\t\t<i aria-hidden=\"true\" class=\"fas fa-car\"><\/i>\t\t\t<\/a>\n\t\t<\/div>\n\t\t\t\t\t\t<\/div>\n\t\t\t\t<\/div>\n\t\t\t\t<div class=\"elementor-element elementor-element-4189e480 elementor-widget elementor-widget-text-editor\" data-id=\"4189e480\" data-element_type=\"widget\" data-e-type=\"widget\" data-widget_type=\"text-editor.default\">\n\t\t\t\t\t\t\t\t\t<h6 dir=\"ltr\" style=\"text-align: center;\">Telefonsz\u00e1m: <a style=\"font-family: var(--primary-font); font-size: 0.888889em;\" href=\"tel: +36304563934\">+36 30 456 3934<\/a><\/h6><h6 dir=\"ltr\" style=\"text-align: center;\"><strong>S\u00fcrg\u0151ss\u00e9gi telefonsz\u00e1m:<\/strong><\/h6><h6 dir=\"ltr\" style=\"text-align: center;\"><a href=\"tel: +36305080895\">+36 30 508 0895<\/a><\/h6>\t\t\t\t\t\t\t\t<\/div>\n\t\t\t\t<div class=\"elementor-element elementor-element-64e362b9 elementor-shape-circle elementor-grid-0 e-grid-align-center elementor-widget elementor-widget-social-icons\" data-id=\"64e362b9\" data-element_type=\"widget\" data-e-type=\"widget\" data-widget_type=\"social-icons.default\">\n\t\t\t\t\t\t\t<div class=\"elementor-social-icons-wrapper elementor-grid\" role=\"list\">\n\t\t\t\t\t\t\t<span class=\"elementor-grid-item\" role=\"listitem\">\n\t\t\t\t\t<a class=\"elementor-icon elementor-social-icon elementor-social-icon-facebook elementor-animation-grow elementor-repeater-item-048549f\" href=\"https:\/\/www.facebook.com\/coordimed\" target=\"_blank\">\n\t\t\t\t\t\t<span class=\"elementor-screen-only\">Facebook<\/span>\n\t\t\t\t\t\t<i aria-hidden=\"true\" class=\"fab fa-facebook\"><\/i>\t\t\t\t\t<\/a>\n\t\t\t\t<\/span>\n\t\t\t\t\t\t\t<span class=\"elementor-grid-item\" role=\"listitem\">\n\t\t\t\t\t<a class=\"elementor-icon elementor-social-icon elementor-social-icon-instagram elementor-animation-grow elementor-repeater-item-b256041\" href=\"https:\/\/www.instagram.com\/coordimedeu\/\" target=\"_blank\">\n\t\t\t\t\t\t<span class=\"elementor-screen-only\">Instagram<\/span>\n\t\t\t\t\t\t<i aria-hidden=\"true\" class=\"fab fa-instagram\"><\/i>\t\t\t\t\t<\/a>\n\t\t\t\t<\/span>\n\t\t\t\t\t<\/div>\n\t\t\t\t\t\t<\/div>\n\t\t\t\t<\/div>\n\t\t\t\t<\/div>\n\t\t<div class=\"elementor-element elementor-element-6d09cc50 e-con-full e-flex e-con e-child\" data-id=\"6d09cc50\" data-element_type=\"container\" data-e-type=\"container\" data-settings=\"{&quot;_ha_eqh_enable&quot;:false}\">\n\t\t<div class=\"elementor-element elementor-element-1835205e e-con-full e-flex e-con e-child\" data-id=\"1835205e\" data-element_type=\"container\" data-e-type=\"container\" data-settings=\"{&quot;_ha_eqh_enable&quot;:false}\">\n\t\t\t\t<div class=\"elementor-element elementor-element-463e6e5e elementor-widget elementor-widget-theme-site-logo elementor-widget-image\" data-id=\"463e6e5e\" data-element_type=\"widget\" data-e-type=\"widget\" data-widget_type=\"theme-site-logo.default\">\n\t\t\t\t\t\t\t\t\t\t\t<a href=\"https:\/\/coordimed.hu\">\n\t\t\t<img loading=\"lazy\" decoding=\"async\" width=\"150\" height=\"39\" src=\"https:\/\/i0.wp.com\/coordimed.hu\/wp-content\/uploads\/2023\/09\/cropped-Coordimed_logo_150px.webp?fit=150%2C39&amp;ssl=1\" class=\"attachment-full size-full wp-image-41\" alt=\"\" \/>\t\t\t\t<\/a>\n\t\t\t\t\t\t\t\t\t\t\t<\/div>\n\t\t\t\t<div class=\"elementor-element elementor-element-1bb39e79 elementor-widget elementor-widget-gallery\" data-id=\"1bb39e79\" data-element_type=\"widget\" data-e-type=\"widget\" data-settings=\"{&quot;gallery_layout&quot;:&quot;justified&quot;,&quot;overlay_description&quot;:&quot;title&quot;,&quot;ideal_row_height&quot;:{&quot;unit&quot;:&quot;px&quot;,&quot;size&quot;:200,&quot;sizes&quot;:[]},&quot;ideal_row_height_tablet&quot;:{&quot;unit&quot;:&quot;px&quot;,&quot;size&quot;:150,&quot;sizes&quot;:[]},&quot;ideal_row_height_mobile&quot;:{&quot;unit&quot;:&quot;px&quot;,&quot;size&quot;:150,&quot;sizes&quot;:[]},&quot;gap&quot;:{&quot;unit&quot;:&quot;px&quot;,&quot;size&quot;:10,&quot;sizes&quot;:[]},&quot;gap_tablet&quot;:{&quot;unit&quot;:&quot;px&quot;,&quot;size&quot;:10,&quot;sizes&quot;:[]},&quot;gap_mobile&quot;:{&quot;unit&quot;:&quot;px&quot;,&quot;size&quot;:10,&quot;sizes&quot;:[]},&quot;link_to&quot;:&quot;file&quot;,&quot;overlay_background&quot;:&quot;yes&quot;,&quot;content_hover_animation&quot;:&quot;fade-in&quot;}\" data-widget_type=\"gallery.default\">\n\t\t\t\t\t\t\t<div class=\"elementor-gallery__container\">\n\t\t\t\t\t\t\t<a class=\"e-gallery-item elementor-gallery-item elementor-animated-content\" href=\"https:\/\/i0.wp.com\/coordimed.hu\/wp-content\/uploads\/2024\/09\/20240911_160800-scaled-e1726314029570.webp?fit=1920%2C1434&#038;ssl=1\" data-elementor-open-lightbox=\"yes\" data-elementor-lightbox-slideshow=\"1bb39e79\" data-elementor-lightbox-title=\"Bej\u00e1rat\" data-e-action-hash=\"#elementor-action%3Aaction%3Dlightbox%26settings%3DeyJpZCI6NDU3NSwidXJsIjoiaHR0cHM6XC9cL2Nvb3JkaW1lZC5odVwvd3AtY29udGVudFwvdXBsb2Fkc1wvMjAyNFwvMDlcLzIwMjQwOTExXzE2MDgwMC1zY2FsZWQtZTE3MjYzMTQwMjk1NzAud2VicCIsInNsaWRlc2hvdyI6IjFiYjM5ZTc5In0%3D\">\n\t\t\t\t\t<div class=\"e-gallery-image elementor-gallery-item__image\" data-thumbnail=\"https:\/\/i0.wp.com\/coordimed.hu\/wp-content\/uploads\/2024\/09\/20240911_160800-scaled-e1726314029570.webp?fit=768%2C573&amp;ssl=1\" data-width=\"768\" data-height=\"573\" aria-label=\"\" role=\"img\" ><\/div>\n\t\t\t\t\t\t\t\t\t\t\t<div class=\"elementor-gallery-item__overlay\"><\/div>\n\t\t\t\t\t\t\t\t\t\t\t\t\t\t\t<div class=\"elementor-gallery-item__content\">\n\t\t\t\t\t\t\t\t\t\t\t\t\t\t<div class=\"elementor-gallery-item__description\">\n\t\t\t\t\t\t\t\t\t\t\t\t\t\t\t\t\t\tBej\u00e1rat\t\t\t\t\t\t\t\t<\/div>\n\t\t\t\t\t\t\t\t\t\t\t\t<\/div>\n\t\t\t\t\t\t\t\t\t<\/a>\n\t\t\t\t\t<\/div>\n\t\t\t\t\t<\/div>\n\t\t\t\t<\/div>\n\t\t\t\t<\/div>\n\t\t\t\t<\/div>\n\t\t\t\t<\/div>\n\t\t","protected":false},"excerpt":{"rendered":"<p>Dr. Kozma Istv\u00e1n gerincspecialista \u00e9s idegseb\u00e9sz Budapesten. Porckorongs\u00e9rv, isi\u00e1sz, idegbecs\u00edp\u0151d\u00e9s kezel\u00e9se szem\u00e9lyre szabott ter\u00e1pi\u00e1val a Coordimed Gerincgy\u00f3gy\u00e1szat\u00e1n.<\/p>\n","protected":false},"author":2,"featured_media":0,"parent":0,"menu_order":0,"comment_status":"closed","ping_status":"closed","template":"elementor_theme","meta":{"footnotes":""},"class_list":["post-8862","page","type-page","status-publish","hentry","latest_post"],"yoast_head":"<!-- This site is optimized with the Yoast SEO Premium plugin v26.4 (Yoast SEO v27.5) - https:\/\/yoast.com\/product\/yoast-seo-premium-wordpress\/ -->\n<title>Dr. Kozma Istv\u00e1n - Coordimed Rendel\u0151<\/title>\n<meta name=\"description\" content=\"Dr. Kozma Istv\u00e1n gerincspecialista \u00e9s idegseb\u00e9sz Budapesten. Porckorongs\u00e9rv, isi\u00e1sz, idegbecs\u00edp\u0151d\u00e9s kezel\u00e9se szem\u00e9lyre szabott ter\u00e1pi\u00e1val.\" \/>\n<meta name=\"robots\" content=\"index, follow, max-snippet:-1, max-image-preview:large, max-video-preview:-1\" \/>\n<link rel=\"canonical\" href=\"https:\/\/coordimed.hu\/index.php\/dr-kozma-istvan\/\" \/>\n<meta property=\"og:locale\" content=\"hu_HU\" \/>\n<meta property=\"og:type\" content=\"article\" \/>\n<meta property=\"og:title\" content=\"Dr. Kozma Istv\u00e1n - Coordimed Rendel\u0151\" \/>\n<meta property=\"og:description\" content=\"Dr. Kozma Istv\u00e1n gerincspecialista \u00e9s idegseb\u00e9sz Budapesten. Porckorongs\u00e9rv, isi\u00e1sz, idegbecs\u00edp\u0151d\u00e9s kezel\u00e9se szem\u00e9lyre szabott ter\u00e1pi\u00e1val a Coordimed Gerincgy\u00f3gy\u00e1szat\u00e1n.\" \/>\n<meta property=\"og:url\" content=\"https:\/\/coordimed.hu\/index.php\/dr-kozma-istvan\/\" \/>\n<meta property=\"article:publisher\" content=\"https:\/\/www.facebook.com\/coordimed\" \/>\n<meta property=\"article:modified_time\" content=\"2026-02-18T17:50:54+00:00\" \/>\n<meta property=\"og:image\" content=\"https:\/\/coordimed.hu\/wp-content\/uploads\/2025\/07\/coordimed_portre-1596_pp.jpg\" \/>\n\t<meta property=\"og:image:width\" content=\"1024\" \/>\n\t<meta property=\"og:image:height\" content=\"1536\" \/>\n\t<meta property=\"og:image:type\" content=\"image\/jpeg\" \/>\n<meta name=\"twitter:card\" content=\"summary_large_image\" \/>\n<meta name=\"twitter:title\" content=\"Dr. Kozma Istv\u00e1n\" \/>\n<meta name=\"twitter:description\" content=\"Coordimed Mag\u00e1n Rendel\u0151 Bud\u00e1n! Proffeszion\u00e1lis egy\u00e9nre szabott ell\u00e1t\u00e1sok!\" \/>\n<meta name=\"twitter:label1\" content=\"Becs\u00fclt olvas\u00e1si id\u0151\" \/>\n\t<meta name=\"twitter:data1\" content=\"3 perc\" \/>\n<script type=\"application\/ld+json\" class=\"yoast-schema-graph\">{\"@context\":\"https:\\\/\\\/schema.org\",\"@graph\":[{\"@type\":\"WebPage\",\"@id\":\"https:\\\/\\\/coordimed.hu\\\/index.php\\\/dr-kozma-istvan\\\/\",\"url\":\"https:\\\/\\\/coordimed.hu\\\/index.php\\\/dr-kozma-istvan\\\/\",\"name\":\"Dr. Kozma Istv\u00e1n - Coordimed Rendel\u0151\",\"isPartOf\":{\"@id\":\"https:\\\/\\\/coordimed.hu\\\/#website\"},\"primaryImageOfPage\":{\"@id\":\"https:\\\/\\\/coordimed.hu\\\/index.php\\\/dr-kozma-istvan\\\/#primaryimage\"},\"image\":{\"@id\":\"https:\\\/\\\/coordimed.hu\\\/index.php\\\/dr-kozma-istvan\\\/#primaryimage\"},\"thumbnailUrl\":\"https:\\\/\\\/coordimed.hu\\\/wp-content\\\/uploads\\\/2025\\\/10\\\/TOMI1567-683x1024.jpg\",\"datePublished\":\"2025-08-25T03:38:56+00:00\",\"dateModified\":\"2026-02-18T17:50:54+00:00\",\"description\":\"Dr. Kozma Istv\u00e1n gerincspecialista \u00e9s idegseb\u00e9sz Budapesten. Porckorongs\u00e9rv, isi\u00e1sz, idegbecs\u00edp\u0151d\u00e9s kezel\u00e9se szem\u00e9lyre szabott ter\u00e1pi\u00e1val.\",\"breadcrumb\":{\"@id\":\"https:\\\/\\\/coordimed.hu\\\/index.php\\\/dr-kozma-istvan\\\/#breadcrumb\"},\"inLanguage\":\"hu\",\"potentialAction\":[{\"@type\":\"ReadAction\",\"target\":[\"https:\\\/\\\/coordimed.hu\\\/index.php\\\/dr-kozma-istvan\\\/\"]}]},{\"@type\":\"ImageObject\",\"inLanguage\":\"hu\",\"@id\":\"https:\\\/\\\/coordimed.hu\\\/index.php\\\/dr-kozma-istvan\\\/#primaryimage\",\"url\":\"https:\\\/\\\/i0.wp.com\\\/coordimed.hu\\\/wp-content\\\/uploads\\\/2025\\\/10\\\/TOMI1567-scaled.jpg?fit=1707%2C2560&ssl=1\",\"contentUrl\":\"https:\\\/\\\/i0.wp.com\\\/coordimed.hu\\\/wp-content\\\/uploads\\\/2025\\\/10\\\/TOMI1567-scaled.jpg?fit=1707%2C2560&ssl=1\",\"width\":1707,\"height\":2560},{\"@type\":\"BreadcrumbList\",\"@id\":\"https:\\\/\\\/coordimed.hu\\\/index.php\\\/dr-kozma-istvan\\\/#breadcrumb\",\"itemListElement\":[{\"@type\":\"ListItem\",\"position\":1,\"name\":\"Kezd\u0151lap\",\"item\":\"https:\\\/\\\/coordimed.hu\\\/\"},{\"@type\":\"ListItem\",\"position\":2,\"name\":\"Dr. Kozma Istv\u00e1n\"}]},{\"@type\":\"WebSite\",\"@id\":\"https:\\\/\\\/coordimed.hu\\\/#website\",\"url\":\"https:\\\/\\\/coordimed.hu\\\/\",\"name\":\"Coordimed\",\"description\":\"-  Sz\u00edvb\u0151l gy\u00f3gy\u00edtunk\",\"publisher\":{\"@id\":\"https:\\\/\\\/coordimed.hu\\\/#organization\"},\"potentialAction\":[{\"@type\":\"SearchAction\",\"target\":{\"@type\":\"EntryPoint\",\"urlTemplate\":\"https:\\\/\\\/coordimed.hu\\\/?s={search_term_string}\"},\"query-input\":{\"@type\":\"PropertyValueSpecification\",\"valueRequired\":true,\"valueName\":\"search_term_string\"}}],\"inLanguage\":\"hu\"},{\"@type\":\"Organization\",\"@id\":\"https:\\\/\\\/coordimed.hu\\\/#organization\",\"name\":\"Coordimed Rendel\u0151 Kft.\",\"url\":\"https:\\\/\\\/coordimed.hu\\\/\",\"logo\":{\"@type\":\"ImageObject\",\"inLanguage\":\"hu\",\"@id\":\"https:\\\/\\\/coordimed.hu\\\/#\\\/schema\\\/logo\\\/image\\\/\",\"url\":\"https:\\\/\\\/i0.wp.com\\\/coordimed.hu\\\/wp-content\\\/uploads\\\/2023\\\/09\\\/cropped-Coordimed_logo_150px.webp?fit=150%2C39&ssl=1\",\"contentUrl\":\"https:\\\/\\\/i0.wp.com\\\/coordimed.hu\\\/wp-content\\\/uploads\\\/2023\\\/09\\\/cropped-Coordimed_logo_150px.webp?fit=150%2C39&ssl=1\",\"width\":150,\"height\":39,\"caption\":\"Coordimed Rendel\u0151 Kft.\"},\"image\":{\"@id\":\"https:\\\/\\\/coordimed.hu\\\/#\\\/schema\\\/logo\\\/image\\\/\"},\"sameAs\":[\"https:\\\/\\\/www.facebook.com\\\/coordimed\"],\"ownershipFundingInfo\":\"https:\\\/\\\/coordimed.hu\\\/index.php\\\/rolunk\\\/\",\"actionableFeedbackPolicy\":\"https:\\\/\\\/coordimed.hu\\\/index.php\\\/kapcsolat\\\/\",\"correctionsPolicy\":\"https:\\\/\\\/coordimed.hu\\\/index.php\\\/kapcsolat\\\/\"}]}<\/script>\n<!-- \/ Yoast SEO Premium plugin. -->","yoast_head_json":{"title":"Dr. Kozma Istv\u00e1n - Coordimed Rendel\u0151","description":"Dr. Kozma Istv\u00e1n gerincspecialista \u00e9s idegseb\u00e9sz Budapesten. Porckorongs\u00e9rv, isi\u00e1sz, idegbecs\u00edp\u0151d\u00e9s kezel\u00e9se szem\u00e9lyre szabott ter\u00e1pi\u00e1val.","robots":{"index":"index","follow":"follow","max-snippet":"max-snippet:-1","max-image-preview":"max-image-preview:large","max-video-preview":"max-video-preview:-1"},"canonical":"https:\/\/coordimed.hu\/index.php\/dr-kozma-istvan\/","og_locale":"hu_HU","og_type":"article","og_title":"Dr. Kozma Istv\u00e1n - Coordimed Rendel\u0151","og_description":"Dr. Kozma Istv\u00e1n gerincspecialista \u00e9s idegseb\u00e9sz Budapesten. Porckorongs\u00e9rv, isi\u00e1sz, idegbecs\u00edp\u0151d\u00e9s kezel\u00e9se szem\u00e9lyre szabott ter\u00e1pi\u00e1val a Coordimed Gerincgy\u00f3gy\u00e1szat\u00e1n.","og_url":"https:\/\/coordimed.hu\/index.php\/dr-kozma-istvan\/","article_publisher":"https:\/\/www.facebook.com\/coordimed","article_modified_time":"2026-02-18T17:50:54+00:00","og_image":[{"width":1024,"height":1536,"url":"https:\/\/coordimed.hu\/wp-content\/uploads\/2025\/07\/coordimed_portre-1596_pp.jpg","type":"image\/jpeg"}],"twitter_card":"summary_large_image","twitter_title":"Dr. Kozma Istv\u00e1n","twitter_description":"Coordimed Mag\u00e1n Rendel\u0151 Bud\u00e1n! Proffeszion\u00e1lis egy\u00e9nre szabott ell\u00e1t\u00e1sok!","twitter_misc":{"Becs\u00fclt olvas\u00e1si id\u0151":"3 perc"},"schema":{"@context":"https:\/\/schema.org","@graph":[{"@type":"WebPage","@id":"https:\/\/coordimed.hu\/index.php\/dr-kozma-istvan\/","url":"https:\/\/coordimed.hu\/index.php\/dr-kozma-istvan\/","name":"Dr. Kozma Istv\u00e1n - Coordimed Rendel\u0151","isPartOf":{"@id":"https:\/\/coordimed.hu\/#website"},"primaryImageOfPage":{"@id":"https:\/\/coordimed.hu\/index.php\/dr-kozma-istvan\/#primaryimage"},"image":{"@id":"https:\/\/coordimed.hu\/index.php\/dr-kozma-istvan\/#primaryimage"},"thumbnailUrl":"https:\/\/coordimed.hu\/wp-content\/uploads\/2025\/10\/TOMI1567-683x1024.jpg","datePublished":"2025-08-25T03:38:56+00:00","dateModified":"2026-02-18T17:50:54+00:00","description":"Dr. Kozma Istv\u00e1n gerincspecialista \u00e9s idegseb\u00e9sz Budapesten. Porckorongs\u00e9rv, isi\u00e1sz, idegbecs\u00edp\u0151d\u00e9s kezel\u00e9se szem\u00e9lyre szabott ter\u00e1pi\u00e1val.","breadcrumb":{"@id":"https:\/\/coordimed.hu\/index.php\/dr-kozma-istvan\/#breadcrumb"},"inLanguage":"hu","potentialAction":[{"@type":"ReadAction","target":["https:\/\/coordimed.hu\/index.php\/dr-kozma-istvan\/"]}]},{"@type":"ImageObject","inLanguage":"hu","@id":"https:\/\/coordimed.hu\/index.php\/dr-kozma-istvan\/#primaryimage","url":"https:\/\/i0.wp.com\/coordimed.hu\/wp-content\/uploads\/2025\/10\/TOMI1567-scaled.jpg?fit=1707%2C2560&ssl=1","contentUrl":"https:\/\/i0.wp.com\/coordimed.hu\/wp-content\/uploads\/2025\/10\/TOMI1567-scaled.jpg?fit=1707%2C2560&ssl=1","width":1707,"height":2560},{"@type":"BreadcrumbList","@id":"https:\/\/coordimed.hu\/index.php\/dr-kozma-istvan\/#breadcrumb","itemListElement":[{"@type":"ListItem","position":1,"name":"Kezd\u0151lap","item":"https:\/\/coordimed.hu\/"},{"@type":"ListItem","position":2,"name":"Dr. Kozma Istv\u00e1n"}]},{"@type":"WebSite","@id":"https:\/\/coordimed.hu\/#website","url":"https:\/\/coordimed.hu\/","name":"Coordimed","description":"-  Sz\u00edvb\u0151l gy\u00f3gy\u00edtunk","publisher":{"@id":"https:\/\/coordimed.hu\/#organization"},"potentialAction":[{"@type":"SearchAction","target":{"@type":"EntryPoint","urlTemplate":"https:\/\/coordimed.hu\/?s={search_term_string}"},"query-input":{"@type":"PropertyValueSpecification","valueRequired":true,"valueName":"search_term_string"}}],"inLanguage":"hu"},{"@type":"Organization","@id":"https:\/\/coordimed.hu\/#organization","name":"Coordimed Rendel\u0151 Kft.","url":"https:\/\/coordimed.hu\/","logo":{"@type":"ImageObject","inLanguage":"hu","@id":"https:\/\/coordimed.hu\/#\/schema\/logo\/image\/","url":"https:\/\/i0.wp.com\/coordimed.hu\/wp-content\/uploads\/2023\/09\/cropped-Coordimed_logo_150px.webp?fit=150%2C39&ssl=1","contentUrl":"https:\/\/i0.wp.com\/coordimed.hu\/wp-content\/uploads\/2023\/09\/cropped-Coordimed_logo_150px.webp?fit=150%2C39&ssl=1","width":150,"height":39,"caption":"Coordimed Rendel\u0151 Kft."},"image":{"@id":"https:\/\/coordimed.hu\/#\/schema\/logo\/image\/"},"sameAs":["https:\/\/www.facebook.com\/coordimed"],"ownershipFundingInfo":"https:\/\/coordimed.hu\/index.php\/rolunk\/","actionableFeedbackPolicy":"https:\/\/coordimed.hu\/index.php\/kapcsolat\/","correctionsPolicy":"https:\/\/coordimed.hu\/index.php\/kapcsolat\/"}]}},"jetpack_sharing_enabled":true,"_links":{"self":[{"href":"https:\/\/coordimed.hu\/index.php\/wp-json\/wp\/v2\/pages\/8862","targetHints":{"allow":["GET"]}}],"collection":[{"href":"https:\/\/coordimed.hu\/index.php\/wp-json\/wp\/v2\/pages"}],"about":[{"href":"https:\/\/coordimed.hu\/index.php\/wp-json\/wp\/v2\/types\/page"}],"author":[{"embeddable":true,"href":"https:\/\/coordimed.hu\/index.php\/wp-json\/wp\/v2\/users\/2"}],"replies":[{"embeddable":true,"href":"https:\/\/coordimed.hu\/index.php\/wp-json\/wp\/v2\/comments?post=8862"}],"version-history":[{"count":25,"href":"https:\/\/coordimed.hu\/index.php\/wp-json\/wp\/v2\/pages\/8862\/revisions"}],"predecessor-version":[{"id":11613,"href":"https:\/\/coordimed.hu\/index.php\/wp-json\/wp\/v2\/pages\/8862\/revisions\/11613"}],"wp:attachment":[{"href":"https:\/\/coordimed.hu\/index.php\/wp-json\/wp\/v2\/media?parent=8862"}],"curies":[{"name":"wp","href":"https:\/\/api.w.org\/{rel}","templated":true}]}}