{"id":8766,"date":"2025-07-23T12:59:04","date_gmt":"2025-07-23T10:59:04","guid":{"rendered":"https:\/\/coordimed.hu\/?page_id=8766"},"modified":"2026-04-22T17:55:36","modified_gmt":"2026-04-22T15:55:36","slug":"gerincgyogyaszat","status":"publish","type":"page","link":"https:\/\/coordimed.hu\/index.php\/gerincgyogyaszat\/","title":{"rendered":"Gerincgy\u00f3gy\u00e1szat"},"content":{"rendered":"\t\t<div data-elementor-type=\"wp-page\" data-elementor-id=\"8766\" class=\"elementor elementor-8766\" data-elementor-settings=\"{&quot;ha_cmc_init_switcher&quot;:&quot;no&quot;}\" data-elementor-post-type=\"page\">\n\t\t\t\t<div class=\"elementor-element elementor-element-f0a4e5d e-flex e-con-boxed e-con e-parent\" data-id=\"f0a4e5d\" data-element_type=\"container\" data-e-type=\"container\" data-settings=\"{&quot;_ha_eqh_enable&quot;:false}\">\n\t\t\t\t\t<div class=\"e-con-inner\">\n\t\t\t\t<div class=\"elementor-element elementor-element-3d3fdd7 elementor-widget elementor-widget-html\" data-id=\"3d3fdd7\" data-element_type=\"widget\" data-e-type=\"widget\" data-widget_type=\"html.default\">\n\t\t\t\t\t<!-- 1. SZEKCI\u00d3 \u2013 HERO (GERINCGY\u00d3GY\u00c1SZAT BUDAPEST OPTIMALIZ\u00c1LVA) -->\r\n<section style=\"padding:80px 0; background:#f9fafb;\">\r\n  <div style=\"max-width:1200px; margin:0 auto; display:flex; justify-content:space-between; align-items:flex-start; flex-wrap:wrap; gap:80px;\">\r\n\r\n    <!-- Sz\u00f6veg blokk -->\r\n    <div style=\"flex:1 1 560px; min-width:340px;\">\r\n      <h1 style=\"font-size:40px; line-height:1.2; margin:0 0 12px;\">\r\n        Gerincgy\u00f3gy\u00e1szat Budapesten \u2013 komplex kivizsg\u00e1l\u00e1s \u00e9s szakrendel\u00e9s\r\n      <\/h1>\r\n\r\n      <p style=\"font-size:18px; margin:0 0 20px; color:#333;\">\r\n        A <strong>Coordimed Gerincgy\u00f3gy\u00e1szat Budapesten<\/strong> modern\r\n        <strong>gerincdiagnosztikai \u00e9s kezel\u0151 k\u00f6zpontk\u00e9nt<\/strong> m\u0171k\u00f6dik.\r\n        Gerinc ambulanci\u00e1nkon a <strong>porckorongs\u00e9rv, idegbecs\u00edp\u0151d\u00e9s \u00e9s gerincf\u00e1jdalmak<\/strong>\r\n        teljes kivizsg\u00e1l\u00e1sa t\u00f6rt\u00e9nik szakorvosi csapatban.\r\n        <br><br>\r\n        <strong>Dr. Kozma Istv\u00e1n idegseb\u00e9sz \u00e9s gerincspecialista<\/strong> szem\u00e9lyre szabott ter\u00e1pi\u00e1s tervet \u00e1ll\u00edt \u00f6ssze,\r\n        sz\u00fcks\u00e9g eset\u00e9n radiol\u00f3giai \u00e9s rehabilit\u00e1ci\u00f3s h\u00e1tt\u00e9r bevon\u00e1s\u00e1val.\r\n      <\/p>\r\n\r\n      <ul style=\"margin:0 0 24px; padding-left:18px; font-size:16px; line-height:1.6;\">\r\n        <li>Porckorongs\u00e9rv, gerinccsatorna-sz\u0171k\u00fclet \u00e9s idegbecs\u00edp\u0151d\u00e9s kivizsg\u00e1l\u00e1sa \u00e9s kezel\u00e9se.<\/li>\r\n        <li>Gerincdiagnosztika \u00e9s \u00e1llapotfelm\u00e9r\u00e9s \u2013 Budapest II. ker\u00fclet, V\u00f6lgy utca.<\/li>\r\n        <li>Kr\u00f3nikus der\u00e9k- \u00e9s nyaki f\u00e1jdalmak kivizsg\u00e1l\u00e1sa (gerinc szakrendel\u00e9s).<\/li>\r\n        <li>Komplex megk\u00f6zel\u00edt\u00e9s \u2013 idegseb\u00e9szet, radiol\u00f3gia \u00e9s rehabilit\u00e1ci\u00f3 egy\u00fcttm\u0171k\u00f6d\u00e9s\u00e9ben.<\/li>\r\n      <\/ul>\r\n\r\n      <a href=\"https:\/\/idopont.coordimed.hu\/specializations?qualificationId=99503\"\r\n         style=\"display:inline-block; background:#e63946; color:#fff; padding:14px 26px; border-radius:10px;\r\n         font-size:18px; text-decoration:none;\">\r\n        Id\u0151pontfoglal\u00e1s most\r\n      <\/a>\r\n\r\n      <div style=\"margin-top:12px; font-size:14px; color:#555;\">\r\n        R\u00e9szletes kivizsg\u00e1l\u00e1s \u00e9s szem\u00e9lyre szabott kezel\u00e9si terv \u2013\r\n        <strong>Gerincgy\u00f3gy\u00e1szat Budapesten<\/strong>, online id\u0151pontfoglal\u00e1ssal.\r\n      <\/div>\r\n    <\/div>\r\n\r\n    <!-- Orvos blokk -->\r\n    <div style=\"flex:0 0 340px; text-align:center;\">\r\n      <a href=\"https:\/\/coordimed.hu\/index.php\/dr-kozma-istvan\/\">\r\n        <img data-recalc-dims=\"1\" decoding=\"async\" src=\"https:\/\/i0.wp.com\/coordimed.hu\/wp-content\/uploads\/2026\/03\/TOMI1568-scaled.jpg?w=767&#038;ssl=1\"\r\n             alt=\"Dr. Kozma Istv\u00e1n \u2013 idegseb\u00e9sz, gerincspecialista\"\r\n             style=\"width:260px; height:260px; object-fit:cover; border-radius:50%; box-shadow:0 6px 18px rgba(0,0,0,.12); margin-bottom:15px;\">\r\n      <\/a>\r\n      <div style=\"margin-top:8px; font-size:15px; color:#333;\">\r\n        <a href=\"https:\/\/coordimed.hu\/index.php\/dr-kozma-istvan\/\" style=\"color:#333; text-decoration:none;\">\r\n          Dr. Kozma Istv\u00e1n\r\n        <\/a><br>Idegseb\u00e9sz, gerincspecialista\r\n      <\/div>\r\n    <\/div>\r\n\r\n  <\/div>\r\n<\/section>\r\n\t\t\t\t<\/div>\n\t\t\t\t\t<\/div>\n\t\t\t\t<\/div>\n\t\t<div class=\"elementor-element elementor-element-3a2ef6c e-flex e-con-boxed e-con e-parent\" data-id=\"3a2ef6c\" data-element_type=\"container\" data-e-type=\"container\" data-settings=\"{&quot;_ha_eqh_enable&quot;:false}\">\n\t\t\t\t\t<div class=\"e-con-inner\">\n\t\t\t\t<div class=\"elementor-element elementor-element-700afce elementor-widget elementor-widget-html\" data-id=\"700afce\" data-element_type=\"widget\" data-e-type=\"widget\" data-widget_type=\"html.default\">\n\t\t\t\t\t<!-- CTA GOMBOK \u2013 GERINC GY\u00d3GY\u00c1SZAT -->\r\n<section style=\"padding:40px 0; background:#ffffff;\">\r\n  <div style=\"max-width:900px; margin:0 auto; text-align:center;\">\r\n\r\n    <a href=\"#gerinc_ar\"\r\n       style=\"background:#3b7f68; color:#fff; padding:14px 26px; border-radius:8px;\r\n       font-size:16px; text-decoration:none; display:inline-block; margin:8px;\">\u00c1raink<\/a>\r\n\r\n    <a href=\"mailto:info@coordimed.hu\"\r\n       style=\"background:#3b7f68; color:#fff; padding:14px 26px; border-radius:8px;\r\n       font-size:16px; text-decoration:none; display:inline-block; margin:8px;\">info@coordimed.hu<\/a>\r\n\r\n    <a href=\"tel:+36304563934\"\r\n       style=\"background:#3b7f68; color:#fff; padding:14px 26px; border-radius:8px;\r\n       font-size:16px; text-decoration:none; display:inline-block; margin:8px;\">+36 30 456 3934<\/a>\r\n\r\n    <a href=\"https:\/\/idopont.coordimed.hu\/specializations?qualificationId=99503\"\r\n       style=\"background:#3b7f68; color:#fff; padding:14px 26px; border-radius:8px;\r\n       font-size:16px; text-decoration:none; display:inline-block; margin:8px;\">Id\u0151pontfoglal\u00e1s<\/a>\r\n\r\n  <\/div>\r\n<\/section>\r\n\t\t\t\t<\/div>\n\t\t\t\t\t<\/div>\n\t\t\t\t<\/div>\n\t\t<div class=\"elementor-element elementor-element-10c1878 e-flex e-con-boxed e-con e-parent\" data-id=\"10c1878\" data-element_type=\"container\" data-e-type=\"container\" data-settings=\"{&quot;_ha_eqh_enable&quot;:false}\">\n\t\t\t\t\t<div class=\"e-con-inner\">\n\t\t\t\t<div class=\"elementor-element elementor-element-e618a8c elementor-widget elementor-widget-html\" data-id=\"e618a8c\" data-element_type=\"widget\" data-e-type=\"widget\" data-widget_type=\"html.default\">\n\t\t\t\t\t<!-- KAPCSOL\u00d3D\u00d3 LEHET\u0150S\u00c9GEK \u2013 GERINC GY\u00d3GY\u00c1SZAT ALOLDALAK -->\r\n<section style=\"padding:60px 0; background:#ffffff;\">\r\n  <div style=\"max-width:1100px; margin:0 auto; text-align:center;\">\r\n    <h2 style=\"font-size:28px; margin-bottom:40px;\">\r\n      Gyakori gerincpanaszok \u00e9s kapcsol\u00f3d\u00f3 okok \u2013 gerincgy\u00f3gy\u00e1szat Budapesten\r\n    <\/h2>\r\n\r\n    <div style=\"display:grid; grid-template-columns:repeat(auto-fit, minmax(220px, 1fr)); gap:20px;\">\r\n\r\n      <!-- Der\u00e9kf\u00e1jdalom -->\r\n      <a href=\"https:\/\/coordimed.hu\/index.php\/derekfajdalom\/\"\r\n         style=\"background:#f9fafb; padding:25px; border-radius:12px;\r\n         box-shadow:0 4px 10px rgba(0,0,0,0.08); text-decoration:none;\r\n         color:#222; display:flex; flex-direction:column; justify-content:space-between;\">\r\n        <div>\r\n          <h3 style=\"font-size:18px; margin-bottom:10px;\">\ud83d\udca5 Der\u00e9kf\u00e1jdalom<\/h3>\r\n          <p style=\"font-size:14px; line-height:1.6;\">\r\n            A leggyakoribb gerinceredet\u0171 panasz, amely porckorongs\u00e9rv, izomfesz\u00fcl\u00e9s\r\n            vagy ideggy\u00f6ki nyom\u00e1s k\u00f6vetkezm\u00e9nye is lehet.\r\n          <\/p>\r\n        <\/div>\r\n        <div style=\"margin-top:20px;\">\r\n          <span style=\"background:#e63946; color:#fff; padding:8px 14px;\r\n          border-radius:8px; font-weight:bold;\">R\u00e9szletek<\/span>\r\n        <\/div>\r\n      <\/a>\r\n\r\n      <!-- Nyakf\u00e1jdalom -->\r\n      <a href=\"https:\/\/coordimed.hu\/index.php\/nyakfajdalom\/\"\r\n         style=\"background:#f9fafb; padding:25px; border-radius:12px;\r\n         box-shadow:0 4px 10px rgba(0,0,0,0.08); text-decoration:none;\r\n         color:#222; display:flex; flex-direction:column; justify-content:space-between;\">\r\n        <div>\r\n          <h3 style=\"font-size:18px; margin-bottom:10px;\">\ud83e\uddb4 Nyakf\u00e1jdalom \u00e9s kisug\u00e1rz\u00f3 panaszok<\/h3>\r\n          <p style=\"font-size:14px; line-height:1.6;\">\r\n            A v\u00e1llba vagy karba sug\u00e1rz\u00f3 f\u00e1jdalom, zsibbad\u00e1s idegi eredet\u0171 is lehet \u2013\r\n            szakorvosi kivizsg\u00e1l\u00e1ssal pontos\u00edthat\u00f3.\r\n          <\/p>\r\n        <\/div>\r\n        <div style=\"margin-top:20px;\">\r\n          <span style=\"background:#e63946; color:#fff; padding:8px 14px;\r\n          border-radius:8px; font-weight:bold;\">R\u00e9szletek<\/span>\r\n        <\/div>\r\n      <\/a>\r\n\r\n      <!-- Porckorongs\u00e9rv -->\r\n      <a href=\"https:\/\/coordimed.hu\/index.php\/porckorongserv\/\"\r\n         style=\"background:#f9fafb; padding:25px; border-radius:12px;\r\n         box-shadow:0 4px 10px rgba(0,0,0,0.08); text-decoration:none;\r\n         color:#222; display:flex; flex-direction:column; justify-content:space-between;\">\r\n        <div>\r\n          <h3 style=\"font-size:18px; margin-bottom:10px;\">\ud83e\udde0 Porckorongs\u00e9rv<\/h3>\r\n          <p style=\"font-size:14px; line-height:1.6;\">\r\n            Lumb\u00e1lis vagy nyaki s\u00e9rv eset\u00e9n zsibbad\u00e1s, izomgyenges\u00e9g,\r\n            vagy ak\u00e1r vizelettart\u00e1si panasz is jelentkezhet \u2013 szakorvosi kivizsg\u00e1l\u00e1s javasolt.\r\n          <\/p>\r\n        <\/div>\r\n        <div style=\"margin-top:20px;\">\r\n          <span style=\"background:#e63946; color:#fff; padding:8px 14px;\r\n          border-radius:8px; font-weight:bold;\">R\u00e9szletek<\/span>\r\n        <\/div>\r\n      <\/a>\r\n\r\n      <!-- Isi\u00e1sz -->\r\n      <a href=\"https:\/\/coordimed.hu\/index.php\/isiasz\/\"\r\n         style=\"background:#f9fafb; padding:25px; border-radius:12px;\r\n         box-shadow:0 4px 10px rgba(0,0,0,0.08); text-decoration:none;\r\n         color:#222; display:flex; flex-direction:column; justify-content:space-between;\">\r\n        <div>\r\n          <h3 style=\"font-size:18px; margin-bottom:10px;\">\u26a1 Isi\u00e1sz \u00e9s ideggy\u00f6ki f\u00e1jdalom<\/h3>\r\n          <p style=\"font-size:14px; line-height:1.6;\">\r\n            Az \u00fcl\u0151ideg \u00e9rintetts\u00e9ge miatt a f\u00e1jdalom a der\u00e9kt\u00f3l a l\u00e1bujjakig sug\u00e1rozhat \u2013\r\n            az ok tiszt\u00e1z\u00e1sa szakorvosi vizsg\u00e1lattal \u00e9s a kor\u00e1bbi leletek \u00e1ttekint\u00e9s\u00e9vel t\u00f6rt\u00e9nik.\r\n          <\/p>\r\n        <\/div>\r\n        <div style=\"margin-top:20px;\">\r\n          <span style=\"background:#e63946; color:#fff; padding:8px 14px;\r\n          border-radius:8px; font-weight:bold;\">R\u00e9szletek<\/span>\r\n        <\/div>\r\n      <\/a>\r\n\r\n      <!-- Gerinccsatorna-sz\u0171k\u00fclet -->\r\n      <a href=\"https:\/\/coordimed.hu\/index.php\/gerinccsatorna-szukulet\/\"\r\n         style=\"background:#f9fafb; padding:25px; border-radius:12px;\r\n         box-shadow:0 4px 10px rgba(0,0,0,0.08); text-decoration:none;\r\n         color:#222; display:flex; flex-direction:column; justify-content:space-between;\">\r\n        <div>\r\n          <h3 style=\"font-size:18px; margin-bottom:10px;\">\ud83d\udeb6\u200d\u2642\ufe0f Gerinccsatorna-sz\u0171k\u00fclet<\/h3>\r\n          <p style=\"font-size:14px; line-height:1.6;\">\r\n            Gyakori id\u0151sebb korban: j\u00e1r\u00e1s k\u00f6zben fokoz\u00f3d\u00f3 der\u00e9k- \u00e9s l\u00e1bf\u00e1jdalom, zsibbad\u00e1s jellemzi.\r\n            A kezel\u00e9si ir\u00e1nyt szakorvos \u00e1ll\u00edtja \u00f6ssze.\r\n          <\/p>\r\n        <\/div>\r\n        <div style=\"margin-top:20px;\">\r\n          <span style=\"background:#e63946; color:#fff; padding:8px 14px;\r\n          border-radius:8px; font-weight:bold;\">R\u00e9szletek<\/span>\r\n        <\/div>\r\n      <\/a>\r\n\r\n      <!-- Gerincferd\u00fcl\u00e9s -->\r\n      <a href=\"https:\/\/coordimed.hu\/index.php\/gerincferdules\/\"\r\n         style=\"background:#f9fafb; padding:25px; border-radius:12px;\r\n         box-shadow:0 4px 10px rgba(0,0,0,0.08); text-decoration:none;\r\n         color:#222; display:flex; flex-direction:column; justify-content:space-between;\">\r\n        <div>\r\n          <h3 style=\"font-size:18px; margin-bottom:10px;\">\ud83e\uddcd Gerincferd\u00fcl\u00e9s \u00e9s tart\u00e1shiba<\/h3>\r\n          <p style=\"font-size:14px; line-height:1.6;\">\r\n            A testtart\u00e1s elt\u00e9r\u00e9sei \u00e9s a gerincferd\u00fcl\u00e9s hossz\u00fa t\u00e1von \u00edz\u00fcleti f\u00e1jdalmat okozhatnak \u2013\r\n            korai kezel\u00e9ssel megel\u0151zhet\u0151 a roml\u00e1s.\r\n          <\/p>\r\n        <\/div>\r\n        <div style=\"margin-top:20px;\">\r\n          <span style=\"background:#e63946; color:#fff; padding:8px 14px;\r\n          border-radius:8px; font-weight:bold;\">R\u00e9szletek<\/span>\r\n        <\/div>\r\n      <\/a>\r\n\r\n      <!-- V\u00e9gtagzsibbad\u00e1s -->\r\n      <a href=\"https:\/\/coordimed.hu\/index.php\/vegtag-zsibbadas\/\"\r\n         style=\"background:#f9fafb; padding:25px; border-radius:12px;\r\n         box-shadow:0 4px 10px rgba(0,0,0,0.08); text-decoration:none;\r\n         color:#222; display:flex; flex-direction:column; justify-content:space-between;\">\r\n        <div>\r\n          <h3 style=\"font-size:18px; margin-bottom:10px;\">\ud83d\udd90\ufe0f V\u00e9gtagzsibbad\u00e1s<\/h3>\r\n          <p style=\"font-size:14px; line-height:1.6;\">\r\n            Idegi, kering\u00e9si vagy anyagcsere-eredet\u0171 panasz is lehet.\r\n            A kivizsg\u00e1l\u00e1s c\u00e9lja az ok tiszt\u00e1z\u00e1sa \u00e9s a megfelel\u0151 ir\u00e1ny kijel\u00f6l\u00e9se.\r\n          <\/p>\r\n        <\/div>\r\n        <div style=\"margin-top:20px;\">\r\n          <span style=\"background:#e63946; color:#fff; padding:8px 14px;\r\n          border-radius:8px; font-weight:bold;\">R\u00e9szletek<\/span>\r\n        <\/div>\r\n      <\/a>\r\n\r\n      <!-- Gerincf\u00e1jdalom -->\r\n      <a href=\"https:\/\/coordimed.hu\/index.php\/gerincfajdalom\/\"\r\n         style=\"background:#f9fafb; padding:25px; border-radius:12px;\r\n         box-shadow:0 4px 10px rgba(0,0,0,0.08); text-decoration:none;\r\n         color:#222; display:flex; flex-direction:column; justify-content:space-between;\">\r\n        <div>\r\n          <h3 style=\"font-size:18px; margin-bottom:10px;\">\ud83d\udca2 Gerincf\u00e1jdalom<\/h3>\r\n          <p style=\"font-size:14px; line-height:1.6;\">\r\n            A h\u00e1ti vagy nyaki gerinc f\u00e1jdalma mozg\u00e1sszervi, idegi vagy porckorong-eredet\u0171 is lehet.\r\n            A c\u00e9l a kiv\u00e1lt\u00f3 ok \u00e9s a tehermentes\u00edt\u00e9s lehet\u0151s\u00e9geinek felt\u00e9rk\u00e9pez\u00e9se.\r\n          <\/p>\r\n        <\/div>\r\n        <div style=\"margin-top:20px;\">\r\n          <span style=\"background:#e63946; color:#fff; padding:8px 14px;\r\n          border-radius:8px; font-weight:bold;\">R\u00e9szletek<\/span>\r\n        <\/div>\r\n      <\/a>\r\n\r\n    <\/div>\r\n  <\/div>\r\n<\/section>\r\n\t\t\t\t<\/div>\n\t\t\t\t\t<\/div>\n\t\t\t\t<\/div>\n\t\t<div class=\"elementor-element elementor-element-1a6cc13 e-flex e-con-boxed e-con e-parent\" data-id=\"1a6cc13\" data-element_type=\"container\" data-e-type=\"container\" data-settings=\"{&quot;_ha_eqh_enable&quot;:false}\">\n\t\t\t\t\t<div class=\"e-con-inner\">\n\t\t\t\t<div class=\"elementor-element elementor-element-7ce41eb elementor-widget elementor-widget-html\" data-id=\"7ce41eb\" data-element_type=\"widget\" data-e-type=\"widget\" data-widget_type=\"html.default\">\n\t\t\t\t\t<!-- CTA GOMBOK \u2013 GERINC GY\u00d3GY\u00c1SZAT -->\r\n<section style=\"padding:40px 0; background:#ffffff;\">\r\n  <div style=\"max-width:900px; margin:0 auto; text-align:center;\">\r\n\r\n    <a href=\"#gerinc_ar\"\r\n       style=\"background:#3b7f68; color:#fff; padding:14px 26px; border-radius:8px;\r\n       font-size:16px; text-decoration:none; display:inline-block; margin:8px;\">\u00c1raink<\/a>\r\n\r\n    <a href=\"mailto:info@coordimed.hu\"\r\n       style=\"background:#3b7f68; color:#fff; padding:14px 26px; border-radius:8px;\r\n       font-size:16px; text-decoration:none; display:inline-block; margin:8px;\">info@coordimed.hu<\/a>\r\n\r\n    <a href=\"tel:+36304563934\"\r\n       style=\"background:#3b7f68; color:#fff; padding:14px 26px; border-radius:8px;\r\n       font-size:16px; text-decoration:none; display:inline-block; margin:8px;\">+36 30 456 3934<\/a>\r\n\r\n    <a href=\"https:\/\/idopont.coordimed.hu\/specializations?qualificationId=99503\"\r\n       style=\"background:#3b7f68; color:#fff; padding:14px 26px; border-radius:8px;\r\n       font-size:16px; text-decoration:none; display:inline-block; margin:8px;\">Id\u0151pontfoglal\u00e1s<\/a>\r\n\r\n  <\/div>\r\n<\/section>\r\n\t\t\t\t<\/div>\n\t\t\t\t\t<\/div>\n\t\t\t\t<\/div>\n\t\t<div class=\"elementor-element elementor-element-f0fc2ec e-flex e-con-boxed e-con e-parent\" data-id=\"f0fc2ec\" data-element_type=\"container\" data-e-type=\"container\" data-settings=\"{&quot;_ha_eqh_enable&quot;:false}\">\n\t\t\t\t\t<div class=\"e-con-inner\">\n\t\t\t\t<div class=\"elementor-element elementor-element-7f82d21 elementor-widget elementor-widget-html\" data-id=\"7f82d21\" data-element_type=\"widget\" data-e-type=\"widget\" data-widget_type=\"html.default\">\n\t\t\t\t\t<!-- 4. SZEKCI\u00d3 \u2013 Panaszok (GERINC GY\u00d3GY\u00c1SZAT) -->\r\n<section style=\"padding:70px 0; background:#ffffff;\">\r\n  <div style=\"max-width:1100px; margin:0 auto;\">\r\n    <h2 style=\"font-size:32px; margin-bottom:30px; text-align:center;\">\r\n      Milyen panaszok eset\u00e9n \u00e9rdemes gerincgy\u00f3gy\u00e1szhoz fordulni?\r\n    <\/h2>\r\n    \r\n    <div style=\"display:grid; grid-template-columns: repeat(auto-fit, minmax(300px, 1fr)); gap:40px;\">\r\n\r\n      <!-- Bal oszlop -->\r\n      <ul style=\"font-size:16px; line-height:1.6; color:#333; list-style-type:disc; padding-left:18px;\">\r\n        <li><strong>Der\u00e9kf\u00e1jdalom<\/strong> \u2013 mozg\u00e1sra vagy \u00fcl\u00e9sre fokoz\u00f3d\u00f3 f\u00e1jdalom, amely kisug\u00e1rozhat a l\u00e1bakba is.<\/li>\r\n        <li><strong>Nyakf\u00e1jdalom<\/strong> \u2013 gyakran a v\u00e1llba, karba sug\u00e1rzik, zsibbad\u00e1ssal t\u00e1rsulhat.<\/li>\r\n        <li><strong>Zsibbad\u00e1s, bizserg\u00e9s<\/strong> \u2013 idegnyom\u00e1s, porckorongs\u00e9rv vagy gerinccsatorna-sz\u0171k\u00fclet jele lehet.<\/li>\r\n        <li><strong>L\u00e1b- vagy karf\u00e1jdalom<\/strong> \u2013 \u00fcl\u0151ideg vagy ideggy\u00f6k irrit\u00e1ci\u00f3ja is \u00e1llhat a h\u00e1tt\u00e9rben.<\/li>\r\n        <li><strong>Izomgyenges\u00e9g<\/strong> \u2013 a v\u00e9gtagokban jelentkezhet, ak\u00e1r j\u00e1r\u00e1szavar form\u00e1j\u00e1ban.<\/li>\r\n        <li><strong>Fejf\u00e1j\u00e1s, sz\u00e9d\u00fcl\u00e9s<\/strong> \u2013 nyaki gerinc eredet\u0171 kering\u00e9si vagy izomfesz\u00fcl\u00e9si okok miatt is kialakulhat.<\/li>\r\n        <li><strong>V\u00e9gtagok hidegs\u00e9ge vagy zsibbad\u00e1sa<\/strong> \u2013 idegi vagy kering\u00e9si eredet\u0171 elt\u00e9r\u00e9sre utalhat.<\/li>\r\n      <\/ul>\r\n\r\n      <!-- Jobb oszlop -->\r\n      <ul style=\"font-size:16px; line-height:1.6; color:#333; list-style-type:disc; padding-left:18px;\">\r\n        <li><strong>Tart\u00e1shiba, gerincferd\u00fcl\u00e9s<\/strong> \u2013 izomf\u00e1jdalmat, v\u00e1ll- \u00e9s nyakpanaszokat okozhat.<\/li>\r\n        <li><strong>Isi\u00e1sz<\/strong> \u2013 a der\u00e9kt\u00f3l a l\u00e1bujjakig sug\u00e1rz\u00f3, \u00e9les f\u00e1jdalom az \u00fcl\u0151ideg ment\u00e9n.<\/li>\r\n        <li><strong>Gerinccsatorna-sz\u0171k\u00fclet<\/strong> \u2013 j\u00e1r\u00e1s k\u00f6zben fokoz\u00f3d\u00f3 der\u00e9k- vagy l\u00e1bf\u00e1jdalom, zsibbad\u00e1s jellemzi.<\/li>\r\n        <li><strong>Porckorongs\u00e9rv gyan\u00fa<\/strong> \u2013 hirtelen mozdulat, emel\u00e9s vagy tart\u00f3s \u00fcl\u00e9s ut\u00e1n jelentkez\u0151 heves f\u00e1jdalom.<\/li>\r\n        <li><strong>H\u00e1tmerevs\u00e9g, mozg\u00e1sbesz\u0171k\u00fcl\u00e9s<\/strong> \u2013 az izmok tart\u00f3s fesz\u00fcl\u00e9se vagy \u00edz\u00fcleti kop\u00e1s jele lehet.<\/li>\r\n        <li><strong>Kor\u00e1bbi gerincm\u0171t\u00e9t ut\u00e1ni panaszok<\/strong> \u2013 hegesed\u00e9s vagy \u00faj idegi nyom\u00e1s is kiv\u00e1lthat f\u00e1jdalmat.<\/li>\r\n        <li><strong>Baleset, hirtelen mozdulat ut\u00e1n jelentkez\u0151 f\u00e1jdalom<\/strong> \u2013 s\u00e9r\u00fcl\u00e9s vagy idegs\u00e9r\u00fcl\u00e9s gyan\u00faja miatt vizsg\u00e1lat javasolt.<\/li>\r\n      <\/ul>\r\n    <\/div>\r\n\r\n    <!-- CTA gomb -->\r\n    <div style=\"margin-top:40px; text-align:center;\">\r\n      <a href=\"https:\/\/idopont.coordimed.hu\/specializations?qualificationId=99503\"\r\n         style=\"background:#e63946; color:#fff; padding:15px 30px; border-radius:8px; font-size:18px; text-decoration:none;\">\r\n        Foglaljon id\u0151pontot, ha a fenti panaszok b\u00e1rmelyik\u00e9t tapasztalja\r\n      <\/a>\r\n    <\/div>\r\n  <\/div>\r\n<\/section>\r\n\t\t\t\t<\/div>\n\t\t\t\t\t<\/div>\n\t\t\t\t<\/div>\n\t\t<div class=\"elementor-element elementor-element-846cb70 e-flex e-con-boxed e-con e-parent\" data-id=\"846cb70\" data-element_type=\"container\" data-e-type=\"container\" data-settings=\"{&quot;_ha_eqh_enable&quot;:false}\">\n\t\t\t\t\t<div class=\"e-con-inner\">\n\t\t\t\t<div class=\"elementor-element elementor-element-45bb9f8 elementor-widget elementor-widget-html\" data-id=\"45bb9f8\" data-element_type=\"widget\" data-e-type=\"widget\" data-widget_type=\"html.default\">\n\t\t\t\t\t<!-- CTA GOMBOK \u2013 GERINC GY\u00d3GY\u00c1SZAT -->\r\n<section style=\"padding:40px 0; background:#ffffff;\">\r\n  <div style=\"max-width:900px; margin:0 auto; text-align:center;\">\r\n\r\n    <a href=\"#gerinc_ar\"\r\n       style=\"background:#3b7f68; color:#fff; padding:14px 26px; border-radius:8px;\r\n       font-size:16px; text-decoration:none; display:inline-block; margin:8px;\">\u00c1raink<\/a>\r\n\r\n    <a href=\"mailto:info@coordimed.hu\"\r\n       style=\"background:#3b7f68; color:#fff; padding:14px 26px; border-radius:8px;\r\n       font-size:16px; text-decoration:none; display:inline-block; margin:8px;\">info@coordimed.hu<\/a>\r\n\r\n    <a href=\"tel:+36304563934\"\r\n       style=\"background:#3b7f68; color:#fff; padding:14px 26px; border-radius:8px;\r\n       font-size:16px; text-decoration:none; display:inline-block; margin:8px;\">+36 30 456 3934<\/a>\r\n\r\n    <a href=\"https:\/\/idopont.coordimed.hu\/specializations?qualificationId=99503\"\r\n       style=\"background:#3b7f68; color:#fff; padding:14px 26px; border-radius:8px;\r\n       font-size:16px; text-decoration:none; display:inline-block; margin:8px;\">Id\u0151pontfoglal\u00e1s<\/a>\r\n\r\n  <\/div>\r\n<\/section>\r\n\t\t\t\t<\/div>\n\t\t\t\t\t<\/div>\n\t\t\t\t<\/div>\n\t\t<div class=\"elementor-element elementor-element-804858f e-flex e-con-boxed e-con e-parent\" data-id=\"804858f\" data-element_type=\"container\" data-e-type=\"container\" data-settings=\"{&quot;_ha_eqh_enable&quot;:false}\">\n\t\t\t\t\t<div class=\"e-con-inner\">\n\t\t\t\t<div class=\"elementor-element elementor-element-3b655d4 elementor-widget elementor-widget-html\" data-id=\"3b655d4\" data-element_type=\"widget\" data-e-type=\"widget\" data-widget_type=\"html.default\">\n\t\t\t\t\t<!-- 2. SZEKCI\u00d3 \u2013 Mi\u00e9rt fontos a gerincgy\u00f3gy\u00e1szati vizsg\u00e1lat? -->\r\n<section style=\"padding:70px 0; background:#ffffff;\">\r\n  <div style=\"max-width:1100px; margin:0 auto; text-align:center;\">\r\n    <h2 style=\"font-size:32px; margin-bottom:20px;\">Mi\u00e9rt fontos a gerincgy\u00f3gy\u00e1szati vizsg\u00e1lat?<\/h2>\r\n    <p style=\"font-size:18px; max-width:800px; margin:0 auto 40px; color:#333;\">\r\n      A gerinc az emberi test tart\u00f3oszlopa \u2013 b\u00e1rmelyik szakasz\u00e1n kialakul\u00f3 elv\u00e1ltoz\u00e1s f\u00e1jdalmat, zsibbad\u00e1st  \r\n      vagy mozg\u00e1skorl\u00e1tozotts\u00e1got okozhat.  \r\n      A korai diagn\u00f3zis \u00e9s a c\u00e9lzott idegseb\u00e9szeti vagy konzervat\u00edv kezel\u00e9s seg\u00edt megel\u0151zni a tart\u00f3s k\u00e1rosod\u00e1st  \r\n      \u00e9s a m\u0171t\u00e9ti beavatkoz\u00e1s sz\u00fcks\u00e9gess\u00e9g\u00e9t.\r\n    <\/p>\r\n\r\n    <!-- Ikonos k\u00e1rty\u00e1k -->\r\n    <div style=\"display:grid; grid-template-columns: repeat(auto-fit, minmax(220px, 1fr)); gap:25px; text-align:left;\">\r\n      \r\n      <div style=\"background:#f9fafb; border-radius:16px; padding:24px;\r\n      box-shadow:0 2px 6px rgba(0,0,0,0.06);\">\r\n        <h3 style=\"font-size:20px; margin-bottom:10px;\">Korai felismer\u00e9s<\/h3>\r\n        <p style=\"font-size:16px; color:#555;\">\r\n          A gerincbetegs\u00e9gek gyakran fokozatosan, alattomosan jelentkeznek.  \r\n          A korai diagn\u00f3zis megakad\u00e1lyozhatja az idegek maradand\u00f3 k\u00e1rosod\u00e1s\u00e1t.\r\n        <\/p>\r\n      <\/div>\r\n\r\n      <div style=\"background:#f9fafb; border-radius:16px; padding:24px;\r\n      box-shadow:0 2px 6px rgba(0,0,0,0.06);\">\r\n        <h3 style=\"font-size:20px; margin-bottom:10px;\">Modern diagnosztika<\/h3>\r\n        <p style=\"font-size:16px; color:#555;\">\r\n          Helyben el\u00e9rhet\u0151 ultrahang \u00e9s szakorvosi vizsg\u00e1lat egy id\u0151ben \u2013 \u00edgy gyorsan, c\u00e9lzottan jutunk el a diagn\u00f3zishoz \u00e9s a k\u00f6vetkez\u0151 l\u00e9p\u00e9sekhez.\r\n        <\/p>\r\n      <\/div>\r\n\r\n      <div style=\"background:#f9fafb; border-radius:16px; padding:24px;\r\n      box-shadow:0 2px 6px rgba(0,0,0,0.06);\">\r\n        <h3 style=\"font-size:20px; margin-bottom:10px;\">Szem\u00e9lyre szabott kezel\u00e9s<\/h3>\r\n        <p style=\"font-size:16px; color:#555;\">\r\n          Konzervat\u00edv (fizioter\u00e1pia, injekci\u00f3, gy\u00f3gyszeres kezel\u00e9s)  \r\n          \u00e9s sz\u00fcks\u00e9g eset\u00e9n seb\u00e9szi megold\u00e1sok kombin\u00e1l\u00e1sa \u2013 a beteg \u00e9letmin\u0151s\u00e9g\u00e9hez igaz\u00edtva.\r\n        <\/p>\r\n      <\/div>\r\n\r\n      <div style=\"background:#f9fafb; border-radius:16px; padding:24px;\r\n      box-shadow:0 2px 6px rgba(0,0,0,0.06);\">\r\n        <h3 style=\"font-size:20px; margin-bottom:10px;\">Komplex megk\u00f6zel\u00edt\u00e9s<\/h3>\r\n        <p style=\"font-size:16px; color:#555;\">\r\n          Idegseb\u00e9szet, radiol\u00f3gia \u00e9s rehabilit\u00e1ci\u00f3 egy\u00fcttm\u0171k\u00f6d\u00e9s\u00e9vel biztos\u00edtjuk  \r\n          a gerinc eredet\u0171 panaszok teljes k\u00f6r\u0171 kivizsg\u00e1l\u00e1s\u00e1t \u00e9s ell\u00e1t\u00e1s\u00e1t.\r\n        <\/p>\r\n      <\/div>\r\n\r\n    <\/div>\r\n\r\n    <!-- CTA gomb -->\r\n    <div style=\"margin-top:40px;\">\r\n      <a href=\"https:\/\/idopont.coordimed.hu\/specializations?qualificationId=99503\"\r\n         style=\"background:#3b7f68; color:#fff; padding:15px 30px; border-radius:8px;\r\n         font-size:18px; text-decoration:none;\">\r\n        Id\u0151pontfoglal\u00e1s most\r\n      <\/a>\r\n    <\/div>\r\n  <\/div>\r\n<\/section>\r\n\t\t\t\t<\/div>\n\t\t\t\t\t<\/div>\n\t\t\t\t<\/div>\n\t\t<div class=\"elementor-element elementor-element-2e56859 e-flex e-con-boxed e-con e-parent\" data-id=\"2e56859\" data-element_type=\"container\" data-e-type=\"container\" data-settings=\"{&quot;_ha_eqh_enable&quot;:false}\">\n\t\t\t\t\t<div class=\"e-con-inner\">\n\t\t\t\t<div class=\"elementor-element elementor-element-ef30dfa elementor-widget elementor-widget-html\" data-id=\"ef30dfa\" data-element_type=\"widget\" data-e-type=\"widget\" data-widget_type=\"html.default\">\n\t\t\t\t\t<!-- CTA GOMBOK \u2013 GERINC GY\u00d3GY\u00c1SZAT -->\r\n<section style=\"padding:40px 0; background:#ffffff;\">\r\n  <div style=\"max-width:900px; margin:0 auto; text-align:center;\">\r\n\r\n    <a href=\"#gerinc_ar\"\r\n       style=\"background:#3b7f68; color:#fff; padding:14px 26px; border-radius:8px;\r\n       font-size:16px; text-decoration:none; display:inline-block; margin:8px;\">\u00c1raink<\/a>\r\n\r\n    <a href=\"mailto:info@coordimed.hu\"\r\n       style=\"background:#3b7f68; color:#fff; padding:14px 26px; border-radius:8px;\r\n       font-size:16px; text-decoration:none; display:inline-block; margin:8px;\">info@coordimed.hu<\/a>\r\n\r\n    <a href=\"tel:+36304563934\"\r\n       style=\"background:#3b7f68; color:#fff; padding:14px 26px; border-radius:8px;\r\n       font-size:16px; text-decoration:none; display:inline-block; margin:8px;\">+36 30 456 3934<\/a>\r\n\r\n    <a href=\"https:\/\/idopont.coordimed.hu\/specializations?qualificationId=99503\"\r\n       style=\"background:#3b7f68; color:#fff; padding:14px 26px; border-radius:8px;\r\n       font-size:16px; text-decoration:none; display:inline-block; margin:8px;\">Id\u0151pontfoglal\u00e1s<\/a>\r\n\r\n  <\/div>\r\n<\/section>\r\n\t\t\t\t<\/div>\n\t\t\t\t\t<\/div>\n\t\t\t\t<\/div>\n\t\t<div class=\"elementor-element elementor-element-c52c86b e-flex e-con-boxed e-con e-parent\" data-id=\"c52c86b\" data-element_type=\"container\" data-e-type=\"container\" data-settings=\"{&quot;_ha_eqh_enable&quot;:false}\">\n\t\t\t\t\t<div class=\"e-con-inner\">\n\t\t\t\t<div class=\"elementor-element elementor-element-996962c elementor-widget elementor-widget-html\" data-id=\"996962c\" data-element_type=\"widget\" data-e-type=\"widget\" data-widget_type=\"html.default\">\n\t\t\t\t\t<!-- 3. SZEKCI\u00d3 \u2013 Gerincgy\u00f3gy\u00e1szati vizsg\u00e1latok \u00e9s csomagok -->\r\n<section style=\"padding:70px 0; background:#f9fafb;\">\r\n  <div style=\"max-width:1100px; margin:0 auto; text-align:center;\">\r\n    <h2 style=\"font-size:32px; margin-bottom:20px;\">Milyen gerincgy\u00f3gy\u00e1szati vizsg\u00e1latok \u00e9s csomagok \u00e9rhet\u0151k el?<\/h2>\r\n    <p style=\"font-size:18px; max-width:800px; margin:0 auto 40px; color:#333;\">\r\n      A Coordimed Gerincgy\u00f3gy\u00e1szat c\u00e9lja, hogy pontos diagn\u00f3zist \u00e9s szem\u00e9lyre szabott kezel\u00e9si tervet ny\u00fajtson  \r\n      a gerinc eredet\u0171 panaszokkal \u00e9l\u0151knek.  \r\n      Idegseb\u00e9szeti, radiol\u00f3giai \u00e9s rehabilit\u00e1ci\u00f3s egy\u00fcttm\u0171k\u00f6d\u00e9sben biztos\u00edtjuk, hogy p\u00e1cienseink  \r\n      minden sz\u00fcks\u00e9ges vizsg\u00e1latot \u00e9s szakmai t\u00e1mogat\u00e1st egy helyen kapjanak meg.\r\n    <\/p>\r\n\r\n    <!-- R\u00e1csos elrendez\u00e9s -->\r\n    <div style=\"display:grid; grid-template-columns: repeat(auto-fit, minmax(250px, 1fr)); gap:25px; text-align:left;\">\r\n\r\n      <div style=\"background:#fff; border-radius:16px; padding:24px; box-shadow:0 2px 6px rgba(0,0,0,0.06);\">\r\n        <h3 style=\"font-size:20px; margin-bottom:10px;\">Idegseb\u00e9szeti konzult\u00e1ci\u00f3<\/h3>\r\n        <p style=\"font-size:16px; color:#555;\">\r\n          R\u00e9szletes betegkik\u00e9rdez\u00e9s, fizik\u00e1lis vizsg\u00e1lat, k\u00e9palkot\u00f3 leletek (MRI, CT, r\u00f6ntgen) \u00e9rt\u00e9kel\u00e9se  \r\n          \u00e9s a tov\u00e1bbi kezel\u00e9si lehet\u0151s\u00e9gek megbesz\u00e9l\u00e9se.\r\n        <\/p>\r\n      <\/div>\r\n\r\n      <div style=\"background:#fff; border-radius:16px; padding:24px; box-shadow:0 2px 6px rgba(0,0,0,0.06);\">\r\n        <h3 style=\"font-size:20px; margin-bottom:10px;\">Gerinc ultrahang \u00e9s radiol\u00f3giai vizsg\u00e1lat<\/h3>\r\n        <p style=\"font-size:16px; color:#555;\">\r\n          A gerinc szerkezeti elt\u00e9r\u00e9seinek, izom- \u00e9s l\u00e1gyr\u00e9sz-gyullad\u00e1sainak, valamint idegi nyom\u00e1si pontok vizsg\u00e1lata.\r\n        <\/p>\r\n      <\/div>\r\n\r\n      <div style=\"background:#fff; border-radius:16px; padding:24px; box-shadow:0 2px 6px rgba(0,0,0,0.06);\">\r\n        <h3 style=\"font-size:20px; margin-bottom:10px;\">Gerinc MR \/ CT \u00e9rt\u00e9kel\u00e9s<\/h3>\r\n        <p style=\"font-size:16px; color:#555;\">\r\n          A k\u00e9palkot\u00f3 vizsg\u00e1latok leleteinek szakorvosi elemz\u00e9se,  \r\n          az ideggy\u00f6ki \u00e9rintetts\u00e9g, porckorongs\u00e9rv vagy sz\u0171k\u00fclet m\u00e9rt\u00e9k\u00e9nek pontos meghat\u00e1roz\u00e1s\u00e1val.\r\n        <\/p>\r\n      <\/div>\r\n\r\n      <div style=\"background:#fff; border-radius:16px; padding:24px; box-shadow:0 2px 6px rgba(0,0,0,0.06);\">\r\n        <h3 style=\"font-size:20px; margin-bottom:10px;\">Rehabilit\u00e1ci\u00f3s javaslat<\/h3>\r\n        <p style=\"font-size:16px; color:#555;\">\r\n          A diagn\u00f3zis alapj\u00e1n szem\u00e9lyre szabott gy\u00f3gytorna, manu\u00e1lter\u00e1pia vagy \u00e9letm\u00f3dbeli  \r\n          javaslatok a gyorsabb regener\u00e1ci\u00f3 \u00e9rdek\u00e9ben.\r\n        <\/p>\r\n      <\/div>\r\n\r\n      <!-- Konzervat\u00edv gerincdiagnosztikai csomag -->\r\n      <div style=\"background:#fff4f4; border-radius:16px; padding:24px;\r\n      box-shadow:0 2px 6px rgba(0,0,0,0.06); border:2px solid #e63946;\">\r\n        <h3 style=\"font-size:20px; margin-bottom:10px; color:#e63946;\">Konzervat\u00edv gerincdiagnosztikai csomag<\/h3>\r\n        <p style=\"font-size:16px; color:#555;\">\r\n          Idegseb\u00e9szeti konzult\u00e1ci\u00f3, gerinc ultrahang, lelet\u00e9rt\u00e9kel\u00e9s \u00e9s szem\u00e9lyre szabott  \r\n          kezel\u00e9si javaslat \u2013 f\u00e1jdalommentes, ambul\u00e1ns kivizsg\u00e1l\u00e1s form\u00e1j\u00e1ban.\r\n        <\/p>\r\n      <\/div>\r\n\r\n      <!-- Komplex gerincgy\u00f3gy\u00e1szati kivizsg\u00e1l\u00e1s -->\r\n      <div style=\"background:#fff4f4; border-radius:16px; padding:24px;\r\n      box-shadow:0 2px 6px rgba(0,0,0,0.06); border:2px solid #e63946;\">\r\n        <h3 style=\"font-size:20px; margin-bottom:10px; color:#e63946;\">Komplex gerincgy\u00f3gy\u00e1szati kivizsg\u00e1l\u00e1s<\/h3>\r\n        <p style=\"font-size:16px; color:#555;\">\r\n          Teljes gerincdiagnosztikai ell\u00e1t\u00e1s: idegseb\u00e9szeti konzult\u00e1ci\u00f3, radiol\u00f3giai vizsg\u00e1latok,  \r\n          rehabilit\u00e1ci\u00f3s javaslat \u00e9s kontroll \u2013 a panaszok pontos ok\u00e1nak felt\u00e1r\u00e1s\u00e1\u00e9rt.\r\n        <\/p>\r\n      <\/div>\r\n\r\n    <\/div>\r\n\r\n    <!-- CTA gomb -->\r\n    <div style=\"margin-top:40px;\">\r\n      <a href=\"https:\/\/idopont.coordimed.hu\/specializations?qualificationId=99503\"\r\n         style=\"background:#e63946; color:#fff; padding:15px 30px; border-radius:8px;\r\n         font-size:18px; text-decoration:none;\">\r\n        Id\u0151pontfoglal\u00e1s most\r\n      <\/a>\r\n    <\/div>\r\n  <\/div>\r\n<\/section>\r\n\t\t\t\t<\/div>\n\t\t\t\t\t<\/div>\n\t\t\t\t<\/div>\n\t\t<div class=\"elementor-element elementor-element-949d5f8 e-flex e-con-boxed e-con e-parent\" data-id=\"949d5f8\" data-element_type=\"container\" data-e-type=\"container\" data-settings=\"{&quot;_ha_eqh_enable&quot;:false}\">\n\t\t\t\t\t<div class=\"e-con-inner\">\n\t\t\t\t<div class=\"elementor-element elementor-element-ff37249 elementor-widget elementor-widget-html\" data-id=\"ff37249\" data-element_type=\"widget\" data-e-type=\"widget\" data-widget_type=\"html.default\">\n\t\t\t\t\t<!-- CTA GOMBOK \u2013 GERINC GY\u00d3GY\u00c1SZAT -->\r\n<section style=\"padding:40px 0; background:#ffffff;\">\r\n  <div style=\"max-width:900px; margin:0 auto; text-align:center;\">\r\n\r\n    <a href=\"#gerinc_ar\"\r\n       style=\"background:#3b7f68; color:#fff; padding:14px 26px; border-radius:8px;\r\n       font-size:16px; text-decoration:none; display:inline-block; margin:8px;\">\u00c1raink<\/a>\r\n\r\n    <a href=\"mailto:info@coordimed.hu\"\r\n       style=\"background:#3b7f68; color:#fff; padding:14px 26px; border-radius:8px;\r\n       font-size:16px; text-decoration:none; display:inline-block; margin:8px;\">info@coordimed.hu<\/a>\r\n\r\n    <a href=\"tel:+36304563934\"\r\n       style=\"background:#3b7f68; color:#fff; padding:14px 26px; border-radius:8px;\r\n       font-size:16px; text-decoration:none; display:inline-block; margin:8px;\">+36 30 456 3934<\/a>\r\n\r\n    <a href=\"https:\/\/idopont.coordimed.hu\/specializations?qualificationId=99503\"\r\n       style=\"background:#3b7f68; color:#fff; padding:14px 26px; border-radius:8px;\r\n       font-size:16px; text-decoration:none; display:inline-block; margin:8px;\">Id\u0151pontfoglal\u00e1s<\/a>\r\n\r\n  <\/div>\r\n<\/section>\r\n\t\t\t\t<\/div>\n\t\t\t\t\t<\/div>\n\t\t\t\t<\/div>\n\t\t<div class=\"elementor-element elementor-element-ef6981d e-flex e-con-boxed e-con e-parent\" data-id=\"ef6981d\" data-element_type=\"container\" data-e-type=\"container\" data-settings=\"{&quot;_ha_eqh_enable&quot;:false}\">\n\t\t\t\t\t<div class=\"e-con-inner\">\n\t\t\t\t<div class=\"elementor-element elementor-element-04acad9 elementor-widget elementor-widget-html\" data-id=\"04acad9\" data-element_type=\"widget\" data-e-type=\"widget\" data-widget_type=\"html.default\">\n\t\t\t\t\t<!-- 5. SZEKCI\u00d3 \u2013 Orvosaink (GERINC GY\u00d3GY\u00c1SZAT) -->\r\n<section style=\"padding:70px 0; background:#f9fafb;\">\r\n  <div style=\"max-width:1100px; margin:0 auto; text-align:center;\">\r\n    <h2 style=\"font-size:32px; margin-bottom:40px;\">Gerincgy\u00f3gy\u00e1szati szakorvosunk<\/h2>\r\n\r\n    <div style=\"display:flex; flex-wrap:wrap; justify-content:center; gap:40px;\">\r\n\r\n      <!-- Dr. Kozma Istv\u00e1n -->\r\n      <div style=\"background:#fff; border-radius:16px; padding:30px;\r\n      box-shadow:0 2px 6px rgba(0,0,0,0.05); max-width:400px; text-align:center;\">\r\n        <a href=\"https:\/\/coordimed.hu\/index.php\/dr-kozma-istvan\/\">\r\n          <img data-recalc-dims=\"1\" decoding=\"async\" src=\"https:\/\/i0.wp.com\/coordimed.hu\/wp-content\/uploads\/2026\/03\/TOMI1568-scaled.jpg?w=767&#038;ssl=1\"\r\n               alt=\"Dr. Kozma Istv\u00e1n \u2013 idegseb\u00e9sz, gerincspecialista\"\r\n               style=\"width:220px; height:220px; object-fit:cover; border-radius:50%;\r\n               margin-bottom:20px; box-shadow:0 6px 18px rgba(0,0,0,.12);\">\r\n        <\/a>\r\n        <h3 style=\"font-size:22px; margin-bottom:10px;\">Dr. Kozma Istv\u00e1n<\/h3>\r\n        <p style=\"font-size:16px; color:#555; line-height:1.7; margin-bottom:20px;\">\r\n          Idegseb\u00e9sz szakorvos, aki a <strong>gerincbetegs\u00e9gek diagnosztik\u00e1j\u00e1ra \u00e9s kezel\u00e9s\u00e9re<\/strong> specializ\u00e1l\u00f3dott.  \r\n          F\u0151 \u00e9rdekl\u0151d\u00e9si ter\u00fcletei k\u00f6z\u00e9 tartozik a porckorongs\u00e9rv, a gerinccsatorna-sz\u0171k\u00fclet \u00e9s az ideggy\u00f6ki f\u00e1jdalmak kezel\u00e9se.  \r\n          P\u00e1cienseit r\u00e9szletesen t\u00e1j\u00e9koztatja az okokr\u00f3l \u00e9s a kezel\u00e9si lehet\u0151s\u00e9gekr\u0151l,  \r\n          minden esetben a biztons\u00e1gos, szem\u00e9lyre szabott megold\u00e1st keresve.\r\n        <\/p>\r\n        <a href=\"https:\/\/idopont.coordimed.hu\/specializations?qualificationId=99503\"\r\n           style=\"background:#e63946; color:#fff; padding:12px 28px; border-radius:8px;\r\n           font-size:17px; text-decoration:none;\">\r\n          Id\u0151pontfoglal\u00e1s\r\n        <\/a>\r\n      <\/div>\r\n\r\n    <\/div>\r\n  <\/div>\r\n<\/section>\r\n\t\t\t\t<\/div>\n\t\t\t\t\t<\/div>\n\t\t\t\t<\/div>\n\t\t<div class=\"elementor-element elementor-element-c981e6f e-flex e-con-boxed e-con e-parent\" data-id=\"c981e6f\" data-element_type=\"container\" data-e-type=\"container\" data-settings=\"{&quot;_ha_eqh_enable&quot;:false}\">\n\t\t\t\t\t<div class=\"e-con-inner\">\n\t\t\t\t<div class=\"elementor-element elementor-element-2f893cf elementor-widget elementor-widget-menu-anchor\" data-id=\"2f893cf\" data-element_type=\"widget\" data-e-type=\"widget\" data-widget_type=\"menu-anchor.default\">\n\t\t\t\t\t\t\t<div class=\"elementor-menu-anchor\" id=\"gerinc_ar\"><\/div>\n\t\t\t\t\t\t<\/div>\n\t\t\t\t\t<\/div>\n\t\t\t\t<\/div>\n\t\t<div class=\"elementor-element elementor-element-2ba79ae e-flex e-con-boxed e-con e-parent\" data-id=\"2ba79ae\" data-element_type=\"container\" data-e-type=\"container\" data-settings=\"{&quot;_ha_eqh_enable&quot;:false}\">\n\t\t\t\t\t<div class=\"e-con-inner\">\n\t\t\t\t<div class=\"elementor-element elementor-element-affcc38 elementor-widget elementor-widget-global elementor-global-11074 elementor-widget-html\" data-id=\"affcc38\" data-element_type=\"widget\" data-e-type=\"widget\" data-widget_type=\"html.default\">\n\t\t\t\t\t<section class=\"cmn-wrap\" aria-label=\"Gerincgy\u00f3gy\u00e1szat \u00e1rlista \u00e9s id\u0151pontfoglal\u00e1s\">\r\n  <div class=\"cmn-card\">\r\n\r\n    <!-- BAL OLDAL -->\r\n    <div class=\"cmn-left\">\r\n      <div class=\"cmn-kicker\">Id\u0151pontfoglal\u00e1s<\/div>\r\n      <h3 class=\"cmn-title\">Gerincgy\u00f3gy\u00e1szat<\/h3>\r\n\r\n      <div class=\"cmn-section\">\r\n        <div class=\"cmn-section__title\">Idegseb\u00e9szeti szakrendel\u00e9s<\/div>\r\n\r\n        <div class=\"cmn-prices\">\r\n\r\n          <div class=\"cmn-row\">\r\n            <span class=\"cmn-name\">\r\n              Idegseb\u00e9szeti szakorvosi vizsg\u00e1lat\r\n              <span class=\"cmn-subnote\">Els\u0151 vizsg\u00e1lat<\/span>\r\n            <\/span>\r\n            <span class=\"cmn-price\">33 000 Ft<\/span>\r\n          <\/div>\r\n\r\n          <div class=\"cmn-row\">\r\n            <span class=\"cmn-name\">\r\n              Idegseb\u00e9szeti kontroll vizsg\u00e1lat\r\n              <span class=\"cmn-subnote\">2 h\u00f3napon bel\u00fcl, azonos panasszal<\/span>\r\n            <\/span>\r\n            <span class=\"cmn-price\">27 000 Ft<\/span>\r\n          <\/div>\r\n\r\n          <div class=\"cmn-row\">\r\n            <span class=\"cmn-name\">\r\n              Idegseb\u00e9szeti kontroll vizsg\u00e1lat II.\r\n              <span class=\"cmn-subnote\">2 h\u00f3napon t\u00fal, azonos panasszal<\/span>\r\n            <\/span>\r\n            <span class=\"cmn-price\">30 000 Ft<\/span>\r\n          <\/div>\r\n\r\n          <div class=\"cmn-row cmn-row--noDash\">\r\n            <span class=\"cmn-name\">\r\n              Online konzult\u00e1ci\u00f3\r\n              <span class=\"cmn-subnote\">Betegvizsg\u00e1lat hi\u00e1ny\u00e1ban korl\u00e1tozott \u00e9rt\u00e9k\u0171 konzult\u00e1ci\u00f3<\/span>\r\n            <\/span>\r\n            <span class=\"cmn-price\">33 000 Ft<\/span>\r\n          <\/div>\r\n\r\n        <\/div>\r\n      <\/div>\r\n\r\n      <p class=\"cmn-note\">\r\n        Az online foglal\u00e1s sor\u00e1n kiv\u00e1laszthatod a sz\u00e1modra megfelel\u0151 gerincgy\u00f3gy\u00e1szati szolg\u00e1ltat\u00e1st.\r\n      <\/p>\r\n    <\/div>\r\n\r\n    <!-- JOBB OLDAL -->\r\n    <div class=\"cmn-right\">\r\n      <a class=\"cmn-btn cmn-btn--primary\"\r\n         href=\"https:\/\/idopont.coordimed.hu\/specializations?qualificationId=99503\"\r\n         target=\"_blank\" rel=\"noopener\">\r\n        Id\u0151pontot foglalok\r\n      <\/a>\r\n\r\n      <div class=\"cmn-mini\">Online foglal\u00e1s \u2022 1 kattint\u00e1s<\/div>\r\n\r\n      <a class=\"cmn-btn cmn-btn--secondary\" href=\"tel:+36304563934\">\r\n        \ud83d\udcde Telefon\u00e1lok \u2013 +36 30 456 3934\r\n      <\/a>\r\n    <\/div>\r\n\r\n  <\/div>\r\n\r\n  <div class=\"cmn-legal\">\r\n    Az \u00e1rlista \u00e9rv\u00e9nyess\u00e9ge: 2026. febru\u00e1r 6-t\u00f3l visszavon\u00e1sig \u00e9rv\u00e9nyes. Az \u00e1rv\u00e1ltoztat\u00e1s jog\u00e1t fenntartjuk.\r\n  <\/div>\r\n<\/section>\r\n\r\n<style>\r\n:root{\r\n  --cmn-accent:#0f766e;\r\n  --cmn-bg:#ffffff;\r\n  --cmn-border:#e7edf5;\r\n  --cmn-text:#0b1220;\r\n  --cmn-muted:#5b6b82;\r\n}\r\n\r\n.cmn-wrap,\r\n.cmn-wrap *{\r\n  font-family:'Montserrat', sans-serif !important;\r\n}\r\n\r\n.cmn-wrap{margin:22px 0;}\r\n\r\n.cmn-card{\r\n  display:flex;\r\n  justify-content:space-between;\r\n  gap:24px;\r\n  align-items:flex-start;\r\n  background:var(--cmn-bg);\r\n  border:1px solid var(--cmn-border);\r\n  border-radius:16px;\r\n  padding:22px;\r\n  box-shadow:0 6px 18px rgba(17,24,39,.06);\r\n}\r\n\r\n.cmn-kicker{\r\n  display:inline-block;\r\n  font-size:12px;\r\n  letter-spacing:.06em;\r\n  text-transform:uppercase;\r\n  color:var(--cmn-accent);\r\n  background:rgba(15,118,110,.12);\r\n  padding:6px 10px;\r\n  border-radius:999px;\r\n  font-weight:700;\r\n  margin-bottom:10px;\r\n}\r\n\r\n.cmn-title{\r\n  margin:0 0 14px 0;\r\n  font-size:24px;\r\n  font-weight:700;\r\n  color:var(--cmn-text);\r\n}\r\n\r\n.cmn-section{margin:0 0 16px 0;}\r\n\r\n.cmn-section__title{\r\n  font-size:13px;\r\n  font-weight:800;\r\n  color:var(--cmn-text);\r\n  text-transform:uppercase;\r\n  letter-spacing:.04em;\r\n  margin:0 0 10px 0;\r\n}\r\n\r\n.cmn-prices{\r\n  display:flex;\r\n  flex-direction:column;\r\n  gap:12px;\r\n}\r\n\r\n.cmn-row{\r\n  display:flex;\r\n  justify-content:space-between;\r\n  gap:12px;\r\n  align-items:flex-start;\r\n  padding-bottom:10px;\r\n  border-bottom:1px dashed #cfd8e6;\r\n}\r\n\r\n.cmn-row--noDash{\r\n  border-bottom:none;\r\n  padding-bottom:0;\r\n}\r\n\r\n.cmn-name{\r\n  font-size:15px;\r\n  font-weight:500;\r\n  color:var(--cmn-text);\r\n  line-height:1.35;\r\n  max-width:760px;\r\n}\r\n\r\n.cmn-price{\r\n  font-size:15px;\r\n  font-weight:800;\r\n  color:var(--cmn-text);\r\n  white-space:nowrap;\r\n}\r\n\r\n.cmn-subnote{\r\n  display:block;\r\n  font-size:12.5px;\r\n  color:var(--cmn-muted);\r\n  font-weight:500;\r\n  margin-top:4px;\r\n  line-height:1.4;\r\n}\r\n\r\n.cmn-note{\r\n  margin:12px 0 0 0;\r\n  font-size:13px;\r\n  line-height:1.6;\r\n  color:var(--cmn-muted);\r\n}\r\n\r\n.cmn-right{\r\n  display:flex;\r\n  flex-direction:column;\r\n  gap:10px;\r\n  align-items:center;\r\n  min-width:260px;\r\n  text-align:center;\r\n}\r\n\r\n.cmn-btn{\r\n  display:inline-flex;\r\n  align-items:center;\r\n  justify-content:center;\r\n  width:100%;\r\n  padding:13px 18px;\r\n  border-radius:12px;\r\n  text-decoration:none;\r\n  font-weight:800;\r\n  font-size:15px;\r\n}\r\n\r\n.cmn-btn--primary{\r\n  background:var(--cmn-accent);\r\n  color:#fff;\r\n  box-shadow:0 10px 20px rgba(15,118,110,.18);\r\n}\r\n\r\n.cmn-btn--secondary{\r\n  background:#ffffff;\r\n  color:var(--cmn-accent);\r\n  border:2px solid var(--cmn-accent);\r\n}\r\n\r\n.cmn-mini{\r\n  font-size:12px;\r\n  color:var(--cmn-muted);\r\n}\r\n\r\n.cmn-legal{\r\n  margin-top:10px;\r\n  font-size:12px;\r\n  color:#6b7b93;\r\n}\r\n\r\n@media (max-width: 760px){\r\n  .cmn-card{flex-direction:column;}\r\n  .cmn-right{width:100%; min-width:0;}\r\n  .cmn-btn{width:100%;}\r\n  .cmn-name{max-width:none;}\r\n}\r\n<\/style>\r\n\t\t\t\t<\/div>\n\t\t\t\t\t<\/div>\n\t\t\t\t<\/div>\n\t\t<div class=\"elementor-element elementor-element-6932f4cb e-flex e-con-boxed e-con e-parent\" data-id=\"6932f4cb\" data-element_type=\"container\" data-e-type=\"container\" data-settings=\"{&quot;_ha_eqh_enable&quot;:false}\">\n\t\t\t\t\t<div class=\"e-con-inner\">\n\t\t<div class=\"elementor-element elementor-element-5da80e9c e-con-full e-flex e-con e-child\" data-id=\"5da80e9c\" data-element_type=\"container\" data-e-type=\"container\" data-settings=\"{&quot;_ha_eqh_enable&quot;:false}\">\n\t\t<div class=\"elementor-element elementor-element-6a6aba6f e-con-full e-flex e-con e-child\" data-id=\"6a6aba6f\" data-element_type=\"container\" data-e-type=\"container\" data-settings=\"{&quot;_ha_eqh_enable&quot;:false}\">\n\t\t\t\t<div class=\"elementor-element elementor-element-2ae50c73 elementor-widget elementor-widget-google_maps\" data-id=\"2ae50c73\" data-element_type=\"widget\" data-e-type=\"widget\" data-widget_type=\"google_maps.default\">\n\t\t\t\t\t\t\t<div class=\"elementor-custom-embed\">\n\t\t\t<iframe loading=\"lazy\"\n\t\t\t\t\tsrc=\"https:\/\/maps.google.com\/maps?q=1021%20Budapest%20V%C3%B6lgy%20utca%205%2Fa&#038;t=m&#038;z=10&#038;output=embed&#038;iwloc=near\"\n\t\t\t\t\ttitle=\"1021 Budapest V\u00f6lgy utca 5\/a\"\n\t\t\t\t\taria-label=\"1021 Budapest V\u00f6lgy utca 5\/a\"\n\t\t\t><\/iframe>\n\t\t<\/div>\n\t\t\t\t\t\t<\/div>\n\t\t\t\t<\/div>\n\t\t<div class=\"elementor-element elementor-element-2dea82ad e-con-full e-flex e-con e-child\" data-id=\"2dea82ad\" data-element_type=\"container\" data-e-type=\"container\">\n\t\t<div class=\"elementor-element elementor-element-43077e0a e-con-full e-flex e-con e-child\" data-id=\"43077e0a\" data-element_type=\"container\" data-e-type=\"container\" data-settings=\"{&quot;_ha_eqh_enable&quot;:false}\">\n\t\t\t\t<div class=\"elementor-element elementor-element-5c525e03 elementor-widget__width-auto elementor-widget elementor-widget-heading\" data-id=\"5c525e03\" data-element_type=\"widget\" data-e-type=\"widget\" data-widget_type=\"heading.default\">\n\t\t\t\t\t<h5 class=\"elementor-heading-title elementor-size-default\">\u00datvonal tervez\u0151:<\/h5>\t\t\t\t<\/div>\n\t\t<div class=\"elementor-element elementor-element-41f7efed e-grid e-con-full e-con e-child\" data-id=\"41f7efed\" data-element_type=\"container\" data-e-type=\"container\" data-settings=\"{&quot;_ha_eqh_enable&quot;:false}\">\n\t\t\t\t<div class=\"elementor-element elementor-element-13b99975 elementor-view-framed ha-css-transform-yes elementor-shape-circle elementor-widget elementor-widget-icon\" data-id=\"13b99975\" data-element_type=\"widget\" data-e-type=\"widget\" data-widget_type=\"icon.default\">\n\t\t\t\t\t\t\t<div class=\"elementor-icon-wrapper\">\n\t\t\t<a class=\"elementor-icon\" href=\"https:\/\/www.google.com\/maps\/dir\/\/Coordimed+Rendel%C5%91,+Budapest,+V%C3%B6lgy+u.+5%2Fa,+1021\/@47.5329918,18.8974388,12z\/data=!3m1!4b1!4m9!4m8!1m0!1m5!1m1!1s0x4741df42866f0743:0x14a74cb411201e3f!2m2!1d18.9798393!2d47.5330213!3e3?entry=ttu&#038;g_ep=EgoyMDI0MDkwNC4wIKXMDSoASAFQAw%3D%3D\" target=\"_blank\">\n\t\t\t<i aria-hidden=\"true\" class=\"fas fa-walking\"><\/i>\t\t\t<\/a>\n\t\t<\/div>\n\t\t\t\t\t\t<\/div>\n\t\t\t\t<div class=\"elementor-element elementor-element-39cb0485 elementor-view-framed ha-css-transform-yes elementor-shape-circle elementor-widget elementor-widget-icon\" data-id=\"39cb0485\" data-element_type=\"widget\" data-e-type=\"widget\" data-widget_type=\"icon.default\">\n\t\t\t\t\t\t\t<div class=\"elementor-icon-wrapper\">\n\t\t\t<a class=\"elementor-icon\" href=\"https:\/\/www.google.com\/maps\/dir\/\/Coordimed+Rendel%C5%91,+Budapest,+V%C3%B6lgy+u.+5%2Fa,+1021\/@47.5331077,18.8974392,12z\/data=!4m9!4m8!1m0!1m5!1m1!1s0x4741df42866f0743:0x14a74cb411201e3f!2m2!1d18.9798393!2d47.5330213!3e0?entry=ttu&#038;g_ep=EgoyMDI0MDkwNC4wIKXMDSoASAFQAw%3D%3D\" target=\"_blank\">\n\t\t\t<i aria-hidden=\"true\" class=\"fas fa-car\"><\/i>\t\t\t<\/a>\n\t\t<\/div>\n\t\t\t\t\t\t<\/div>\n\t\t\t\t<\/div>\n\t\t\t\t<div class=\"elementor-element elementor-element-23a8173c elementor-widget elementor-widget-text-editor\" data-id=\"23a8173c\" data-element_type=\"widget\" data-e-type=\"widget\" data-widget_type=\"text-editor.default\">\n\t\t\t\t\t\t\t\t\t<h6 dir=\"ltr\" style=\"text-align: center;\">Telefonsz\u00e1m: <a style=\"font-family: var(--primary-font); font-size: 0.888889em;\" href=\"tel: +36304563934\">+36 30 456 3934<\/a><\/h6><h6 dir=\"ltr\" style=\"text-align: center;\"><strong>S\u00fcrg\u0151ss\u00e9gi telefonsz\u00e1m:<\/strong><\/h6><h6 dir=\"ltr\" style=\"text-align: center;\"><a href=\"tel: +36305080895\">+36 30 508 0895<\/a><\/h6>\t\t\t\t\t\t\t\t<\/div>\n\t\t\t\t<div class=\"elementor-element elementor-element-4bf14911 elementor-shape-circle elementor-grid-0 e-grid-align-center elementor-widget elementor-widget-social-icons\" data-id=\"4bf14911\" data-element_type=\"widget\" data-e-type=\"widget\" data-widget_type=\"social-icons.default\">\n\t\t\t\t\t\t\t<div class=\"elementor-social-icons-wrapper elementor-grid\" role=\"list\">\n\t\t\t\t\t\t\t<span class=\"elementor-grid-item\" role=\"listitem\">\n\t\t\t\t\t<a class=\"elementor-icon elementor-social-icon elementor-social-icon-facebook elementor-animation-grow elementor-repeater-item-048549f\" href=\"https:\/\/www.facebook.com\/coordimed\" target=\"_blank\">\n\t\t\t\t\t\t<span class=\"elementor-screen-only\">Facebook<\/span>\n\t\t\t\t\t\t<i aria-hidden=\"true\" class=\"fab fa-facebook\"><\/i>\t\t\t\t\t<\/a>\n\t\t\t\t<\/span>\n\t\t\t\t\t\t\t<span class=\"elementor-grid-item\" role=\"listitem\">\n\t\t\t\t\t<a class=\"elementor-icon elementor-social-icon elementor-social-icon-instagram elementor-animation-grow elementor-repeater-item-b256041\" href=\"https:\/\/www.instagram.com\/coordimedeu\/\" target=\"_blank\">\n\t\t\t\t\t\t<span class=\"elementor-screen-only\">Instagram<\/span>\n\t\t\t\t\t\t<i aria-hidden=\"true\" class=\"fab fa-instagram\"><\/i>\t\t\t\t\t<\/a>\n\t\t\t\t<\/span>\n\t\t\t\t\t<\/div>\n\t\t\t\t\t\t<\/div>\n\t\t\t\t<\/div>\n\t\t\t\t<\/div>\n\t\t<div class=\"elementor-element elementor-element-28814fb9 e-con-full e-flex e-con e-child\" data-id=\"28814fb9\" data-element_type=\"container\" data-e-type=\"container\" data-settings=\"{&quot;_ha_eqh_enable&quot;:false}\">\n\t\t<div class=\"elementor-element elementor-element-ecf5b8f e-con-full e-flex e-con e-child\" data-id=\"ecf5b8f\" data-element_type=\"container\" data-e-type=\"container\" data-settings=\"{&quot;_ha_eqh_enable&quot;:false}\">\n\t\t\t\t<div class=\"elementor-element elementor-element-45341c81 elementor-widget elementor-widget-theme-site-logo elementor-widget-image\" data-id=\"45341c81\" data-element_type=\"widget\" data-e-type=\"widget\" data-widget_type=\"theme-site-logo.default\">\n\t\t\t\t\t\t\t\t\t\t\t<a href=\"https:\/\/coordimed.hu\">\n\t\t\t<img decoding=\"async\" width=\"150\" height=\"39\" src=\"https:\/\/i0.wp.com\/coordimed.hu\/wp-content\/uploads\/2023\/09\/cropped-Coordimed_logo_150px.webp?fit=150%2C39&amp;ssl=1\" class=\"attachment-full size-full wp-image-41\" alt=\"\" \/>\t\t\t\t<\/a>\n\t\t\t\t\t\t\t\t\t\t\t<\/div>\n\t\t\t\t<div class=\"elementor-element elementor-element-4ef83220 elementor-widget elementor-widget-gallery\" data-id=\"4ef83220\" data-element_type=\"widget\" data-e-type=\"widget\" data-settings=\"{&quot;gallery_layout&quot;:&quot;justified&quot;,&quot;overlay_description&quot;:&quot;title&quot;,&quot;ideal_row_height&quot;:{&quot;unit&quot;:&quot;px&quot;,&quot;size&quot;:200,&quot;sizes&quot;:[]},&quot;ideal_row_height_tablet&quot;:{&quot;unit&quot;:&quot;px&quot;,&quot;size&quot;:150,&quot;sizes&quot;:[]},&quot;ideal_row_height_mobile&quot;:{&quot;unit&quot;:&quot;px&quot;,&quot;size&quot;:150,&quot;sizes&quot;:[]},&quot;gap&quot;:{&quot;unit&quot;:&quot;px&quot;,&quot;size&quot;:10,&quot;sizes&quot;:[]},&quot;gap_tablet&quot;:{&quot;unit&quot;:&quot;px&quot;,&quot;size&quot;:10,&quot;sizes&quot;:[]},&quot;gap_mobile&quot;:{&quot;unit&quot;:&quot;px&quot;,&quot;size&quot;:10,&quot;sizes&quot;:[]},&quot;link_to&quot;:&quot;file&quot;,&quot;overlay_background&quot;:&quot;yes&quot;,&quot;content_hover_animation&quot;:&quot;fade-in&quot;}\" data-widget_type=\"gallery.default\">\n\t\t\t\t\t\t\t<div class=\"elementor-gallery__container\">\n\t\t\t\t\t\t\t<a class=\"e-gallery-item elementor-gallery-item elementor-animated-content\" href=\"https:\/\/i0.wp.com\/coordimed.hu\/wp-content\/uploads\/2024\/09\/20240911_160800-scaled-e1726314029570.webp?fit=1920%2C1434&#038;ssl=1\" data-elementor-open-lightbox=\"yes\" data-elementor-lightbox-slideshow=\"4ef83220\" data-elementor-lightbox-title=\"Bej\u00e1rat\" data-e-action-hash=\"#elementor-action%3Aaction%3Dlightbox%26settings%3DeyJpZCI6NDU3NSwidXJsIjoiaHR0cHM6XC9cL2Nvb3JkaW1lZC5odVwvd3AtY29udGVudFwvdXBsb2Fkc1wvMjAyNFwvMDlcLzIwMjQwOTExXzE2MDgwMC1zY2FsZWQtZTE3MjYzMTQwMjk1NzAud2VicCIsInNsaWRlc2hvdyI6IjRlZjgzMjIwIn0%3D\">\n\t\t\t\t\t<div class=\"e-gallery-image elementor-gallery-item__image\" data-thumbnail=\"https:\/\/i0.wp.com\/coordimed.hu\/wp-content\/uploads\/2024\/09\/20240911_160800-scaled-e1726314029570.webp?fit=768%2C573&amp;ssl=1\" data-width=\"768\" data-height=\"573\" aria-label=\"\" role=\"img\" ><\/div>\n\t\t\t\t\t\t\t\t\t\t\t<div class=\"elementor-gallery-item__overlay\"><\/div>\n\t\t\t\t\t\t\t\t\t\t\t\t\t\t\t<div class=\"elementor-gallery-item__content\">\n\t\t\t\t\t\t\t\t\t\t\t\t\t\t<div class=\"elementor-gallery-item__description\">\n\t\t\t\t\t\t\t\t\t\t\t\t\t\t\t\t\t\tBej\u00e1rat\t\t\t\t\t\t\t\t<\/div>\n\t\t\t\t\t\t\t\t\t\t\t\t<\/div>\n\t\t\t\t\t\t\t\t\t<\/a>\n\t\t\t\t\t<\/div>\n\t\t\t\t\t<\/div>\n\t\t\t\t<\/div>\n\t\t\t\t<\/div>\n\t\t\t\t<\/div>\n\t\t\t\t\t<\/div>\n\t\t\t\t<\/div>\n\t\t\t\t<\/div>\n\t\t","protected":false},"excerpt":{"rendered":"<p>A Coordimed Gerincgy\u00f3gy\u00e1szat Budapesten modern diagnosztikai \u00e9s kezel\u0151 k\u00f6zpontk\u00e9nt m\u0171k\u00f6dik. Gerincgy\u00f3gy\u00e1szat, gerinc ambulancia \u00e9s gerinck\u00f6zpont egy helyen.<\/p>\n","protected":false},"author":2,"featured_media":192,"parent":0,"menu_order":0,"comment_status":"closed","ping_status":"closed","template":"elementor_header_footer","meta":{"footnotes":""},"class_list":["post-8766","page","type-page","status-publish","has-post-thumbnail","hentry","latest_post"],"yoast_head":"<!-- This site is optimized with the Yoast SEO Premium plugin v26.4 (Yoast SEO v27.5) - https:\/\/yoast.com\/product\/yoast-seo-premium-wordpress\/ -->\n<title>Gerincgy\u00f3gy\u00e1szat - Coordimed Rendel\u0151<\/title>\n<meta name=\"description\" content=\"A Coordimed Gerincgy\u00f3gy\u00e1szat Budapesten modern diagnosztikai \u00e9s kezel\u0151 k\u00f6zpontk\u00e9nt m\u0171k\u00f6dik. Gerincgy\u00f3gy\u00e1szat, gerinc ambulancia \u00e9s gerinck\u00f6zpont.\" \/>\n<meta name=\"robots\" content=\"index, follow, max-snippet:-1, max-image-preview:large, max-video-preview:-1\" \/>\n<link rel=\"canonical\" href=\"https:\/\/coordimed.hu\/index.php\/gerincgyogyaszat\/\" \/>\n<meta property=\"og:locale\" content=\"hu_HU\" \/>\n<meta property=\"og:type\" content=\"article\" \/>\n<meta property=\"og:title\" content=\"Gerincgy\u00f3gy\u00e1szat - Coordimed Rendel\u0151\" \/>\n<meta property=\"og:description\" content=\"A Coordimed Gerincgy\u00f3gy\u00e1szat Budapesten modern diagnosztikai \u00e9s kezel\u0151 k\u00f6zpontk\u00e9nt m\u0171k\u00f6dik. Gerincgy\u00f3gy\u00e1szat, gerinc ambulancia \u00e9s gerinck\u00f6zpont egy helyen.\" \/>\n<meta property=\"og:url\" content=\"https:\/\/coordimed.hu\/index.php\/gerincgyogyaszat\/\" \/>\n<meta property=\"article:publisher\" content=\"https:\/\/www.facebook.com\/coordimed\" \/>\n<meta property=\"article:modified_time\" content=\"2026-04-22T15:55:36+00:00\" \/>\n<meta property=\"og:image\" content=\"https:\/\/coordimed.hu\/wp-content\/uploads\/2025\/05\/Dietetika.webp\" \/>\n\t<meta property=\"og:image:width\" content=\"1200\" \/>\n\t<meta property=\"og:image:height\" content=\"1200\" \/>\n\t<meta property=\"og:image:type\" content=\"image\/webp\" \/>\n<meta name=\"twitter:card\" content=\"summary_large_image\" \/>\n<meta name=\"twitter:title\" content=\"Gerincgy\u00f3gy\u00e1szat\" \/>\n<meta name=\"twitter:description\" content=\"Coordimed Mag\u00e1n Rendel\u0151 Bud\u00e1n! Proffeszion\u00e1lis egy\u00e9nre szabott ell\u00e1t\u00e1sok!\" \/>\n<meta name=\"twitter:label1\" content=\"Becs\u00fclt olvas\u00e1si id\u0151\" \/>\n\t<meta name=\"twitter:data1\" content=\"8 perc\" \/>\n<script type=\"application\/ld+json\" class=\"yoast-schema-graph\">{\"@context\":\"https:\\\/\\\/schema.org\",\"@graph\":[{\"@type\":\"WebPage\",\"@id\":\"https:\\\/\\\/coordimed.hu\\\/index.php\\\/gerincgyogyaszat\\\/\",\"url\":\"https:\\\/\\\/coordimed.hu\\\/index.php\\\/gerincgyogyaszat\\\/\",\"name\":\"Gerincgy\u00f3gy\u00e1szat - Coordimed Rendel\u0151\",\"isPartOf\":{\"@id\":\"https:\\\/\\\/coordimed.hu\\\/#website\"},\"primaryImageOfPage\":{\"@id\":\"https:\\\/\\\/coordimed.hu\\\/index.php\\\/gerincgyogyaszat\\\/#primaryimage\"},\"image\":{\"@id\":\"https:\\\/\\\/coordimed.hu\\\/index.php\\\/gerincgyogyaszat\\\/#primaryimage\"},\"thumbnailUrl\":\"https:\\\/\\\/i0.wp.com\\\/coordimed.hu\\\/wp-content\\\/uploads\\\/2023\\\/10\\\/banner_image_nologo.webp?fit=1600%2C302&ssl=1\",\"datePublished\":\"2025-07-23T10:59:04+00:00\",\"dateModified\":\"2026-04-22T15:55:36+00:00\",\"description\":\"A Coordimed Gerincgy\u00f3gy\u00e1szat Budapesten modern diagnosztikai \u00e9s kezel\u0151 k\u00f6zpontk\u00e9nt m\u0171k\u00f6dik. Gerincgy\u00f3gy\u00e1szat, gerinc ambulancia \u00e9s gerinck\u00f6zpont.\",\"breadcrumb\":{\"@id\":\"https:\\\/\\\/coordimed.hu\\\/index.php\\\/gerincgyogyaszat\\\/#breadcrumb\"},\"inLanguage\":\"hu\",\"potentialAction\":[{\"@type\":\"ReadAction\",\"target\":[\"https:\\\/\\\/coordimed.hu\\\/index.php\\\/gerincgyogyaszat\\\/\"]}]},{\"@type\":\"ImageObject\",\"inLanguage\":\"hu\",\"@id\":\"https:\\\/\\\/coordimed.hu\\\/index.php\\\/gerincgyogyaszat\\\/#primaryimage\",\"url\":\"https:\\\/\\\/i0.wp.com\\\/coordimed.hu\\\/wp-content\\\/uploads\\\/2023\\\/10\\\/banner_image_nologo.webp?fit=1600%2C302&ssl=1\",\"contentUrl\":\"https:\\\/\\\/i0.wp.com\\\/coordimed.hu\\\/wp-content\\\/uploads\\\/2023\\\/10\\\/banner_image_nologo.webp?fit=1600%2C302&ssl=1\",\"width\":1600,\"height\":302},{\"@type\":\"BreadcrumbList\",\"@id\":\"https:\\\/\\\/coordimed.hu\\\/index.php\\\/gerincgyogyaszat\\\/#breadcrumb\",\"itemListElement\":[{\"@type\":\"ListItem\",\"position\":1,\"name\":\"Kezd\u0151lap\",\"item\":\"https:\\\/\\\/coordimed.hu\\\/\"},{\"@type\":\"ListItem\",\"position\":2,\"name\":\"Gerincgy\u00f3gy\u00e1szat\"}]},{\"@type\":\"WebSite\",\"@id\":\"https:\\\/\\\/coordimed.hu\\\/#website\",\"url\":\"https:\\\/\\\/coordimed.hu\\\/\",\"name\":\"Coordimed\",\"description\":\"-  Sz\u00edvb\u0151l gy\u00f3gy\u00edtunk\",\"publisher\":{\"@id\":\"https:\\\/\\\/coordimed.hu\\\/#organization\"},\"potentialAction\":[{\"@type\":\"SearchAction\",\"target\":{\"@type\":\"EntryPoint\",\"urlTemplate\":\"https:\\\/\\\/coordimed.hu\\\/?s={search_term_string}\"},\"query-input\":{\"@type\":\"PropertyValueSpecification\",\"valueRequired\":true,\"valueName\":\"search_term_string\"}}],\"inLanguage\":\"hu\"},{\"@type\":\"Organization\",\"@id\":\"https:\\\/\\\/coordimed.hu\\\/#organization\",\"name\":\"Coordimed Rendel\u0151 Kft.\",\"url\":\"https:\\\/\\\/coordimed.hu\\\/\",\"logo\":{\"@type\":\"ImageObject\",\"inLanguage\":\"hu\",\"@id\":\"https:\\\/\\\/coordimed.hu\\\/#\\\/schema\\\/logo\\\/image\\\/\",\"url\":\"https:\\\/\\\/i0.wp.com\\\/coordimed.hu\\\/wp-content\\\/uploads\\\/2023\\\/09\\\/cropped-Coordimed_logo_150px.webp?fit=150%2C39&ssl=1\",\"contentUrl\":\"https:\\\/\\\/i0.wp.com\\\/coordimed.hu\\\/wp-content\\\/uploads\\\/2023\\\/09\\\/cropped-Coordimed_logo_150px.webp?fit=150%2C39&ssl=1\",\"width\":150,\"height\":39,\"caption\":\"Coordimed Rendel\u0151 Kft.\"},\"image\":{\"@id\":\"https:\\\/\\\/coordimed.hu\\\/#\\\/schema\\\/logo\\\/image\\\/\"},\"sameAs\":[\"https:\\\/\\\/www.facebook.com\\\/coordimed\"],\"ownershipFundingInfo\":\"https:\\\/\\\/coordimed.hu\\\/index.php\\\/rolunk\\\/\",\"actionableFeedbackPolicy\":\"https:\\\/\\\/coordimed.hu\\\/index.php\\\/kapcsolat\\\/\",\"correctionsPolicy\":\"https:\\\/\\\/coordimed.hu\\\/index.php\\\/kapcsolat\\\/\"}]}<\/script>\n<!-- \/ Yoast SEO Premium plugin. -->","yoast_head_json":{"title":"Gerincgy\u00f3gy\u00e1szat - Coordimed Rendel\u0151","description":"A Coordimed Gerincgy\u00f3gy\u00e1szat Budapesten modern diagnosztikai \u00e9s kezel\u0151 k\u00f6zpontk\u00e9nt m\u0171k\u00f6dik. Gerincgy\u00f3gy\u00e1szat, gerinc ambulancia \u00e9s gerinck\u00f6zpont.","robots":{"index":"index","follow":"follow","max-snippet":"max-snippet:-1","max-image-preview":"max-image-preview:large","max-video-preview":"max-video-preview:-1"},"canonical":"https:\/\/coordimed.hu\/index.php\/gerincgyogyaszat\/","og_locale":"hu_HU","og_type":"article","og_title":"Gerincgy\u00f3gy\u00e1szat - Coordimed Rendel\u0151","og_description":"A Coordimed Gerincgy\u00f3gy\u00e1szat Budapesten modern diagnosztikai \u00e9s kezel\u0151 k\u00f6zpontk\u00e9nt m\u0171k\u00f6dik. Gerincgy\u00f3gy\u00e1szat, gerinc ambulancia \u00e9s gerinck\u00f6zpont egy helyen.","og_url":"https:\/\/coordimed.hu\/index.php\/gerincgyogyaszat\/","article_publisher":"https:\/\/www.facebook.com\/coordimed","article_modified_time":"2026-04-22T15:55:36+00:00","og_image":[{"width":1200,"height":1200,"url":"https:\/\/coordimed.hu\/wp-content\/uploads\/2025\/05\/Dietetika.webp","type":"image\/webp"}],"twitter_card":"summary_large_image","twitter_title":"Gerincgy\u00f3gy\u00e1szat","twitter_description":"Coordimed Mag\u00e1n Rendel\u0151 Bud\u00e1n! Proffeszion\u00e1lis egy\u00e9nre szabott ell\u00e1t\u00e1sok!","twitter_misc":{"Becs\u00fclt olvas\u00e1si id\u0151":"8 perc"},"schema":{"@context":"https:\/\/schema.org","@graph":[{"@type":"WebPage","@id":"https:\/\/coordimed.hu\/index.php\/gerincgyogyaszat\/","url":"https:\/\/coordimed.hu\/index.php\/gerincgyogyaszat\/","name":"Gerincgy\u00f3gy\u00e1szat - Coordimed Rendel\u0151","isPartOf":{"@id":"https:\/\/coordimed.hu\/#website"},"primaryImageOfPage":{"@id":"https:\/\/coordimed.hu\/index.php\/gerincgyogyaszat\/#primaryimage"},"image":{"@id":"https:\/\/coordimed.hu\/index.php\/gerincgyogyaszat\/#primaryimage"},"thumbnailUrl":"https:\/\/i0.wp.com\/coordimed.hu\/wp-content\/uploads\/2023\/10\/banner_image_nologo.webp?fit=1600%2C302&ssl=1","datePublished":"2025-07-23T10:59:04+00:00","dateModified":"2026-04-22T15:55:36+00:00","description":"A Coordimed Gerincgy\u00f3gy\u00e1szat Budapesten modern diagnosztikai \u00e9s kezel\u0151 k\u00f6zpontk\u00e9nt m\u0171k\u00f6dik. Gerincgy\u00f3gy\u00e1szat, gerinc ambulancia \u00e9s gerinck\u00f6zpont.","breadcrumb":{"@id":"https:\/\/coordimed.hu\/index.php\/gerincgyogyaszat\/#breadcrumb"},"inLanguage":"hu","potentialAction":[{"@type":"ReadAction","target":["https:\/\/coordimed.hu\/index.php\/gerincgyogyaszat\/"]}]},{"@type":"ImageObject","inLanguage":"hu","@id":"https:\/\/coordimed.hu\/index.php\/gerincgyogyaszat\/#primaryimage","url":"https:\/\/i0.wp.com\/coordimed.hu\/wp-content\/uploads\/2023\/10\/banner_image_nologo.webp?fit=1600%2C302&ssl=1","contentUrl":"https:\/\/i0.wp.com\/coordimed.hu\/wp-content\/uploads\/2023\/10\/banner_image_nologo.webp?fit=1600%2C302&ssl=1","width":1600,"height":302},{"@type":"BreadcrumbList","@id":"https:\/\/coordimed.hu\/index.php\/gerincgyogyaszat\/#breadcrumb","itemListElement":[{"@type":"ListItem","position":1,"name":"Kezd\u0151lap","item":"https:\/\/coordimed.hu\/"},{"@type":"ListItem","position":2,"name":"Gerincgy\u00f3gy\u00e1szat"}]},{"@type":"WebSite","@id":"https:\/\/coordimed.hu\/#website","url":"https:\/\/coordimed.hu\/","name":"Coordimed","description":"-  Sz\u00edvb\u0151l gy\u00f3gy\u00edtunk","publisher":{"@id":"https:\/\/coordimed.hu\/#organization"},"potentialAction":[{"@type":"SearchAction","target":{"@type":"EntryPoint","urlTemplate":"https:\/\/coordimed.hu\/?s={search_term_string}"},"query-input":{"@type":"PropertyValueSpecification","valueRequired":true,"valueName":"search_term_string"}}],"inLanguage":"hu"},{"@type":"Organization","@id":"https:\/\/coordimed.hu\/#organization","name":"Coordimed Rendel\u0151 Kft.","url":"https:\/\/coordimed.hu\/","logo":{"@type":"ImageObject","inLanguage":"hu","@id":"https:\/\/coordimed.hu\/#\/schema\/logo\/image\/","url":"https:\/\/i0.wp.com\/coordimed.hu\/wp-content\/uploads\/2023\/09\/cropped-Coordimed_logo_150px.webp?fit=150%2C39&ssl=1","contentUrl":"https:\/\/i0.wp.com\/coordimed.hu\/wp-content\/uploads\/2023\/09\/cropped-Coordimed_logo_150px.webp?fit=150%2C39&ssl=1","width":150,"height":39,"caption":"Coordimed Rendel\u0151 Kft."},"image":{"@id":"https:\/\/coordimed.hu\/#\/schema\/logo\/image\/"},"sameAs":["https:\/\/www.facebook.com\/coordimed"],"ownershipFundingInfo":"https:\/\/coordimed.hu\/index.php\/rolunk\/","actionableFeedbackPolicy":"https:\/\/coordimed.hu\/index.php\/kapcsolat\/","correctionsPolicy":"https:\/\/coordimed.hu\/index.php\/kapcsolat\/"}]}},"jetpack_sharing_enabled":true,"_links":{"self":[{"href":"https:\/\/coordimed.hu\/index.php\/wp-json\/wp\/v2\/pages\/8766","targetHints":{"allow":["GET"]}}],"collection":[{"href":"https:\/\/coordimed.hu\/index.php\/wp-json\/wp\/v2\/pages"}],"about":[{"href":"https:\/\/coordimed.hu\/index.php\/wp-json\/wp\/v2\/types\/page"}],"author":[{"embeddable":true,"href":"https:\/\/coordimed.hu\/index.php\/wp-json\/wp\/v2\/users\/2"}],"replies":[{"embeddable":true,"href":"https:\/\/coordimed.hu\/index.php\/wp-json\/wp\/v2\/comments?post=8766"}],"version-history":[{"count":79,"href":"https:\/\/coordimed.hu\/index.php\/wp-json\/wp\/v2\/pages\/8766\/revisions"}],"predecessor-version":[{"id":12198,"href":"https:\/\/coordimed.hu\/index.php\/wp-json\/wp\/v2\/pages\/8766\/revisions\/12198"}],"wp:featuredmedia":[{"embeddable":true,"href":"https:\/\/coordimed.hu\/index.php\/wp-json\/wp\/v2\/media\/192"}],"wp:attachment":[{"href":"https:\/\/coordimed.hu\/index.php\/wp-json\/wp\/v2\/media?parent=8766"}],"curies":[{"name":"wp","href":"https:\/\/api.w.org\/{rel}","templated":true}]}}