{"id":8339,"date":"2025-06-17T16:46:20","date_gmt":"2025-06-17T14:46:20","guid":{"rendered":"https:\/\/coordimed.hu\/?page_id=8339"},"modified":"2025-06-30T15:13:10","modified_gmt":"2025-06-30T13:13:10","slug":"altalanos-szerzodesi-feltetelek","status":"publish","type":"page","link":"https:\/\/coordimed.hu\/index.php\/altalanos-szerzodesi-feltetelek\/","title":{"rendered":"\u00c1ltal\u00e1nos szerz\u0151d\u00e9si felt\u00e9telek"},"content":{"rendered":"\t\t<div data-elementor-type=\"wp-page\" data-elementor-id=\"8339\" class=\"elementor elementor-8339\" data-elementor-settings=\"{&quot;ha_cmc_init_switcher&quot;:&quot;no&quot;}\" data-elementor-post-type=\"page\">\n\t\t\t\t<div class=\"elementor-element elementor-element-693517b e-flex e-con-boxed e-con e-parent\" data-id=\"693517b\" data-element_type=\"container\" data-e-type=\"container\" data-settings=\"{&quot;_ha_eqh_enable&quot;:false}\">\n\t\t\t\t\t<div class=\"e-con-inner\">\n\t\t\t\t<div class=\"elementor-element elementor-element-4c7a394 elementor-widget elementor-widget-text-editor\" data-id=\"4c7a394\" data-element_type=\"widget\" data-e-type=\"widget\" data-widget_type=\"text-editor.default\">\n\t\t\t\t\t\t\t\t\t<p><strong>\u00a0<\/strong><\/p><p><strong>Coordimed Rendel\u0151 Kft.<\/strong><\/p><p><strong>\u00c1ltal\u00e1nos Szerz\u0151d\u00e9si Felt\u00e9telek <\/strong>(a tov\u00e1bbiakban: \u201e<strong>\u00c1SZF<\/strong>\u201d)<\/p><h1>1.\u00a0\u00a0\u00a0\u00a0\u00a0\u00a0\u00a0\u00a0\u00a0 \u00c1ltal\u00e1nos szab\u00e1lyok<\/h1><p><strong>\u00a0<\/strong><\/p><p>Elt\u00e9r\u0151 \u00edr\u00e1sos meg\u00e1llapod\u00e1s, vagy a Szolg\u00e1ltat\u00f3 m\u00e1s, speci\u00e1lis \u00e1ltal\u00e1nos szerz\u0151d\u00e9si felt\u00e9telei elt\u00e9r\u0151 rendelkez\u00e9se hi\u00e1ny\u00e1ban jelen \u00c1ltal\u00e1nos Szerz\u0151d\u00e9si Felt\u00e9telek (\u00c1SZF) vonatkoznak a Coordimed Rendel\u0151 Kft., mint eg\u00e9szs\u00e9g\u00fcgyi szolg\u00e1ltat\u00f3 (a tov\u00e1bbiakban: \u201e<strong>Szolg\u00e1ltat\u00f3<\/strong>\u201d) \u00e1ltal tett aj\u00e1nlatra, a Szolg\u00e1ltat\u00f3 \u00e1ltal teljes\u00edtett szolg\u00e1ltat\u00e1sokra, valamint minden, a Szolg\u00e1ltat\u00f3 \u00e1ltal k\u00f6t\u00f6tt szerz\u0151d\u00e9sre, meg\u00e1llapod\u00e1sra.<\/p><h1>2.\u00a0\u00a0\u00a0\u00a0 Alapvet\u0151 fogalmak<\/h1><p><strong>\u00a0<\/strong><\/p><p>Az \u00c1SZF-ben haszn\u00e1lt fogalmak \u00e9rtelmez\u00e9se sor\u00e1n az eg\u00e9szs\u00e9g\u00fcgyr\u0151l sz\u00f3l\u00f3 1997. \u00e9vi CLIV. t\u00f6rv\u00e9ny (\u201e<strong>E\u00fctv<\/strong>.\u201d) rendelkez\u00e9sei az ir\u00e1nyad\u00f3ak.<\/p><p><strong>Megrendel\u0151: <\/strong>a P\u00e1ciens vagy a P\u00e1ciens r\u00e9sz\u00e9re a szolg\u00e1ltat\u00e1st megrendel\u0151 hozz\u00e1tartoz\u00f3\/harmadik szem\u00e9ly.<\/p><p><strong>Beteg\/P\u00e1ciens: <\/strong>az eg\u00e9szs\u00e9g\u00fcgyi ell\u00e1t\u00e1st ig\u00e9nybe vev\u0151, vagy abban r\u00e9szes\u00fcl\u0151 szem\u00e9ly [E\u00fctv. 3. \u00a7 a)<\/p><p>pontja].<\/p><p><strong>Szolg\u00e1ltat\u00f3: <\/strong>a Coordimed Rendel\u0151 Kft. (sz\u00e9khelye \u00e9s levelez\u00e9si c\u00edme: 1122 Budapest, Ga\u00e1l J\u00f3zsef \u00fat 38. 1\/5, c\u00e9gjegyz\u00e9ksz\u00e1ma: 01-09-40177\/B, ad\u00f3sz\u00e1ma: 32016080-2-43), amely rendelkezik az eg\u00e9szs\u00e9g\u00fcgyi \u00e1llamigazgat\u00e1si szerv \u00e1ltal kiadott m\u0171k\u00f6d\u00e9si enged\u00e9llyel [E\u00fctv. 3. \u00a7 f) pontja].<\/p><p>A Megrendel\u0151 tudom\u00e1sul veszi, hogy Szolg\u00e1ltat\u00f3 jogosult a szolg\u00e1ltat\u00e1s teljes\u00edt\u00e9se sor\u00e1n k\u00f6zrem\u0171k\u00f6d\u0151t ig\u00e9nybe venni, akinek szolg\u00e1ltat\u00e1sait a Megrendel\u0151 r\u00e9sz\u00e9re k\u00f6zvet\u00edti\/k\u00f6zvet\u00edtheti, k\u00f6zvet\u00edtett szolg\u00e1ltat\u00e1sk\u00e9nt.<\/p><h1>3.\u00a0\u00a0\u00a0\u00a0 A Szolg\u00e1ltat\u00f3 \u00e9s a Beteg\/P\u00e1ciens k\u00f6z\u00f6tti jogviszony tartalma<\/h1><p><strong>\u00a0<\/strong><\/p><ul><li>A Szolg\u00e1ltat\u00f3 a P\u00e1ciens r\u00e9sz\u00e9re a hat\u00e1lyos jogszab\u00e1lyok, szakmai protokollok \u00e9s el\u0151\u00edr\u00e1sok betart\u00e1sa, tov\u00e1bb\u00e1 jelen \u00c1SZF szerinti felt\u00e9telek alapj\u00e1n ny\u00fajt eg\u00e9szs\u00e9g\u00fcgyi szolg\u00e1ltat\u00e1sokat. A Felek a P\u00e1ciens \u00e1ltal v\u00e1lasztott szolg\u00e1ltat\u00e1s(ok) tartalm\u00e1t jelen \u00c1SZF \u00e9s az adott szolg\u00e1ltat\u00e1sra esetlegesen kiadott k\u00fcl\u00f6n\u00f6s szab\u00e1lyok (kieg\u00e9sz\u00edt\u0151 \u00e1ltal\u00e1nos szerz\u0151d\u00e9si felt\u00e9t\u00e9telek) felt\u00e9telei alapj\u00e1n hat\u00e1rozz\u00e1k<\/li><li>Amennyiben egy\u00e9b &#8211; a Felek k\u00f6z\u00f6tt l\u00e9trej\u00f6tt szerz\u0151d\u00e9s m\u00e1st nem tartalmaz &#8211; vagy a Megrendel\u0151 \u00e1ltal megrendelt szolg\u00e1ltat\u00e1s jelleg\u00e9b\u0151l m\u00e1s nem k\u00f6vetkezik, a Felek k\u00f6z\u00f6tti jogviszony hat\u00e1rozatlan id\u0151re j\u00f6n l\u00e9tre, amely id\u0151tartam alatt a k\u00fcl\u00f6nb\u00f6z\u0151 szolg\u00e1ltat\u00e1sok megrendel\u00e9s\u00e9re, teljes\u00edt\u00e9s\u00e9re a jelen szerz\u0151d\u00e9ses felt\u00e9telek szerint ker\u00fcl<\/li><li>A Megrendel\u0151 a szolg\u00e1ltat\u00e1st \u2013 a szolg\u00e1ltat\u00e1s jelleg\u00e9t\u0151l f\u00fcgg\u0151en \u2013 online, telefonos vagy a Szolg\u00e1ltat\u00f3 \u00fcgyf\u00e9lszolg\u00e1lat\u00e1n szem\u00e9lyes id\u0151pont-foglal\u00e1ssal \u00e9s\/vagy az elektronikus szolg\u00e1ltat\u00e1s megrendel\u0151 kit\u00f6lt\u00e9s\u00e9vel rendeli meg \u00e9s a megrendelt szolg\u00e1ltat\u00e1sra vonatkoz\u00f3 jogi \u00e9s eg\u00e9szs\u00e9g\u00fcgyi dokument\u00e1ci\u00f3, t\u00e1j\u00e9koztat\u00f3 anyagok elektronikus \u00faton t\u00f6rt\u00e9n\u0151 elfogad\u00e1s\u00e1val tesz eleget az \u00e1ltal\u00e1nos szerz\u0151d\u00e9si felt\u00e9telek elfogad\u00e1s\u00e1ra vonatkoz\u00f3 felt\u00e9telnek.<\/li><\/ul><ul><li>A ki\u00e1ll\u00edtott sz\u00e1mla kifizet\u00e9s\u00e9vel a Szolg\u00e1ltat\u00f3 a szolg\u00e1ltat\u00e1s teljes\u00edt\u00e9s\u00e9t a Megrendel\u0151 r\u00e9sz\u00e9r\u0151l<\/li><\/ul><p>elfogadottnak tekinti.<\/p><ul><li>A szolg\u00e1ltat\u00e1sra ir\u00e1nyul\u00f3 jogviszonyt b\u00e1rmelyik f\u00e9l 30 napos felmond\u00e1si id\u0151 betart\u00e1s\u00e1val \u00edr\u00e1sban, indokol\u00e1s n\u00e9lk\u00fcl, b\u00e1rmikor felmondhatja (rendes felmond\u00e1s). A felmond\u00e1si id\u0151 a felmond\u00f3 nyilatkozat m\u00e1sik f\u00e9l \u00e1ltali k\u00e9zhezv\u00e9tel\u00e9t k\u00f6vet\u0151 napon veszi kezdet\u00e9t, \u00e1tv\u00e9tel hi\u00e1ny\u00e1ban a k\u00e9zbes\u00edt\u00e9st k\u00f6vet\u0151 \u00f6t\u00f6dik (5.) munkanapon. A Beteg\/P\u00e1ciens tudom\u00e1sul veszi, hogy a felmond\u00e1sa eset\u00e9n, a felmond\u00e1s id\u0151pontj\u00e1ig elv\u00e9gzett szolg\u00e1ltat\u00e1sok ar\u00e1nyos d\u00edj\u00e1t (az \u00f6sszes k\u00f6r\u00fclm\u00e9ny m\u00e9rlegel\u00e9se alapj\u00e1n) k\u00f6teles a Szolg\u00e1ltat\u00f3nak megt\u00e9r\u00edteni.<\/li><li>S\u00falyos szerz\u0151d\u00e9sszeg\u00e9s eset\u00e9n mindk\u00e9t f\u00e9l jogosult a jelen szerz\u0151d\u00e9s azonnali hat\u00e1ly\u00fa felmond\u00e1s\u00e1ra (rendk\u00edv\u00fcli felmond\u00e1s). B\u00e1rmelyik f\u00e9l \u2013 a m\u00e1sik f\u00e9l s\u00falyos szerz\u0151d\u00e9sszeg\u00e9se eset\u00e9n \u2013 hat\u00e1rid\u0151 megjel\u00f6l\u00e9s\u00e9vel k\u00f6teles \u00edr\u00e1sban felsz\u00f3l\u00edtani a m\u00e1sik felet a szerz\u0151d\u00e9sszeg\u0151 magatart\u00e1s megsz\u00fcntet\u00e9s\u00e9re, illetve a k\u00f6telezetts\u00e9g teljes\u00edt\u00e9s\u00e9re. Amennyiben a felsz\u00f3l\u00edt\u00e1sban meghat\u00e1rozott hat\u00e1rid\u0151 eredm\u00e9nytelen\u00fcl telt el, a m\u00e1sik f\u00e9l jogosult a jelen szerz\u0151d\u00e9s azonnali hat\u00e1llyal t\u00f6rt\u00e9n\u0151 felmond\u00e1s\u00e1ra. Rendk\u00edv\u00fcli felmond\u00e1si jogukat a felek kiz\u00e1r\u00f3lag a m\u00e1sik f\u00e9lhez int\u00e9zett \u00edr\u00e1sbeli nyilatkozattal gyakorolhatj\u00e1k. A szerz\u0151d\u00e9s a felmond\u00f3 nyilatkozat m\u00e1sik f\u00e9l \u00e1ltali k\u00e9zhezv\u00e9tel\u00e9nek napj\u00e1n sz\u0171nik meg. Amennyiben a szerz\u0151d\u00e9sszeg\u0151 magatart\u00e1s megsz\u00fcntet\u00e9s\u00e9re ir\u00e1nyul\u00f3 felsz\u00f3l\u00edt\u00e1s olyan k\u00f6telezetts\u00e9g teljes\u00edt\u00e9s\u00e9re ir\u00e1nyul, amely csak bizonyos id\u0151pontban vagy id\u0151szakban teljes\u00edthet\u0151 eredm\u00e9nyesen, az \u00edr\u00e1sbeli felsz\u00f3l\u00edt\u00e1s mell\u0151zhet\u0151, illetve Felek az e-mail-ben megtett felsz\u00f3l\u00edt\u00e1st jogszer\u0171nek fogadj\u00e1k<\/li><li>A Beteg\/P\u00e1ciens azonnali hat\u00e1llyal jogosult az ell\u00e1t\u00e1si jogviszonyt felmondani k\u00fcl\u00f6n\u00f6sen, de nem kiz\u00e1r\u00f3lagosan: ha a Szolg\u00e1ltat\u00f3 a szolg\u00e1ltat\u00e1s ny\u00fajt\u00e1sa sor\u00e1n ism\u00e9telten \u00e9s s\u00falyosan megszegi az ir\u00e1nyad\u00f3 szakmai \u00e9s\/vagy magatart\u00e1si szab\u00e1lyokat, tov\u00e1bb\u00e1 a szolg\u00e1ltat\u00e1si szerz\u0151d\u00e9s rendelkez\u00e9seit. Valamint err\u0151l \u00edr\u00e1sos panaszt is beny\u00fajt, ak\u00e1r k\u00e9zzel \u00edrt lev\u00e9l form\u00e1j\u00e1ban, ak\u00e1r online email \u00edr\u00e1s\u00e1val.<\/li><li>Azonnali hat\u00e1ly\u00fa felmond\u00e1si oknak min\u0151s\u00fcl a Szolg\u00e1ltat\u00f3 r\u00e9sz\u00e9r\u0151l, k\u00fcl\u00f6n\u00f6sen, de nem kiz\u00e1r\u00f3lagosan, ha a P\u00e1ciens a szolg\u00e1ltat\u00e1si szerz\u0151d\u00e9sben foglalt valamely adatszolg\u00e1ltat\u00e1si, t\u00e1j\u00e9koztat\u00e1si \u00e9s\/vagy fizet\u00e9si k\u00f6telezetts\u00e9g\u00e9nek nem vagy 15 napot meghalad\u00f3 k\u00e9sedelemmel tesz<\/li><\/ul><h1>3.9.\u00a0\u00a0\u00a0 Megrendel\u00e9s, lemond\u00e1s:<\/h1><p><strong>\u00a0<\/strong><\/p><p>A P\u00e1ciensnek a k\u00fcl\u00f6nb\u00f6z\u0151 vizsg\u00e1latok, szolg\u00e1ltat\u00e1sok ig\u00e9nybev\u00e9tel\u00e9hez esetenk\u00e9nt, el\u0151zetesen telefonon, vagy az online \u00fcgyf\u00e9lszolg\u00e1lati fel\u00fcleten elektronikus form\u00e1ban be kell jelentkeznie. Bejelentkez\u00e9skor meg kell adnia nev\u00e9t, c\u00edm\u00e9t, sz\u00fclet\u00e9si hely\u00e9t \u00e9s idej\u00e9t, anyja nev\u00e9t, e-mail c\u00edm\u00e9t, telefonsz\u00e1m\u00e1t, valamint ha rendelkezik vele akkor a TAJ sz\u00e1m\u00e1t.<\/p><p>Az id\u0151pontfoglal\u00e1s alkalm\u00e1val a Szolg\u00e1ltat\u00f3 t\u00e1j\u00e9koztat\u00e1st ad a Megrendel\u0151 r\u00e9sz\u00e9re az id\u0151pont foglal\u00e1s k\u00f6vetkezm\u00e9nyeir\u0151l (a vizsg\u00e1lati id\u0151pont lemond\u00e1s\u00e1nak szab\u00e1lyair\u00f3l).<\/p><p>Ennek \u00e9rtelm\u00e9ben, amennyiben a P\u00e1ciens az el\u0151re foglalt id\u0151pontot az ell\u00e1t\u00e1s tervezett id\u0151pontj\u00e1t legal\u00e1bb 1 munkanappal megel\u0151z\u0151en \u00edr\u00e1sban <a href=\"mailto:info@coordimed.hu\">info@coordimed.hu<\/a>), vagy Szolg\u00e1ltat\u00f3 \u00fcgyf\u00e9lszolg\u00e1latain (online illetve telefonon) nem mondja le Szolg\u00e1ltat\u00f3 27.000,- Ft, azaz huszonh\u00e9tezer Forint rendelkez\u00e9sre \u00e1ll\u00e1si d\u00edjat jogosult ig\u00e9nyelni \u00e9s kisz\u00e1ml\u00e1zni a Megrendel\u0151 r\u00e9sz\u00e9re, amely \u00f6sszeget a Megrendel\u0151 k\u00f6teles k\u00e9szp\u00e9nzben, vagy \u00e1tutal\u00e1ssal megfizetni a levelez\u00e9si c\u00edm\u00e9re kik\u00fcld\u00f6tt d\u00edjbek\u00e9r\u0151 k\u00e9zhezv\u00e9tel\u00e9t\u0151l sz\u00e1m\u00edtott 2 napon bel\u00fcl.<\/p><p>Telefonos vagy szem\u00e9lyes id\u0151pont egyeztet\u00e9s kiz\u00e1r\u00f3lag nyitvatart\u00e1si id\u0151ben lehets\u00e9ges.<\/p><p>Az id\u0151pont-foglal\u00e1s a Szolg\u00e1ltat\u00f3 sz\u00f3beli, vagy \u00edr\u00e1sbeli visszaigazol\u00e1s\u00e1val v\u00e1lik \u00e9rv\u00e9nyess\u00e9.<\/p><p>A szolg\u00e1ltat\u00e1si szerz\u0151d\u00e9s al\u00e1\u00edr\u00e1s\u00e1nak a hi\u00e1ny\u00e1ban is \u00e9rv\u00e9nyes megrendel\u00e9snek min\u0151s\u00fcl a Megrendel\u0151 r\u00e9sz\u00e9r\u0151l minden olyan sz\u00f3beli, vagy \u00edr\u00e1sbeli nyilatkozat, amely arra ir\u00e1nyul, hogy a Szolg\u00e1ltat\u00f3 eg\u00e9szs\u00e9g\u00fcgyi szolg\u00e1ltat\u00e1st ny\u00fajtson a P\u00e1ciens r\u00e9sz\u00e9re.<\/p><p>Ennek megfelel\u0151en a Megrendel\u0151 r\u00e9sz\u00e9r\u0151l megrendel\u00e9snek min\u0151s\u00fcl t\u00f6bbek k\u00f6z\u00f6tt:<\/p><ul><li>telefonon, a Szolg\u00e1ltat\u00f3 \u00fcgyf\u00e9lszolg\u00e1lat\u00e1n, online az informatikai rendszer\u00e9n kereszt\u00fcl vagy \u00edr\u00e1sban\/e-mail \u00fatj\u00e1n t\u00f6rt\u00e9n\u0151 id\u0151pontfoglal\u00e1s meghat\u00e1rozott eg\u00e9szs\u00e9g\u00fcgyi szolg\u00e1ltat\u00e1sra vonatkoz\u00f3an<\/li><li>az eg\u00e9szs\u00e9g\u00fcgyi szolg\u00e1ltat\u00e1s t\u00e9nyleges ig\u00e9nybev\u00e9tele,<\/li><li>az eg\u00e9szs\u00e9g\u00fcgyi szolg\u00e1ltat\u00e1s vonatkoz\u00e1s\u00e1ban el\u0151leg fizet\u00e9se a Szolg\u00e1ltat\u00f3 r\u00e9sz\u00e9re.<\/li><\/ul><p>A Szolg\u00e1ltat\u00f3 az \u00edr\u00e1sos vagy sz\u00f3beli kapcsolattart\u00e1s sor\u00e1n megjel\u00f6lt hat\u00e1rid\u0151ket \u00e9s a megrendelt vizsg\u00e1lat elv\u00e9gz\u00e9s\u00e9t csak abban az esetben v\u00e1llalja, ha:<\/p><ul><li>a P\u00e1ciens eg\u00e9szs\u00e9g\u00fcgyi \u00e1llapota lehet\u0151v\u00e9 teszi a vizsg\u00e1lat vagy beavatkoz\u00e1s elv\u00e9gz\u00e9s\u00e9t<\/li><li>a megadott id\u0151pontban a P\u00e1ciens a vizsg\u00e1laton megjelenik \u00e9s a vizsg\u00e1lat elv\u00e9gz\u00e9s\u00e9hez hozz\u00e1j\u00e1rul<\/li><li>pontosan betartja az adott vizsg\u00e1lat el\u0151k\u00e9sz\u00edt\u00e9s\u00e9hez \u00e9s elv\u00e9gz\u00e9s\u00e9hez sz\u00fcks\u00e9ges -az \u00edr\u00e1sos vizsg\u00e1lati t\u00e1j\u00e9koztat\u00f3ban foglalt &#8211; el\u0151\u00edr\u00e1sokat.<\/li><\/ul><p>A Szolg\u00e1ltat\u00e1si szerz\u0151d\u00e9s elektronikus \u00faton t\u00f6rt\u00e9n\u0151 elfogad\u00e1s\u00e1val szerz\u0151d\u0151 felek kifejezetten meg\u00e1llapodnak abban, hogy a megrendelt szolg\u00e1ltat\u00e1s(ok) teljes\u00edt\u00e9s\u00e9hez a Szolg\u00e1ltat\u00f3 k\u00f6zrem\u0171k\u00f6d\u0151ket is ig\u00e9nybe vehet, akiknek tev\u00e9kenys\u00e9g\u00e9\u00e9rt \u00fagy felel, mintha a k\u00f6zrem\u0171k\u00f6d\u0151ire b\u00edzott tev\u00e9kenys\u00e9get saj\u00e1t maga l\u00e1tta volna el. A Szolg\u00e1ltat\u00f3 ezen \u00e1ltala megv\u00e1s\u00e1rolt szolg\u00e1ltat\u00e1sokat r\u00e9szben vagy eg\u00e9szben is \u00e9rt\u00e9kes\u00edtheti v\u00e1ltozatlan form\u00e1ban, illetve tartalommal a P\u00e1ciens r\u00e9sz\u00e9re, amely szolg\u00e1ltat\u00e1sok \u00e9rt\u00e9kes\u00edt\u00e9se \u2013 a Szolg\u00e1ltat\u00f3 d\u00f6nt\u00e9s\u00e9t\u0151l f\u00fcgg\u0151en &#8211; t\u00f6rt\u00e9nhet v\u00e1ltozatlan (azaz beszerz\u00e9si) \u00e1ron, vagy saj\u00e1t d\u00edjszab\u00e1sa alapj\u00e1n, m\u00f3dosult \u2013 n\u00f6velt, vagy cs\u00f6kkentett &#8211; \u00e1ron (k\u00f6zvet\u00edtett szolg\u00e1ltat\u00e1s).<\/p><ul><li>Szakorvosi \u00e9s diagnosztikus vizsg\u00e1latok, beavatkoz\u00e1sok megszervez\u00e9se:<\/li><\/ul><ul><li>A P\u00e1ciens a vizsg\u00e1lati id\u0151pont lefoglal\u00e1s\u00e1val \u00e9s\/vagy az elektronikus megrendel\u00e9s v\u00e9gleges\u00edt\u00e9s\u00e9vel tan\u00fas\u00edtja, hogy megkapta a sz\u00fcks\u00e9ges t\u00e1j\u00e9koztat\u00e1st a diagnosztikai vagy szakorvosi vizsg\u00e1latokr\u00f3l\/beavatkoz\u00e1sokr\u00f3l, amelyet meg\u00e9rtett \u00e9s valamennyi fogalmat \u00e9s k\u00e9rd\u00e9st megnyugtat\u00f3an, az E\u00fctv. el\u0151\u00edr\u00e1saival \u00f6sszhangban, tiszt\u00e1ztak.<\/li><li>A Szolg\u00e1ltat\u00f3 a megrendel\u00e9snek megfelel\u0151 szolg\u00e1ltat\u00e1s szervez\u00e9si tev\u00e9kenys\u00e9g\u00e9nek a megkezd\u00e9s\u00e9re a vonatkoz\u00f3 megb\u00edz\u00e1si d\u00edj befizet\u00e9s\u00e9t k\u00f6vet\u0151 munkanapon k\u00f6telezett. A konkr\u00e9t diagnosztikai, szakorvosi vizsg\u00e1latok, beavatkoz\u00e1sok megnevez\u00e9s\u00e9t \u00e9s a vonatkoz\u00f3 d\u00edjt\u00e9teleket a megrendel\u00e9s id\u0151pontj\u00e1ban hat\u00e1lyos d\u00edjszab\u00e1s tartalmazza.<\/li><li>A vizsg\u00e1lati megrendel\u0151 alapj\u00e1n a Szolg\u00e1ltat\u00f3 k\u00f6teles a P\u00e1ciens sz\u00e1m\u00e1ra megszervezni a vizsg\u00e1lati id\u0151ponto(ka)t. A vizsg\u00e1lati id\u0151pontokr\u00f3l a Szolg\u00e1ltat\u00f3 telefonon, vagy elektronikusan (online \u00fcgyf\u00e9lszolg\u00e1lat, e-mail) t\u00e1j\u00e9koztatja a P\u00e1cienst.<\/li><li>P\u00e1ciens el\u0151tt ismeretes, hogy a Szolg\u00e1ltat\u00f3 a megb\u00edz\u00e1s ell\u00e1t\u00e1s\u00e1hoz jogosult k\u00f6zrem\u0171k\u00f6d\u0151ket (m\u00e1s eg\u00e9szs\u00e9g\u00fcgyi szolg\u00e1ltat\u00f3kat, szak\u00e9rt\u0151ket) ig\u00e9nybe venni, amelyhez a P\u00e1ciens kifejezett hozz\u00e1j\u00e1rul\u00e1s\u00e1t adja. A megb\u00edz\u00e1s tartama alatt a Szolg\u00e1ltat\u00f3 a P\u00e1cienssel egy\u00fcttm\u0171k\u00f6dve j\u00e1r el \u00e9s k\u00f6telezetts\u00e9geinek hat\u00e1rid\u0151re eleget<\/li><li>A Szolg\u00e1ltat\u00f3 ilyen esetekben a sz\u00fcks\u00e9ges vizsg\u00e1latokat, mint k\u00f6zvet\u00edtett szolg\u00e1ltat\u00e1sokat ny\u00fajtja a vele szerz\u0151d\u00f6tt k\u00f6zrem\u0171k\u00f6d\u0151k bevon\u00e1s\u00e1val. A Szolg\u00e1ltat\u00f3 kijelenti, hogy valamennyi sz\u00fcks\u00e9ges diagnosztikai vizsg\u00e1latra szerz\u0151d\u00e9st k\u00f6t\u00f6tt. A k\u00f6zvet\u00edtett szolg\u00e1ltat\u00e1sok felt\u00e9telrendszere a Szolg\u00e1ltat\u00f3 \u00e1ltal k\u00f6t\u00f6tt meg\u00e1llapod\u00e1sokra alapozott, amelyet a P\u00e1ciens jogosult megismerni a Szolg\u00e1ltat\u00f3 k\u00fcl\u00f6nb\u00f6z\u0151 dokument\u00e1ci\u00f3ib\u00f3l, t\u00e1j\u00e9koztat\u00f3ib\u00f3l, illetve a k\u00f6zvet\u00edtett szolg\u00e1ltat\u00e1st v\u00e9gz\u0151 k\u00f6zrem\u0171k\u00f6d\u0151k \u00e1ltal rendelkez\u00e9sre bocs\u00e1tott iratokb\u00f3l<em>.<\/em><\/li><li>A Szolg\u00e1ltat\u00f3 kiz\u00e1r\u00f3lag felr\u00f3hat\u00f3 magatart\u00e1s\u00e1\u00e9rt felel. Nem min\u0151s\u00fcl a Szolg\u00e1ltat\u00f3 felr\u00f3hat\u00f3 k\u00e9sedelm\u00e9nek, ha a vizsg\u00e1latot v\u00e9gz\u0151 diagnosztikai eszk\u00f6z\u00f6k \u00e9s m\u0171szerek meghib\u00e1sodnak, \u00e9s az adott vizsg\u00e1lat emiatt szenved k\u00e9sedelmet.<\/li><\/ul><ul><li>Felel\u0151ss\u00e9g kiz\u00e1r\u00e1si klauzul\u00e1k<\/li><\/ul><p>A felel\u0151ss\u00e9g k\u00e9rd\u00e9s\u00e9ben speci\u00e1lis esetnek tekintend\u0151ek a k\u00fcl\u00f6nb\u00f6z\u0151 mintav\u00e9teli elj\u00e1r\u00e1sok.<\/p><p>A Szolg\u00e1ltat\u00f3 kiz\u00e1rja felel\u0151ss\u00e9g\u00e9t, ha:<\/p><ul><li>a mintav\u00e9tel sor\u00e1n a levett minta nem tartalmaz a tov\u00e1bbi vizsg\u00e1lathoz elegend\u0151 sz\u00e1m\u00fa sejtet \u00e9s ez\u00e9rt a mintav\u00e9telt meg kell ism\u00e9telni;<\/li><li>a minta alkalmatlan a diagnosztikai vizsg\u00e1lat v\u00e9gz\u00e9s\u00e9re.<\/li><\/ul><ul><li>Az \u00e1ltal\u00e1nos szab\u00e1lyokt\u00f3l elt\u00e9r\u00e9st jelent, ha a mintav\u00e9telt nem a Szolg\u00e1ltat\u00f3 szervezte, ebben az esetben a pathol\u00f3giai vizsg\u00e1latok kapcs\u00e1n v\u00e1llalt hat\u00e1rid\u0151 a sz\u00f6vetminta be\u00e9rkez\u00e9s\u00e9t\u0151l sz\u00e1m\u00edt, vagyis a sz\u00f6vetmint\u00e1nak az azt \u0151rz\u0151 eg\u00e9szs\u00e9g\u00fcgyi szolg\u00e1ltat\u00f3 \u00e1ltal t\u00f6rt\u00e9n\u0151 kiad\u00e1s\u00e1\u00e9rt, illetve ezen folyamat id\u0151ig\u00e9ny\u00e9\u00e9rt a Szolg\u00e1ltat\u00f3 felel\u0151ss\u00e9get nem v\u00e1llal.<\/li><\/ul><h1>4.\u00a0\u00a0\u00a0\u00a0 Az eg\u00e9szs\u00e9g\u00fcgyi szolg\u00e1ltat\u00e1s<\/h1><p><strong>\u00a0<\/strong><\/p><p>Szolg\u00e1ltat\u00f3 a jelen szerz\u0151d\u00e9s hat\u00e1lya alatt \u2013 szolg\u00e1ltat\u00e1si d\u00edjaz\u00e1s ellen\u00e9ben &#8211; az al\u00e1bbi szolg\u00e1ltat\u00e1sokat ny\u00fajtja a P\u00e1ciens r\u00e9sz\u00e9re:<\/p><ul><li>Eg\u00e9szs\u00e9g\u00fcgyi panasz felmer\u00fcl\u00e9se eset\u00e9n a P\u00e1ciens el\u0151zetesen egyeztetett id\u0151pontban, nyitvatart\u00e1si id\u0151ben ig\u00e9nybe veheti a Szolg\u00e1ltat\u00f3 mindenkori szakrendel\u00e9seit \u00e9s szolg\u00e1ltat\u00e1sait a Szolg\u00e1ltat\u00f3 mindenkori d\u00edjszab\u00e1sa szerint.<\/li><li>A P\u00e1ciens el\u0151zetesen egyeztetett id\u0151pontban, nyitvatart\u00e1si id\u0151ben ig\u00e9nybe veheti a k\u00e9palkot\u00f3 \u00e9s egy\u00e9b, a panaszainak a kivizsg\u00e1l\u00e1s\u00e1hoz sz\u00fcks\u00e9ges diagnosztikai elj\u00e1r\u00e1sokat.<\/li><li>A P\u00e1ciens ig\u00e9nybe veheti a Szolg\u00e1ltat\u00f3 \u00fagynevezett betegt\u00e1mogat\u00f3 orvosi szolg\u00e1ltat\u00e1s\u00e1t, amelynek keretein bel\u00fcl a Szolg\u00e1ltat\u00f3 orvosai\/szak\u00e9rt\u0151i a P\u00e1ciens probl\u00e9m\u00e1j\u00e1t r\u00f6vid id\u0151n bel\u00fcl &#8211; a sz\u00fcks\u00e9ges szakmai\/szakorvosi egyeztet\u00e9sekkel valamint a szakorvosi, diagnosztikai vizsg\u00e1latok megszervez\u00e9s\u00e9vel \u2013 igyekeznek megoldani, nyomon k\u00f6vetik a P\u00e1ciens \u00e1llapot\u00e1t \u00e9s k\u00e9r\u00e9sre r\u00e9szletes t\u00e1j\u00e9koztat\u00e1st, magyar\u00e1zatot, valamint \u00f6sszefoglal\u00f3 dokument\u00e1ci\u00f3t biztos\u00edtanak r\u00e9sz\u00e9re telefonon vagy online.<\/li><\/ul><ul><li>Adminisztr\u00e1ci\u00f3s szolg\u00e1ltat\u00e1st biztos\u00edt eg\u00e9szs\u00e9gbiztos\u00edt\u00f3kkal kapcsolatos \u00fcgyint\u00e9z\u00e9s, sz\u00e1ml\u00e1z\u00e1s eset\u00e9ben.<\/li><\/ul><h1>A szolg\u00e1ltat\u00e1s ig\u00e9nybev\u00e9tele sor\u00e1n Felek k\u00f6telesek egy\u00fcttm\u0171k\u00f6dni [E\u00fctv. 2. \u00a7 \u00e9s II.<\/h1><p><strong>Fejezete]<\/strong><\/p><p><strong>\u00a0<\/strong><\/p><p>Ezen egy\u00fcttm\u0171k\u00f6d\u00e9si k\u00f6telezetts\u00e9g teljes\u00edt\u00e9se k\u00f6r\u00e9ben a P\u00e1ciens t\u00e1j\u00e9koztatja a Szolg\u00e1ltat\u00f3t, illet\u0151leg Szolg\u00e1ltat\u00f3 orvos\u00e1t mindazon k\u00f6r\u00fclm\u00e9nyr\u0151l, t\u00e9nyr\u0151l, (\u00edgy k\u00fcl\u00f6n\u00f6sen minden kor\u00e1bbi betegs\u00e9g\u00e9r\u0151l, gy\u00f3gykezel\u00e9s\u00e9r\u0151l, gy\u00f3gyszer vagy gy\u00f3gyhat\u00e1s\u00fa k\u00e9sz\u00edtm\u00e9ny szed\u00e9s\u00e9r\u0151l, eg\u00e9szs\u00e9gk\u00e1ros\u00edt\u00f3 kock\u00e1zati t\u00e9nyez\u0151ir\u0151l) amely a k\u00f3risme meg\u00e1llap\u00edt\u00e1s\u00e1hoz, a megfelel\u0151 kezel\u00e9si terv el\u0151k\u00e9sz\u00edt\u00e9s\u00e9hez \u00e9s a vizsg\u00e1latok elv\u00e9gz\u00e9s\u00e9hez sz\u00fcks\u00e9ges.<\/p><p>Amennyiben a P\u00e1ciens a fenti t\u00e1j\u00e9koztat\u00e1si k\u00f6telezetts\u00e9g\u00e9nek nem tesz eleget, vagy csak r\u00e9szben tesz eleget, \u00fagy az ennek elmarad\u00e1s\u00e1b\u00f3l ered\u0151 k\u00f6vetkezm\u00e9nyek\u00e9rt Szolg\u00e1ltat\u00f3t sem szakmai, sem anyagi felel\u0151ss\u00e9g nem terheli.<\/p><p>Szolg\u00e1ltat\u00f3 kiz\u00e1r\u00f3lag azokkal a szolg\u00e1ltat\u00e1saival kapcsolatban v\u00e1llal felel\u0151ss\u00e9get, amelyekhez a P\u00e1ciens elegend\u0151 adatot\/inform\u00e1ci\u00f3t \u00e9s dokument\u00e1ci\u00f3t biztos\u00edtott.<\/p><p>A Szolg\u00e1ltat\u00f3 a szolg\u00e1ltat\u00e1sait munkav\u00e1llal\u00f3i, k\u00f6zrem\u0171k\u00f6d\u0151i, valamint szerz\u0151d\u00f6tt partnerei ig\u00e9nybev\u00e9tel\u00e9vel ny\u00fajtja a Szolg\u00e1ltat\u00f3 vagy szerz\u0151d\u00f6tt partnereinek a telephelyein azzal, hogy szolg\u00e1ltat\u00e1sa biztos\u00edt\u00e1sa sor\u00e1n k\u00fcls\u0151 int\u00e9zm\u00e9nyek szolg\u00e1ltat\u00e1sait is ig\u00e9nybe veheti.<\/p><h1>Az eg\u00e9szs\u00e9g\u00fcgyi szolg\u00e1ltat\u00e1s ig\u00e9nybev\u00e9tel\u00e9nek a menete<\/h1><p><strong>\u00a0<\/strong><\/p><ul><li>A szolg\u00e1ltat\u00e1sok egy r\u00e9sz\u00e9nek az ig\u00e9nybev\u00e9tele azok jelleg\u00e9t\u0151l f\u00fcgg\u0151en el\u0151zetes bejelentkez\u00e9st \u00e9s\/vagy egyeztet\u00e9st ig\u00e9nyel, amely kiz\u00e1r\u00f3lag nyitvatart\u00e1si id\u0151ben lehets\u00e9ges h\u00e9tf\u0151t\u0151l-p\u00e9ntekig 8-20 \u00f3ra k\u00f6z\u00f6tt a telefonos \u00fcgyf\u00e9lszolg\u00e1laton kereszt\u00fcl-<\/li><li>A Szolg\u00e1ltat\u00f3 a regisztr\u00e1ci\u00f3t, megrendel\u00e9st \u00e9s a megfelel\u0151 adatr\u00f6gz\u00edt\u00e9st, adategyeztet\u00e9st k\u00f6vet\u0151en ny\u00fajtja az ig\u00e9nyelt eg\u00e9szs\u00e9g\u00fcgyi szolg\u00e1ltat\u00e1st.<\/li><li>A P\u00e1ciens az online Megrendel\u00e9si adatlap kit\u00f6lt\u00e9s\u00e9vel \u00e9s elfogad\u00e1s\u00e1val elismeri, hogy a jelen szerz\u0151d\u00e9si felt\u00e9teleket elfogadta \u00e9s mag\u00e1ra n\u00e9zve k\u00f6telez\u0151nek tartja.<\/li><\/ul><h1>5.\u00a0\u00a0\u00a0\u00a0 A szolg\u00e1ltat\u00e1s ellen\u00e9rt\u00e9ke<\/h1><p><strong>\u00a0<\/strong><\/p><ul><li>P\u00e1ciens a jelen szab\u00e1lyzat alapj\u00e1n l\u00e9trej\u00f6tt jogviszony hat\u00e1lya alatt esetenk\u00e9nt ig\u00e9nybevett szolg\u00e1ltat\u00e1sok\u00e9rt Szolg\u00e1ltat\u00f3 r\u00e9sz\u00e9re d\u00edjat k\u00f6teles Az eg\u00e9szs\u00e9g\u00fcgyi szolg\u00e1ltat\u00e1sok mindenkori szolg\u00e1ltat\u00e1si d\u00edjai a Szolg\u00e1ltat\u00f3 online \u00fcgyf\u00e9lszolg\u00e1lati, informatikai rendszer\u00e9ben, valamint a Szolg\u00e1ltat\u00f3 telephelyein ismerhet\u0151ek meg, illetve Szolg\u00e1ltat\u00f3 szem\u00e9lyesen, \u00edr\u00e1sban \u00e9s\/vagy telefonon is t\u00e1j\u00e9koztat\u00e1st biztos\u00edt az \u00e9rdekl\u0151d\u0151k r\u00e9sz\u00e9re.<\/li><li>A Megrendel\u0151 a szolg\u00e1ltat\u00e1s ellen\u00e9rt\u00e9k\u00e9t k\u00e9szp\u00e9nzzel, bankk\u00e1rty\u00e1val, banki \u00e1tutal\u00e1ssal, illetve bizonyos esetekben eg\u00e9szs\u00e9gp\u00e9nzt\u00e1ri, vagy eg\u00e9szs\u00e9gbiztos\u00edt\u00e1si fedezettel egyenl\u00edtheti ki.<\/li><\/ul><h1>5.3\u00a0\u00a0 A megrendelt \u00e9s a Szolg\u00e1ltat\u00f3 \u00e1ltal elv\u00e9gzett diagnosztikus vizsg\u00e1latok d\u00edjai nem tartalmazz\u00e1k a vizsg\u00e1lati eredm\u00e9ny(ek) szakorvosi ki\u00e9rt\u00e9kel\u00e9s\u00e9nek a k\u00f6lts\u00e9geit, vagy a vizsg\u00e1lati eredm\u00e9ny(ek) elemz\u00e9s\u00e9hez, megbesz\u00e9l\u00e9s\u00e9hez sz\u00fcks\u00e9ges szakorvosi \u00edr\u00e1sbeli vagy konzult\u00e1ci\u00f3s d\u00edjakat.<\/h1><ul><li>A Megrendel\u0151 tudom\u00e1sul veszi, hogy a szolg\u00e1ltat\u00e1sok d\u00edja nem minden esetben ismert &#8211; (k\u00fcl\u00f6n\u00f6sen, de nem kiz\u00e1r\u00f3lag: a vizsg\u00e1lat sor\u00e1n fell\u00e9p\u0151, el\u0151re nem l\u00e1that\u00f3 sz\u00f6v\u0151dm\u00e9nyek megfelel\u0151 ell\u00e1t\u00e1sa miatt), vagy szakmai okok miatt kieg\u00e9sz\u00edt\u0151 vizsg\u00e1lat(ok), beavatkoz\u00e1s(ok) v\u00e9grehajt\u00e1sa v\u00e1lik sz\u00fcks\u00e9gess\u00e9.<\/li><\/ul><h1>A Megrendel\u0151 tudom\u00e1sul veszi \u00e9s k\u00f6telezetts\u00e9get v\u00e1llal mindazon szolg\u00e1ltat\u00e1si d\u00edjak ut\u00f3lagos megt\u00e9r\u00edt\u00e9s\u00e9re, amelyek:<\/h1><ul><li><strong>az orvosi vagy diagnosztikus vizsg\u00e1lat sor\u00e1n felt\u00e1rt t\u00e9nyez\u0151(k) miatt szakmai szempontok alapj\u00e1n ker\u00fclt(ek) elv\u00e9gz\u00e9sre<\/strong><\/li><\/ul><h1>&#8211;\u00a0\u00a0\u00a0 elv\u00e9gz\u00e9s\u00fck indokolt \u00e9s sz\u00fcks\u00e9ges a pontos diagn\u00f3zis fel\u00e1ll\u00edt\u00e1s\u00e1hoz (pl. mintav\u00e9tel, immunhisztok\u00e9miai vagy egy\u00e9b pathol\u00f3giai vizsg\u00e1latok stb)<\/h1><ul><li><strong>a vizsg\u00e1lat\/beavatkoz\u00e1s sor\u00e1n felmer\u00fcl\u0151 \u00faj k\u00f6r\u00fclm\u00e9ny, vagy sz\u00f6v\u0151dm\u00e9ny (pl. v\u00e9rz\u00e9s stb) miatt ker\u00fcl(nek) elv\u00e9gz\u00e9sre<\/strong><\/li><\/ul><p><strong>\u00a0<\/strong><\/p><h1>5.5\u00a0 A Szolg\u00e1ltat\u00f3 a megrendelt vizsg\u00e1lat (vagy beavatkoz\u00e1s) d\u00edj\u00e1nak a teljes megt\u00e9r\u00edt\u00e9s\u00e9re jogosult \u00e9s \u00edgy a Megrendel\u0151 k\u00f6telezetts\u00e9get v\u00e1llal a szolg\u00e1ltat\u00e1si d\u00edj 100%-os megt\u00e9r\u00edt\u00e9s\u00e9re abban az esetben is, ha a P\u00e1ciens:<\/h1><ul><li><strong>nem jelenik meg a vizsg\u00e1laton<\/strong><\/li><li>k\u00e9sik a vizsg\u00e1latr\u00f3l<\/li><li><strong>illetve a vizsg\u00e1latra val\u00f3 felk\u00e9sz\u00fcl\u00e9s sor\u00e1n nem tartja be az el\u0151zetes \u00edr\u00e1sos vizsg\u00e1lati t\u00e1j\u00e9koztat\u00f3ban foglaltakat \u00e9s b\u00e1rmely \u2013 az el\u0151z\u0151ekben felsorolt ok(ok)b\u00f3l a megrendelt vizsg\u00e1lat vagy beavatkoz\u00e1s nem v\u00e9gezhet\u0151 <\/strong><\/li><\/ul><p><strong>\u00a0<\/strong><\/p><p>A Megrendel\u0151 a jelen \u00c1ltal\u00e1nos Szerz\u0151d\u00e9si felt\u00e9telek elfogad\u00e1s\u00e1val felt\u00e9tlen \u00e9s visszavonhatatlan k\u00f6telezetts\u00e9get v\u00e1llal a Szolg\u00e1ltat\u00f3 \u00e1ltal elv\u00e9gzett eg\u00e9szs\u00e9g\u00fcgyi szolg\u00e1ltat\u00e1sok ellen\u00e9rt\u00e9k\u00e9nek teljes\u00edt\u00e9s\u00e9re. Amennyiben a szolg\u00e1ltat\u00e1s d\u00edj teljes\u00edt\u00e9se az esed\u00e9kess\u00e9gkor nem t\u00f6rt\u00e9nik meg (pl. \u00e1tutal\u00e1s, biztos\u00edt\u00f3 \u00e1ltali finansz\u00edroz\u00e1s stb), akkor a Megrendel\u0151 a sz\u00e1mla kiegyenl\u00edt\u00e9s\u00e9re oly m\u00f3don is k\u00f6telezetts\u00e9get v\u00e1llalhat, hogy felhatalmazza a Szolg\u00e1ltat\u00f3t az esed\u00e9kes sz\u00e1mla beszed\u00e9si megb\u00edz\u00e1ssal val\u00f3 bev\u00e9telez\u00e9s\u00e9re.<\/p><p>Szolg\u00e1ltat\u00f3 a szolg\u00e1ltat\u00e1si d\u00edj k\u00e9sedelmes megfizet\u00e9se eset\u00e9n k\u00e9sedelmi kamatot jogosult felsz\u00e1m\u00edtani \u00e9s alkalmazhatja a jogszab\u00e1lyokban meghat\u00e1rozott egy\u00e9b jogk\u00f6vetkezm\u00e9nyeket.<\/p><p>5.4 Szolg\u00e1ltat\u00f3 a szolg\u00e1ltat\u00e1si d\u00edjait b\u00e1rmikor \u2013 azok k\u00f6zz\u00e9t\u00e9tel\u00e9vel egyidej\u0171leg &#8211; jogosult egyoldal\u00faan m\u00f3dos\u00edtani, mely m\u00f3dos\u00edt\u00e1s a k\u00f6zz\u00e9t\u00e9tel id\u0151pontj\u00e1t k\u00f6vet\u0151en megrendelt szolg\u00e1ltat\u00e1sokra terjed ki, a m\u00e1r igazoltan megrendeltekre nem.<\/p><h1>6.\u00a0\u00a0\u00a0\u00a0 Fizet\u00e9si felt\u00e9telek<\/h1><p><strong>\u00a0<\/strong><\/p><p>Az el\u0151z\u0151 pontok szerint ki\u00e1ll\u00edtott sz\u00e1ml\u00e1k, a sz\u00e1mla kelt\u00e9nek napj\u00e1n hat\u00e1lyos sz\u00e1mviteli \u00e9s ad\u00f3szab\u00e1lyoknak megfelel\u0151 m\u00f3don tartalmazz\u00e1k a fizet\u00e9si k\u00f6telezetts\u00e9g teljes\u00edt\u00e9s\u00e9nek m\u00f3dj\u00e1t \u00e9s hat\u00e1ridej\u00e9t. Szolg\u00e1ltat\u00f3 jogosult a sz\u00e1ml\u00e1t, annak mell\u00e9klet\u00e9t postai \u00faton megk\u00fcldeni a P\u00e1ciens r\u00e9sz\u00e9re. Felek meg\u00e1llapodnak abban, hogy k\u00e9sedelmes fizet\u00e9s eset\u00e9n a k\u00e9sedelmi kamat m\u00e9rt\u00e9ke a jegybanki alapkamat k\u00e9tszeres \u00f6sszege.<\/p><h1>7.\u00a0\u00a0\u00a0\u00a0 Adatv\u00e9delem, t\u00e1j\u00e9koztat\u00e1s, titoktart\u00e1s<\/h1><p><strong>\u00a0<\/strong><\/p><ul><li>P\u00e1ciens \u00f6nk\u00e9ntes, hat\u00e1rozott \u00e9s megfelel\u0151 t\u00e1j\u00e9koztat\u00e1son alapul\u00f3 hozz\u00e1j\u00e1rul\u00e1s\u00e1t adja a Coordimed Rendel\u0151 Kft-nek \u00e9s az \u00e1ltala meghat\u00e1rozott, kiz\u00e1r\u00f3lag az eredm\u00e9nyes vizsg\u00e1latok elv\u00e9gz\u00e9s\u00e9hez bevont k\u00f6zrem\u0171k\u00f6d\u0151inek, hogy biol\u00f3giai mint\u00e1j\u00e1t, valamint szem\u00e9lyes \u00e9s k\u00fcl\u00f6nleges adatait kezelj\u00e9k.<\/li><li>P\u00e1ciens kifejezetten hozz\u00e1j\u00e1rul ahhoz, hogy a Szolg\u00e1ltat\u00f3 a P\u00e1ciens \u00e1ltal megadott \u00e9s a P\u00e1ciensr\u0151l a szolg\u00e1ltat\u00e1s sor\u00e1n r\u00f6gz\u00edtett eg\u00e9szs\u00e9g\u00fcgyi adatokat, szem\u00e9lyazonos\u00edt\u00f3 adatait az ir\u00e1nyad\u00f3 jogszab\u00e1lyok szerint, az egy\u00e9b adatokat \u00fczleti titokk\u00e9nt kezelje, nyilv\u00e1ntartsa. Hozz\u00e1j\u00e1rul ahhoz is, hogy kivizsg\u00e1l\u00e1s\u00e1nak, gy\u00f3gykezel\u00e9s\u00e9nek kiz\u00e1r\u00f3lagosan orvosi vonatkoz\u00e1s\u00fa adatait, tapasztalatait a Szolg\u00e1ltat\u00f3 tudom\u00e1nyos, kutat\u00e1si c\u00e9lokra anonim m\u00f3don felhaszn\u00e1lja.<\/li><li>P\u00e1ciens \u00fagy nyilatkozik, hogy a Szolg\u00e1ltat\u00f3 sz\u00e1m\u00e1ra szolg\u00e1ltatott adatok teljes k\u00f6r\u0171ek \u00e9s tudom\u00e1sul veszi, hogy a szolg\u00e1ltat\u00e1sok id\u0151tartama alatt bek\u00f6vetkezett v\u00e1ltoz\u00e1sokr\u00f3l a Szolg\u00e1ltat\u00f3t k\u00f6teles halad\u00e9ktalanul t\u00e1j\u00e9koztatni.P\u00e1ciens hozz\u00e1j\u00e1rul ahhoz, hogy el\u00e9rhet\u0151s\u00e9gi adatait a Szolg\u00e1ltat\u00f3 adatb\u00e1zis\u00e1ban r\u00f6gz\u00edtse \u00e9s Szolg\u00e1ltat\u00f3 t\u00e1j\u00e9koztat\u00e1st\/h\u00edrlevelet k\u00fcldj\u00f6n a vizsg\u00e1lati, konzult\u00e1ci\u00f3s id\u0151pontokr\u00f3l vagy azok esetleges v\u00e1ltoz\u00e1sair\u00f3l, a tov\u00e1bbiakban szakmailag javasolt vizsg\u00e1latokr\u00f3l, az eg\u00e9szs\u00e9g meg\u0151rz\u00e9sre, betegs\u00e9g megel\u0151z\u00e9sre vonatkoz\u00f3 leg\u00fajabb tudom\u00e1nyos eredm\u00e9nyekr\u0151l, illetve a Szolg\u00e1ltat\u00f3 \u00fajdons\u00e1gair\u00f3l. A Szolg\u00e1ltat\u00f3 k\u00f6telezetts\u00e9get v\u00e1llal arra, hogy a Megrendel\u0151 ezen adatait harmadik szem\u00e9lyeknek nem adja<\/li><\/ul><h1>8.\u00a0\u00a0\u00a0\u00a0 Vegyes rendelkez\u00e9sek<\/h1><p><strong>\u00a0<\/strong><\/p><ul><li>Jelen \u00c1SZF-re \u00e9s a Felek jogviszony\u00e1ra a magyar jog rendelkez\u00e9sei ir\u00e1nyad\u00f3k. A Felek az esetleges jogvit\u00e1kat els\u0151sorban t\u00e1rgyal\u00e1sos \u00faton rendezik, annak eredm\u00e9nytelens\u00e9ge eset\u00e9n al\u00e1vetik magukat a hat\u00e1sk\u00f6rrel rendelkez\u0151 illet\u00e9kes b\u00edr\u00f3s\u00e1g\/t\u00f6rv\u00e9nysz\u00e9k, elj\u00e1r\u00e1s\u00e1nak.<\/li><li>Az \u00c1SZF-ben nem szab\u00e1lyozott k\u00e9rd\u00e9sekben a Polg\u00e1ri T\u00f6rv\u00e9nyk\u00f6nyvr\u0151l sz\u00f3l\u00f3 2013. \u00e9vi V. t\u00f6rv\u00e9ny (\u201ePtk.\u201d), az E\u00fctv., az E\u00fcak., valamint az egyes szakmai szab\u00e1lyokat tartalmaz\u00f3 jogszab\u00e1lyok rendelkez\u00e9sei ir\u00e1nyad\u00f3k.<\/li><li>Szolg\u00e1ltat\u00f3 jogosult az \u00c1SZF egyoldal\u00fa m\u00f3dos\u00edt\u00e1s\u00e1ra, k\u00fcl\u00f6n\u00f6sen, de nem kiz\u00e1r\u00f3lag, a jogszab\u00e1lyv\u00e1ltoz\u00e1sok, szakmai el\u0151\u00edr\u00e1sok, protokollok standardjainak a v\u00e1ltoz\u00e1sa eset\u00e9n k\u00f6vetkezik be.<\/li><\/ul><p>A jelen \u00c1ltal\u00e1nos Szerz\u0151d\u00e9si Felt\u00e9telek 2022. j\u00falius 1. napj\u00e1n l\u00e9pnek hat\u00e1lyba \u00e9s visszavon\u00e1sig, illetve m\u00f3dos\u00edt\u00e1sig \u00e9rv\u00e9nyesek.<\/p><p>Coordimed Rendel\u0151 Kft.<\/p>\t\t\t\t\t\t\t\t<\/div>\n\t\t\t\t\t<\/div>\n\t\t\t\t<\/div>\n\t\t\t\t<\/div>\n\t\t","protected":false},"excerpt":{"rendered":"<p>Coordimed Rendel\u0151 Kft. \u00c1ltal\u00e1nos szerz\u0151d\u00e9si felt\u00e9telek. <\/p>\n","protected":false},"author":2,"featured_media":0,"parent":0,"menu_order":0,"comment_status":"closed","ping_status":"closed","template":"elementor_theme","meta":{"footnotes":""},"class_list":["post-8339","page","type-page","status-publish","hentry","latest_post"],"yoast_head":"<!-- This site is optimized with the Yoast SEO Premium plugin v26.4 (Yoast SEO v27.5) - https:\/\/yoast.com\/product\/yoast-seo-premium-wordpress\/ -->\n<title>\u00c1ltal\u00e1nos szerz\u0151d\u00e9si felt\u00e9telek -<\/title>\n<meta name=\"robots\" content=\"index, follow, max-snippet:-1, max-image-preview:large, max-video-preview:-1\" \/>\n<link rel=\"canonical\" href=\"https:\/\/coordimed.hu\/index.php\/altalanos-szerzodesi-feltetelek\/\" \/>\n<meta property=\"og:locale\" content=\"hu_HU\" \/>\n<meta property=\"og:type\" content=\"article\" \/>\n<meta property=\"og:title\" content=\"\u00c1ltal\u00e1nos szerz\u0151d\u00e9si felt\u00e9telek\" \/>\n<meta property=\"og:description\" content=\"Coordimed Mag\u00e1n Rendel\u0151 Bud\u00e1n! Proffeszion\u00e1lis egy\u00e9nre szabott ell\u00e1t\u00e1sok!\" \/>\n<meta property=\"og:url\" content=\"https:\/\/coordimed.hu\/index.php\/altalanos-szerzodesi-feltetelek\/\" \/>\n<meta property=\"article:publisher\" content=\"https:\/\/www.facebook.com\/coordimed\" \/>\n<meta property=\"article:modified_time\" content=\"2025-06-30T13:13:10+00:00\" \/>\n<meta property=\"og:image\" content=\"https:\/\/i0.wp.com\/coordimed.hu\/wp-content\/uploads\/2023\/09\/banner_image.webp?fit=1600%2C900&ssl=1\" \/>\n\t<meta property=\"og:image:width\" content=\"1600\" \/>\n\t<meta property=\"og:image:height\" content=\"900\" \/>\n\t<meta property=\"og:image:type\" content=\"image\/webp\" \/>\n<meta name=\"twitter:card\" content=\"summary_large_image\" \/>\n<meta name=\"twitter:label1\" content=\"Becs\u00fclt olvas\u00e1si id\u0151\" \/>\n\t<meta name=\"twitter:data1\" content=\"13 perc\" \/>\n<script type=\"application\/ld+json\" class=\"yoast-schema-graph\">{\"@context\":\"https:\\\/\\\/schema.org\",\"@graph\":[{\"@type\":\"WebPage\",\"@id\":\"https:\\\/\\\/coordimed.hu\\\/index.php\\\/altalanos-szerzodesi-feltetelek\\\/\",\"url\":\"https:\\\/\\\/coordimed.hu\\\/index.php\\\/altalanos-szerzodesi-feltetelek\\\/\",\"name\":\"\u00c1ltal\u00e1nos szerz\u0151d\u00e9si felt\u00e9telek -\",\"isPartOf\":{\"@id\":\"https:\\\/\\\/coordimed.hu\\\/#website\"},\"datePublished\":\"2025-06-17T14:46:20+00:00\",\"dateModified\":\"2025-06-30T13:13:10+00:00\",\"breadcrumb\":{\"@id\":\"https:\\\/\\\/coordimed.hu\\\/index.php\\\/altalanos-szerzodesi-feltetelek\\\/#breadcrumb\"},\"inLanguage\":\"hu\",\"potentialAction\":[{\"@type\":\"ReadAction\",\"target\":[\"https:\\\/\\\/coordimed.hu\\\/index.php\\\/altalanos-szerzodesi-feltetelek\\\/\"]}]},{\"@type\":\"BreadcrumbList\",\"@id\":\"https:\\\/\\\/coordimed.hu\\\/index.php\\\/altalanos-szerzodesi-feltetelek\\\/#breadcrumb\",\"itemListElement\":[{\"@type\":\"ListItem\",\"position\":1,\"name\":\"Kezd\u0151lap\",\"item\":\"https:\\\/\\\/coordimed.hu\\\/\"},{\"@type\":\"ListItem\",\"position\":2,\"name\":\"\u00c1ltal\u00e1nos szerz\u0151d\u00e9si felt\u00e9telek\"}]},{\"@type\":\"WebSite\",\"@id\":\"https:\\\/\\\/coordimed.hu\\\/#website\",\"url\":\"https:\\\/\\\/coordimed.hu\\\/\",\"name\":\"Coordimed\",\"description\":\"-  Sz\u00edvb\u0151l gy\u00f3gy\u00edtunk\",\"publisher\":{\"@id\":\"https:\\\/\\\/coordimed.hu\\\/#organization\"},\"potentialAction\":[{\"@type\":\"SearchAction\",\"target\":{\"@type\":\"EntryPoint\",\"urlTemplate\":\"https:\\\/\\\/coordimed.hu\\\/?s={search_term_string}\"},\"query-input\":{\"@type\":\"PropertyValueSpecification\",\"valueRequired\":true,\"valueName\":\"search_term_string\"}}],\"inLanguage\":\"hu\"},{\"@type\":\"Organization\",\"@id\":\"https:\\\/\\\/coordimed.hu\\\/#organization\",\"name\":\"Coordimed Rendel\u0151 Kft.\",\"url\":\"https:\\\/\\\/coordimed.hu\\\/\",\"logo\":{\"@type\":\"ImageObject\",\"inLanguage\":\"hu\",\"@id\":\"https:\\\/\\\/coordimed.hu\\\/#\\\/schema\\\/logo\\\/image\\\/\",\"url\":\"https:\\\/\\\/i0.wp.com\\\/coordimed.hu\\\/wp-content\\\/uploads\\\/2023\\\/09\\\/cropped-Coordimed_logo_150px.webp?fit=150%2C39&ssl=1\",\"contentUrl\":\"https:\\\/\\\/i0.wp.com\\\/coordimed.hu\\\/wp-content\\\/uploads\\\/2023\\\/09\\\/cropped-Coordimed_logo_150px.webp?fit=150%2C39&ssl=1\",\"width\":150,\"height\":39,\"caption\":\"Coordimed Rendel\u0151 Kft.\"},\"image\":{\"@id\":\"https:\\\/\\\/coordimed.hu\\\/#\\\/schema\\\/logo\\\/image\\\/\"},\"sameAs\":[\"https:\\\/\\\/www.facebook.com\\\/coordimed\"],\"ownershipFundingInfo\":\"https:\\\/\\\/coordimed.hu\\\/index.php\\\/rolunk\\\/\",\"actionableFeedbackPolicy\":\"https:\\\/\\\/coordimed.hu\\\/index.php\\\/kapcsolat\\\/\",\"correctionsPolicy\":\"https:\\\/\\\/coordimed.hu\\\/index.php\\\/kapcsolat\\\/\"}]}<\/script>\n<!-- \/ Yoast SEO Premium plugin. -->","yoast_head_json":{"title":"\u00c1ltal\u00e1nos szerz\u0151d\u00e9si felt\u00e9telek -","robots":{"index":"index","follow":"follow","max-snippet":"max-snippet:-1","max-image-preview":"max-image-preview:large","max-video-preview":"max-video-preview:-1"},"canonical":"https:\/\/coordimed.hu\/index.php\/altalanos-szerzodesi-feltetelek\/","og_locale":"hu_HU","og_type":"article","og_title":"\u00c1ltal\u00e1nos szerz\u0151d\u00e9si felt\u00e9telek","og_description":"Coordimed Mag\u00e1n Rendel\u0151 Bud\u00e1n! Proffeszion\u00e1lis egy\u00e9nre szabott ell\u00e1t\u00e1sok!","og_url":"https:\/\/coordimed.hu\/index.php\/altalanos-szerzodesi-feltetelek\/","article_publisher":"https:\/\/www.facebook.com\/coordimed","article_modified_time":"2025-06-30T13:13:10+00:00","og_image":[{"width":1600,"height":900,"url":"https:\/\/i0.wp.com\/coordimed.hu\/wp-content\/uploads\/2023\/09\/banner_image.webp?fit=1600%2C900&ssl=1","type":"image\/webp"}],"twitter_card":"summary_large_image","twitter_misc":{"Becs\u00fclt olvas\u00e1si id\u0151":"13 perc"},"schema":{"@context":"https:\/\/schema.org","@graph":[{"@type":"WebPage","@id":"https:\/\/coordimed.hu\/index.php\/altalanos-szerzodesi-feltetelek\/","url":"https:\/\/coordimed.hu\/index.php\/altalanos-szerzodesi-feltetelek\/","name":"\u00c1ltal\u00e1nos szerz\u0151d\u00e9si felt\u00e9telek -","isPartOf":{"@id":"https:\/\/coordimed.hu\/#website"},"datePublished":"2025-06-17T14:46:20+00:00","dateModified":"2025-06-30T13:13:10+00:00","breadcrumb":{"@id":"https:\/\/coordimed.hu\/index.php\/altalanos-szerzodesi-feltetelek\/#breadcrumb"},"inLanguage":"hu","potentialAction":[{"@type":"ReadAction","target":["https:\/\/coordimed.hu\/index.php\/altalanos-szerzodesi-feltetelek\/"]}]},{"@type":"BreadcrumbList","@id":"https:\/\/coordimed.hu\/index.php\/altalanos-szerzodesi-feltetelek\/#breadcrumb","itemListElement":[{"@type":"ListItem","position":1,"name":"Kezd\u0151lap","item":"https:\/\/coordimed.hu\/"},{"@type":"ListItem","position":2,"name":"\u00c1ltal\u00e1nos szerz\u0151d\u00e9si felt\u00e9telek"}]},{"@type":"WebSite","@id":"https:\/\/coordimed.hu\/#website","url":"https:\/\/coordimed.hu\/","name":"Coordimed","description":"-  Sz\u00edvb\u0151l gy\u00f3gy\u00edtunk","publisher":{"@id":"https:\/\/coordimed.hu\/#organization"},"potentialAction":[{"@type":"SearchAction","target":{"@type":"EntryPoint","urlTemplate":"https:\/\/coordimed.hu\/?s={search_term_string}"},"query-input":{"@type":"PropertyValueSpecification","valueRequired":true,"valueName":"search_term_string"}}],"inLanguage":"hu"},{"@type":"Organization","@id":"https:\/\/coordimed.hu\/#organization","name":"Coordimed Rendel\u0151 Kft.","url":"https:\/\/coordimed.hu\/","logo":{"@type":"ImageObject","inLanguage":"hu","@id":"https:\/\/coordimed.hu\/#\/schema\/logo\/image\/","url":"https:\/\/i0.wp.com\/coordimed.hu\/wp-content\/uploads\/2023\/09\/cropped-Coordimed_logo_150px.webp?fit=150%2C39&ssl=1","contentUrl":"https:\/\/i0.wp.com\/coordimed.hu\/wp-content\/uploads\/2023\/09\/cropped-Coordimed_logo_150px.webp?fit=150%2C39&ssl=1","width":150,"height":39,"caption":"Coordimed Rendel\u0151 Kft."},"image":{"@id":"https:\/\/coordimed.hu\/#\/schema\/logo\/image\/"},"sameAs":["https:\/\/www.facebook.com\/coordimed"],"ownershipFundingInfo":"https:\/\/coordimed.hu\/index.php\/rolunk\/","actionableFeedbackPolicy":"https:\/\/coordimed.hu\/index.php\/kapcsolat\/","correctionsPolicy":"https:\/\/coordimed.hu\/index.php\/kapcsolat\/"}]}},"jetpack_sharing_enabled":true,"_links":{"self":[{"href":"https:\/\/coordimed.hu\/index.php\/wp-json\/wp\/v2\/pages\/8339","targetHints":{"allow":["GET"]}}],"collection":[{"href":"https:\/\/coordimed.hu\/index.php\/wp-json\/wp\/v2\/pages"}],"about":[{"href":"https:\/\/coordimed.hu\/index.php\/wp-json\/wp\/v2\/types\/page"}],"author":[{"embeddable":true,"href":"https:\/\/coordimed.hu\/index.php\/wp-json\/wp\/v2\/users\/2"}],"replies":[{"embeddable":true,"href":"https:\/\/coordimed.hu\/index.php\/wp-json\/wp\/v2\/comments?post=8339"}],"version-history":[{"count":13,"href":"https:\/\/coordimed.hu\/index.php\/wp-json\/wp\/v2\/pages\/8339\/revisions"}],"predecessor-version":[{"id":8382,"href":"https:\/\/coordimed.hu\/index.php\/wp-json\/wp\/v2\/pages\/8339\/revisions\/8382"}],"wp:attachment":[{"href":"https:\/\/coordimed.hu\/index.php\/wp-json\/wp\/v2\/media?parent=8339"}],"curies":[{"name":"wp","href":"https:\/\/api.w.org\/{rel}","templated":true}]}}