{"id":8177,"date":"2025-06-04T12:40:53","date_gmt":"2025-06-04T10:40:53","guid":{"rendered":"https:\/\/coordimed.hu\/?page_id=8177"},"modified":"2025-07-15T11:01:31","modified_gmt":"2025-07-15T09:01:31","slug":"dr-szalontai-laszlo-phd","status":"publish","type":"page","link":"https:\/\/coordimed.hu\/index.php\/dr-szalontai-laszlo-phd\/","title":{"rendered":"Dr. Szalontai L\u00e1szl\u00f3 PhD."},"content":{"rendered":"\t\t<div data-elementor-type=\"wp-page\" data-elementor-id=\"8177\" class=\"elementor elementor-8177\" data-elementor-settings=\"{&quot;ha_cmc_init_switcher&quot;:&quot;no&quot;}\" data-elementor-post-type=\"page\">\n\t\t\t\t<div class=\"elementor-element elementor-element-37582d32 e-flex e-con-boxed e-con e-parent\" data-id=\"37582d32\" data-element_type=\"container\" data-e-type=\"container\" data-settings=\"{&quot;_ha_eqh_enable&quot;:false}\">\n\t\t\t\t\t<div class=\"e-con-inner\">\n\t\t\t\t<div class=\"elementor-element elementor-element-1b151f36 elementor-widget elementor-widget-heading\" data-id=\"1b151f36\" data-element_type=\"widget\" data-e-type=\"widget\" data-widget_type=\"heading.default\">\n\t\t\t\t\t<h2 class=\"elementor-heading-title elementor-size-default\">Bemutatkoz\u00e1s<\/h2>\t\t\t\t<\/div>\n\t\t\t\t\t<\/div>\n\t\t\t\t<\/div>\n\t\t<div class=\"elementor-element elementor-element-e1631b9 e-flex e-con-boxed e-con e-parent\" data-id=\"e1631b9\" data-element_type=\"container\" data-e-type=\"container\" data-settings=\"{&quot;_ha_eqh_enable&quot;:false}\">\n\t\t\t\t\t<div class=\"e-con-inner\">\n\t\t\t\t<div class=\"elementor-element elementor-element-3179ea1 elementor-widget elementor-widget-text-editor\" data-id=\"3179ea1\" data-element_type=\"widget\" data-e-type=\"widget\" data-widget_type=\"text-editor.default\">\n\t\t\t\t\t\t\t\t\t<p data-start=\"731\" data-end=\"1020\">Dr. Szalontai L\u00e1szl\u00f3 PhD. a Coordimed Rendel\u0151 radiol\u00f3gus szakorvosa, aki munk\u00e1j\u00e1t kiemelked\u0151 precizit\u00e1ssal, szakmai al\u00e1zattal \u00e9s nyugodt odafigyel\u00e9ssel v\u00e9gzi. A k\u00e9palkot\u00f3 diagnosztika sor\u00e1n nemcsak a pontos lelet elk\u00e9sz\u00edt\u00e9s\u00e9re t\u00f6rekszik, hanem a vizsg\u00e1latok emberi oldal\u00e1t is szem el\u0151tt tartja.<\/p><p data-start=\"1022\" data-end=\"1059\">A rendel\u00e9s sor\u00e1n v\u00e9gzett vizsg\u00e1latok:<\/p><ul data-start=\"1060\" data-end=\"1231\"><li data-start=\"1060\" data-end=\"1078\"><p data-start=\"1062\" data-end=\"1078\">hasi ultrahang<\/p><\/li><li data-start=\"1079\" data-end=\"1122\"><p data-start=\"1081\" data-end=\"1122\">pajzsmirigy \u00e9s nyaki l\u00e1gyr\u00e9sz ultrahang<\/p><\/li><li data-start=\"1079\" data-end=\"1122\">carotis ultrahang<\/li><li data-start=\"1079\" data-end=\"1122\">nyaki ultrahang<\/li><li data-start=\"1142\" data-end=\"1160\"><p data-start=\"1144\" data-end=\"1160\">here ultrahang<\/p><\/li><li data-start=\"1161\" data-end=\"1197\"><p data-start=\"1163\" data-end=\"1197\">l\u00e1gyr\u00e9sz elv\u00e1ltoz\u00e1sok \u00e9rt\u00e9kel\u00e9se<\/p><\/li><li data-start=\"1198\" data-end=\"1231\"><p data-start=\"1200\" data-end=\"1231\">radiol\u00f3giai kontrollvizsg\u00e1latok<\/p><\/li><\/ul><p data-start=\"1233\" data-end=\"1413\">Dr. Szalontai L\u00e1szl\u00f3 PhD. munk\u00e1j\u00e1t szorosan \u00f6sszehangolja a rendel\u0151 belgy\u00f3gy\u00e1sz, urol\u00f3gus \u00e9s kardiol\u00f3gus szakorvosaival \u2013 \u00edgy a p\u00e1ciens egy val\u00f3di orvosi csapatra sz\u00e1m\u00edthat, egy helyen.<\/p>\t\t\t\t\t\t\t\t<\/div>\n\t\t\t\t\t<\/div>\n\t\t\t\t<\/div>\n\t\t<div class=\"elementor-element elementor-element-d6f9eba e-flex e-con-boxed e-con e-parent\" data-id=\"d6f9eba\" data-element_type=\"container\" data-e-type=\"container\" data-settings=\"{&quot;_ha_eqh_enable&quot;:false}\">\n\t\t\t\t\t<div class=\"e-con-inner\">\n\t\t\t\t<div class=\"elementor-element elementor-element-5f8cb17 elementor-widget-divider--view-line elementor-widget elementor-widget-divider\" data-id=\"5f8cb17\" data-element_type=\"widget\" data-e-type=\"widget\" data-widget_type=\"divider.default\">\n\t\t\t\t\t\t\t<div class=\"elementor-divider\">\n\t\t\t<span class=\"elementor-divider-separator\">\n\t\t\t\t\t\t<\/span>\n\t\t<\/div>\n\t\t\t\t\t\t<\/div>\n\t\t\t\t\t<\/div>\n\t\t\t\t<\/div>\n\t\t<div class=\"elementor-element elementor-element-a8c7aa4 e-flex e-con-boxed e-con e-parent\" data-id=\"a8c7aa4\" data-element_type=\"container\" data-e-type=\"container\" data-settings=\"{&quot;_ha_eqh_enable&quot;:false}\">\n\t\t\t\t\t<div class=\"e-con-inner\">\n\t\t<div class=\"elementor-element elementor-element-9ce4b20 e-con-full e-flex e-con e-child\" data-id=\"9ce4b20\" data-element_type=\"container\" data-e-type=\"container\" data-settings=\"{&quot;_ha_eqh_enable&quot;:false}\">\n\t\t\t\t<div class=\"elementor-element elementor-element-e486afa elementor-widget elementor-widget-image\" data-id=\"e486afa\" data-element_type=\"widget\" data-e-type=\"widget\" data-widget_type=\"image.default\">\n\t\t\t\t\t\t\t\t\t\t\t\t\t\t\t<img fetchpriority=\"high\" decoding=\"async\" width=\"768\" height=\"1152\" src=\"https:\/\/i0.wp.com\/coordimed.hu\/wp-content\/uploads\/2025\/07\/coordimed_portre-1922_pp.jpg?fit=768%2C1152&amp;ssl=1\" class=\"attachment-medium_large size-medium_large wp-image-8402\" alt=\"\" srcset=\"https:\/\/i0.wp.com\/coordimed.hu\/wp-content\/uploads\/2025\/07\/coordimed_portre-1922_pp.jpg?w=1024&amp;ssl=1 1024w, https:\/\/i0.wp.com\/coordimed.hu\/wp-content\/uploads\/2025\/07\/coordimed_portre-1922_pp.jpg?resize=200%2C300&amp;ssl=1 200w, https:\/\/i0.wp.com\/coordimed.hu\/wp-content\/uploads\/2025\/07\/coordimed_portre-1922_pp.jpg?resize=683%2C1024&amp;ssl=1 683w, https:\/\/i0.wp.com\/coordimed.hu\/wp-content\/uploads\/2025\/07\/coordimed_portre-1922_pp.jpg?resize=768%2C1152&amp;ssl=1 768w, https:\/\/i0.wp.com\/coordimed.hu\/wp-content\/uploads\/2025\/07\/coordimed_portre-1922_pp.jpg?resize=40%2C60&amp;ssl=1 40w\" sizes=\"(max-width: 768px) 100vw, 768px\" \/>\t\t\t\t\t\t\t\t\t\t\t\t\t\t\t<\/div>\n\t\t\t\t<\/div>\n\t\t<div class=\"elementor-element elementor-element-e943052 e-con-full e-flex e-con e-child\" data-id=\"e943052\" data-element_type=\"container\" data-e-type=\"container\" data-settings=\"{&quot;_ha_eqh_enable&quot;:false}\">\n\t\t\t\t<div class=\"elementor-element elementor-element-ad87d34 elementor-widget elementor-widget-text-editor\" data-id=\"ad87d34\" data-element_type=\"widget\" data-e-type=\"widget\" data-widget_type=\"text-editor.default\">\n\t\t\t\t\t\t\t\t\t<h3><strong>Dr. Szalontai L\u00e1szl\u00f3 PhD.<\/strong><\/h3><p>Alap\u00edt\u00f3<\/p>\t\t\t\t\t\t\t\t<\/div>\n\t\t\t\t<div class=\"elementor-element elementor-element-d1f09f2 elementor-widget elementor-widget-accordion\" data-id=\"d1f09f2\" data-element_type=\"widget\" data-e-type=\"widget\" data-widget_type=\"accordion.default\">\n\t\t\t\t\t\t\t<div class=\"elementor-accordion\">\n\t\t\t\t\t\t\t<div class=\"elementor-accordion-item\">\n\t\t\t\t\t<div id=\"elementor-tab-title-2201\" class=\"elementor-tab-title\" data-tab=\"1\" role=\"button\" aria-controls=\"elementor-tab-content-2201\" aria-expanded=\"false\">\n\t\t\t\t\t\t\t\t\t\t\t\t\t<span class=\"elementor-accordion-icon elementor-accordion-icon-left\" aria-hidden=\"true\">\n\t\t\t\t\t\t\t\t\t\t\t\t\t\t\t<span class=\"elementor-accordion-icon-closed\"><i class=\"fas fa-plus\"><\/i><\/span>\n\t\t\t\t\t\t\t\t<span class=\"elementor-accordion-icon-opened\"><i class=\"fas fa-minus\"><\/i><\/span>\n\t\t\t\t\t\t\t\t\t\t\t\t\t\t<\/span>\n\t\t\t\t\t\t\t\t\t\t\t\t<a class=\"elementor-accordion-title\" tabindex=\"0\">Bemutatkoz\u00e1s<\/a>\n\t\t\t\t\t<\/div>\n\t\t\t\t\t<div id=\"elementor-tab-content-2201\" class=\"elementor-tab-content elementor-clearfix\" data-tab=\"1\" role=\"region\" aria-labelledby=\"elementor-tab-title-2201\"><h6>2015-ben szereztem meg az orvosi diplom\u00e1m a Semmelweis Egyetem \u00c1ltal\u00e1nos Orvostudom\u00e1nyi kar\u00e1n.<br \/>2018.-t\u00f3l az Orsz\u00e1gos Onkol\u00f3giai Int\u00e9zetben Radiol\u00f3gusi k\u00e9pz\u00e9semet kezdtem meg.<br \/>2022-ben PhD fokozatott szereztem az SE Orvosi K\u00e9palkot\u00f3 klinik\u00e1j\u00e1n, melynek c\u00edme \u201eThe morphology of the vertebrobasilar system\u201d.<br \/>2023.-ban Radiol\u00f3gus szakvizsg\u00e1t tettem.<\/h6><h6>A munk\u00e1m kezdetekor m\u00e1r foglalkoztattak a kutat\u00e1sok a k\u00fclf\u00f6i ir\u00e1nyelvek, \u00edgy PhD. k\u00e9pz\u00e9sem sor\u00e1n t\u00f6bb tanulm\u00e1ny \u00fatra is elmentem:<br \/>A k\u00fclf\u00f6ldi utak meger\u0151s\u00edtett\u00e9k bennem, hogy a nemzetk\u00f6zi sz\u00ednvonal betart\u00e1sa \u00e9s folyamatos ut\u00e1n k\u00f6vetes\u00e9 b\u00e1r neh\u00e9z, de kiemelten fontos, a mindennapi munk\u00e1t megk\u00f6nny\u00edti, ir\u00e1nyba \u00e1ll\u00edtja. \u00cdgy az ir\u00e1nyelvek k\u00f6vet\u00e9se, az \u00faj gondolatok \u00e9s kutat\u00e1sok a mindennapokban is vonzanak.<br \/>Szeretem a radiol\u00f3gi\u00e1t, mert keretet tud adni, ut\u00e1n lehet k\u00f6vetni, ir\u00e1nyvonalakat tud \u00e1ll\u00edtani. A fekete-feh\u00e9r pontok a k\u00e9perny\u0151n, amik az elm\u00falt h\u00fasz \u00e9v technikai \u00faj\u00edt\u00e1sait lefedik engedik azt, hogy az emberekbe belen\u00e9zhess\u00fcnk invazivit\u00e1s n\u00e9lk\u00fcl.<br \/>Jelenleg f\u0151bb f\u00f3kuszom az ultrahang vez\u00e9relt v\u00e9konyt\u0171 mintav\u00e9telek \u00e9s egy\u00e9b ultrahang vizsg\u00e1latok.<\/h6><h6>A Coordimedr\u0151l el\u0151sz\u00f6r elm\u00e9letben hallottam harmad \u00e9ves orvostanhallgat\u00f3k\u00e9nt. A kisebb klinikai szorosabb \u00f6sszefon\u00f3d\u00e1s \u00e9s ennek rendszereinek kidolgoz\u00e1sa, m\u00e1r akkor is nagyon \u00e9rdekelt. Szerencs\u00e9m volt v\u00e9gig k\u00eds\u00e9rni ennek az \u00f6tletnek a fejl\u0151d\u00e9s\u00e9t \u00e9s kidolgoz\u00e1s\u00e1t.<\/h6><h6>Szabadid\u0151mben szeretek falat m\u00e1szni, edzeni, kert\u00e9szkedni \u00e9s amat\u0151r szinten zen\u00e9vel foglalkozni.<\/h6><h6>K\u00fclf\u00f6ldi \u00fatjaim:<br \/>2015 Egyes\u00fclt \u00c1llamok, Buffalo, New York \u2013 Roswell Park Cancer Institute \u00e9s Kaleida Health<br \/>2017 Egyes\u00fclt \u00c1llamok, Houston, Texas \u2013 Methodist K\u00f3rh\u00e1z DeBakey Heart and Vascular Center<br \/>2018 Soeuli Nemzeti Egyetem<\/h6><\/div>\n\t\t\t\t<\/div>\n\t\t\t\t\t\t\t<div class=\"elementor-accordion-item\">\n\t\t\t\t\t<div id=\"elementor-tab-title-2202\" class=\"elementor-tab-title\" data-tab=\"2\" role=\"button\" aria-controls=\"elementor-tab-content-2202\" aria-expanded=\"false\">\n\t\t\t\t\t\t\t\t\t\t\t\t\t<span class=\"elementor-accordion-icon elementor-accordion-icon-left\" aria-hidden=\"true\">\n\t\t\t\t\t\t\t\t\t\t\t\t\t\t\t<span class=\"elementor-accordion-icon-closed\"><i class=\"fas fa-plus\"><\/i><\/span>\n\t\t\t\t\t\t\t\t<span class=\"elementor-accordion-icon-opened\"><i class=\"fas fa-minus\"><\/i><\/span>\n\t\t\t\t\t\t\t\t\t\t\t\t\t\t<\/span>\n\t\t\t\t\t\t\t\t\t\t\t\t<a class=\"elementor-accordion-title\" tabindex=\"0\">Szakmai \u00d6n\u00e9letrajz<\/a>\n\t\t\t\t\t<\/div>\n\t\t\t\t\t<div id=\"elementor-tab-content-2202\" class=\"elementor-tab-content elementor-clearfix\" data-tab=\"2\" role=\"region\" aria-labelledby=\"elementor-tab-title-2202\"><ul><li><h6>2015 Semmelweis Egyetem \u00c1ltal\u00e1nos Orvosi Karon v\u00e9geztem<\/h6><\/li><li><h6>2016.-ban kezdtem meg a PhD k\u00e9pz\u00e9sem<\/h6><\/li><li><h6>2022.-ben PhD k\u00e9pes\u00edt\u00e9s<\/h6><\/li><li><h6>2023. Radiol\u00f3gus szakorvos<\/h6><\/li><\/ul><\/div>\n\t\t\t\t<\/div>\n\t\t\t\t\t\t\t\t<\/div>\n\t\t\t\t\t\t<\/div>\n\t\t\t\t<\/div>\n\t\t\t\t\t<\/div>\n\t\t\t\t<\/div>\n\t\t<div class=\"elementor-element elementor-element-f23202a e-flex e-con-boxed e-con e-parent\" data-id=\"f23202a\" data-element_type=\"container\" data-e-type=\"container\" data-settings=\"{&quot;_ha_eqh_enable&quot;:false}\">\n\t\t\t\t\t<div class=\"e-con-inner\">\n\t\t\t\t<div class=\"elementor-element elementor-element-36ad4e0 elementor-widget-divider--view-line elementor-widget elementor-widget-divider\" data-id=\"36ad4e0\" data-element_type=\"widget\" data-e-type=\"widget\" data-widget_type=\"divider.default\">\n\t\t\t\t\t\t\t<div class=\"elementor-divider\">\n\t\t\t<span class=\"elementor-divider-separator\">\n\t\t\t\t\t\t<\/span>\n\t\t<\/div>\n\t\t\t\t\t\t<\/div>\n\t\t\t\t\t<\/div>\n\t\t\t\t<\/div>\n\t\t<div class=\"elementor-element elementor-element-5e82759 e-flex e-con-boxed e-con e-parent\" data-id=\"5e82759\" data-element_type=\"container\" data-e-type=\"container\" data-settings=\"{&quot;_ha_eqh_enable&quot;:false}\">\n\t\t\t\t\t<div class=\"e-con-inner\">\n\t\t\t\t<div class=\"elementor-element elementor-element-e4daa63 elementor-widget elementor-widget-heading\" data-id=\"e4daa63\" data-element_type=\"widget\" data-e-type=\"widget\" data-widget_type=\"heading.default\">\n\t\t\t\t\t<h2 class=\"elementor-heading-title elementor-size-default\">Id\u0151pont Foglal\u00e1s<\/h2>\t\t\t\t<\/div>\n\t\t\t\t\t<\/div>\n\t\t\t\t<\/div>\n\t\t<div class=\"elementor-element elementor-element-7c55123 e-flex e-con-boxed e-con e-parent\" data-id=\"7c55123\" data-element_type=\"container\" data-e-type=\"container\" data-settings=\"{&quot;_ha_eqh_enable&quot;:false}\">\n\t\t\t\t\t<div class=\"e-con-inner\">\n\t\t\t\t<div class=\"elementor-element elementor-element-5a9b20b elementor-widget elementor-widget-html\" data-id=\"5a9b20b\" data-element_type=\"widget\" data-e-type=\"widget\" data-widget_type=\"html.default\">\n\t\t\t\t\t<iframe id=\"iframe\" class=\"medio-iframe\" style=\"width: 100%;height: 100%; border:none;\" src=\"https:\/\/medicall.cc\/idopontfoglalas\/coordimed\/calendar-general?doctorId=435959\"><\/iframe><script src=\"https:\/\/medicall.cc\/static\/iframe\/iframe.js\"><\/script>\t\t\t\t<\/div>\n\t\t\t\t\t<\/div>\n\t\t\t\t<\/div>\n\t\t<div class=\"elementor-element elementor-element-b4105bd e-flex e-con-boxed e-con e-parent\" data-id=\"b4105bd\" data-element_type=\"container\" data-e-type=\"container\" data-settings=\"{&quot;_ha_eqh_enable&quot;:false}\">\n\t\t\t\t\t<div class=\"e-con-inner\">\n\t\t\t\t<div class=\"elementor-element elementor-element-b7fd6b7 elementor-widget-divider--view-line elementor-widget elementor-widget-divider\" data-id=\"b7fd6b7\" data-element_type=\"widget\" data-e-type=\"widget\" data-widget_type=\"divider.default\">\n\t\t\t\t\t\t\t<div class=\"elementor-divider\">\n\t\t\t<span class=\"elementor-divider-separator\">\n\t\t\t\t\t\t<\/span>\n\t\t<\/div>\n\t\t\t\t\t\t<\/div>\n\t\t\t\t\t<\/div>\n\t\t\t\t<\/div>\n\t\t<div class=\"elementor-element elementor-element-54e63fab e-flex e-con-boxed e-con e-parent\" data-id=\"54e63fab\" data-element_type=\"container\" data-e-type=\"container\" data-settings=\"{&quot;_ha_eqh_enable&quot;:false}\">\n\t\t\t\t\t<div class=\"e-con-inner\">\n\t\t\t\t<div class=\"elementor-element elementor-element-363decb9 elementor-widget elementor-widget-heading\" data-id=\"363decb9\" data-element_type=\"widget\" data-e-type=\"widget\" data-widget_type=\"heading.default\">\n\t\t\t\t\t<h2 class=\"elementor-heading-title elementor-size-default\">Coordimed blog posztok<\/h2>\t\t\t\t<\/div>\n\t\t\t\t\t<\/div>\n\t\t\t\t<\/div>\n\t\t<div class=\"elementor-element elementor-element-5063980b e-flex e-con-boxed e-con e-parent\" data-id=\"5063980b\" data-element_type=\"container\" data-e-type=\"container\" data-settings=\"{&quot;_ha_eqh_enable&quot;:false}\">\n\t\t\t\t\t<div class=\"e-con-inner\">\n\t\t\t\t<div class=\"elementor-element elementor-element-2fbd4da9 elementor-grid-3 elementor-grid-tablet-2 elementor-grid-mobile-1 elementor-posts--thumbnail-top elementor-widget elementor-widget-posts\" data-id=\"2fbd4da9\" data-element_type=\"widget\" data-e-type=\"widget\" data-settings=\"{&quot;classic_columns&quot;:&quot;3&quot;,&quot;classic_columns_tablet&quot;:&quot;2&quot;,&quot;classic_columns_mobile&quot;:&quot;1&quot;,&quot;classic_row_gap&quot;:{&quot;unit&quot;:&quot;px&quot;,&quot;size&quot;:35,&quot;sizes&quot;:[]},&quot;classic_row_gap_tablet&quot;:{&quot;unit&quot;:&quot;px&quot;,&quot;size&quot;:&quot;&quot;,&quot;sizes&quot;:[]},&quot;classic_row_gap_mobile&quot;:{&quot;unit&quot;:&quot;px&quot;,&quot;size&quot;:&quot;&quot;,&quot;sizes&quot;:[]}}\" data-widget_type=\"posts.classic\">\n\t\t\t\t<div class=\"elementor-widget-container\">\n\t\t\t\t\t\t\t<div class=\"elementor-posts-container elementor-posts elementor-posts--skin-classic elementor-grid\" role=\"list\">\n\t\t\t\t<article class=\"elementor-post elementor-grid-item post-11842 post type-post status-publish format-standard has-post-thumbnail hentry category-belgyogyaszat category-gasztroenterologia category-ultrahang latest_post\" role=\"listitem\">\n\t\t\t\t<a class=\"elementor-post__thumbnail__link\" href=\"https:\/\/coordimed.hu\/index.php\/2026\/03\/12\/gyomorfajdalom\/\" tabindex=\"-1\" >\n\t\t\t<div class=\"elementor-post__thumbnail\"><img decoding=\"async\" width=\"300\" height=\"300\" src=\"https:\/\/i0.wp.com\/coordimed.hu\/wp-content\/uploads\/2026\/03\/Gyomorfajdalom.jpg?fit=300%2C300&amp;ssl=1\" class=\"attachment-medium size-medium wp-image-11850\" alt=\"\" srcset=\"https:\/\/i0.wp.com\/coordimed.hu\/wp-content\/uploads\/2026\/03\/Gyomorfajdalom.jpg?w=1080&amp;ssl=1 1080w, https:\/\/i0.wp.com\/coordimed.hu\/wp-content\/uploads\/2026\/03\/Gyomorfajdalom.jpg?resize=300%2C300&amp;ssl=1 300w, https:\/\/i0.wp.com\/coordimed.hu\/wp-content\/uploads\/2026\/03\/Gyomorfajdalom.jpg?resize=1024%2C1024&amp;ssl=1 1024w, https:\/\/i0.wp.com\/coordimed.hu\/wp-content\/uploads\/2026\/03\/Gyomorfajdalom.jpg?resize=150%2C150&amp;ssl=1 150w, https:\/\/i0.wp.com\/coordimed.hu\/wp-content\/uploads\/2026\/03\/Gyomorfajdalom.jpg?resize=768%2C768&amp;ssl=1 768w, https:\/\/i0.wp.com\/coordimed.hu\/wp-content\/uploads\/2026\/03\/Gyomorfajdalom.jpg?resize=60%2C60&amp;ssl=1 60w, https:\/\/i0.wp.com\/coordimed.hu\/wp-content\/uploads\/2026\/03\/Gyomorfajdalom.jpg?resize=540%2C540&amp;ssl=1 540w, https:\/\/i0.wp.com\/coordimed.hu\/wp-content\/uploads\/2026\/03\/Gyomorfajdalom.jpg?resize=90%2C90&amp;ssl=1 90w\" sizes=\"(max-width: 300px) 100vw, 300px\" \/><\/div>\n\t\t<\/a>\n\t\t\t\t<div class=\"elementor-post__text\">\n\t\t\t\t<h3 class=\"elementor-post__title\">\n\t\t\t<a href=\"https:\/\/coordimed.hu\/index.php\/2026\/03\/12\/gyomorfajdalom\/\" >\n\t\t\t\tGyomorf\u00e1jdalom\t\t\t<\/a>\n\t\t<\/h3>\n\t\t\t\t<div class=\"elementor-post__meta-data\">\n\t\t\t\t\t<span class=\"elementor-post-date\">\n\t\t\t2026.03.12.\t\t<\/span>\n\t\t\t\t<span class=\"elementor-post-avatar\">\n\t\t\tNincs hozz\u00e1sz\u00f3l\u00e1s\t\t<\/span>\n\t\t\t\t<\/div>\n\t\t\t\t<div class=\"elementor-post__excerpt\">\n\t\t\t<p>A gyomorf\u00e1jdalom h\u00e1tter\u00e9ben nem mindig gyomorbetegs\u00e9g \u00e1ll. Reflux, fek\u00e9ly, epeprobl\u00e9ma vagy ak\u00e1r sz\u00edvbetegs\u00e9g is okozhat fels\u0151 hasi f\u00e1jdalmat. Tudja meg, mikor sz\u00fcks\u00e9ges kivizsg\u00e1l\u00e1s, \u00e9s milyen szerepe van a hasi ultrahangnak \u00e9s a laborvizsg\u00e1latoknak.<\/p>\n\t\t<\/div>\n\t\t\n\t\t<a class=\"elementor-post__read-more\" href=\"https:\/\/coordimed.hu\/index.php\/2026\/03\/12\/gyomorfajdalom\/\" aria-label=\"Read more about Gyomorf\u00e1jdalom\" tabindex=\"-1\" >\n\t\t\tTov\u00e1bb olvasom \u00bb\t\t<\/a>\n\n\t\t\t\t<\/div>\n\t\t\t\t<\/article>\n\t\t\t\t<article class=\"elementor-post elementor-grid-item post-11825 post type-post status-publish format-standard has-post-thumbnail hentry category-ultrahang latest_post\" role=\"listitem\">\n\t\t\t\t<a class=\"elementor-post__thumbnail__link\" href=\"https:\/\/coordimed.hu\/index.php\/2026\/03\/09\/amikor-a-kepek-meselnek-beszelgetes-dr-incze-zsuzsa-radiologussal\/\" tabindex=\"-1\" >\n\t\t\t<div class=\"elementor-post__thumbnail\"><img decoding=\"async\" width=\"300\" height=\"200\" src=\"https:\/\/i0.wp.com\/coordimed.hu\/wp-content\/uploads\/2024\/09\/shutterstock_2384414737.webp?fit=300%2C200&amp;ssl=1\" class=\"attachment-medium size-medium wp-image-5204\" alt=\"\" srcset=\"https:\/\/i0.wp.com\/coordimed.hu\/wp-content\/uploads\/2024\/09\/shutterstock_2384414737.webp?w=1000&amp;ssl=1 1000w, https:\/\/i0.wp.com\/coordimed.hu\/wp-content\/uploads\/2024\/09\/shutterstock_2384414737.webp?resize=300%2C200&amp;ssl=1 300w, https:\/\/i0.wp.com\/coordimed.hu\/wp-content\/uploads\/2024\/09\/shutterstock_2384414737.webp?resize=768%2C512&amp;ssl=1 768w, https:\/\/i0.wp.com\/coordimed.hu\/wp-content\/uploads\/2024\/09\/shutterstock_2384414737.webp?resize=90%2C60&amp;ssl=1 90w, https:\/\/i0.wp.com\/coordimed.hu\/wp-content\/uploads\/2024\/09\/shutterstock_2384414737.webp?resize=370%2C247&amp;ssl=1 370w, https:\/\/i0.wp.com\/coordimed.hu\/wp-content\/uploads\/2024\/09\/shutterstock_2384414737.webp?resize=776%2C517&amp;ssl=1 776w\" sizes=\"(max-width: 300px) 100vw, 300px\" \/><\/div>\n\t\t<\/a>\n\t\t\t\t<div class=\"elementor-post__text\">\n\t\t\t\t<h3 class=\"elementor-post__title\">\n\t\t\t<a href=\"https:\/\/coordimed.hu\/index.php\/2026\/03\/09\/amikor-a-kepek-meselnek-beszelgetes-dr-incze-zsuzsa-radiologussal\/\" >\n\t\t\t\tAmikor a k\u00e9pek mes\u00e9lnek \u2013 besz\u00e9lget\u00e9s Dr. Incze Zsuzsa radiol\u00f3gussal\t\t\t<\/a>\n\t\t<\/h3>\n\t\t\t\t<div class=\"elementor-post__meta-data\">\n\t\t\t\t\t<span class=\"elementor-post-date\">\n\t\t\t2026.03.09.\t\t<\/span>\n\t\t\t\t<span class=\"elementor-post-avatar\">\n\t\t\tNincs hozz\u00e1sz\u00f3l\u00e1s\t\t<\/span>\n\t\t\t\t<\/div>\n\t\t\t\t<div class=\"elementor-post__excerpt\">\n\t\t\t<p>Amikor a k\u00e9pek mes\u00e9lnek \u2013 besz\u00e9lget\u00e9s Dr. Incze Zsuzsa radiol\u00f3gussal<\/p>\n\t\t<\/div>\n\t\t\n\t\t<a class=\"elementor-post__read-more\" href=\"https:\/\/coordimed.hu\/index.php\/2026\/03\/09\/amikor-a-kepek-meselnek-beszelgetes-dr-incze-zsuzsa-radiologussal\/\" aria-label=\"Read more about Amikor a k\u00e9pek mes\u00e9lnek \u2013 besz\u00e9lget\u00e9s Dr. Incze Zsuzsa radiol\u00f3gussal\" tabindex=\"-1\" >\n\t\t\tTov\u00e1bb olvasom \u00bb\t\t<\/a>\n\n\t\t\t\t<\/div>\n\t\t\t\t<\/article>\n\t\t\t\t<article class=\"elementor-post elementor-grid-item post-11813 post type-post status-publish format-standard has-post-thumbnail hentry category-ultrahang latest_post\" role=\"listitem\">\n\t\t\t\t<a class=\"elementor-post__thumbnail__link\" href=\"https:\/\/coordimed.hu\/index.php\/2026\/03\/09\/csomo-a-bor-alatt\/\" tabindex=\"-1\" >\n\t\t\t<div class=\"elementor-post__thumbnail\"><img loading=\"lazy\" decoding=\"async\" width=\"300\" height=\"300\" src=\"https:\/\/i0.wp.com\/coordimed.hu\/wp-content\/uploads\/2026\/03\/csomo-a-bor-alatt.jpg?fit=300%2C300&amp;ssl=1\" class=\"attachment-medium size-medium wp-image-11827\" alt=\"\" srcset=\"https:\/\/i0.wp.com\/coordimed.hu\/wp-content\/uploads\/2026\/03\/csomo-a-bor-alatt.jpg?w=1080&amp;ssl=1 1080w, https:\/\/i0.wp.com\/coordimed.hu\/wp-content\/uploads\/2026\/03\/csomo-a-bor-alatt.jpg?resize=300%2C300&amp;ssl=1 300w, https:\/\/i0.wp.com\/coordimed.hu\/wp-content\/uploads\/2026\/03\/csomo-a-bor-alatt.jpg?resize=1024%2C1024&amp;ssl=1 1024w, https:\/\/i0.wp.com\/coordimed.hu\/wp-content\/uploads\/2026\/03\/csomo-a-bor-alatt.jpg?resize=150%2C150&amp;ssl=1 150w, https:\/\/i0.wp.com\/coordimed.hu\/wp-content\/uploads\/2026\/03\/csomo-a-bor-alatt.jpg?resize=768%2C768&amp;ssl=1 768w, https:\/\/i0.wp.com\/coordimed.hu\/wp-content\/uploads\/2026\/03\/csomo-a-bor-alatt.jpg?resize=60%2C60&amp;ssl=1 60w, https:\/\/i0.wp.com\/coordimed.hu\/wp-content\/uploads\/2026\/03\/csomo-a-bor-alatt.jpg?resize=540%2C540&amp;ssl=1 540w, https:\/\/i0.wp.com\/coordimed.hu\/wp-content\/uploads\/2026\/03\/csomo-a-bor-alatt.jpg?resize=90%2C90&amp;ssl=1 90w\" sizes=\"(max-width: 300px) 100vw, 300px\" \/><\/div>\n\t\t<\/a>\n\t\t\t\t<div class=\"elementor-post__text\">\n\t\t\t\t<h3 class=\"elementor-post__title\">\n\t\t\t<a href=\"https:\/\/coordimed.hu\/index.php\/2026\/03\/09\/csomo-a-bor-alatt\/\" >\n\t\t\t\tCsom\u00f3 a b\u0151r alatt\t\t\t<\/a>\n\t\t<\/h3>\n\t\t\t\t<div class=\"elementor-post__meta-data\">\n\t\t\t\t\t<span class=\"elementor-post-date\">\n\t\t\t2026.03.09.\t\t<\/span>\n\t\t\t\t<span class=\"elementor-post-avatar\">\n\t\t\tNincs hozz\u00e1sz\u00f3l\u00e1s\t\t<\/span>\n\t\t\t\t<\/div>\n\t\t\t\t<div class=\"elementor-post__excerpt\">\n\t\t\t<p>B\u0151r alatti csom\u00f3t tapint? Tudja meg, mikor lehet \u00e1rtalmatlan zs\u00edrcsom\u00f3 vagy ciszta, \u00e9s mikor sz\u00fcks\u00e9ges ultrahangos kivizsg\u00e1l\u00e1s.<\/p>\n\t\t<\/div>\n\t\t\n\t\t<a class=\"elementor-post__read-more\" href=\"https:\/\/coordimed.hu\/index.php\/2026\/03\/09\/csomo-a-bor-alatt\/\" aria-label=\"Read more about Csom\u00f3 a b\u0151r alatt\" tabindex=\"-1\" >\n\t\t\tTov\u00e1bb olvasom \u00bb\t\t<\/a>\n\n\t\t\t\t<\/div>\n\t\t\t\t<\/article>\n\t\t\t\t<article class=\"elementor-post elementor-grid-item post-11788 post type-post status-publish format-standard has-post-thumbnail hentry category-kardiologia latest_post\" role=\"listitem\">\n\t\t\t\t<a class=\"elementor-post__thumbnail__link\" href=\"https:\/\/coordimed.hu\/index.php\/2026\/03\/03\/miert-fontos-a-szivultrahang-szivinfarktus-utan\/\" tabindex=\"-1\" >\n\t\t\t<div class=\"elementor-post__thumbnail\"><img loading=\"lazy\" decoding=\"async\" width=\"300\" height=\"300\" src=\"https:\/\/i0.wp.com\/coordimed.hu\/wp-content\/uploads\/2026\/03\/Szivinfarktus-utan-etrend.png?fit=300%2C300&amp;ssl=1\" class=\"attachment-medium size-medium wp-image-11781\" alt=\"\" srcset=\"https:\/\/i0.wp.com\/coordimed.hu\/wp-content\/uploads\/2026\/03\/Szivinfarktus-utan-etrend.png?w=1080&amp;ssl=1 1080w, https:\/\/i0.wp.com\/coordimed.hu\/wp-content\/uploads\/2026\/03\/Szivinfarktus-utan-etrend.png?resize=300%2C300&amp;ssl=1 300w, https:\/\/i0.wp.com\/coordimed.hu\/wp-content\/uploads\/2026\/03\/Szivinfarktus-utan-etrend.png?resize=1024%2C1024&amp;ssl=1 1024w, https:\/\/i0.wp.com\/coordimed.hu\/wp-content\/uploads\/2026\/03\/Szivinfarktus-utan-etrend.png?resize=150%2C150&amp;ssl=1 150w, https:\/\/i0.wp.com\/coordimed.hu\/wp-content\/uploads\/2026\/03\/Szivinfarktus-utan-etrend.png?resize=768%2C768&amp;ssl=1 768w, https:\/\/i0.wp.com\/coordimed.hu\/wp-content\/uploads\/2026\/03\/Szivinfarktus-utan-etrend.png?resize=60%2C60&amp;ssl=1 60w, https:\/\/i0.wp.com\/coordimed.hu\/wp-content\/uploads\/2026\/03\/Szivinfarktus-utan-etrend.png?resize=540%2C540&amp;ssl=1 540w, https:\/\/i0.wp.com\/coordimed.hu\/wp-content\/uploads\/2026\/03\/Szivinfarktus-utan-etrend.png?resize=90%2C90&amp;ssl=1 90w\" sizes=\"(max-width: 300px) 100vw, 300px\" \/><\/div>\n\t\t<\/a>\n\t\t\t\t<div class=\"elementor-post__text\">\n\t\t\t\t<h3 class=\"elementor-post__title\">\n\t\t\t<a href=\"https:\/\/coordimed.hu\/index.php\/2026\/03\/03\/miert-fontos-a-szivultrahang-szivinfarktus-utan\/\" >\n\t\t\t\tMi\u00e9rt fontos a sz\u00edvultrahang sz\u00edvinfarktus ut\u00e1n?\t\t\t<\/a>\n\t\t<\/h3>\n\t\t\t\t<div class=\"elementor-post__meta-data\">\n\t\t\t\t\t<span class=\"elementor-post-date\">\n\t\t\t2026.03.03.\t\t<\/span>\n\t\t\t\t<span class=\"elementor-post-avatar\">\n\t\t\tNincs hozz\u00e1sz\u00f3l\u00e1s\t\t<\/span>\n\t\t\t\t<\/div>\n\t\t\t\t<div class=\"elementor-post__excerpt\">\n\t\t\t<p>Sz\u00edvinfarktus ut\u00e1n a sz\u00edvultrahang megmutatja a hegesed\u00e9s m\u00e9rt\u00e9k\u00e9t, a falmozg\u00e1szavart, az ejekci\u00f3s frakci\u00f3t (EF) \u00e9s a billenty\u0171k \u00e1llapot\u00e1t. Mikor sz\u00fcks\u00e9ges kontrollvizsg\u00e1lat?<\/p>\n\t\t<\/div>\n\t\t\n\t\t<a class=\"elementor-post__read-more\" href=\"https:\/\/coordimed.hu\/index.php\/2026\/03\/03\/miert-fontos-a-szivultrahang-szivinfarktus-utan\/\" aria-label=\"Read more about Mi\u00e9rt fontos a sz\u00edvultrahang sz\u00edvinfarktus ut\u00e1n?\" tabindex=\"-1\" >\n\t\t\tTov\u00e1bb olvasom \u00bb\t\t<\/a>\n\n\t\t\t\t<\/div>\n\t\t\t\t<\/article>\n\t\t\t\t<article class=\"elementor-post elementor-grid-item post-11773 post type-post status-publish format-standard has-post-thumbnail hentry category-dietetika category-kardiologia latest_post\" role=\"listitem\">\n\t\t\t\t<a class=\"elementor-post__thumbnail__link\" href=\"https:\/\/coordimed.hu\/index.php\/2026\/03\/03\/infarktus-utani-dietetika\/\" tabindex=\"-1\" >\n\t\t\t<div class=\"elementor-post__thumbnail\"><img loading=\"lazy\" decoding=\"async\" width=\"300\" height=\"300\" src=\"https:\/\/i0.wp.com\/coordimed.hu\/wp-content\/uploads\/2026\/03\/Szivinfarktus-utan-etrend.png?fit=300%2C300&amp;ssl=1\" class=\"attachment-medium size-medium wp-image-11781\" alt=\"\" srcset=\"https:\/\/i0.wp.com\/coordimed.hu\/wp-content\/uploads\/2026\/03\/Szivinfarktus-utan-etrend.png?w=1080&amp;ssl=1 1080w, https:\/\/i0.wp.com\/coordimed.hu\/wp-content\/uploads\/2026\/03\/Szivinfarktus-utan-etrend.png?resize=300%2C300&amp;ssl=1 300w, https:\/\/i0.wp.com\/coordimed.hu\/wp-content\/uploads\/2026\/03\/Szivinfarktus-utan-etrend.png?resize=1024%2C1024&amp;ssl=1 1024w, https:\/\/i0.wp.com\/coordimed.hu\/wp-content\/uploads\/2026\/03\/Szivinfarktus-utan-etrend.png?resize=150%2C150&amp;ssl=1 150w, https:\/\/i0.wp.com\/coordimed.hu\/wp-content\/uploads\/2026\/03\/Szivinfarktus-utan-etrend.png?resize=768%2C768&amp;ssl=1 768w, https:\/\/i0.wp.com\/coordimed.hu\/wp-content\/uploads\/2026\/03\/Szivinfarktus-utan-etrend.png?resize=60%2C60&amp;ssl=1 60w, https:\/\/i0.wp.com\/coordimed.hu\/wp-content\/uploads\/2026\/03\/Szivinfarktus-utan-etrend.png?resize=540%2C540&amp;ssl=1 540w, https:\/\/i0.wp.com\/coordimed.hu\/wp-content\/uploads\/2026\/03\/Szivinfarktus-utan-etrend.png?resize=90%2C90&amp;ssl=1 90w\" sizes=\"(max-width: 300px) 100vw, 300px\" \/><\/div>\n\t\t<\/a>\n\t\t\t\t<div class=\"elementor-post__text\">\n\t\t\t\t<h3 class=\"elementor-post__title\">\n\t\t\t<a href=\"https:\/\/coordimed.hu\/index.php\/2026\/03\/03\/infarktus-utani-dietetika\/\" >\n\t\t\t\tInfarktus ut\u00e1ni dietetika\t\t\t<\/a>\n\t\t<\/h3>\n\t\t\t\t<div class=\"elementor-post__meta-data\">\n\t\t\t\t\t<span class=\"elementor-post-date\">\n\t\t\t2026.03.03.\t\t<\/span>\n\t\t\t\t<span class=\"elementor-post-avatar\">\n\t\t\tNincs hozz\u00e1sz\u00f3l\u00e1s\t\t<\/span>\n\t\t\t\t<\/div>\n\t\t\t\t<div class=\"elementor-post__excerpt\">\n\t\t\t<p>Infarktus ut\u00e1ni \u00e9trend: mit \u00e9rdemes v\u00e1ltoztatni, hogyan seg\u00edt a diplom\u00e1s dietetikus, \u00e9s mi\u00e9rt fontos a szem\u00e9lyre szabott, orvossal egyeztetett \u00e9trendi terv.<\/p>\n\t\t<\/div>\n\t\t\n\t\t<a class=\"elementor-post__read-more\" href=\"https:\/\/coordimed.hu\/index.php\/2026\/03\/03\/infarktus-utani-dietetika\/\" aria-label=\"Read more about Infarktus ut\u00e1ni dietetika\" tabindex=\"-1\" >\n\t\t\tTov\u00e1bb olvasom \u00bb\t\t<\/a>\n\n\t\t\t\t<\/div>\n\t\t\t\t<\/article>\n\t\t\t\t<article class=\"elementor-post elementor-grid-item post-11766 post type-post status-publish format-standard has-post-thumbnail hentry category-egeszseg-pszichologia category-kardiologia latest_post\" role=\"listitem\">\n\t\t\t\t<a class=\"elementor-post__thumbnail__link\" href=\"https:\/\/coordimed.hu\/index.php\/2026\/03\/03\/szivinfarktus-utani-trauma-es-halalfelelem-a-psziches-felepules-utja\/\" tabindex=\"-1\" >\n\t\t\t<div class=\"elementor-post__thumbnail\"><img loading=\"lazy\" decoding=\"async\" width=\"300\" height=\"300\" src=\"https:\/\/i0.wp.com\/coordimed.hu\/wp-content\/uploads\/2026\/03\/szivinfarktus-utan-pszicho.png?fit=300%2C300&amp;ssl=1\" class=\"attachment-medium size-medium wp-image-11772\" alt=\"\" srcset=\"https:\/\/i0.wp.com\/coordimed.hu\/wp-content\/uploads\/2026\/03\/szivinfarktus-utan-pszicho.png?w=1080&amp;ssl=1 1080w, https:\/\/i0.wp.com\/coordimed.hu\/wp-content\/uploads\/2026\/03\/szivinfarktus-utan-pszicho.png?resize=300%2C300&amp;ssl=1 300w, https:\/\/i0.wp.com\/coordimed.hu\/wp-content\/uploads\/2026\/03\/szivinfarktus-utan-pszicho.png?resize=1024%2C1024&amp;ssl=1 1024w, https:\/\/i0.wp.com\/coordimed.hu\/wp-content\/uploads\/2026\/03\/szivinfarktus-utan-pszicho.png?resize=150%2C150&amp;ssl=1 150w, https:\/\/i0.wp.com\/coordimed.hu\/wp-content\/uploads\/2026\/03\/szivinfarktus-utan-pszicho.png?resize=768%2C768&amp;ssl=1 768w, https:\/\/i0.wp.com\/coordimed.hu\/wp-content\/uploads\/2026\/03\/szivinfarktus-utan-pszicho.png?resize=60%2C60&amp;ssl=1 60w, https:\/\/i0.wp.com\/coordimed.hu\/wp-content\/uploads\/2026\/03\/szivinfarktus-utan-pszicho.png?resize=540%2C540&amp;ssl=1 540w, https:\/\/i0.wp.com\/coordimed.hu\/wp-content\/uploads\/2026\/03\/szivinfarktus-utan-pszicho.png?resize=90%2C90&amp;ssl=1 90w\" sizes=\"(max-width: 300px) 100vw, 300px\" \/><\/div>\n\t\t<\/a>\n\t\t\t\t<div class=\"elementor-post__text\">\n\t\t\t\t<h3 class=\"elementor-post__title\">\n\t\t\t<a href=\"https:\/\/coordimed.hu\/index.php\/2026\/03\/03\/szivinfarktus-utani-trauma-es-halalfelelem-a-psziches-felepules-utja\/\" >\n\t\t\t\tSz\u00edvinfarktus ut\u00e1ni trauma \u00e9s hal\u00e1lf\u00e9lelem \u2013 a pszich\u00e9s fel\u00e9p\u00fcl\u00e9s \u00fatja\t\t\t<\/a>\n\t\t<\/h3>\n\t\t\t\t<div class=\"elementor-post__meta-data\">\n\t\t\t\t\t<span class=\"elementor-post-date\">\n\t\t\t2026.03.03.\t\t<\/span>\n\t\t\t\t<span class=\"elementor-post-avatar\">\n\t\t\tNincs hozz\u00e1sz\u00f3l\u00e1s\t\t<\/span>\n\t\t\t\t<\/div>\n\t\t\t\t<div class=\"elementor-post__excerpt\">\n\t\t\t<p>A sz\u00edvinfarktus nemcsak testi, hanem traumatikus \u00e9lm\u00e9ny is lehet. Hal\u00e1lf\u00e9lelem, kontrollveszt\u00e9s \u00e9s k\u00f3rh\u00e1zi kiszolg\u00e1ltatotts\u00e1g \u2013 mikor term\u00e9szetes \u00e9s mikor \u00e9rdemes seg\u00edts\u00e9get k\u00e9rni?<\/p>\n\t\t<\/div>\n\t\t\n\t\t<a class=\"elementor-post__read-more\" href=\"https:\/\/coordimed.hu\/index.php\/2026\/03\/03\/szivinfarktus-utani-trauma-es-halalfelelem-a-psziches-felepules-utja\/\" aria-label=\"Read more about Sz\u00edvinfarktus ut\u00e1ni trauma \u00e9s hal\u00e1lf\u00e9lelem \u2013 a pszich\u00e9s fel\u00e9p\u00fcl\u00e9s \u00fatja\" tabindex=\"-1\" >\n\t\t\tTov\u00e1bb olvasom \u00bb\t\t<\/a>\n\n\t\t\t\t<\/div>\n\t\t\t\t<\/article>\n\t\t\t\t<\/div>\n\t\t\n\t\t\t\t\t\t<\/div>\n\t\t\t\t<\/div>\n\t\t\t\t\t<\/div>\n\t\t\t\t<\/div>\n\t\t<div class=\"elementor-element elementor-element-788243ce e-con-full e-flex e-con e-child\" data-id=\"788243ce\" data-element_type=\"container\" data-e-type=\"container\" data-settings=\"{&quot;_ha_eqh_enable&quot;:false}\">\n\t\t<div class=\"elementor-element elementor-element-7c93b7ed e-con-full e-flex e-con e-child\" data-id=\"7c93b7ed\" data-element_type=\"container\" data-e-type=\"container\" data-settings=\"{&quot;_ha_eqh_enable&quot;:false}\">\n\t\t\t\t<div class=\"elementor-element elementor-element-4bcf6ac3 elementor-widget elementor-widget-google_maps\" data-id=\"4bcf6ac3\" data-element_type=\"widget\" data-e-type=\"widget\" data-widget_type=\"google_maps.default\">\n\t\t\t\t\t\t\t<div class=\"elementor-custom-embed\">\n\t\t\t<iframe loading=\"lazy\"\n\t\t\t\t\tsrc=\"https:\/\/maps.google.com\/maps?q=1021%20Budapest%20V%C3%B6lgy%20utca%205%2Fa&#038;t=m&#038;z=10&#038;output=embed&#038;iwloc=near\"\n\t\t\t\t\ttitle=\"1021 Budapest V\u00f6lgy utca 5\/a\"\n\t\t\t\t\taria-label=\"1021 Budapest V\u00f6lgy utca 5\/a\"\n\t\t\t><\/iframe>\n\t\t<\/div>\n\t\t\t\t\t\t<\/div>\n\t\t\t\t<\/div>\n\t\t<div class=\"elementor-element elementor-element-6ccff4a7 e-con-full e-flex e-con e-child\" data-id=\"6ccff4a7\" data-element_type=\"container\" data-e-type=\"container\">\n\t\t<div class=\"elementor-element elementor-element-550e3a6f e-con-full e-flex e-con e-child\" data-id=\"550e3a6f\" data-element_type=\"container\" data-e-type=\"container\" data-settings=\"{&quot;_ha_eqh_enable&quot;:false}\">\n\t\t\t\t<div class=\"elementor-element elementor-element-6cc97d8d elementor-widget__width-auto elementor-widget elementor-widget-heading\" data-id=\"6cc97d8d\" data-element_type=\"widget\" data-e-type=\"widget\" data-widget_type=\"heading.default\">\n\t\t\t\t\t<h5 class=\"elementor-heading-title elementor-size-default\">\u00datvonal tervez\u0151:<\/h5>\t\t\t\t<\/div>\n\t\t<div class=\"elementor-element elementor-element-2e05b7d4 e-grid e-con-full e-con e-child\" data-id=\"2e05b7d4\" data-element_type=\"container\" data-e-type=\"container\" data-settings=\"{&quot;_ha_eqh_enable&quot;:false}\">\n\t\t\t\t<div class=\"elementor-element elementor-element-7b3ecb05 elementor-view-framed ha-css-transform-yes elementor-shape-circle elementor-widget elementor-widget-icon\" data-id=\"7b3ecb05\" data-element_type=\"widget\" data-e-type=\"widget\" data-widget_type=\"icon.default\">\n\t\t\t\t\t\t\t<div class=\"elementor-icon-wrapper\">\n\t\t\t<a class=\"elementor-icon\" href=\"https:\/\/www.google.com\/maps\/dir\/\/Coordimed+Rendel%C5%91,+Budapest,+V%C3%B6lgy+u.+5%2Fa,+1021\/@47.5329918,18.8974388,12z\/data=!3m1!4b1!4m9!4m8!1m0!1m5!1m1!1s0x4741df42866f0743:0x14a74cb411201e3f!2m2!1d18.9798393!2d47.5330213!3e3?entry=ttu&#038;g_ep=EgoyMDI0MDkwNC4wIKXMDSoASAFQAw%3D%3D\" target=\"_blank\">\n\t\t\t<i aria-hidden=\"true\" class=\"fas fa-walking\"><\/i>\t\t\t<\/a>\n\t\t<\/div>\n\t\t\t\t\t\t<\/div>\n\t\t\t\t<div class=\"elementor-element elementor-element-1426e915 elementor-view-framed ha-css-transform-yes elementor-shape-circle elementor-widget elementor-widget-icon\" data-id=\"1426e915\" data-element_type=\"widget\" data-e-type=\"widget\" data-widget_type=\"icon.default\">\n\t\t\t\t\t\t\t<div class=\"elementor-icon-wrapper\">\n\t\t\t<a class=\"elementor-icon\" href=\"https:\/\/www.google.com\/maps\/dir\/\/Coordimed+Rendel%C5%91,+Budapest,+V%C3%B6lgy+u.+5%2Fa,+1021\/@47.5331077,18.8974392,12z\/data=!4m9!4m8!1m0!1m5!1m1!1s0x4741df42866f0743:0x14a74cb411201e3f!2m2!1d18.9798393!2d47.5330213!3e0?entry=ttu&#038;g_ep=EgoyMDI0MDkwNC4wIKXMDSoASAFQAw%3D%3D\" target=\"_blank\">\n\t\t\t<i aria-hidden=\"true\" class=\"fas fa-car\"><\/i>\t\t\t<\/a>\n\t\t<\/div>\n\t\t\t\t\t\t<\/div>\n\t\t\t\t<\/div>\n\t\t\t\t<div class=\"elementor-element elementor-element-4189e480 elementor-widget elementor-widget-text-editor\" data-id=\"4189e480\" data-element_type=\"widget\" data-e-type=\"widget\" data-widget_type=\"text-editor.default\">\n\t\t\t\t\t\t\t\t\t<h6 dir=\"ltr\" style=\"text-align: center;\">Telefonsz\u00e1m: <a style=\"font-family: var(--primary-font); font-size: 0.888889em;\" href=\"tel: +36304563934\">+36 30 456 3934<\/a><\/h6><h6 dir=\"ltr\" style=\"text-align: center;\"><strong>S\u00fcrg\u0151ss\u00e9gi telefonsz\u00e1m:<\/strong><\/h6><h6 dir=\"ltr\" style=\"text-align: center;\"><a href=\"tel: +36305080895\">+36 30 508 0895<\/a><\/h6>\t\t\t\t\t\t\t\t<\/div>\n\t\t\t\t<div class=\"elementor-element elementor-element-64e362b9 elementor-shape-circle elementor-grid-0 e-grid-align-center elementor-widget elementor-widget-social-icons\" data-id=\"64e362b9\" data-element_type=\"widget\" data-e-type=\"widget\" data-widget_type=\"social-icons.default\">\n\t\t\t\t\t\t\t<div class=\"elementor-social-icons-wrapper elementor-grid\" role=\"list\">\n\t\t\t\t\t\t\t<span class=\"elementor-grid-item\" role=\"listitem\">\n\t\t\t\t\t<a class=\"elementor-icon elementor-social-icon elementor-social-icon-facebook elementor-animation-grow elementor-repeater-item-048549f\" href=\"https:\/\/www.facebook.com\/coordimed\" target=\"_blank\">\n\t\t\t\t\t\t<span class=\"elementor-screen-only\">Facebook<\/span>\n\t\t\t\t\t\t<i aria-hidden=\"true\" class=\"fab fa-facebook\"><\/i>\t\t\t\t\t<\/a>\n\t\t\t\t<\/span>\n\t\t\t\t\t\t\t<span class=\"elementor-grid-item\" role=\"listitem\">\n\t\t\t\t\t<a class=\"elementor-icon elementor-social-icon elementor-social-icon-instagram elementor-animation-grow elementor-repeater-item-b256041\" href=\"https:\/\/www.instagram.com\/coordimedeu\/\" target=\"_blank\">\n\t\t\t\t\t\t<span class=\"elementor-screen-only\">Instagram<\/span>\n\t\t\t\t\t\t<i aria-hidden=\"true\" class=\"fab fa-instagram\"><\/i>\t\t\t\t\t<\/a>\n\t\t\t\t<\/span>\n\t\t\t\t\t<\/div>\n\t\t\t\t\t\t<\/div>\n\t\t\t\t<\/div>\n\t\t\t\t<\/div>\n\t\t<div class=\"elementor-element elementor-element-6d09cc50 e-con-full e-flex e-con e-child\" data-id=\"6d09cc50\" data-element_type=\"container\" data-e-type=\"container\" data-settings=\"{&quot;_ha_eqh_enable&quot;:false}\">\n\t\t<div class=\"elementor-element elementor-element-1835205e e-con-full e-flex e-con e-child\" data-id=\"1835205e\" data-element_type=\"container\" data-e-type=\"container\" data-settings=\"{&quot;_ha_eqh_enable&quot;:false}\">\n\t\t\t\t<div class=\"elementor-element elementor-element-463e6e5e elementor-widget elementor-widget-theme-site-logo elementor-widget-image\" data-id=\"463e6e5e\" data-element_type=\"widget\" data-e-type=\"widget\" data-widget_type=\"theme-site-logo.default\">\n\t\t\t\t\t\t\t\t\t\t\t<a href=\"https:\/\/coordimed.hu\">\n\t\t\t<img loading=\"lazy\" decoding=\"async\" width=\"150\" height=\"39\" src=\"https:\/\/i0.wp.com\/coordimed.hu\/wp-content\/uploads\/2023\/09\/cropped-Coordimed_logo_150px.webp?fit=150%2C39&amp;ssl=1\" class=\"attachment-full size-full wp-image-41\" alt=\"\" \/>\t\t\t\t<\/a>\n\t\t\t\t\t\t\t\t\t\t\t<\/div>\n\t\t\t\t<div class=\"elementor-element elementor-element-1bb39e79 elementor-widget elementor-widget-gallery\" data-id=\"1bb39e79\" data-element_type=\"widget\" data-e-type=\"widget\" data-settings=\"{&quot;gallery_layout&quot;:&quot;justified&quot;,&quot;overlay_description&quot;:&quot;title&quot;,&quot;ideal_row_height&quot;:{&quot;unit&quot;:&quot;px&quot;,&quot;size&quot;:200,&quot;sizes&quot;:[]},&quot;ideal_row_height_tablet&quot;:{&quot;unit&quot;:&quot;px&quot;,&quot;size&quot;:150,&quot;sizes&quot;:[]},&quot;ideal_row_height_mobile&quot;:{&quot;unit&quot;:&quot;px&quot;,&quot;size&quot;:150,&quot;sizes&quot;:[]},&quot;gap&quot;:{&quot;unit&quot;:&quot;px&quot;,&quot;size&quot;:10,&quot;sizes&quot;:[]},&quot;gap_tablet&quot;:{&quot;unit&quot;:&quot;px&quot;,&quot;size&quot;:10,&quot;sizes&quot;:[]},&quot;gap_mobile&quot;:{&quot;unit&quot;:&quot;px&quot;,&quot;size&quot;:10,&quot;sizes&quot;:[]},&quot;link_to&quot;:&quot;file&quot;,&quot;overlay_background&quot;:&quot;yes&quot;,&quot;content_hover_animation&quot;:&quot;fade-in&quot;}\" data-widget_type=\"gallery.default\">\n\t\t\t\t\t\t\t<div class=\"elementor-gallery__container\">\n\t\t\t\t\t\t\t<a class=\"e-gallery-item elementor-gallery-item elementor-animated-content\" href=\"https:\/\/i0.wp.com\/coordimed.hu\/wp-content\/uploads\/2024\/09\/20240911_160800-scaled-e1726314029570.webp?fit=1920%2C1434&#038;ssl=1\" data-elementor-open-lightbox=\"yes\" data-elementor-lightbox-slideshow=\"1bb39e79\" data-elementor-lightbox-title=\"Bej\u00e1rat\" data-e-action-hash=\"#elementor-action%3Aaction%3Dlightbox%26settings%3DeyJpZCI6NDU3NSwidXJsIjoiaHR0cHM6XC9cL2Nvb3JkaW1lZC5odVwvd3AtY29udGVudFwvdXBsb2Fkc1wvMjAyNFwvMDlcLzIwMjQwOTExXzE2MDgwMC1zY2FsZWQtZTE3MjYzMTQwMjk1NzAud2VicCIsInNsaWRlc2hvdyI6IjFiYjM5ZTc5In0%3D\">\n\t\t\t\t\t<div class=\"e-gallery-image elementor-gallery-item__image\" data-thumbnail=\"https:\/\/i0.wp.com\/coordimed.hu\/wp-content\/uploads\/2024\/09\/20240911_160800-scaled-e1726314029570.webp?fit=768%2C573&amp;ssl=1\" data-width=\"768\" data-height=\"573\" aria-label=\"\" role=\"img\" ><\/div>\n\t\t\t\t\t\t\t\t\t\t\t<div class=\"elementor-gallery-item__overlay\"><\/div>\n\t\t\t\t\t\t\t\t\t\t\t\t\t\t\t<div class=\"elementor-gallery-item__content\">\n\t\t\t\t\t\t\t\t\t\t\t\t\t\t<div class=\"elementor-gallery-item__description\">\n\t\t\t\t\t\t\t\t\t\t\t\t\t\t\t\t\t\tBej\u00e1rat\t\t\t\t\t\t\t\t<\/div>\n\t\t\t\t\t\t\t\t\t\t\t\t<\/div>\n\t\t\t\t\t\t\t\t\t<\/a>\n\t\t\t\t\t<\/div>\n\t\t\t\t\t<\/div>\n\t\t\t\t<\/div>\n\t\t\t\t<\/div>\n\t\t\t\t<\/div>\n\t\t\t\t<\/div>\n\t\t","protected":false},"excerpt":{"rendered":"<p>Dr. Szalontai L\u00e1szl\u00f3 PhD. radiol\u00f3gus szakorvos, kiemelked\u0151 precizit\u00e1ssal \u00e9s sz\u00edvb\u0151l v\u00e9gzett diagnosztik\u00e1val v\u00e1rja \u00d6nt a Coordimed rendel\u0151ben.<\/p>\n","protected":false},"author":2,"featured_media":0,"parent":0,"menu_order":0,"comment_status":"closed","ping_status":"closed","template":"elementor_theme","meta":{"footnotes":""},"class_list":["post-8177","page","type-page","status-publish","hentry","latest_post"],"yoast_head":"<!-- This site is optimized with the Yoast SEO Premium plugin v26.4 (Yoast SEO v27.5) - https:\/\/yoast.com\/product\/yoast-seo-premium-wordpress\/ -->\n<title>Dr. Szalontai L\u00e1szl\u00f3 PhD. - Coordimed Rendel\u0151<\/title>\n<meta name=\"description\" content=\"Dr. Szalontai L\u00e1szl\u00f3 PhD. radiol\u00f3gus szakorvos, kiemelked\u0151 precizit\u00e1ssal \u00e9s sz\u00edvb\u0151l v\u00e9gzett diagnosztik\u00e1val v\u00e1rja \u00d6nt a Coordimed rendel\u0151ben.\" \/>\n<meta name=\"robots\" content=\"index, follow, max-snippet:-1, max-image-preview:large, max-video-preview:-1\" \/>\n<link rel=\"canonical\" href=\"https:\/\/coordimed.hu\/index.php\/dr-szalontai-laszlo-phd\/\" \/>\n<meta property=\"og:locale\" content=\"hu_HU\" \/>\n<meta property=\"og:type\" content=\"article\" \/>\n<meta property=\"og:title\" content=\"Dr. Szalontai L\u00e1szl\u00f3 PhD. - Coordimed Rendel\u0151\" \/>\n<meta property=\"og:description\" content=\"Dr. Hank\u00f3 L\u00e1szl\u00f3 belgy\u00f3gy\u00e1sz szakorvos, gasztroenterol\u00f3gus szakorvos jel\u00f6lt, a Coordimed szakmai vezet\u0151je. Komplex kivizsg\u00e1l\u00e1s \u00e9s szem\u00e9lyre szabott ell\u00e1t\u00e1s a II. ker\u00fcletben\" \/>\n<meta property=\"og:url\" content=\"https:\/\/coordimed.hu\/index.php\/dr-szalontai-laszlo-phd\/\" \/>\n<meta property=\"article:publisher\" content=\"https:\/\/www.facebook.com\/coordimed\" \/>\n<meta property=\"article:modified_time\" content=\"2025-07-15T09:01:31+00:00\" \/>\n<meta property=\"og:image\" content=\"https:\/\/coordimed.hu\/wp-content\/uploads\/2024\/01\/DSCF9378.webp\" \/>\n\t<meta property=\"og:image:width\" content=\"1280\" \/>\n\t<meta property=\"og:image:height\" content=\"1920\" \/>\n\t<meta property=\"og:image:type\" content=\"image\/webp\" \/>\n<meta name=\"twitter:card\" content=\"summary_large_image\" \/>\n<meta name=\"twitter:title\" content=\"Dr. Szalontai L\u00e1szl\u00f3 PhD.\" \/>\n<meta name=\"twitter:description\" content=\"Coordimed Mag\u00e1n Rendel\u0151 Bud\u00e1n! Proffeszion\u00e1lis egy\u00e9nre szabott ell\u00e1t\u00e1sok!\" \/>\n<meta name=\"twitter:label1\" content=\"Becs\u00fclt olvas\u00e1si id\u0151\" \/>\n\t<meta name=\"twitter:data1\" content=\"3 perc\" \/>\n<script type=\"application\/ld+json\" class=\"yoast-schema-graph\">{\"@context\":\"https:\\\/\\\/schema.org\",\"@graph\":[{\"@type\":\"WebPage\",\"@id\":\"https:\\\/\\\/coordimed.hu\\\/index.php\\\/dr-szalontai-laszlo-phd\\\/\",\"url\":\"https:\\\/\\\/coordimed.hu\\\/index.php\\\/dr-szalontai-laszlo-phd\\\/\",\"name\":\"Dr. Szalontai L\u00e1szl\u00f3 PhD. - Coordimed Rendel\u0151\",\"isPartOf\":{\"@id\":\"https:\\\/\\\/coordimed.hu\\\/#website\"},\"primaryImageOfPage\":{\"@id\":\"https:\\\/\\\/coordimed.hu\\\/index.php\\\/dr-szalontai-laszlo-phd\\\/#primaryimage\"},\"image\":{\"@id\":\"https:\\\/\\\/coordimed.hu\\\/index.php\\\/dr-szalontai-laszlo-phd\\\/#primaryimage\"},\"thumbnailUrl\":\"https:\\\/\\\/coordimed.hu\\\/wp-content\\\/uploads\\\/2025\\\/07\\\/coordimed_portre-1922_pp-768x1152.jpg\",\"datePublished\":\"2025-06-04T10:40:53+00:00\",\"dateModified\":\"2025-07-15T09:01:31+00:00\",\"description\":\"Dr. Szalontai L\u00e1szl\u00f3 PhD. radiol\u00f3gus szakorvos, kiemelked\u0151 precizit\u00e1ssal \u00e9s sz\u00edvb\u0151l v\u00e9gzett diagnosztik\u00e1val v\u00e1rja \u00d6nt a Coordimed rendel\u0151ben.\",\"breadcrumb\":{\"@id\":\"https:\\\/\\\/coordimed.hu\\\/index.php\\\/dr-szalontai-laszlo-phd\\\/#breadcrumb\"},\"inLanguage\":\"hu\",\"potentialAction\":[{\"@type\":\"ReadAction\",\"target\":[\"https:\\\/\\\/coordimed.hu\\\/index.php\\\/dr-szalontai-laszlo-phd\\\/\"]}]},{\"@type\":\"ImageObject\",\"inLanguage\":\"hu\",\"@id\":\"https:\\\/\\\/coordimed.hu\\\/index.php\\\/dr-szalontai-laszlo-phd\\\/#primaryimage\",\"url\":\"https:\\\/\\\/i0.wp.com\\\/coordimed.hu\\\/wp-content\\\/uploads\\\/2025\\\/07\\\/coordimed_portre-1922_pp.jpg?fit=1024%2C1536&ssl=1\",\"contentUrl\":\"https:\\\/\\\/i0.wp.com\\\/coordimed.hu\\\/wp-content\\\/uploads\\\/2025\\\/07\\\/coordimed_portre-1922_pp.jpg?fit=1024%2C1536&ssl=1\",\"width\":1024,\"height\":1536,\"caption\":\"Dr. Szalontai L\u00e1szl\u00f3 PhD. -Radiol\u00f3gus\"},{\"@type\":\"BreadcrumbList\",\"@id\":\"https:\\\/\\\/coordimed.hu\\\/index.php\\\/dr-szalontai-laszlo-phd\\\/#breadcrumb\",\"itemListElement\":[{\"@type\":\"ListItem\",\"position\":1,\"name\":\"Kezd\u0151lap\",\"item\":\"https:\\\/\\\/coordimed.hu\\\/\"},{\"@type\":\"ListItem\",\"position\":2,\"name\":\"Dr. Szalontai L\u00e1szl\u00f3 PhD.\"}]},{\"@type\":\"WebSite\",\"@id\":\"https:\\\/\\\/coordimed.hu\\\/#website\",\"url\":\"https:\\\/\\\/coordimed.hu\\\/\",\"name\":\"Coordimed\",\"description\":\"-  Sz\u00edvb\u0151l gy\u00f3gy\u00edtunk\",\"publisher\":{\"@id\":\"https:\\\/\\\/coordimed.hu\\\/#organization\"},\"potentialAction\":[{\"@type\":\"SearchAction\",\"target\":{\"@type\":\"EntryPoint\",\"urlTemplate\":\"https:\\\/\\\/coordimed.hu\\\/?s={search_term_string}\"},\"query-input\":{\"@type\":\"PropertyValueSpecification\",\"valueRequired\":true,\"valueName\":\"search_term_string\"}}],\"inLanguage\":\"hu\"},{\"@type\":\"Organization\",\"@id\":\"https:\\\/\\\/coordimed.hu\\\/#organization\",\"name\":\"Coordimed Rendel\u0151 Kft.\",\"url\":\"https:\\\/\\\/coordimed.hu\\\/\",\"logo\":{\"@type\":\"ImageObject\",\"inLanguage\":\"hu\",\"@id\":\"https:\\\/\\\/coordimed.hu\\\/#\\\/schema\\\/logo\\\/image\\\/\",\"url\":\"https:\\\/\\\/i0.wp.com\\\/coordimed.hu\\\/wp-content\\\/uploads\\\/2023\\\/09\\\/cropped-Coordimed_logo_150px.webp?fit=150%2C39&ssl=1\",\"contentUrl\":\"https:\\\/\\\/i0.wp.com\\\/coordimed.hu\\\/wp-content\\\/uploads\\\/2023\\\/09\\\/cropped-Coordimed_logo_150px.webp?fit=150%2C39&ssl=1\",\"width\":150,\"height\":39,\"caption\":\"Coordimed Rendel\u0151 Kft.\"},\"image\":{\"@id\":\"https:\\\/\\\/coordimed.hu\\\/#\\\/schema\\\/logo\\\/image\\\/\"},\"sameAs\":[\"https:\\\/\\\/www.facebook.com\\\/coordimed\"],\"ownershipFundingInfo\":\"https:\\\/\\\/coordimed.hu\\\/index.php\\\/rolunk\\\/\",\"actionableFeedbackPolicy\":\"https:\\\/\\\/coordimed.hu\\\/index.php\\\/kapcsolat\\\/\",\"correctionsPolicy\":\"https:\\\/\\\/coordimed.hu\\\/index.php\\\/kapcsolat\\\/\"}]}<\/script>\n<!-- \/ Yoast SEO Premium plugin. -->","yoast_head_json":{"title":"Dr. Szalontai L\u00e1szl\u00f3 PhD. - Coordimed Rendel\u0151","description":"Dr. Szalontai L\u00e1szl\u00f3 PhD. radiol\u00f3gus szakorvos, kiemelked\u0151 precizit\u00e1ssal \u00e9s sz\u00edvb\u0151l v\u00e9gzett diagnosztik\u00e1val v\u00e1rja \u00d6nt a Coordimed rendel\u0151ben.","robots":{"index":"index","follow":"follow","max-snippet":"max-snippet:-1","max-image-preview":"max-image-preview:large","max-video-preview":"max-video-preview:-1"},"canonical":"https:\/\/coordimed.hu\/index.php\/dr-szalontai-laszlo-phd\/","og_locale":"hu_HU","og_type":"article","og_title":"Dr. Szalontai L\u00e1szl\u00f3 PhD. - Coordimed Rendel\u0151","og_description":"Dr. Hank\u00f3 L\u00e1szl\u00f3 belgy\u00f3gy\u00e1sz szakorvos, gasztroenterol\u00f3gus szakorvos jel\u00f6lt, a Coordimed szakmai vezet\u0151je. Komplex kivizsg\u00e1l\u00e1s \u00e9s szem\u00e9lyre szabott ell\u00e1t\u00e1s a II. ker\u00fcletben","og_url":"https:\/\/coordimed.hu\/index.php\/dr-szalontai-laszlo-phd\/","article_publisher":"https:\/\/www.facebook.com\/coordimed","article_modified_time":"2025-07-15T09:01:31+00:00","og_image":[{"width":1280,"height":1920,"url":"https:\/\/coordimed.hu\/wp-content\/uploads\/2024\/01\/DSCF9378.webp","type":"image\/webp"}],"twitter_card":"summary_large_image","twitter_title":"Dr. Szalontai L\u00e1szl\u00f3 PhD.","twitter_description":"Coordimed Mag\u00e1n Rendel\u0151 Bud\u00e1n! Proffeszion\u00e1lis egy\u00e9nre szabott ell\u00e1t\u00e1sok!","twitter_misc":{"Becs\u00fclt olvas\u00e1si id\u0151":"3 perc"},"schema":{"@context":"https:\/\/schema.org","@graph":[{"@type":"WebPage","@id":"https:\/\/coordimed.hu\/index.php\/dr-szalontai-laszlo-phd\/","url":"https:\/\/coordimed.hu\/index.php\/dr-szalontai-laszlo-phd\/","name":"Dr. Szalontai L\u00e1szl\u00f3 PhD. - Coordimed Rendel\u0151","isPartOf":{"@id":"https:\/\/coordimed.hu\/#website"},"primaryImageOfPage":{"@id":"https:\/\/coordimed.hu\/index.php\/dr-szalontai-laszlo-phd\/#primaryimage"},"image":{"@id":"https:\/\/coordimed.hu\/index.php\/dr-szalontai-laszlo-phd\/#primaryimage"},"thumbnailUrl":"https:\/\/coordimed.hu\/wp-content\/uploads\/2025\/07\/coordimed_portre-1922_pp-768x1152.jpg","datePublished":"2025-06-04T10:40:53+00:00","dateModified":"2025-07-15T09:01:31+00:00","description":"Dr. Szalontai L\u00e1szl\u00f3 PhD. radiol\u00f3gus szakorvos, kiemelked\u0151 precizit\u00e1ssal \u00e9s sz\u00edvb\u0151l v\u00e9gzett diagnosztik\u00e1val v\u00e1rja \u00d6nt a Coordimed rendel\u0151ben.","breadcrumb":{"@id":"https:\/\/coordimed.hu\/index.php\/dr-szalontai-laszlo-phd\/#breadcrumb"},"inLanguage":"hu","potentialAction":[{"@type":"ReadAction","target":["https:\/\/coordimed.hu\/index.php\/dr-szalontai-laszlo-phd\/"]}]},{"@type":"ImageObject","inLanguage":"hu","@id":"https:\/\/coordimed.hu\/index.php\/dr-szalontai-laszlo-phd\/#primaryimage","url":"https:\/\/i0.wp.com\/coordimed.hu\/wp-content\/uploads\/2025\/07\/coordimed_portre-1922_pp.jpg?fit=1024%2C1536&ssl=1","contentUrl":"https:\/\/i0.wp.com\/coordimed.hu\/wp-content\/uploads\/2025\/07\/coordimed_portre-1922_pp.jpg?fit=1024%2C1536&ssl=1","width":1024,"height":1536,"caption":"Dr. Szalontai L\u00e1szl\u00f3 PhD. -Radiol\u00f3gus"},{"@type":"BreadcrumbList","@id":"https:\/\/coordimed.hu\/index.php\/dr-szalontai-laszlo-phd\/#breadcrumb","itemListElement":[{"@type":"ListItem","position":1,"name":"Kezd\u0151lap","item":"https:\/\/coordimed.hu\/"},{"@type":"ListItem","position":2,"name":"Dr. Szalontai L\u00e1szl\u00f3 PhD."}]},{"@type":"WebSite","@id":"https:\/\/coordimed.hu\/#website","url":"https:\/\/coordimed.hu\/","name":"Coordimed","description":"-  Sz\u00edvb\u0151l gy\u00f3gy\u00edtunk","publisher":{"@id":"https:\/\/coordimed.hu\/#organization"},"potentialAction":[{"@type":"SearchAction","target":{"@type":"EntryPoint","urlTemplate":"https:\/\/coordimed.hu\/?s={search_term_string}"},"query-input":{"@type":"PropertyValueSpecification","valueRequired":true,"valueName":"search_term_string"}}],"inLanguage":"hu"},{"@type":"Organization","@id":"https:\/\/coordimed.hu\/#organization","name":"Coordimed Rendel\u0151 Kft.","url":"https:\/\/coordimed.hu\/","logo":{"@type":"ImageObject","inLanguage":"hu","@id":"https:\/\/coordimed.hu\/#\/schema\/logo\/image\/","url":"https:\/\/i0.wp.com\/coordimed.hu\/wp-content\/uploads\/2023\/09\/cropped-Coordimed_logo_150px.webp?fit=150%2C39&ssl=1","contentUrl":"https:\/\/i0.wp.com\/coordimed.hu\/wp-content\/uploads\/2023\/09\/cropped-Coordimed_logo_150px.webp?fit=150%2C39&ssl=1","width":150,"height":39,"caption":"Coordimed Rendel\u0151 Kft."},"image":{"@id":"https:\/\/coordimed.hu\/#\/schema\/logo\/image\/"},"sameAs":["https:\/\/www.facebook.com\/coordimed"],"ownershipFundingInfo":"https:\/\/coordimed.hu\/index.php\/rolunk\/","actionableFeedbackPolicy":"https:\/\/coordimed.hu\/index.php\/kapcsolat\/","correctionsPolicy":"https:\/\/coordimed.hu\/index.php\/kapcsolat\/"}]}},"jetpack_sharing_enabled":true,"_links":{"self":[{"href":"https:\/\/coordimed.hu\/index.php\/wp-json\/wp\/v2\/pages\/8177","targetHints":{"allow":["GET"]}}],"collection":[{"href":"https:\/\/coordimed.hu\/index.php\/wp-json\/wp\/v2\/pages"}],"about":[{"href":"https:\/\/coordimed.hu\/index.php\/wp-json\/wp\/v2\/types\/page"}],"author":[{"embeddable":true,"href":"https:\/\/coordimed.hu\/index.php\/wp-json\/wp\/v2\/users\/2"}],"replies":[{"embeddable":true,"href":"https:\/\/coordimed.hu\/index.php\/wp-json\/wp\/v2\/comments?post=8177"}],"version-history":[{"count":13,"href":"https:\/\/coordimed.hu\/index.php\/wp-json\/wp\/v2\/pages\/8177\/revisions"}],"predecessor-version":[{"id":8434,"href":"https:\/\/coordimed.hu\/index.php\/wp-json\/wp\/v2\/pages\/8177\/revisions\/8434"}],"wp:attachment":[{"href":"https:\/\/coordimed.hu\/index.php\/wp-json\/wp\/v2\/media?parent=8177"}],"curies":[{"name":"wp","href":"https:\/\/api.w.org\/{rel}","templated":true}]}}