{"id":8150,"date":"2025-06-04T12:22:59","date_gmt":"2025-06-04T10:22:59","guid":{"rendered":"https:\/\/coordimed.hu\/?page_id=8150"},"modified":"2025-07-15T11:00:09","modified_gmt":"2025-07-15T09:00:09","slug":"dr-hanko-laszlo","status":"publish","type":"page","link":"https:\/\/coordimed.hu\/index.php\/dr-hanko-laszlo\/","title":{"rendered":"Dr. Hank\u00f3 L\u00e1szl\u00f3"},"content":{"rendered":"\t\t<div data-elementor-type=\"wp-page\" data-elementor-id=\"8150\" class=\"elementor elementor-8150\" data-elementor-settings=\"{&quot;ha_cmc_init_switcher&quot;:&quot;no&quot;}\" data-elementor-post-type=\"page\">\n\t\t\t\t<div class=\"elementor-element elementor-element-37582d32 e-flex e-con-boxed e-con e-parent\" data-id=\"37582d32\" data-element_type=\"container\" data-e-type=\"container\" data-settings=\"{&quot;_ha_eqh_enable&quot;:false}\">\n\t\t\t\t\t<div class=\"e-con-inner\">\n\t\t\t\t<div class=\"elementor-element elementor-element-1b151f36 elementor-widget elementor-widget-heading\" data-id=\"1b151f36\" data-element_type=\"widget\" data-e-type=\"widget\" data-widget_type=\"heading.default\">\n\t\t\t\t\t<h2 class=\"elementor-heading-title elementor-size-default\">Bemutatkoz\u00e1s<\/h2>\t\t\t\t<\/div>\n\t\t\t\t\t<\/div>\n\t\t\t\t<\/div>\n\t\t<div class=\"elementor-element elementor-element-e1631b9 e-flex e-con-boxed e-con e-parent\" data-id=\"e1631b9\" data-element_type=\"container\" data-e-type=\"container\" data-settings=\"{&quot;_ha_eqh_enable&quot;:false}\">\n\t\t\t\t\t<div class=\"e-con-inner\">\n\t\t\t\t<div class=\"elementor-element elementor-element-3179ea1 elementor-widget elementor-widget-text-editor\" data-id=\"3179ea1\" data-element_type=\"widget\" data-e-type=\"widget\" data-widget_type=\"text-editor.default\">\n\t\t\t\t\t\t\t\t\t<p data-start=\"262\" data-end=\"662\">Dr. Hank\u00f3 L\u00e1szl\u00f3 belgy\u00f3gy\u00e1sz szakorvosk\u00e9nt \u00e9vtizedes tapasztalattal seg\u00edti p\u00e1cienseit a panaszok val\u00f3di ok\u00e1nak felt\u00e1r\u00e1s\u00e1ban \u00e9s szem\u00e9lyre szabott megold\u00e1sok megtal\u00e1l\u00e1s\u00e1ban. A Coordimed rendel\u0151 szakmai vezet\u0151jek\u00e9nt munk\u00e1j\u00e1ban kiemelten fontosnak tartja az emp\u00e1ti\u00e1t, az alapos kivizsg\u00e1l\u00e1st, valamint a k\u00fcl\u00f6nb\u00f6z\u0151 szakter\u00fcletek \u2013 p\u00e9ld\u00e1ul radiol\u00f3gia, kardiol\u00f3gia, dietetika \u2013 k\u00f6z\u00f6tti szoros egy\u00fcttm\u0171k\u00f6d\u00e9st.<\/p><p data-start=\"664\" data-end=\"717\">Leggyakrabban olyan t\u00fcnetekkel fordulnak hozz\u00e1, mint:<\/p><ul data-start=\"718\" data-end=\"882\"><li data-start=\"718\" data-end=\"751\"><p data-start=\"720\" data-end=\"751\">tart\u00f3s f\u00e1radts\u00e1g vagy gyenges\u00e9g<\/p><\/li><li data-start=\"752\" data-end=\"788\"><p data-start=\"754\" data-end=\"788\">em\u00e9szt\u00e9si panaszok, hasi f\u00e1jdalmak<\/p><\/li><li data-start=\"789\" data-end=\"827\"><p data-start=\"791\" data-end=\"827\">v\u00e9rnyom\u00e1sprobl\u00e9m\u00e1k, sz\u00edvdobog\u00e1s\u00e9rz\u00e9s<\/p><\/li><li data-start=\"828\" data-end=\"882\"><p data-start=\"830\" data-end=\"882\">visszat\u00e9r\u0151 gyullad\u00e1sok, bizonytalan eredet\u0171 panaszok<\/p><\/li><\/ul><p data-start=\"884\" data-end=\"1093\">A rendel\u00e9s sor\u00e1n el\u00e9rhet\u0151k:<br \/>\u2714\ufe0f Belgy\u00f3gy\u00e1szati konzult\u00e1ci\u00f3<br data-start=\"941\" data-end=\"944\" \/>\u2714\ufe0f V\u00e9rv\u00e9tel \u00e9s laborvizsg\u00e1latok<br data-start=\"975\" data-end=\"978\" \/>\u2714\ufe0f Hasi \u00e9s nyaki ultrahang<br data-start=\"1004\" data-end=\"1007\" \/>\u2714\ufe0f EKG, kardiol\u00f3giai egy\u00fcttm\u0171k\u00f6d\u00e9s<br data-start=\"1041\" data-end=\"1044\" \/>\u2714\ufe0f Dietetikai tan\u00e1csad\u00e1s, \u00e9letm\u00f3di ir\u00e1nymutat\u00e1s<\/p>\t\t\t\t\t\t\t\t<\/div>\n\t\t\t\t\t<\/div>\n\t\t\t\t<\/div>\n\t\t<div class=\"elementor-element elementor-element-d6f9eba e-flex e-con-boxed e-con e-parent\" data-id=\"d6f9eba\" data-element_type=\"container\" data-e-type=\"container\" data-settings=\"{&quot;_ha_eqh_enable&quot;:false}\">\n\t\t\t\t\t<div class=\"e-con-inner\">\n\t\t\t\t<div class=\"elementor-element elementor-element-5f8cb17 elementor-widget-divider--view-line elementor-widget elementor-widget-divider\" data-id=\"5f8cb17\" data-element_type=\"widget\" data-e-type=\"widget\" data-widget_type=\"divider.default\">\n\t\t\t\t\t\t\t<div class=\"elementor-divider\">\n\t\t\t<span class=\"elementor-divider-separator\">\n\t\t\t\t\t\t<\/span>\n\t\t<\/div>\n\t\t\t\t\t\t<\/div>\n\t\t\t\t\t<\/div>\n\t\t\t\t<\/div>\n\t\t<div class=\"elementor-element elementor-element-ee56e98 e-flex e-con-boxed e-con e-parent\" data-id=\"ee56e98\" data-element_type=\"container\" data-e-type=\"container\" data-settings=\"{&quot;_ha_eqh_enable&quot;:false}\">\n\t\t\t\t\t<div class=\"e-con-inner\">\n\t\t<div class=\"elementor-element elementor-element-2f10491 e-con-full e-flex e-con e-child\" data-id=\"2f10491\" data-element_type=\"container\" data-e-type=\"container\" data-settings=\"{&quot;_ha_eqh_enable&quot;:false}\">\n\t\t\t\t<div class=\"elementor-element elementor-element-1668d3a elementor-widget elementor-widget-image\" data-id=\"1668d3a\" data-element_type=\"widget\" data-e-type=\"widget\" data-widget_type=\"image.default\">\n\t\t\t\t\t\t\t\t\t\t\t\t\t\t\t<img fetchpriority=\"high\" decoding=\"async\" width=\"768\" height=\"1152\" src=\"https:\/\/i0.wp.com\/coordimed.hu\/wp-content\/uploads\/2025\/07\/coordimed_portre-1425_pp.jpg?fit=768%2C1152&amp;ssl=1\" class=\"attachment-medium_large size-medium_large wp-image-8410\" alt=\"\" srcset=\"https:\/\/i0.wp.com\/coordimed.hu\/wp-content\/uploads\/2025\/07\/coordimed_portre-1425_pp.jpg?w=1024&amp;ssl=1 1024w, https:\/\/i0.wp.com\/coordimed.hu\/wp-content\/uploads\/2025\/07\/coordimed_portre-1425_pp.jpg?resize=200%2C300&amp;ssl=1 200w, https:\/\/i0.wp.com\/coordimed.hu\/wp-content\/uploads\/2025\/07\/coordimed_portre-1425_pp.jpg?resize=683%2C1024&amp;ssl=1 683w, https:\/\/i0.wp.com\/coordimed.hu\/wp-content\/uploads\/2025\/07\/coordimed_portre-1425_pp.jpg?resize=768%2C1152&amp;ssl=1 768w, https:\/\/i0.wp.com\/coordimed.hu\/wp-content\/uploads\/2025\/07\/coordimed_portre-1425_pp.jpg?resize=40%2C60&amp;ssl=1 40w\" sizes=\"(max-width: 768px) 100vw, 768px\" \/>\t\t\t\t\t\t\t\t\t\t\t\t\t\t\t<\/div>\n\t\t\t\t<\/div>\n\t\t<div class=\"elementor-element elementor-element-09e2b86 e-con-full e-flex e-con e-child\" data-id=\"09e2b86\" data-element_type=\"container\" data-e-type=\"container\" data-settings=\"{&quot;_ha_eqh_enable&quot;:false}\">\n\t\t\t\t<div class=\"elementor-element elementor-element-66e89cf elementor-widget elementor-widget-text-editor\" data-id=\"66e89cf\" data-element_type=\"widget\" data-e-type=\"widget\" data-widget_type=\"text-editor.default\">\n\t\t\t\t\t\t\t\t\t<h3><strong>Dr. Hank\u00f3 L\u00e1szl\u00f3<\/strong><\/h3><p>Alap\u00edt\u00f3 \u00e9s szakmai vezet\u0151<\/p>\t\t\t\t\t\t\t\t<\/div>\n\t\t\t\t<div class=\"elementor-element elementor-element-87ccc5d elementor-widget elementor-widget-accordion\" data-id=\"87ccc5d\" data-element_type=\"widget\" data-e-type=\"widget\" data-widget_type=\"accordion.default\">\n\t\t\t\t\t\t\t<div class=\"elementor-accordion\">\n\t\t\t\t\t\t\t<div class=\"elementor-accordion-item\">\n\t\t\t\t\t<div id=\"elementor-tab-title-1421\" class=\"elementor-tab-title\" data-tab=\"1\" role=\"button\" aria-controls=\"elementor-tab-content-1421\" aria-expanded=\"false\">\n\t\t\t\t\t\t\t\t\t\t\t\t\t<span class=\"elementor-accordion-icon elementor-accordion-icon-left\" aria-hidden=\"true\">\n\t\t\t\t\t\t\t\t\t\t\t\t\t\t\t<span class=\"elementor-accordion-icon-closed\"><i class=\"fas fa-plus\"><\/i><\/span>\n\t\t\t\t\t\t\t\t<span class=\"elementor-accordion-icon-opened\"><i class=\"fas fa-minus\"><\/i><\/span>\n\t\t\t\t\t\t\t\t\t\t\t\t\t\t<\/span>\n\t\t\t\t\t\t\t\t\t\t\t\t<a class=\"elementor-accordion-title\" tabindex=\"0\">Bemutatkoz\u00e1s<\/a>\n\t\t\t\t\t<\/div>\n\t\t\t\t\t<div id=\"elementor-tab-content-1421\" class=\"elementor-tab-content elementor-clearfix\" data-tab=\"1\" role=\"region\" aria-labelledby=\"elementor-tab-title-1421\"><h6>Dr. Hank\u00f3 L\u00e1szl\u00f3 vagyok belgy\u00f3gy\u00e1sz szakorvos, gasztroenterol\u00f3gus szakorvos jel\u00f6lt.\u00a0<\/h6><h6>2016-ban szereztem meg az orvosi diplom\u00e1mat a Semmelweis Egyetem \u00c1ltal\u00e1nos Orvostudom\u00e1nyi Kar\u00e1n.<\/h6><h6>M\u00e9g ez\u00e9vben megkezdtem a belgy\u00f3gy\u00e1sz szakk\u00e9pz\u00e9st a Semmelweis Egyetem Belgy\u00f3gy\u00e1szati \u00e9s Hematol\u00f3giai Klinik\u00e1j\u00e1n, majd 2022-ben kiv\u00e1l\u00f3an megfelelt min\u0151s\u00edt\u00e9ssel belgy\u00f3gy\u00e1sz szakvizsg\u00e1t szereztem. Jelenleg \u00fajjabb els\u0151 szakvizsgak\u00e9nt a gasztroenterol\u00f3giai k\u00e9pz\u00e9semet t\u00f6lt\u00f6m.<\/h6><h6>\u00a0<\/h6><h6>\u00c9v\u00e1val harmad\u00e9ves korunkt\u00f3l j\u00f3 bar\u00e1tok lett\u00fcnk, majd \u00f6t\u00f6d\u00e9vben kezdt\u00fcnk egy\u00fctt is dolgozni. \u0150 vezetett be a klinikai gy\u00f3gyszerkutat\u00e1sok vil\u00e1g\u00e1ba. El\u00e9g kor\u00e1n terveink k\u00f6z\u00f6tt szerepelt egy saj\u00e1t rendel\u0151 nyit\u00e1sa, ahol mag\u00e1n ell\u00e1t\u00e1s mellett, \u00faj forradalmi gy\u00f3gym\u00f3dok bevezet\u00e9s\u00e9re is szeretn\u00e9nk lehet\u0151s\u00e9get teremteni. Ezen a ter\u00fcleten kiemelten fontos a megfelel\u0151 orvos-beteg kapcsolat. Ennek kialak\u00edt\u00e1s\u00e1ra Klinikai munk\u00e1m sor\u00e1n is t\u00f6rekszem \u00e9s rendel\u00fcnk egyik alapelvek\u00e9nt is ezt jel\u00f6lt\u00fck ki. A megfelel\u0151 t\u00e1j\u00e9koztat\u00e1s mellett nagyon fontos a bizalom is.\u00a0<\/h6><h6>\u00a0<\/h6><h6>A Semmelweis Egyetemen r\u00e9szt veszek a medikusok, fogorvostan hallgat\u00f3k, eg\u00e9szs\u00e9g\u00fcgyi szervez\u0151 kari hallgat\u00f3k oktat\u00e1s\u00e1ban magyar \u00e9s angol nyelven is. Nagy hangs\u00falyt fektetek saj\u00e1t fejl\u0151d\u00e9semre is, hazai \u00e9s k\u00fclf\u00f6ldi konferenci\u00e1k rendszeres l\u00e1togat\u00e1s\u00e1val b\u0151v\u00edtem tud\u00e1som.\u00a0<\/h6><h6>\u00a0<\/h6><h6>Szabadid\u0151met sz\u00edvesen t\u00f6lt\u00f6m a term\u00e9szet k\u00f6zel\u00e9ben. Kert\u00e9szkedem a fenntarthat\u00f3s\u00e1g jegy\u00e9ben, k\u00e9t befogadott kuty\u00e1m nagy \u00f6r\u00f6m\u00e9re<\/h6><\/div>\n\t\t\t\t<\/div>\n\t\t\t\t\t\t\t<div class=\"elementor-accordion-item\">\n\t\t\t\t\t<div id=\"elementor-tab-title-1422\" class=\"elementor-tab-title\" data-tab=\"2\" role=\"button\" aria-controls=\"elementor-tab-content-1422\" aria-expanded=\"false\">\n\t\t\t\t\t\t\t\t\t\t\t\t\t<span class=\"elementor-accordion-icon elementor-accordion-icon-left\" aria-hidden=\"true\">\n\t\t\t\t\t\t\t\t\t\t\t\t\t\t\t<span class=\"elementor-accordion-icon-closed\"><i class=\"fas fa-plus\"><\/i><\/span>\n\t\t\t\t\t\t\t\t<span class=\"elementor-accordion-icon-opened\"><i class=\"fas fa-minus\"><\/i><\/span>\n\t\t\t\t\t\t\t\t\t\t\t\t\t\t<\/span>\n\t\t\t\t\t\t\t\t\t\t\t\t<a class=\"elementor-accordion-title\" tabindex=\"0\">Szakmai \u00d6n\u00e9letrajz<\/a>\n\t\t\t\t\t<\/div>\n\t\t\t\t\t<div id=\"elementor-tab-content-1422\" class=\"elementor-tab-content elementor-clearfix\" data-tab=\"2\" role=\"region\" aria-labelledby=\"elementor-tab-title-1422\"><ul><li>2015 Semmelweis Egyetem \u00c1ltal\u00e1nos Orvosi Karon v\u00e9geztem<\/li><li>2016.-ban kezdtem meg a belgy\u00f3gy\u00e1szat szakk\u00e9pz\u00e9semet:<\/li><li>2022.-ben Belgy\u00f3gy\u00e1sz Szakorvos.<\/li><li>2023. Gasztoenterol\u00f3gus szakorvos jel\u00f6lt<\/li><\/ul><\/div>\n\t\t\t\t<\/div>\n\t\t\t\t\t\t\t\t<\/div>\n\t\t\t\t\t\t<\/div>\n\t\t\t\t<\/div>\n\t\t\t\t\t<\/div>\n\t\t\t\t<\/div>\n\t\t<div class=\"elementor-element elementor-element-f23202a e-flex e-con-boxed e-con e-parent\" data-id=\"f23202a\" data-element_type=\"container\" data-e-type=\"container\" data-settings=\"{&quot;_ha_eqh_enable&quot;:false}\">\n\t\t\t\t\t<div class=\"e-con-inner\">\n\t\t\t\t<div class=\"elementor-element elementor-element-36ad4e0 elementor-widget-divider--view-line elementor-widget elementor-widget-divider\" data-id=\"36ad4e0\" data-element_type=\"widget\" data-e-type=\"widget\" data-widget_type=\"divider.default\">\n\t\t\t\t\t\t\t<div class=\"elementor-divider\">\n\t\t\t<span class=\"elementor-divider-separator\">\n\t\t\t\t\t\t<\/span>\n\t\t<\/div>\n\t\t\t\t\t\t<\/div>\n\t\t\t\t\t<\/div>\n\t\t\t\t<\/div>\n\t\t<div class=\"elementor-element elementor-element-5e82759 e-flex e-con-boxed e-con e-parent\" data-id=\"5e82759\" data-element_type=\"container\" data-e-type=\"container\" data-settings=\"{&quot;_ha_eqh_enable&quot;:false}\">\n\t\t\t\t\t<div class=\"e-con-inner\">\n\t\t\t\t<div class=\"elementor-element elementor-element-e4daa63 elementor-widget elementor-widget-heading\" data-id=\"e4daa63\" data-element_type=\"widget\" data-e-type=\"widget\" data-widget_type=\"heading.default\">\n\t\t\t\t\t<h2 class=\"elementor-heading-title elementor-size-default\">Id\u0151pont Foglal\u00e1s<\/h2>\t\t\t\t<\/div>\n\t\t\t\t\t<\/div>\n\t\t\t\t<\/div>\n\t\t<div class=\"elementor-element elementor-element-12eab7c e-flex e-con-boxed e-con e-parent\" data-id=\"12eab7c\" data-element_type=\"container\" data-e-type=\"container\" data-settings=\"{&quot;_ha_eqh_enable&quot;:false}\">\n\t\t\t\t\t<div class=\"e-con-inner\">\n\t\t\t\t<div class=\"elementor-element elementor-element-a83a02b elementor-widget elementor-widget-html\" data-id=\"a83a02b\" data-element_type=\"widget\" data-e-type=\"widget\" data-widget_type=\"html.default\">\n\t\t\t\t\t<iframe id=\"iframe\" class=\"medio-iframe\" style=\"width: 100%;height: 100%; border:none;\" src=\"https:\/\/medicall.cc\/idopontfoglalas\/coordimed\/calendar-general?doctorId=435961\"><\/iframe><script src=\"https:\/\/medicall.cc\/static\/iframe\/iframe.js\"><\/script>\t\t\t\t<\/div>\n\t\t\t\t\t<\/div>\n\t\t\t\t<\/div>\n\t\t<div class=\"elementor-element elementor-element-b4105bd e-flex e-con-boxed e-con e-parent\" data-id=\"b4105bd\" data-element_type=\"container\" data-e-type=\"container\" data-settings=\"{&quot;_ha_eqh_enable&quot;:false}\">\n\t\t\t\t\t<div class=\"e-con-inner\">\n\t\t\t\t<div class=\"elementor-element elementor-element-b7fd6b7 elementor-widget-divider--view-line elementor-widget elementor-widget-divider\" data-id=\"b7fd6b7\" data-element_type=\"widget\" data-e-type=\"widget\" data-widget_type=\"divider.default\">\n\t\t\t\t\t\t\t<div class=\"elementor-divider\">\n\t\t\t<span class=\"elementor-divider-separator\">\n\t\t\t\t\t\t<\/span>\n\t\t<\/div>\n\t\t\t\t\t\t<\/div>\n\t\t\t\t\t<\/div>\n\t\t\t\t<\/div>\n\t\t<div class=\"elementor-element elementor-element-54e63fab e-flex e-con-boxed e-con e-parent\" data-id=\"54e63fab\" data-element_type=\"container\" data-e-type=\"container\" data-settings=\"{&quot;_ha_eqh_enable&quot;:false}\">\n\t\t\t\t\t<div class=\"e-con-inner\">\n\t\t\t\t<div class=\"elementor-element elementor-element-363decb9 elementor-widget elementor-widget-heading\" data-id=\"363decb9\" data-element_type=\"widget\" data-e-type=\"widget\" data-widget_type=\"heading.default\">\n\t\t\t\t\t<h2 class=\"elementor-heading-title elementor-size-default\">Coordimed blog posztok<\/h2>\t\t\t\t<\/div>\n\t\t\t\t\t<\/div>\n\t\t\t\t<\/div>\n\t\t<div class=\"elementor-element elementor-element-5063980b e-flex e-con-boxed e-con e-parent\" data-id=\"5063980b\" data-element_type=\"container\" data-e-type=\"container\" data-settings=\"{&quot;_ha_eqh_enable&quot;:false}\">\n\t\t\t\t\t<div class=\"e-con-inner\">\n\t\t\t\t<div class=\"elementor-element elementor-element-2fbd4da9 elementor-grid-3 elementor-grid-tablet-2 elementor-grid-mobile-1 elementor-posts--thumbnail-top elementor-widget elementor-widget-posts\" data-id=\"2fbd4da9\" data-element_type=\"widget\" data-e-type=\"widget\" data-settings=\"{&quot;classic_columns&quot;:&quot;3&quot;,&quot;classic_columns_tablet&quot;:&quot;2&quot;,&quot;classic_columns_mobile&quot;:&quot;1&quot;,&quot;classic_row_gap&quot;:{&quot;unit&quot;:&quot;px&quot;,&quot;size&quot;:35,&quot;sizes&quot;:[]},&quot;classic_row_gap_tablet&quot;:{&quot;unit&quot;:&quot;px&quot;,&quot;size&quot;:&quot;&quot;,&quot;sizes&quot;:[]},&quot;classic_row_gap_mobile&quot;:{&quot;unit&quot;:&quot;px&quot;,&quot;size&quot;:&quot;&quot;,&quot;sizes&quot;:[]}}\" data-widget_type=\"posts.classic\">\n\t\t\t\t<div class=\"elementor-widget-container\">\n\t\t\t\t\t\t\t<div class=\"elementor-posts-container elementor-posts elementor-posts--skin-classic elementor-grid\" role=\"list\">\n\t\t\t\t<article class=\"elementor-post elementor-grid-item post-11842 post type-post status-publish format-standard has-post-thumbnail hentry category-belgyogyaszat category-gasztroenterologia category-ultrahang latest_post\" role=\"listitem\">\n\t\t\t\t<a class=\"elementor-post__thumbnail__link\" href=\"https:\/\/coordimed.hu\/index.php\/2026\/03\/12\/gyomorfajdalom\/\" tabindex=\"-1\" >\n\t\t\t<div class=\"elementor-post__thumbnail\"><img decoding=\"async\" width=\"300\" height=\"300\" src=\"https:\/\/i0.wp.com\/coordimed.hu\/wp-content\/uploads\/2026\/03\/Gyomorfajdalom.jpg?fit=300%2C300&amp;ssl=1\" class=\"attachment-medium size-medium wp-image-11850\" alt=\"\" srcset=\"https:\/\/i0.wp.com\/coordimed.hu\/wp-content\/uploads\/2026\/03\/Gyomorfajdalom.jpg?w=1080&amp;ssl=1 1080w, https:\/\/i0.wp.com\/coordimed.hu\/wp-content\/uploads\/2026\/03\/Gyomorfajdalom.jpg?resize=300%2C300&amp;ssl=1 300w, https:\/\/i0.wp.com\/coordimed.hu\/wp-content\/uploads\/2026\/03\/Gyomorfajdalom.jpg?resize=1024%2C1024&amp;ssl=1 1024w, https:\/\/i0.wp.com\/coordimed.hu\/wp-content\/uploads\/2026\/03\/Gyomorfajdalom.jpg?resize=150%2C150&amp;ssl=1 150w, https:\/\/i0.wp.com\/coordimed.hu\/wp-content\/uploads\/2026\/03\/Gyomorfajdalom.jpg?resize=768%2C768&amp;ssl=1 768w, https:\/\/i0.wp.com\/coordimed.hu\/wp-content\/uploads\/2026\/03\/Gyomorfajdalom.jpg?resize=60%2C60&amp;ssl=1 60w, https:\/\/i0.wp.com\/coordimed.hu\/wp-content\/uploads\/2026\/03\/Gyomorfajdalom.jpg?resize=540%2C540&amp;ssl=1 540w, https:\/\/i0.wp.com\/coordimed.hu\/wp-content\/uploads\/2026\/03\/Gyomorfajdalom.jpg?resize=90%2C90&amp;ssl=1 90w\" sizes=\"(max-width: 300px) 100vw, 300px\" \/><\/div>\n\t\t<\/a>\n\t\t\t\t<div class=\"elementor-post__text\">\n\t\t\t\t<h3 class=\"elementor-post__title\">\n\t\t\t<a href=\"https:\/\/coordimed.hu\/index.php\/2026\/03\/12\/gyomorfajdalom\/\" >\n\t\t\t\tGyomorf\u00e1jdalom\t\t\t<\/a>\n\t\t<\/h3>\n\t\t\t\t<div class=\"elementor-post__meta-data\">\n\t\t\t\t\t<span class=\"elementor-post-date\">\n\t\t\t2026.03.12.\t\t<\/span>\n\t\t\t\t<span class=\"elementor-post-avatar\">\n\t\t\tNincs hozz\u00e1sz\u00f3l\u00e1s\t\t<\/span>\n\t\t\t\t<\/div>\n\t\t\t\t<div class=\"elementor-post__excerpt\">\n\t\t\t<p>A gyomorf\u00e1jdalom h\u00e1tter\u00e9ben nem mindig gyomorbetegs\u00e9g \u00e1ll. Reflux, fek\u00e9ly, epeprobl\u00e9ma vagy ak\u00e1r sz\u00edvbetegs\u00e9g is okozhat fels\u0151 hasi f\u00e1jdalmat. Tudja meg, mikor sz\u00fcks\u00e9ges kivizsg\u00e1l\u00e1s, \u00e9s milyen szerepe van a hasi ultrahangnak \u00e9s a laborvizsg\u00e1latoknak.<\/p>\n\t\t<\/div>\n\t\t\n\t\t<a class=\"elementor-post__read-more\" href=\"https:\/\/coordimed.hu\/index.php\/2026\/03\/12\/gyomorfajdalom\/\" aria-label=\"Read more about Gyomorf\u00e1jdalom\" tabindex=\"-1\" >\n\t\t\tTov\u00e1bb olvasom \u00bb\t\t<\/a>\n\n\t\t\t\t<\/div>\n\t\t\t\t<\/article>\n\t\t\t\t<article class=\"elementor-post elementor-grid-item post-11825 post type-post status-publish format-standard has-post-thumbnail hentry category-ultrahang latest_post\" role=\"listitem\">\n\t\t\t\t<a class=\"elementor-post__thumbnail__link\" href=\"https:\/\/coordimed.hu\/index.php\/2026\/03\/09\/amikor-a-kepek-meselnek-beszelgetes-dr-incze-zsuzsa-radiologussal\/\" tabindex=\"-1\" >\n\t\t\t<div class=\"elementor-post__thumbnail\"><img decoding=\"async\" width=\"300\" height=\"200\" src=\"https:\/\/i0.wp.com\/coordimed.hu\/wp-content\/uploads\/2024\/09\/shutterstock_2384414737.webp?fit=300%2C200&amp;ssl=1\" class=\"attachment-medium size-medium wp-image-5204\" alt=\"\" srcset=\"https:\/\/i0.wp.com\/coordimed.hu\/wp-content\/uploads\/2024\/09\/shutterstock_2384414737.webp?w=1000&amp;ssl=1 1000w, https:\/\/i0.wp.com\/coordimed.hu\/wp-content\/uploads\/2024\/09\/shutterstock_2384414737.webp?resize=300%2C200&amp;ssl=1 300w, https:\/\/i0.wp.com\/coordimed.hu\/wp-content\/uploads\/2024\/09\/shutterstock_2384414737.webp?resize=768%2C512&amp;ssl=1 768w, https:\/\/i0.wp.com\/coordimed.hu\/wp-content\/uploads\/2024\/09\/shutterstock_2384414737.webp?resize=90%2C60&amp;ssl=1 90w, https:\/\/i0.wp.com\/coordimed.hu\/wp-content\/uploads\/2024\/09\/shutterstock_2384414737.webp?resize=370%2C247&amp;ssl=1 370w, https:\/\/i0.wp.com\/coordimed.hu\/wp-content\/uploads\/2024\/09\/shutterstock_2384414737.webp?resize=776%2C517&amp;ssl=1 776w\" sizes=\"(max-width: 300px) 100vw, 300px\" \/><\/div>\n\t\t<\/a>\n\t\t\t\t<div class=\"elementor-post__text\">\n\t\t\t\t<h3 class=\"elementor-post__title\">\n\t\t\t<a href=\"https:\/\/coordimed.hu\/index.php\/2026\/03\/09\/amikor-a-kepek-meselnek-beszelgetes-dr-incze-zsuzsa-radiologussal\/\" >\n\t\t\t\tAmikor a k\u00e9pek mes\u00e9lnek \u2013 besz\u00e9lget\u00e9s Dr. Incze Zsuzsa radiol\u00f3gussal\t\t\t<\/a>\n\t\t<\/h3>\n\t\t\t\t<div class=\"elementor-post__meta-data\">\n\t\t\t\t\t<span class=\"elementor-post-date\">\n\t\t\t2026.03.09.\t\t<\/span>\n\t\t\t\t<span class=\"elementor-post-avatar\">\n\t\t\tNincs hozz\u00e1sz\u00f3l\u00e1s\t\t<\/span>\n\t\t\t\t<\/div>\n\t\t\t\t<div class=\"elementor-post__excerpt\">\n\t\t\t<p>Amikor a k\u00e9pek mes\u00e9lnek \u2013 besz\u00e9lget\u00e9s Dr. Incze Zsuzsa radiol\u00f3gussal<\/p>\n\t\t<\/div>\n\t\t\n\t\t<a class=\"elementor-post__read-more\" href=\"https:\/\/coordimed.hu\/index.php\/2026\/03\/09\/amikor-a-kepek-meselnek-beszelgetes-dr-incze-zsuzsa-radiologussal\/\" aria-label=\"Read more about Amikor a k\u00e9pek mes\u00e9lnek \u2013 besz\u00e9lget\u00e9s Dr. Incze Zsuzsa radiol\u00f3gussal\" tabindex=\"-1\" >\n\t\t\tTov\u00e1bb olvasom \u00bb\t\t<\/a>\n\n\t\t\t\t<\/div>\n\t\t\t\t<\/article>\n\t\t\t\t<article class=\"elementor-post elementor-grid-item post-11813 post type-post status-publish format-standard has-post-thumbnail hentry category-ultrahang latest_post\" role=\"listitem\">\n\t\t\t\t<a class=\"elementor-post__thumbnail__link\" href=\"https:\/\/coordimed.hu\/index.php\/2026\/03\/09\/csomo-a-bor-alatt\/\" tabindex=\"-1\" >\n\t\t\t<div class=\"elementor-post__thumbnail\"><img loading=\"lazy\" decoding=\"async\" width=\"300\" height=\"300\" src=\"https:\/\/i0.wp.com\/coordimed.hu\/wp-content\/uploads\/2026\/03\/csomo-a-bor-alatt.jpg?fit=300%2C300&amp;ssl=1\" class=\"attachment-medium size-medium wp-image-11827\" alt=\"\" srcset=\"https:\/\/i0.wp.com\/coordimed.hu\/wp-content\/uploads\/2026\/03\/csomo-a-bor-alatt.jpg?w=1080&amp;ssl=1 1080w, https:\/\/i0.wp.com\/coordimed.hu\/wp-content\/uploads\/2026\/03\/csomo-a-bor-alatt.jpg?resize=300%2C300&amp;ssl=1 300w, https:\/\/i0.wp.com\/coordimed.hu\/wp-content\/uploads\/2026\/03\/csomo-a-bor-alatt.jpg?resize=1024%2C1024&amp;ssl=1 1024w, https:\/\/i0.wp.com\/coordimed.hu\/wp-content\/uploads\/2026\/03\/csomo-a-bor-alatt.jpg?resize=150%2C150&amp;ssl=1 150w, https:\/\/i0.wp.com\/coordimed.hu\/wp-content\/uploads\/2026\/03\/csomo-a-bor-alatt.jpg?resize=768%2C768&amp;ssl=1 768w, https:\/\/i0.wp.com\/coordimed.hu\/wp-content\/uploads\/2026\/03\/csomo-a-bor-alatt.jpg?resize=60%2C60&amp;ssl=1 60w, https:\/\/i0.wp.com\/coordimed.hu\/wp-content\/uploads\/2026\/03\/csomo-a-bor-alatt.jpg?resize=540%2C540&amp;ssl=1 540w, https:\/\/i0.wp.com\/coordimed.hu\/wp-content\/uploads\/2026\/03\/csomo-a-bor-alatt.jpg?resize=90%2C90&amp;ssl=1 90w\" sizes=\"(max-width: 300px) 100vw, 300px\" \/><\/div>\n\t\t<\/a>\n\t\t\t\t<div class=\"elementor-post__text\">\n\t\t\t\t<h3 class=\"elementor-post__title\">\n\t\t\t<a href=\"https:\/\/coordimed.hu\/index.php\/2026\/03\/09\/csomo-a-bor-alatt\/\" >\n\t\t\t\tCsom\u00f3 a b\u0151r alatt\t\t\t<\/a>\n\t\t<\/h3>\n\t\t\t\t<div class=\"elementor-post__meta-data\">\n\t\t\t\t\t<span class=\"elementor-post-date\">\n\t\t\t2026.03.09.\t\t<\/span>\n\t\t\t\t<span class=\"elementor-post-avatar\">\n\t\t\tNincs hozz\u00e1sz\u00f3l\u00e1s\t\t<\/span>\n\t\t\t\t<\/div>\n\t\t\t\t<div class=\"elementor-post__excerpt\">\n\t\t\t<p>B\u0151r alatti csom\u00f3t tapint? Tudja meg, mikor lehet \u00e1rtalmatlan zs\u00edrcsom\u00f3 vagy ciszta, \u00e9s mikor sz\u00fcks\u00e9ges ultrahangos kivizsg\u00e1l\u00e1s.<\/p>\n\t\t<\/div>\n\t\t\n\t\t<a class=\"elementor-post__read-more\" href=\"https:\/\/coordimed.hu\/index.php\/2026\/03\/09\/csomo-a-bor-alatt\/\" aria-label=\"Read more about Csom\u00f3 a b\u0151r alatt\" tabindex=\"-1\" >\n\t\t\tTov\u00e1bb olvasom \u00bb\t\t<\/a>\n\n\t\t\t\t<\/div>\n\t\t\t\t<\/article>\n\t\t\t\t<article class=\"elementor-post elementor-grid-item post-11788 post type-post status-publish format-standard has-post-thumbnail hentry category-kardiologia latest_post\" role=\"listitem\">\n\t\t\t\t<a class=\"elementor-post__thumbnail__link\" href=\"https:\/\/coordimed.hu\/index.php\/2026\/03\/03\/miert-fontos-a-szivultrahang-szivinfarktus-utan\/\" tabindex=\"-1\" >\n\t\t\t<div class=\"elementor-post__thumbnail\"><img loading=\"lazy\" decoding=\"async\" width=\"300\" height=\"300\" src=\"https:\/\/i0.wp.com\/coordimed.hu\/wp-content\/uploads\/2026\/03\/Szivinfarktus-utan-etrend.png?fit=300%2C300&amp;ssl=1\" class=\"attachment-medium size-medium wp-image-11781\" alt=\"\" srcset=\"https:\/\/i0.wp.com\/coordimed.hu\/wp-content\/uploads\/2026\/03\/Szivinfarktus-utan-etrend.png?w=1080&amp;ssl=1 1080w, https:\/\/i0.wp.com\/coordimed.hu\/wp-content\/uploads\/2026\/03\/Szivinfarktus-utan-etrend.png?resize=300%2C300&amp;ssl=1 300w, https:\/\/i0.wp.com\/coordimed.hu\/wp-content\/uploads\/2026\/03\/Szivinfarktus-utan-etrend.png?resize=1024%2C1024&amp;ssl=1 1024w, https:\/\/i0.wp.com\/coordimed.hu\/wp-content\/uploads\/2026\/03\/Szivinfarktus-utan-etrend.png?resize=150%2C150&amp;ssl=1 150w, https:\/\/i0.wp.com\/coordimed.hu\/wp-content\/uploads\/2026\/03\/Szivinfarktus-utan-etrend.png?resize=768%2C768&amp;ssl=1 768w, https:\/\/i0.wp.com\/coordimed.hu\/wp-content\/uploads\/2026\/03\/Szivinfarktus-utan-etrend.png?resize=60%2C60&amp;ssl=1 60w, https:\/\/i0.wp.com\/coordimed.hu\/wp-content\/uploads\/2026\/03\/Szivinfarktus-utan-etrend.png?resize=540%2C540&amp;ssl=1 540w, https:\/\/i0.wp.com\/coordimed.hu\/wp-content\/uploads\/2026\/03\/Szivinfarktus-utan-etrend.png?resize=90%2C90&amp;ssl=1 90w\" sizes=\"(max-width: 300px) 100vw, 300px\" \/><\/div>\n\t\t<\/a>\n\t\t\t\t<div class=\"elementor-post__text\">\n\t\t\t\t<h3 class=\"elementor-post__title\">\n\t\t\t<a href=\"https:\/\/coordimed.hu\/index.php\/2026\/03\/03\/miert-fontos-a-szivultrahang-szivinfarktus-utan\/\" >\n\t\t\t\tMi\u00e9rt fontos a sz\u00edvultrahang sz\u00edvinfarktus ut\u00e1n?\t\t\t<\/a>\n\t\t<\/h3>\n\t\t\t\t<div class=\"elementor-post__meta-data\">\n\t\t\t\t\t<span class=\"elementor-post-date\">\n\t\t\t2026.03.03.\t\t<\/span>\n\t\t\t\t<span class=\"elementor-post-avatar\">\n\t\t\tNincs hozz\u00e1sz\u00f3l\u00e1s\t\t<\/span>\n\t\t\t\t<\/div>\n\t\t\t\t<div class=\"elementor-post__excerpt\">\n\t\t\t<p>Sz\u00edvinfarktus ut\u00e1n a sz\u00edvultrahang megmutatja a hegesed\u00e9s m\u00e9rt\u00e9k\u00e9t, a falmozg\u00e1szavart, az ejekci\u00f3s frakci\u00f3t (EF) \u00e9s a billenty\u0171k \u00e1llapot\u00e1t. Mikor sz\u00fcks\u00e9ges kontrollvizsg\u00e1lat?<\/p>\n\t\t<\/div>\n\t\t\n\t\t<a class=\"elementor-post__read-more\" href=\"https:\/\/coordimed.hu\/index.php\/2026\/03\/03\/miert-fontos-a-szivultrahang-szivinfarktus-utan\/\" aria-label=\"Read more about Mi\u00e9rt fontos a sz\u00edvultrahang sz\u00edvinfarktus ut\u00e1n?\" tabindex=\"-1\" >\n\t\t\tTov\u00e1bb olvasom \u00bb\t\t<\/a>\n\n\t\t\t\t<\/div>\n\t\t\t\t<\/article>\n\t\t\t\t<article class=\"elementor-post elementor-grid-item post-11773 post type-post status-publish format-standard has-post-thumbnail hentry category-dietetika category-kardiologia latest_post\" role=\"listitem\">\n\t\t\t\t<a class=\"elementor-post__thumbnail__link\" href=\"https:\/\/coordimed.hu\/index.php\/2026\/03\/03\/infarktus-utani-dietetika\/\" tabindex=\"-1\" >\n\t\t\t<div class=\"elementor-post__thumbnail\"><img loading=\"lazy\" decoding=\"async\" width=\"300\" height=\"300\" src=\"https:\/\/i0.wp.com\/coordimed.hu\/wp-content\/uploads\/2026\/03\/Szivinfarktus-utan-etrend.png?fit=300%2C300&amp;ssl=1\" class=\"attachment-medium size-medium wp-image-11781\" alt=\"\" srcset=\"https:\/\/i0.wp.com\/coordimed.hu\/wp-content\/uploads\/2026\/03\/Szivinfarktus-utan-etrend.png?w=1080&amp;ssl=1 1080w, https:\/\/i0.wp.com\/coordimed.hu\/wp-content\/uploads\/2026\/03\/Szivinfarktus-utan-etrend.png?resize=300%2C300&amp;ssl=1 300w, https:\/\/i0.wp.com\/coordimed.hu\/wp-content\/uploads\/2026\/03\/Szivinfarktus-utan-etrend.png?resize=1024%2C1024&amp;ssl=1 1024w, https:\/\/i0.wp.com\/coordimed.hu\/wp-content\/uploads\/2026\/03\/Szivinfarktus-utan-etrend.png?resize=150%2C150&amp;ssl=1 150w, https:\/\/i0.wp.com\/coordimed.hu\/wp-content\/uploads\/2026\/03\/Szivinfarktus-utan-etrend.png?resize=768%2C768&amp;ssl=1 768w, https:\/\/i0.wp.com\/coordimed.hu\/wp-content\/uploads\/2026\/03\/Szivinfarktus-utan-etrend.png?resize=60%2C60&amp;ssl=1 60w, https:\/\/i0.wp.com\/coordimed.hu\/wp-content\/uploads\/2026\/03\/Szivinfarktus-utan-etrend.png?resize=540%2C540&amp;ssl=1 540w, https:\/\/i0.wp.com\/coordimed.hu\/wp-content\/uploads\/2026\/03\/Szivinfarktus-utan-etrend.png?resize=90%2C90&amp;ssl=1 90w\" sizes=\"(max-width: 300px) 100vw, 300px\" \/><\/div>\n\t\t<\/a>\n\t\t\t\t<div class=\"elementor-post__text\">\n\t\t\t\t<h3 class=\"elementor-post__title\">\n\t\t\t<a href=\"https:\/\/coordimed.hu\/index.php\/2026\/03\/03\/infarktus-utani-dietetika\/\" >\n\t\t\t\tInfarktus ut\u00e1ni dietetika\t\t\t<\/a>\n\t\t<\/h3>\n\t\t\t\t<div class=\"elementor-post__meta-data\">\n\t\t\t\t\t<span class=\"elementor-post-date\">\n\t\t\t2026.03.03.\t\t<\/span>\n\t\t\t\t<span class=\"elementor-post-avatar\">\n\t\t\tNincs hozz\u00e1sz\u00f3l\u00e1s\t\t<\/span>\n\t\t\t\t<\/div>\n\t\t\t\t<div class=\"elementor-post__excerpt\">\n\t\t\t<p>Infarktus ut\u00e1ni \u00e9trend: mit \u00e9rdemes v\u00e1ltoztatni, hogyan seg\u00edt a diplom\u00e1s dietetikus, \u00e9s mi\u00e9rt fontos a szem\u00e9lyre szabott, orvossal egyeztetett \u00e9trendi terv.<\/p>\n\t\t<\/div>\n\t\t\n\t\t<a class=\"elementor-post__read-more\" href=\"https:\/\/coordimed.hu\/index.php\/2026\/03\/03\/infarktus-utani-dietetika\/\" aria-label=\"Read more about Infarktus ut\u00e1ni dietetika\" tabindex=\"-1\" >\n\t\t\tTov\u00e1bb olvasom \u00bb\t\t<\/a>\n\n\t\t\t\t<\/div>\n\t\t\t\t<\/article>\n\t\t\t\t<article class=\"elementor-post elementor-grid-item post-11766 post type-post status-publish format-standard has-post-thumbnail hentry category-egeszseg-pszichologia category-kardiologia latest_post\" role=\"listitem\">\n\t\t\t\t<a class=\"elementor-post__thumbnail__link\" href=\"https:\/\/coordimed.hu\/index.php\/2026\/03\/03\/szivinfarktus-utani-trauma-es-halalfelelem-a-psziches-felepules-utja\/\" tabindex=\"-1\" >\n\t\t\t<div class=\"elementor-post__thumbnail\"><img loading=\"lazy\" decoding=\"async\" width=\"300\" height=\"300\" src=\"https:\/\/i0.wp.com\/coordimed.hu\/wp-content\/uploads\/2026\/03\/szivinfarktus-utan-pszicho.png?fit=300%2C300&amp;ssl=1\" class=\"attachment-medium size-medium wp-image-11772\" alt=\"\" srcset=\"https:\/\/i0.wp.com\/coordimed.hu\/wp-content\/uploads\/2026\/03\/szivinfarktus-utan-pszicho.png?w=1080&amp;ssl=1 1080w, https:\/\/i0.wp.com\/coordimed.hu\/wp-content\/uploads\/2026\/03\/szivinfarktus-utan-pszicho.png?resize=300%2C300&amp;ssl=1 300w, https:\/\/i0.wp.com\/coordimed.hu\/wp-content\/uploads\/2026\/03\/szivinfarktus-utan-pszicho.png?resize=1024%2C1024&amp;ssl=1 1024w, https:\/\/i0.wp.com\/coordimed.hu\/wp-content\/uploads\/2026\/03\/szivinfarktus-utan-pszicho.png?resize=150%2C150&amp;ssl=1 150w, https:\/\/i0.wp.com\/coordimed.hu\/wp-content\/uploads\/2026\/03\/szivinfarktus-utan-pszicho.png?resize=768%2C768&amp;ssl=1 768w, https:\/\/i0.wp.com\/coordimed.hu\/wp-content\/uploads\/2026\/03\/szivinfarktus-utan-pszicho.png?resize=60%2C60&amp;ssl=1 60w, https:\/\/i0.wp.com\/coordimed.hu\/wp-content\/uploads\/2026\/03\/szivinfarktus-utan-pszicho.png?resize=540%2C540&amp;ssl=1 540w, https:\/\/i0.wp.com\/coordimed.hu\/wp-content\/uploads\/2026\/03\/szivinfarktus-utan-pszicho.png?resize=90%2C90&amp;ssl=1 90w\" sizes=\"(max-width: 300px) 100vw, 300px\" \/><\/div>\n\t\t<\/a>\n\t\t\t\t<div class=\"elementor-post__text\">\n\t\t\t\t<h3 class=\"elementor-post__title\">\n\t\t\t<a href=\"https:\/\/coordimed.hu\/index.php\/2026\/03\/03\/szivinfarktus-utani-trauma-es-halalfelelem-a-psziches-felepules-utja\/\" >\n\t\t\t\tSz\u00edvinfarktus ut\u00e1ni trauma \u00e9s hal\u00e1lf\u00e9lelem \u2013 a pszich\u00e9s fel\u00e9p\u00fcl\u00e9s \u00fatja\t\t\t<\/a>\n\t\t<\/h3>\n\t\t\t\t<div class=\"elementor-post__meta-data\">\n\t\t\t\t\t<span class=\"elementor-post-date\">\n\t\t\t2026.03.03.\t\t<\/span>\n\t\t\t\t<span class=\"elementor-post-avatar\">\n\t\t\tNincs hozz\u00e1sz\u00f3l\u00e1s\t\t<\/span>\n\t\t\t\t<\/div>\n\t\t\t\t<div class=\"elementor-post__excerpt\">\n\t\t\t<p>A sz\u00edvinfarktus nemcsak testi, hanem traumatikus \u00e9lm\u00e9ny is lehet. Hal\u00e1lf\u00e9lelem, kontrollveszt\u00e9s \u00e9s k\u00f3rh\u00e1zi kiszolg\u00e1ltatotts\u00e1g \u2013 mikor term\u00e9szetes \u00e9s mikor \u00e9rdemes seg\u00edts\u00e9get k\u00e9rni?<\/p>\n\t\t<\/div>\n\t\t\n\t\t<a class=\"elementor-post__read-more\" href=\"https:\/\/coordimed.hu\/index.php\/2026\/03\/03\/szivinfarktus-utani-trauma-es-halalfelelem-a-psziches-felepules-utja\/\" aria-label=\"Read more about Sz\u00edvinfarktus ut\u00e1ni trauma \u00e9s hal\u00e1lf\u00e9lelem \u2013 a pszich\u00e9s fel\u00e9p\u00fcl\u00e9s \u00fatja\" tabindex=\"-1\" >\n\t\t\tTov\u00e1bb olvasom \u00bb\t\t<\/a>\n\n\t\t\t\t<\/div>\n\t\t\t\t<\/article>\n\t\t\t\t<\/div>\n\t\t\n\t\t\t\t\t\t<\/div>\n\t\t\t\t<\/div>\n\t\t\t\t\t<\/div>\n\t\t\t\t<\/div>\n\t\t<div class=\"elementor-element elementor-element-788243ce e-con-full e-flex e-con e-child\" data-id=\"788243ce\" data-element_type=\"container\" data-e-type=\"container\" data-settings=\"{&quot;_ha_eqh_enable&quot;:false}\">\n\t\t<div class=\"elementor-element elementor-element-7c93b7ed e-con-full e-flex e-con e-child\" data-id=\"7c93b7ed\" data-element_type=\"container\" data-e-type=\"container\" data-settings=\"{&quot;_ha_eqh_enable&quot;:false}\">\n\t\t\t\t<div class=\"elementor-element elementor-element-4bcf6ac3 elementor-widget elementor-widget-google_maps\" data-id=\"4bcf6ac3\" data-element_type=\"widget\" data-e-type=\"widget\" data-widget_type=\"google_maps.default\">\n\t\t\t\t\t\t\t<div class=\"elementor-custom-embed\">\n\t\t\t<iframe loading=\"lazy\"\n\t\t\t\t\tsrc=\"https:\/\/maps.google.com\/maps?q=1021%20Budapest%20V%C3%B6lgy%20utca%205%2Fa&#038;t=m&#038;z=10&#038;output=embed&#038;iwloc=near\"\n\t\t\t\t\ttitle=\"1021 Budapest V\u00f6lgy utca 5\/a\"\n\t\t\t\t\taria-label=\"1021 Budapest V\u00f6lgy utca 5\/a\"\n\t\t\t><\/iframe>\n\t\t<\/div>\n\t\t\t\t\t\t<\/div>\n\t\t\t\t<\/div>\n\t\t<div class=\"elementor-element elementor-element-6ccff4a7 e-con-full e-flex e-con e-child\" data-id=\"6ccff4a7\" data-element_type=\"container\" data-e-type=\"container\">\n\t\t<div class=\"elementor-element elementor-element-550e3a6f e-con-full e-flex e-con e-child\" data-id=\"550e3a6f\" data-element_type=\"container\" data-e-type=\"container\" data-settings=\"{&quot;_ha_eqh_enable&quot;:false}\">\n\t\t\t\t<div class=\"elementor-element elementor-element-6cc97d8d elementor-widget__width-auto elementor-widget elementor-widget-heading\" data-id=\"6cc97d8d\" data-element_type=\"widget\" data-e-type=\"widget\" data-widget_type=\"heading.default\">\n\t\t\t\t\t<h5 class=\"elementor-heading-title elementor-size-default\">\u00datvonal tervez\u0151:<\/h5>\t\t\t\t<\/div>\n\t\t<div class=\"elementor-element elementor-element-2e05b7d4 e-grid e-con-full e-con e-child\" data-id=\"2e05b7d4\" data-element_type=\"container\" data-e-type=\"container\" data-settings=\"{&quot;_ha_eqh_enable&quot;:false}\">\n\t\t\t\t<div class=\"elementor-element elementor-element-7b3ecb05 elementor-view-framed ha-css-transform-yes elementor-shape-circle elementor-widget elementor-widget-icon\" data-id=\"7b3ecb05\" data-element_type=\"widget\" data-e-type=\"widget\" data-widget_type=\"icon.default\">\n\t\t\t\t\t\t\t<div class=\"elementor-icon-wrapper\">\n\t\t\t<a class=\"elementor-icon\" href=\"https:\/\/www.google.com\/maps\/dir\/\/Coordimed+Rendel%C5%91,+Budapest,+V%C3%B6lgy+u.+5%2Fa,+1021\/@47.5329918,18.8974388,12z\/data=!3m1!4b1!4m9!4m8!1m0!1m5!1m1!1s0x4741df42866f0743:0x14a74cb411201e3f!2m2!1d18.9798393!2d47.5330213!3e3?entry=ttu&#038;g_ep=EgoyMDI0MDkwNC4wIKXMDSoASAFQAw%3D%3D\" target=\"_blank\">\n\t\t\t<i aria-hidden=\"true\" class=\"fas fa-walking\"><\/i>\t\t\t<\/a>\n\t\t<\/div>\n\t\t\t\t\t\t<\/div>\n\t\t\t\t<div class=\"elementor-element elementor-element-1426e915 elementor-view-framed ha-css-transform-yes elementor-shape-circle elementor-widget elementor-widget-icon\" data-id=\"1426e915\" data-element_type=\"widget\" data-e-type=\"widget\" data-widget_type=\"icon.default\">\n\t\t\t\t\t\t\t<div class=\"elementor-icon-wrapper\">\n\t\t\t<a class=\"elementor-icon\" href=\"https:\/\/www.google.com\/maps\/dir\/\/Coordimed+Rendel%C5%91,+Budapest,+V%C3%B6lgy+u.+5%2Fa,+1021\/@47.5331077,18.8974392,12z\/data=!4m9!4m8!1m0!1m5!1m1!1s0x4741df42866f0743:0x14a74cb411201e3f!2m2!1d18.9798393!2d47.5330213!3e0?entry=ttu&#038;g_ep=EgoyMDI0MDkwNC4wIKXMDSoASAFQAw%3D%3D\" target=\"_blank\">\n\t\t\t<i aria-hidden=\"true\" class=\"fas fa-car\"><\/i>\t\t\t<\/a>\n\t\t<\/div>\n\t\t\t\t\t\t<\/div>\n\t\t\t\t<\/div>\n\t\t\t\t<div class=\"elementor-element elementor-element-4189e480 elementor-widget elementor-widget-text-editor\" data-id=\"4189e480\" data-element_type=\"widget\" data-e-type=\"widget\" data-widget_type=\"text-editor.default\">\n\t\t\t\t\t\t\t\t\t<h6 dir=\"ltr\" style=\"text-align: center;\">Telefonsz\u00e1m: <a style=\"font-family: var(--primary-font); font-size: 0.888889em;\" href=\"tel: +36304563934\">+36 30 456 3934<\/a><\/h6><h6 dir=\"ltr\" style=\"text-align: center;\"><strong>S\u00fcrg\u0151ss\u00e9gi telefonsz\u00e1m:<\/strong><\/h6><h6 dir=\"ltr\" style=\"text-align: center;\"><a href=\"tel: +36305080895\">+36 30 508 0895<\/a><\/h6>\t\t\t\t\t\t\t\t<\/div>\n\t\t\t\t<div class=\"elementor-element elementor-element-64e362b9 elementor-shape-circle elementor-grid-0 e-grid-align-center elementor-widget elementor-widget-social-icons\" data-id=\"64e362b9\" data-element_type=\"widget\" data-e-type=\"widget\" data-widget_type=\"social-icons.default\">\n\t\t\t\t\t\t\t<div class=\"elementor-social-icons-wrapper elementor-grid\" role=\"list\">\n\t\t\t\t\t\t\t<span class=\"elementor-grid-item\" role=\"listitem\">\n\t\t\t\t\t<a class=\"elementor-icon elementor-social-icon elementor-social-icon-facebook elementor-animation-grow elementor-repeater-item-048549f\" href=\"https:\/\/www.facebook.com\/coordimed\" target=\"_blank\">\n\t\t\t\t\t\t<span class=\"elementor-screen-only\">Facebook<\/span>\n\t\t\t\t\t\t<i aria-hidden=\"true\" class=\"fab fa-facebook\"><\/i>\t\t\t\t\t<\/a>\n\t\t\t\t<\/span>\n\t\t\t\t\t\t\t<span class=\"elementor-grid-item\" role=\"listitem\">\n\t\t\t\t\t<a class=\"elementor-icon elementor-social-icon elementor-social-icon-instagram elementor-animation-grow elementor-repeater-item-b256041\" href=\"https:\/\/www.instagram.com\/coordimedeu\/\" target=\"_blank\">\n\t\t\t\t\t\t<span class=\"elementor-screen-only\">Instagram<\/span>\n\t\t\t\t\t\t<i aria-hidden=\"true\" class=\"fab fa-instagram\"><\/i>\t\t\t\t\t<\/a>\n\t\t\t\t<\/span>\n\t\t\t\t\t<\/div>\n\t\t\t\t\t\t<\/div>\n\t\t\t\t<\/div>\n\t\t\t\t<\/div>\n\t\t<div class=\"elementor-element elementor-element-6d09cc50 e-con-full e-flex e-con e-child\" data-id=\"6d09cc50\" data-element_type=\"container\" data-e-type=\"container\" data-settings=\"{&quot;_ha_eqh_enable&quot;:false}\">\n\t\t<div class=\"elementor-element elementor-element-1835205e e-con-full e-flex e-con e-child\" data-id=\"1835205e\" data-element_type=\"container\" data-e-type=\"container\" data-settings=\"{&quot;_ha_eqh_enable&quot;:false}\">\n\t\t\t\t<div class=\"elementor-element elementor-element-463e6e5e elementor-widget elementor-widget-theme-site-logo elementor-widget-image\" data-id=\"463e6e5e\" data-element_type=\"widget\" data-e-type=\"widget\" data-widget_type=\"theme-site-logo.default\">\n\t\t\t\t\t\t\t\t\t\t\t<a href=\"https:\/\/coordimed.hu\">\n\t\t\t<img loading=\"lazy\" decoding=\"async\" width=\"150\" height=\"39\" src=\"https:\/\/i0.wp.com\/coordimed.hu\/wp-content\/uploads\/2023\/09\/cropped-Coordimed_logo_150px.webp?fit=150%2C39&amp;ssl=1\" class=\"attachment-full size-full wp-image-41\" alt=\"\" \/>\t\t\t\t<\/a>\n\t\t\t\t\t\t\t\t\t\t\t<\/div>\n\t\t\t\t<div class=\"elementor-element elementor-element-1bb39e79 elementor-widget elementor-widget-gallery\" data-id=\"1bb39e79\" data-element_type=\"widget\" data-e-type=\"widget\" data-settings=\"{&quot;gallery_layout&quot;:&quot;justified&quot;,&quot;overlay_description&quot;:&quot;title&quot;,&quot;ideal_row_height&quot;:{&quot;unit&quot;:&quot;px&quot;,&quot;size&quot;:200,&quot;sizes&quot;:[]},&quot;ideal_row_height_tablet&quot;:{&quot;unit&quot;:&quot;px&quot;,&quot;size&quot;:150,&quot;sizes&quot;:[]},&quot;ideal_row_height_mobile&quot;:{&quot;unit&quot;:&quot;px&quot;,&quot;size&quot;:150,&quot;sizes&quot;:[]},&quot;gap&quot;:{&quot;unit&quot;:&quot;px&quot;,&quot;size&quot;:10,&quot;sizes&quot;:[]},&quot;gap_tablet&quot;:{&quot;unit&quot;:&quot;px&quot;,&quot;size&quot;:10,&quot;sizes&quot;:[]},&quot;gap_mobile&quot;:{&quot;unit&quot;:&quot;px&quot;,&quot;size&quot;:10,&quot;sizes&quot;:[]},&quot;link_to&quot;:&quot;file&quot;,&quot;overlay_background&quot;:&quot;yes&quot;,&quot;content_hover_animation&quot;:&quot;fade-in&quot;}\" data-widget_type=\"gallery.default\">\n\t\t\t\t\t\t\t<div class=\"elementor-gallery__container\">\n\t\t\t\t\t\t\t<a class=\"e-gallery-item elementor-gallery-item elementor-animated-content\" href=\"https:\/\/i0.wp.com\/coordimed.hu\/wp-content\/uploads\/2024\/09\/20240911_160800-scaled-e1726314029570.webp?fit=1920%2C1434&#038;ssl=1\" data-elementor-open-lightbox=\"yes\" data-elementor-lightbox-slideshow=\"1bb39e79\" data-elementor-lightbox-title=\"Bej\u00e1rat\" data-e-action-hash=\"#elementor-action%3Aaction%3Dlightbox%26settings%3DeyJpZCI6NDU3NSwidXJsIjoiaHR0cHM6XC9cL2Nvb3JkaW1lZC5odVwvd3AtY29udGVudFwvdXBsb2Fkc1wvMjAyNFwvMDlcLzIwMjQwOTExXzE2MDgwMC1zY2FsZWQtZTE3MjYzMTQwMjk1NzAud2VicCIsInNsaWRlc2hvdyI6IjFiYjM5ZTc5In0%3D\">\n\t\t\t\t\t<div class=\"e-gallery-image elementor-gallery-item__image\" data-thumbnail=\"https:\/\/i0.wp.com\/coordimed.hu\/wp-content\/uploads\/2024\/09\/20240911_160800-scaled-e1726314029570.webp?fit=768%2C573&amp;ssl=1\" data-width=\"768\" data-height=\"573\" aria-label=\"\" role=\"img\" ><\/div>\n\t\t\t\t\t\t\t\t\t\t\t<div class=\"elementor-gallery-item__overlay\"><\/div>\n\t\t\t\t\t\t\t\t\t\t\t\t\t\t\t<div class=\"elementor-gallery-item__content\">\n\t\t\t\t\t\t\t\t\t\t\t\t\t\t<div class=\"elementor-gallery-item__description\">\n\t\t\t\t\t\t\t\t\t\t\t\t\t\t\t\t\t\tBej\u00e1rat\t\t\t\t\t\t\t\t<\/div>\n\t\t\t\t\t\t\t\t\t\t\t\t<\/div>\n\t\t\t\t\t\t\t\t\t<\/a>\n\t\t\t\t\t<\/div>\n\t\t\t\t\t<\/div>\n\t\t\t\t<\/div>\n\t\t\t\t<\/div>\n\t\t\t\t<\/div>\n\t\t\t\t<\/div>\n\t\t","protected":false},"excerpt":{"rendered":"<p>Dr. Hank\u00f3 L\u00e1szl\u00f3 belgy\u00f3gy\u00e1sz szakorvos, gasztroenterol\u00f3gus szakorvos jel\u00f6lt, a Coordimed szakmai vezet\u0151je. Komplex kivizsg\u00e1l\u00e1s \u00e9s szem\u00e9lyre szabott ell\u00e1t\u00e1s a II. ker\u00fcletben<\/p>\n","protected":false},"author":2,"featured_media":0,"parent":0,"menu_order":0,"comment_status":"closed","ping_status":"closed","template":"elementor_theme","meta":{"footnotes":""},"class_list":["post-8150","page","type-page","status-publish","hentry","latest_post"],"yoast_head":"<!-- This site is optimized with the Yoast SEO Premium plugin v26.4 (Yoast SEO v27.5) - https:\/\/yoast.com\/product\/yoast-seo-premium-wordpress\/ -->\n<title>Dr. Hank\u00f3 L\u00e1szl\u00f3 - Coordimed Rendel\u0151<\/title>\n<meta name=\"description\" content=\"Dr. Hank\u00f3 L\u00e1szl\u00f3 belgy\u00f3gy\u00e1sz szakorvos, gasztroenterol\u00f3gus szakorvos jel\u00f6lt, a Coordimed szakmai vezet\u0151je. Komplex kivizsg\u00e1l\u00e1s II. ker\u00fclet.\" \/>\n<meta name=\"robots\" content=\"index, follow, max-snippet:-1, max-image-preview:large, max-video-preview:-1\" \/>\n<link rel=\"canonical\" href=\"https:\/\/coordimed.hu\/index.php\/dr-hanko-laszlo\/\" \/>\n<meta property=\"og:locale\" content=\"hu_HU\" \/>\n<meta property=\"og:type\" content=\"article\" \/>\n<meta property=\"og:title\" content=\"Dr. Hank\u00f3 L\u00e1szl\u00f3 - Coordimed Rendel\u0151\" \/>\n<meta property=\"og:description\" content=\"Dr. Hank\u00f3 L\u00e1szl\u00f3 belgy\u00f3gy\u00e1sz szakorvos, gasztroenterol\u00f3gus szakorvos jel\u00f6lt, a Coordimed szakmai vezet\u0151je. Komplex kivizsg\u00e1l\u00e1s \u00e9s szem\u00e9lyre szabott ell\u00e1t\u00e1s a II. ker\u00fcletben\" \/>\n<meta property=\"og:url\" content=\"https:\/\/coordimed.hu\/index.php\/dr-hanko-laszlo\/\" \/>\n<meta property=\"article:publisher\" content=\"https:\/\/www.facebook.com\/coordimed\" \/>\n<meta property=\"article:modified_time\" content=\"2025-07-15T09:00:09+00:00\" \/>\n<meta property=\"og:image\" content=\"https:\/\/coordimed.hu\/wp-content\/uploads\/2024\/01\/DSCF8992.webp\" \/>\n\t<meta property=\"og:image:width\" content=\"1280\" \/>\n\t<meta property=\"og:image:height\" content=\"1920\" \/>\n\t<meta property=\"og:image:type\" content=\"image\/webp\" \/>\n<meta name=\"twitter:card\" content=\"summary_large_image\" \/>\n<meta name=\"twitter:title\" content=\"Dr. Hank\u00f3 L\u00e1szl\u00f3\" \/>\n<meta name=\"twitter:description\" content=\"Coordimed Mag\u00e1n Rendel\u0151 Bud\u00e1n! Proffeszion\u00e1lis egy\u00e9nre szabott ell\u00e1t\u00e1sok!\" \/>\n<meta name=\"twitter:label1\" content=\"Becs\u00fclt olvas\u00e1si id\u0151\" \/>\n\t<meta name=\"twitter:data1\" content=\"3 perc\" \/>\n<script type=\"application\/ld+json\" class=\"yoast-schema-graph\">{\"@context\":\"https:\\\/\\\/schema.org\",\"@graph\":[{\"@type\":\"WebPage\",\"@id\":\"https:\\\/\\\/coordimed.hu\\\/index.php\\\/dr-hanko-laszlo\\\/\",\"url\":\"https:\\\/\\\/coordimed.hu\\\/index.php\\\/dr-hanko-laszlo\\\/\",\"name\":\"Dr. Hank\u00f3 L\u00e1szl\u00f3 - Coordimed Rendel\u0151\",\"isPartOf\":{\"@id\":\"https:\\\/\\\/coordimed.hu\\\/#website\"},\"primaryImageOfPage\":{\"@id\":\"https:\\\/\\\/coordimed.hu\\\/index.php\\\/dr-hanko-laszlo\\\/#primaryimage\"},\"image\":{\"@id\":\"https:\\\/\\\/coordimed.hu\\\/index.php\\\/dr-hanko-laszlo\\\/#primaryimage\"},\"thumbnailUrl\":\"https:\\\/\\\/coordimed.hu\\\/wp-content\\\/uploads\\\/2025\\\/07\\\/coordimed_portre-1425_pp-768x1152.jpg\",\"datePublished\":\"2025-06-04T10:22:59+00:00\",\"dateModified\":\"2025-07-15T09:00:09+00:00\",\"description\":\"Dr. Hank\u00f3 L\u00e1szl\u00f3 belgy\u00f3gy\u00e1sz szakorvos, gasztroenterol\u00f3gus szakorvos jel\u00f6lt, a Coordimed szakmai vezet\u0151je. Komplex kivizsg\u00e1l\u00e1s II. ker\u00fclet.\",\"breadcrumb\":{\"@id\":\"https:\\\/\\\/coordimed.hu\\\/index.php\\\/dr-hanko-laszlo\\\/#breadcrumb\"},\"inLanguage\":\"hu\",\"potentialAction\":[{\"@type\":\"ReadAction\",\"target\":[\"https:\\\/\\\/coordimed.hu\\\/index.php\\\/dr-hanko-laszlo\\\/\"]}]},{\"@type\":\"ImageObject\",\"inLanguage\":\"hu\",\"@id\":\"https:\\\/\\\/coordimed.hu\\\/index.php\\\/dr-hanko-laszlo\\\/#primaryimage\",\"url\":\"https:\\\/\\\/i0.wp.com\\\/coordimed.hu\\\/wp-content\\\/uploads\\\/2025\\\/07\\\/coordimed_portre-1425_pp.jpg?fit=1024%2C1536&ssl=1\",\"contentUrl\":\"https:\\\/\\\/i0.wp.com\\\/coordimed.hu\\\/wp-content\\\/uploads\\\/2025\\\/07\\\/coordimed_portre-1425_pp.jpg?fit=1024%2C1536&ssl=1\",\"width\":1024,\"height\":1536,\"caption\":\"Dr. Hank\u00f3 L\u00e1szl\u00f3 - Belgy\u00f3gy\u00e1sz\"},{\"@type\":\"BreadcrumbList\",\"@id\":\"https:\\\/\\\/coordimed.hu\\\/index.php\\\/dr-hanko-laszlo\\\/#breadcrumb\",\"itemListElement\":[{\"@type\":\"ListItem\",\"position\":1,\"name\":\"Kezd\u0151lap\",\"item\":\"https:\\\/\\\/coordimed.hu\\\/\"},{\"@type\":\"ListItem\",\"position\":2,\"name\":\"Dr. Hank\u00f3 L\u00e1szl\u00f3\"}]},{\"@type\":\"WebSite\",\"@id\":\"https:\\\/\\\/coordimed.hu\\\/#website\",\"url\":\"https:\\\/\\\/coordimed.hu\\\/\",\"name\":\"Coordimed\",\"description\":\"-  Sz\u00edvb\u0151l gy\u00f3gy\u00edtunk\",\"publisher\":{\"@id\":\"https:\\\/\\\/coordimed.hu\\\/#organization\"},\"potentialAction\":[{\"@type\":\"SearchAction\",\"target\":{\"@type\":\"EntryPoint\",\"urlTemplate\":\"https:\\\/\\\/coordimed.hu\\\/?s={search_term_string}\"},\"query-input\":{\"@type\":\"PropertyValueSpecification\",\"valueRequired\":true,\"valueName\":\"search_term_string\"}}],\"inLanguage\":\"hu\"},{\"@type\":\"Organization\",\"@id\":\"https:\\\/\\\/coordimed.hu\\\/#organization\",\"name\":\"Coordimed Rendel\u0151 Kft.\",\"url\":\"https:\\\/\\\/coordimed.hu\\\/\",\"logo\":{\"@type\":\"ImageObject\",\"inLanguage\":\"hu\",\"@id\":\"https:\\\/\\\/coordimed.hu\\\/#\\\/schema\\\/logo\\\/image\\\/\",\"url\":\"https:\\\/\\\/i0.wp.com\\\/coordimed.hu\\\/wp-content\\\/uploads\\\/2023\\\/09\\\/cropped-Coordimed_logo_150px.webp?fit=150%2C39&ssl=1\",\"contentUrl\":\"https:\\\/\\\/i0.wp.com\\\/coordimed.hu\\\/wp-content\\\/uploads\\\/2023\\\/09\\\/cropped-Coordimed_logo_150px.webp?fit=150%2C39&ssl=1\",\"width\":150,\"height\":39,\"caption\":\"Coordimed Rendel\u0151 Kft.\"},\"image\":{\"@id\":\"https:\\\/\\\/coordimed.hu\\\/#\\\/schema\\\/logo\\\/image\\\/\"},\"sameAs\":[\"https:\\\/\\\/www.facebook.com\\\/coordimed\"],\"ownershipFundingInfo\":\"https:\\\/\\\/coordimed.hu\\\/index.php\\\/rolunk\\\/\",\"actionableFeedbackPolicy\":\"https:\\\/\\\/coordimed.hu\\\/index.php\\\/kapcsolat\\\/\",\"correctionsPolicy\":\"https:\\\/\\\/coordimed.hu\\\/index.php\\\/kapcsolat\\\/\"}]}<\/script>\n<!-- \/ Yoast SEO Premium plugin. -->","yoast_head_json":{"title":"Dr. Hank\u00f3 L\u00e1szl\u00f3 - Coordimed Rendel\u0151","description":"Dr. Hank\u00f3 L\u00e1szl\u00f3 belgy\u00f3gy\u00e1sz szakorvos, gasztroenterol\u00f3gus szakorvos jel\u00f6lt, a Coordimed szakmai vezet\u0151je. Komplex kivizsg\u00e1l\u00e1s II. ker\u00fclet.","robots":{"index":"index","follow":"follow","max-snippet":"max-snippet:-1","max-image-preview":"max-image-preview:large","max-video-preview":"max-video-preview:-1"},"canonical":"https:\/\/coordimed.hu\/index.php\/dr-hanko-laszlo\/","og_locale":"hu_HU","og_type":"article","og_title":"Dr. Hank\u00f3 L\u00e1szl\u00f3 - Coordimed Rendel\u0151","og_description":"Dr. Hank\u00f3 L\u00e1szl\u00f3 belgy\u00f3gy\u00e1sz szakorvos, gasztroenterol\u00f3gus szakorvos jel\u00f6lt, a Coordimed szakmai vezet\u0151je. Komplex kivizsg\u00e1l\u00e1s \u00e9s szem\u00e9lyre szabott ell\u00e1t\u00e1s a II. ker\u00fcletben","og_url":"https:\/\/coordimed.hu\/index.php\/dr-hanko-laszlo\/","article_publisher":"https:\/\/www.facebook.com\/coordimed","article_modified_time":"2025-07-15T09:00:09+00:00","og_image":[{"width":1280,"height":1920,"url":"https:\/\/coordimed.hu\/wp-content\/uploads\/2024\/01\/DSCF8992.webp","type":"image\/webp"}],"twitter_card":"summary_large_image","twitter_title":"Dr. Hank\u00f3 L\u00e1szl\u00f3","twitter_description":"Coordimed Mag\u00e1n Rendel\u0151 Bud\u00e1n! Proffeszion\u00e1lis egy\u00e9nre szabott ell\u00e1t\u00e1sok!","twitter_misc":{"Becs\u00fclt olvas\u00e1si id\u0151":"3 perc"},"schema":{"@context":"https:\/\/schema.org","@graph":[{"@type":"WebPage","@id":"https:\/\/coordimed.hu\/index.php\/dr-hanko-laszlo\/","url":"https:\/\/coordimed.hu\/index.php\/dr-hanko-laszlo\/","name":"Dr. Hank\u00f3 L\u00e1szl\u00f3 - Coordimed Rendel\u0151","isPartOf":{"@id":"https:\/\/coordimed.hu\/#website"},"primaryImageOfPage":{"@id":"https:\/\/coordimed.hu\/index.php\/dr-hanko-laszlo\/#primaryimage"},"image":{"@id":"https:\/\/coordimed.hu\/index.php\/dr-hanko-laszlo\/#primaryimage"},"thumbnailUrl":"https:\/\/coordimed.hu\/wp-content\/uploads\/2025\/07\/coordimed_portre-1425_pp-768x1152.jpg","datePublished":"2025-06-04T10:22:59+00:00","dateModified":"2025-07-15T09:00:09+00:00","description":"Dr. Hank\u00f3 L\u00e1szl\u00f3 belgy\u00f3gy\u00e1sz szakorvos, gasztroenterol\u00f3gus szakorvos jel\u00f6lt, a Coordimed szakmai vezet\u0151je. Komplex kivizsg\u00e1l\u00e1s II. ker\u00fclet.","breadcrumb":{"@id":"https:\/\/coordimed.hu\/index.php\/dr-hanko-laszlo\/#breadcrumb"},"inLanguage":"hu","potentialAction":[{"@type":"ReadAction","target":["https:\/\/coordimed.hu\/index.php\/dr-hanko-laszlo\/"]}]},{"@type":"ImageObject","inLanguage":"hu","@id":"https:\/\/coordimed.hu\/index.php\/dr-hanko-laszlo\/#primaryimage","url":"https:\/\/i0.wp.com\/coordimed.hu\/wp-content\/uploads\/2025\/07\/coordimed_portre-1425_pp.jpg?fit=1024%2C1536&ssl=1","contentUrl":"https:\/\/i0.wp.com\/coordimed.hu\/wp-content\/uploads\/2025\/07\/coordimed_portre-1425_pp.jpg?fit=1024%2C1536&ssl=1","width":1024,"height":1536,"caption":"Dr. Hank\u00f3 L\u00e1szl\u00f3 - Belgy\u00f3gy\u00e1sz"},{"@type":"BreadcrumbList","@id":"https:\/\/coordimed.hu\/index.php\/dr-hanko-laszlo\/#breadcrumb","itemListElement":[{"@type":"ListItem","position":1,"name":"Kezd\u0151lap","item":"https:\/\/coordimed.hu\/"},{"@type":"ListItem","position":2,"name":"Dr. Hank\u00f3 L\u00e1szl\u00f3"}]},{"@type":"WebSite","@id":"https:\/\/coordimed.hu\/#website","url":"https:\/\/coordimed.hu\/","name":"Coordimed","description":"-  Sz\u00edvb\u0151l gy\u00f3gy\u00edtunk","publisher":{"@id":"https:\/\/coordimed.hu\/#organization"},"potentialAction":[{"@type":"SearchAction","target":{"@type":"EntryPoint","urlTemplate":"https:\/\/coordimed.hu\/?s={search_term_string}"},"query-input":{"@type":"PropertyValueSpecification","valueRequired":true,"valueName":"search_term_string"}}],"inLanguage":"hu"},{"@type":"Organization","@id":"https:\/\/coordimed.hu\/#organization","name":"Coordimed Rendel\u0151 Kft.","url":"https:\/\/coordimed.hu\/","logo":{"@type":"ImageObject","inLanguage":"hu","@id":"https:\/\/coordimed.hu\/#\/schema\/logo\/image\/","url":"https:\/\/i0.wp.com\/coordimed.hu\/wp-content\/uploads\/2023\/09\/cropped-Coordimed_logo_150px.webp?fit=150%2C39&ssl=1","contentUrl":"https:\/\/i0.wp.com\/coordimed.hu\/wp-content\/uploads\/2023\/09\/cropped-Coordimed_logo_150px.webp?fit=150%2C39&ssl=1","width":150,"height":39,"caption":"Coordimed Rendel\u0151 Kft."},"image":{"@id":"https:\/\/coordimed.hu\/#\/schema\/logo\/image\/"},"sameAs":["https:\/\/www.facebook.com\/coordimed"],"ownershipFundingInfo":"https:\/\/coordimed.hu\/index.php\/rolunk\/","actionableFeedbackPolicy":"https:\/\/coordimed.hu\/index.php\/kapcsolat\/","correctionsPolicy":"https:\/\/coordimed.hu\/index.php\/kapcsolat\/"}]}},"jetpack_sharing_enabled":true,"_links":{"self":[{"href":"https:\/\/coordimed.hu\/index.php\/wp-json\/wp\/v2\/pages\/8150","targetHints":{"allow":["GET"]}}],"collection":[{"href":"https:\/\/coordimed.hu\/index.php\/wp-json\/wp\/v2\/pages"}],"about":[{"href":"https:\/\/coordimed.hu\/index.php\/wp-json\/wp\/v2\/types\/page"}],"author":[{"embeddable":true,"href":"https:\/\/coordimed.hu\/index.php\/wp-json\/wp\/v2\/users\/2"}],"replies":[{"embeddable":true,"href":"https:\/\/coordimed.hu\/index.php\/wp-json\/wp\/v2\/comments?post=8150"}],"version-history":[{"count":10,"href":"https:\/\/coordimed.hu\/index.php\/wp-json\/wp\/v2\/pages\/8150\/revisions"}],"predecessor-version":[{"id":8425,"href":"https:\/\/coordimed.hu\/index.php\/wp-json\/wp\/v2\/pages\/8150\/revisions\/8425"}],"wp:attachment":[{"href":"https:\/\/coordimed.hu\/index.php\/wp-json\/wp\/v2\/media?parent=8150"}],"curies":[{"name":"wp","href":"https:\/\/api.w.org\/{rel}","templated":true}]}}